{"id":11306,"date":"2017-10-23T12:33:44","date_gmt":"2017-10-23T10:33:44","guid":{"rendered":"https:\/\/www.derheldenberg.atatrakce\/lipizzaner\/"},"modified":"2022-04-15T17:49:53","modified_gmt":"2022-04-15T15:49:53","slug":"lipicani-na-heldenbergu","status":"publish","type":"page","link":"https:\/\/www.derheldenberg.at\/cs\/atrakce\/lipicani-na-heldenbergu\/","title":{"rendered":"Lipic\u00e1ni na Heldenbergu"},"content":{"rendered":"<p><div class=\"fusion-fullwidth fullwidth-box fusion-builder-row-1 fusion-flex-container nonhundred-percent-fullwidth non-hundred-percent-height-scrolling\" style=\"--awb-border-radius-top-left:0px;--awb-border-radius-top-right:0px;--awb-border-radius-bottom-right:0px;--awb-border-radius-bottom-left:0px;--awb-flex-wrap:wrap;\" ><div class=\"fusion-builder-row fusion-row fusion-flex-align-items-flex-start fusion-flex-content-wrap\" style=\"max-width:1216.8px;margin-left: calc(-4% \/ 2 );margin-right: calc(-4% \/ 2 );\"><div class=\"fusion-layout-column fusion_builder_column fusion-builder-column-0 fusion_builder_column_1_1 1_1 fusion-flex-column\" style=\"--awb-padding-top:25px;--awb-padding-bottom:20px;--awb-bg-size:cover;--awb-width-large:100%;--awb-margin-top-large:0px;--awb-spacing-right-large:1.92%;--awb-margin-bottom-large:20px;--awb-spacing-left-large:1.92%;--awb-width-medium:100%;--awb-spacing-right-medium:1.92%;--awb-spacing-left-medium:1.92%;--awb-width-small:100%;--awb-spacing-right-small:1.92%;--awb-spacing-left-small:1.92%;\"><div class=\"fusion-column-wrapper fusion-flex-justify-content-flex-start fusion-content-layout-column\"><div class=\"fusion-title title fusion-title-1 fusion-title-text fusion-title-size-one\" style=\"--awb-margin-top:35px;--awb-margin-bottom:0px;--awb-margin-top-small:10px;--awb-margin-right-small:0px;--awb-margin-bottom-small:10px;--awb-margin-left-small:0px;--awb-sep-color:#999;\"><div class=\"title-sep-container title-sep-container-left fusion-no-large-visibility fusion-no-medium-visibility fusion-no-small-visibility\"><div class=\"title-sep sep-single sep-solid\" style=\"border-color:#999;\"><\/div><\/div><span class=\"awb-title-spacer fusion-no-large-visibility fusion-no-medium-visibility fusion-no-small-visibility\"><\/span><h1 class=\"fusion-title-heading title-heading-left fusion-responsive-typography-calculated\" style=\"margin:0;--fontSize:32;line-height:1.1;\"><p style=\"text-transform: uppercase; text-align: left;\">V\u00fdcvikov\u00e9 st\u0159edisko lipic\u00e1n\u016f.<\/p><\/h1><span class=\"awb-title-spacer\"><\/span><div class=\"title-sep-container title-sep-container-right\"><div class=\"title-sep sep-single sep-solid\" style=\"border-color:#999;\"><\/div><\/div><\/div><\/div><\/div><div class=\"fusion-layout-column fusion_builder_column fusion-builder-column-1 fusion_builder_column_3_4 3_4 fusion-flex-column contentcol-3-4\" style=\"--awb-padding-right:20px;--awb-bg-color:#ffffff;--awb-bg-color-hover:#ffffff;--awb-bg-size:cover;--awb-width-large:75%;--awb-margin-top-large:0px;--awb-spacing-right-large:3.84%;--awb-margin-bottom-large:20px;--awb-spacing-left-large:2.56%;--awb-width-medium:75%;--awb-spacing-right-medium:3.84%;--awb-spacing-left-medium:2.56%;--awb-width-small:100%;--awb-spacing-right-small:1.92%;--awb-spacing-left-small:1.92%;\"><div class=\"fusion-column-wrapper fusion-flex-justify-content-flex-start fusion-content-layout-column\"><div class=\"fusion-text fusion-text-1\"><h2>Lipic\u00e1ni na Heldenbergu &#8211; stoj\u00ed v\u017edy za n\u00e1v\u0161t\u011bvu!<\/h2>\n<p>Lipic\u00e1ni byli poprv\u00e9 zm\u00edn\u011bni v roce je 1786 a jedn\u00e1 se o nejstar\u0161\u00ed kulturn\u00ed plemeno na sv\u011bt\u011b. N\u00e1zev tohoto plemene poch\u00e1z\u00ed od h\u0159eb\u010d\u00edna Lipica, p\u016fvodn\u00ed chovatelsk\u00e9 st\u00e1je v habsbursk\u00e9 monarchii. H\u0159\u00edbata lipic\u00e1n\u016f jsou tmav\u00e1 a teprve ve st\u00e1\u0159\u00ed 4 a\u017e 9 let zb\u011blaj\u00ed. Ji\u017e v\u00edce ne\u017e 300 let se db\u00e1 o to, aby z\u016fstalo toto plemeno p\u0159i chovu zachov\u00e1no. Lipic\u00e1ni jsou klasick\u00e9 jezdeck\u00e9 a ko\u010d\u00e1rov\u00e9 plemeno kon\u011b. D\u00edky sv\u00e9mu temperamentu a u\u010denlivosti jsou lipic\u00e1ni ide\u00e1ln\u00ed na drez\u00faru.<\/p>\n<h2>V\u00fdcvikov\u00e9 st\u0159edisko<\/h2>\n<p>Ve st\u00e1j\u00edch u Heldenbergu je 81 box\u016f a dal\u0161\u00ed prostory pro ust\u00e1jen\u00ed h\u0159ebc\u016f. V roce 2010 bylo k are\u00e1lu velk\u00e9mu 20 kr\u00e1t 60 metr\u016f postavena je\u0161t\u011b stejn\u011b velk\u00e1 hala s tribunou pro div\u00e1ky, aby se tak z tehdej\u0161\u00edho letn\u00edho ust\u00e1jen\u00ed stalo pln\u011b funk\u010dn\u00ed jezdeck\u00e9 centrum, kter\u00e9 slou\u017e\u00ed tak\u00e9 jako v\u00fdcvikov\u00e9 st\u0159edisko. Od t\u00e9 doby se stalo Heldenbergu vedle \u0160pan\u011blsk\u00e9 jezdeck\u00e9 \u0161koly ve V\u00eddni v\u00fdcvikov\u00fdm st\u0159ediskem pro mlad\u00e9 h\u0159ebce, ve kter\u00e9m prob\u00edh\u00e1 v\u00fdcvik sv\u011btov\u011b proslul\u00e9ho vysok\u00e9ho jezdeck\u00e9ho um\u011bn\u00ed. V\u00fdcvik h\u0159ebc\u016f prob\u00edh\u00e1 dle v\u00fduky klasick\u00e9ho jezdeck\u00e9ho um\u011bn\u00ed, opatrn\u011b a nen\u00e1siln\u011b. V\u00fdcvik kon\u011b vhodn\u00e9ho pro v\u00fduku trv\u00e1 v pr\u016fm\u011bru 6 let.<\/p>\n<\/div><div class=\"fusion-builder-row fusion-builder-row-inner fusion-row fusion-flex-align-items-flex-start fusion-flex-content-wrap\" style=\"--awb-flex-grow:0;--awb-flex-grow-medium:0;--awb-flex-grow-small:0;--awb-flex-shrink:0;--awb-flex-shrink-medium:0;--awb-flex-shrink-small:0;width:104% !important;max-width:104% !important;margin-left: calc(-4% \/ 2 );margin-right: calc(-4% \/ 2 );\"><div class=\"fusion-layout-column fusion_builder_column_inner fusion-builder-nested-column-0 fusion_builder_column_inner_1_2 1_2 fusion-flex-column\" style=\"--awb-bg-size:cover;--awb-width-large:50%;--awb-margin-top-large:10px;--awb-spacing-right-large:3.84%;--awb-margin-bottom-large:30px;--awb-spacing-left-large:3.84%;--awb-width-medium:50%;--awb-spacing-right-medium:3.84%;--awb-spacing-left-medium:3.84%;--awb-width-small:100%;--awb-spacing-right-small:1.92%;--awb-spacing-left-small:1.92%;\"><div class=\"fusion-column-wrapper fusion-flex-justify-content-flex-start fusion-content-layout-column\"><div class=\"fusion-image-element \" style=\"--awb-caption-title-font-family:var(--h2_typography-font-family);--awb-caption-title-font-weight:var(--h2_typography-font-weight);--awb-caption-title-font-style:var(--h2_typography-font-style);--awb-caption-title-size:var(--h2_typography-font-size);--awb-caption-title-transform:var(--h2_typography-text-transform);--awb-caption-title-line-height:var(--h2_typography-line-height);--awb-caption-title-letter-spacing:var(--h2_typography-letter-spacing);\"><span class=\" fusion-imageframe imageframe-none imageframe-1 hover-type-none\"><img decoding=\"async\" width=\"680\" height=\"452\" title=\"Lipizzaner beim Training\" src=\"https:\/\/www.derheldenberg.at\/wp-content\/uploads\/AttraktionLipizzaner01-1.jpg\" alt class=\"img-responsive wp-image-12476\" srcset=\"https:\/\/www.derheldenberg.at\/wp-content\/uploads\/AttraktionLipizzaner01-1-200x133.jpg 200w, https:\/\/www.derheldenberg.at\/wp-content\/uploads\/AttraktionLipizzaner01-1-400x266.jpg 400w, https:\/\/www.derheldenberg.at\/wp-content\/uploads\/AttraktionLipizzaner01-1-600x399.jpg 600w, https:\/\/www.derheldenberg.at\/wp-content\/uploads\/AttraktionLipizzaner01-1.jpg 680w\" sizes=\"(max-width: 640px) 100vw, 600px\" \/><\/span><\/div><\/div><\/div><div class=\"fusion-layout-column fusion_builder_column_inner fusion-builder-nested-column-1 fusion_builder_column_inner_1_2 1_2 fusion-flex-column\" style=\"--awb-bg-size:cover;--awb-width-large:50%;--awb-margin-top-large:10px;--awb-spacing-right-large:3.84%;--awb-margin-bottom-large:30px;--awb-spacing-left-large:3.84%;--awb-width-medium:50%;--awb-spacing-right-medium:3.84%;--awb-spacing-left-medium:3.84%;--awb-width-small:100%;--awb-spacing-right-small:1.92%;--awb-spacing-left-small:1.92%;\"><div class=\"fusion-column-wrapper fusion-flex-justify-content-flex-start fusion-content-layout-column\"><div class=\"fusion-image-element \" style=\"--awb-caption-title-font-family:var(--h2_typography-font-family);--awb-caption-title-font-weight:var(--h2_typography-font-weight);--awb-caption-title-font-style:var(--h2_typography-font-style);--awb-caption-title-size:var(--h2_typography-font-size);--awb-caption-title-transform:var(--h2_typography-text-transform);--awb-caption-title-line-height:var(--h2_typography-line-height);--awb-caption-title-letter-spacing:var(--h2_typography-letter-spacing);\"><span class=\" fusion-imageframe imageframe-none imageframe-2 hover-type-none\"><img decoding=\"async\" width=\"680\" height=\"452\" title=\"Lipizzanerausbildung\" src=\"https:\/\/www.derheldenberg.at\/wp-content\/uploads\/AttraktionLipizzaner02-1.jpg\" alt class=\"img-responsive wp-image-12478\" srcset=\"https:\/\/www.derheldenberg.at\/wp-content\/uploads\/AttraktionLipizzaner02-1-200x133.jpg 200w, https:\/\/www.derheldenberg.at\/wp-content\/uploads\/AttraktionLipizzaner02-1-400x266.jpg 400w, https:\/\/www.derheldenberg.at\/wp-content\/uploads\/AttraktionLipizzaner02-1-600x399.jpg 600w, https:\/\/www.derheldenberg.at\/wp-content\/uploads\/AttraktionLipizzaner02-1.jpg 680w\" sizes=\"(max-width: 640px) 100vw, 600px\" \/><\/span><\/div><\/div><\/div><\/div><div class=\"fusion-text fusion-text-2\"><p>Ovl\u00e1d\u00e1-li lipic\u00e1n \u010dtverylku, je vhodn\u00fd na p\u0159ehl\u00eddky \u0160pan\u011blsk\u00e9 dvorsk\u00e9 jezdeck\u00e9 \u0161koly. Ale i zcela vycvi\u010den\u00ed h\u0159ebci, pou\u017e\u00edvan\u00ed na p\u0159ehl\u00eddk\u00e1ch jsou zhruba dvakr\u00e1t a\u017e t\u0159ikr\u00e1t ro\u010dn\u011b na \u0161est t\u00fddn\u016f um\u00edst\u011bni na Heldenbergu, aby mohli pob\u00fdvat na venkov\u011b na \u010derstv\u00e9m vzduchu a u\u017e\u00edt si volnosti v p\u0159\u00edrod\u011b. Vzhledem k velk\u00e9mu po\u010dtu box\u016f jsou minim\u00e1ln\u011b dv\u011b k\u0159\u00eddla rozlehl\u00fdch st\u00e1j\u00ed mimo l\u00e9to voln\u00e1.<\/p>\n<p>Proto se na Heldenbergu organizuje pro mezin\u00e1rodn\u00ed jezdeckou ve\u0159ejnost v\u00fdcvik vysok\u00e9 \u0161koly klasick\u00e9ho jezdeck\u00e9ho um\u011bn\u00ed. Krom\u011b teoretick\u00fdch kurz\u016f, v\u00fdcviku jezdc\u016f s vlastn\u00edmi ko\u0148mi, semin\u00e1\u0159\u016f pro profesion\u00e1ln\u00ed jezdce \u010di rozhod\u010d\u00edch pro drez\u00faru jsou po\u0159\u00e1d\u00e1ny tak\u00e9 semin\u00e1\u0159e s mezin\u00e1rodn\u00edmi odborn\u00edky a dal\u0161\u00ed vzd\u011bl\u00e1v\u00e1n\u00ed pro chovatele kon\u00ed.<\/p>\n<\/div><div class=\"fusion-text fusion-text-3\"><h2>Letn\u00ed st\u00e1je<\/h2>\n<p>Heldenberg slou\u017e\u00ed lipic\u00e1n\u016fm i k odpo\u010dinku od n\u00e1ro\u010dn\u00e9ho v\u00fdcviku a p\u0159ehl\u00eddek. N\u011bkolikr\u00e1t za rok se kon\u011b z Dvorsk\u00e9 jezdeck\u00e9 \u0161koly dostanou na Heldenbergu, kde je jim dop\u0159\u00e1no cca \u0161est t\u00fddn\u016f odpo\u010dinku ve voln\u00e9m v\u00fdb\u011bhu, ne\u017e se budou muset op\u011bt vr\u00e1tit ke sv\u00fdm povinnostem na p\u0159ehl\u00eddk\u00e1ch do V\u00eddn\u011b.<\/p>\n<h2>N\u00e1v\u0161t\u011bvn\u00edci<\/h2>\n<p>Historie lipic\u00e1n\u016f, n\u00e1v\u0161t\u011bva st\u00e1j\u00ed s novou v\u00fdstavou ko\u010d\u00e1r\u016f od roku 2018, lipic\u00e1ni ve voln\u00e9m v\u00fdb\u011bhu, filmov\u00e9 a video projekce, lipic\u00e1ni r\u016fzn\u00e9ho st\u00e1\u0159\u00ed \u2013 v\u0161e kolem nejproslulej\u0161\u00edch kon\u00ed na sv\u011bt\u011b je zaj\u00edmavou pod\u00edvanou programu \u201eLipic\u00e1ni na Heldenbergu&#8220;. Lipic\u00e1ny m\u016f\u017eete nav\u0161t\u00edvit pouze v r\u00e1mci prohl\u00eddek. <a href=\"https:\/\/www.derheldenberg.at\/cs\/informace-pro-navstevniky\/vstupne\/\">Bli\u017e\u0161\u00ed informace k prohl\u00eddk\u00e1m najdete zde. <\/a><\/p>\n<\/div><div class=\"fusion-text fusion-text-4\"><h2 data-fontsize=\"28\" data-lineheight=\"33\">V\u00fdstava ko\u010d\u00e1r\u016f ve v\u00fdcvikov\u00e9m centru lipic\u00e1n\u016f.<\/h2>\n<p>Heldenberg uvede od dubna 2018 ve v\u00fdcvikov\u00e9m centru lipic\u00e1n\u016f dal\u0161\u00ed v\u00fdstavu. N\u00e1v\u0161t\u011bvn\u00edci maj\u00ed v r\u00e1mci prohl\u00eddky mo\u017enost nav\u0161t\u00edvit tak\u00e9 v\u00fdstavu ko\u010d\u00e1r\u016f. K vid\u011bn\u00ed jsou expon\u00e1ty z 18.-19. stol.<\/p>\n<\/div><div class=\"fusion-builder-row fusion-builder-row-inner fusion-row fusion-flex-align-items-flex-start fusion-flex-content-wrap\" style=\"--awb-flex-grow:0;--awb-flex-grow-medium:0;--awb-flex-grow-small:0;--awb-flex-shrink:0;--awb-flex-shrink-medium:0;--awb-flex-shrink-small:0;width:104% !important;max-width:104% !important;margin-left: calc(-4% \/ 2 );margin-right: calc(-4% \/ 2 );\"><div class=\"fusion-layout-column fusion_builder_column_inner fusion-builder-nested-column-2 fusion_builder_column_inner_1_2 1_2 fusion-flex-column\" style=\"--awb-bg-size:cover;--awb-width-large:50%;--awb-margin-top-large:10px;--awb-spacing-right-large:3.84%;--awb-margin-bottom-large:30px;--awb-spacing-left-large:3.84%;--awb-width-medium:50%;--awb-spacing-right-medium:3.84%;--awb-spacing-left-medium:3.84%;--awb-width-small:100%;--awb-spacing-right-small:1.92%;--awb-spacing-left-small:1.92%;\"><div class=\"fusion-column-wrapper fusion-flex-justify-content-flex-start fusion-content-layout-column\"><div class=\"fusion-image-element \" style=\"--awb-caption-title-font-family:var(--h2_typography-font-family);--awb-caption-title-font-weight:var(--h2_typography-font-weight);--awb-caption-title-font-style:var(--h2_typography-font-style);--awb-caption-title-size:var(--h2_typography-font-size);--awb-caption-title-transform:var(--h2_typography-text-transform);--awb-caption-title-line-height:var(--h2_typography-line-height);--awb-caption-title-letter-spacing:var(--h2_typography-letter-spacing);\"><span class=\" fusion-imageframe imageframe-none imageframe-3 hover-type-none\"><img decoding=\"async\" width=\"680\" height=\"452\" title=\"Kutschen-Ausstellung bei den Lipizzanern am Heldenberg\" src=\"https:\/\/www.derheldenberg.at\/wp-content\/uploads\/AttraktionLipizzaner03-1.jpg\" alt class=\"img-responsive wp-image-12472\" srcset=\"https:\/\/www.derheldenberg.at\/wp-content\/uploads\/AttraktionLipizzaner03-1-200x133.jpg 200w, https:\/\/www.derheldenberg.at\/wp-content\/uploads\/AttraktionLipizzaner03-1-400x266.jpg 400w, https:\/\/www.derheldenberg.at\/wp-content\/uploads\/AttraktionLipizzaner03-1-600x399.jpg 600w, https:\/\/www.derheldenberg.at\/wp-content\/uploads\/AttraktionLipizzaner03-1.jpg 680w\" sizes=\"(max-width: 640px) 100vw, 600px\" \/><\/span><\/div><\/div><\/div><div class=\"fusion-layout-column fusion_builder_column_inner fusion-builder-nested-column-3 fusion_builder_column_inner_1_2 1_2 fusion-flex-column\" style=\"--awb-bg-size:cover;--awb-width-large:50%;--awb-margin-top-large:10px;--awb-spacing-right-large:3.84%;--awb-margin-bottom-large:30px;--awb-spacing-left-large:3.84%;--awb-width-medium:50%;--awb-spacing-right-medium:3.84%;--awb-spacing-left-medium:3.84%;--awb-width-small:100%;--awb-spacing-right-small:1.92%;--awb-spacing-left-small:1.92%;\"><div class=\"fusion-column-wrapper fusion-flex-justify-content-flex-start fusion-content-layout-column\"><div class=\"fusion-image-element \" style=\"--awb-caption-title-font-family:var(--h2_typography-font-family);--awb-caption-title-font-weight:var(--h2_typography-font-weight);--awb-caption-title-font-style:var(--h2_typography-font-style);--awb-caption-title-size:var(--h2_typography-font-size);--awb-caption-title-transform:var(--h2_typography-text-transform);--awb-caption-title-line-height:var(--h2_typography-line-height);--awb-caption-title-letter-spacing:var(--h2_typography-letter-spacing);\"><span class=\" fusion-imageframe imageframe-none imageframe-4 hover-type-none\"><img decoding=\"async\" width=\"680\" height=\"452\" title=\"Kutschen-Ausstellung bei den Lipizzanern am Heldenberg\" src=\"https:\/\/www.derheldenberg.at\/wp-content\/uploads\/AttraktionLipizzaner04-1.jpg\" alt class=\"img-responsive wp-image-12474\" srcset=\"https:\/\/www.derheldenberg.at\/wp-content\/uploads\/AttraktionLipizzaner04-1-200x133.jpg 200w, https:\/\/www.derheldenberg.at\/wp-content\/uploads\/AttraktionLipizzaner04-1-400x266.jpg 400w, https:\/\/www.derheldenberg.at\/wp-content\/uploads\/AttraktionLipizzaner04-1-600x399.jpg 600w, https:\/\/www.derheldenberg.at\/wp-content\/uploads\/AttraktionLipizzaner04-1.jpg 680w\" sizes=\"(max-width: 640px) 100vw, 600px\" \/><\/span><\/div><\/div><\/div><\/div><\/div><\/div><div class=\"fusion-layout-column fusion_builder_column fusion-builder-column-2 fusion_builder_column_1_4 1_4 fusion-flex-column info-sidebar\" style=\"--awb-bg-color:#f4f5f5;--awb-bg-color-hover:#f4f5f5;--awb-bg-size:cover;--awb-width-large:25%;--awb-margin-top-large:18px;--awb-spacing-right-large:7.68%;--awb-margin-bottom-large:20px;--awb-spacing-left-large:3.84%;--awb-width-medium:25%;--awb-spacing-right-medium:7.68%;--awb-spacing-left-medium:3.84%;--awb-width-small:100%;--awb-spacing-right-small:1.92%;--awb-spacing-left-small:1.92%;\"><div class=\"fusion-column-wrapper fusion-flex-justify-content-flex-start fusion-content-layout-column\"><div style=\"text-align:center;\"><a class=\"fusion-button button-flat button-xlarge button-default fusion-button-default button-1 fusion-button-span-yes fusion-button-default-type button-tip-des-monats\" target=\"_blank\" rel=\"noopener noreferrer\" href=\"https:\/\/www.facebook.com\/der.heldenberg\/\"><span class=\"fusion-button-icon-divider button-icon-divider-left\"><i class=\" fa fa-facebook-official awb-button__icon awb-button__icon--default\" aria-hidden=\"true\"><\/i><\/span><span class=\"fusion-button-text awb-button__text awb-button__text--default fusion-button-text-left\">Nav\u0161tivte n\u00e1s na Facebooku!<\/span><\/a><\/div><div style=\"text-align:center;\"><a class=\"fusion-button button-flat button-xlarge button-default fusion-button-default button-2 fusion-button-span-yes fusion-button-default-type button-tip-des-monats\" target=\"_self\" href=\"#\" data-toggle=\"modal\" data-target=\".fusion-modal.reviews-google-fb\"><span class=\"fusion-button-icon-divider button-icon-divider-left\"><i class=\" fa fa-star awb-button__icon awb-button__icon--default\" aria-hidden=\"true\"><\/i><\/span><span class=\"fusion-button-text awb-button__text awb-button__text--default fusion-button-text-left\">N\u00e1zory n\u00e1v\u0161t\u011bvn\u00edk\u016f<\/span><\/a><\/div><div class=\"fusion-modal modal fade modal-1 reviews-google-fb\" tabindex=\"-1\" role=\"dialog\" aria-labelledby=\"modal-heading-1\" aria-hidden=\"true\" style=\"--awb-border-color:#ebebeb;--awb-background:#f6f6f6;\"><div class=\"modal-dialog modal-lg\" role=\"document\"><div class=\"modal-content fusion-modal-content\"><div class=\"modal-header\"><button class=\"close\" type=\"button\" data-dismiss=\"modal\" aria-hidden=\"true\" aria-label=\"Close\">&times;<\/button><h3 class=\"modal-title\" id=\"modal-heading-1\" data-dismiss=\"modal\" aria-hidden=\"true\">N\u00e1zory n\u00e1v\u0161t\u011bvn\u00edk\u016f<\/h3><\/div><div class=\"modal-body fusion-clearfix\">\n<p style=\"text-align: center;\"><div class=\"wprevpro-shortcode-wrapper\"><div class=\"wprevpro wprev-no-slider revnotsameheight\" id=\"wprev-slider-2\">\t\t<div class=\"wprevpro_t4_outer_div w3_wprs-row wprevprodiv\">\r\n\t\t\t<div class=\"wpproslider_t4_DIV_1 w3_wprs-col l4 outerrevdiv\">\r\n\t\t<div class=\"indrevdiv wpproslider_t4_DIV_1a  wprev_preview_bg1_T4 wprev_preview_bradius_T4\">\r\n\t\t\t<div class=\"wpproslider_t4_avatar_div\"><img decoding=\"async\" loading=\"lazy\" src=\"https:\/\/lh3.googleusercontent.com\/a-\/ALV-UjWtXZKz5d5G_Lw92a9tzOrclHfqVbEvlM8e9CBwyozgkvnnh7V3=s128-c0x00000000-cc-rp-mo-ba2\" alt=\"Markus Kalcher Avatar\" class=\"wpproslider_t4_IMG_2 wprevpro_avatarimg\" \/><\/div>\t\t\t<div class=\"wpproslider_t4_H3_3 wprev_preview_tcolor1_T4\">\r\n\t\t\t\tMarkus Kalcher\t\t\t<\/div>\r\n\t\t\t<span class=\"wpproslider_t4_SPAN_4\">\r\n\t\t\t<span class=\"wprevpro_star_imgs_T4\"><span class=\"starloc1 wprevpro_star_imgs wprevpro_star_imgsloc1\"><span class=\"svgicons svg-wprsp-star\"><\/span><span class=\"svgicons svg-wprsp-star\"><\/span><span class=\"svgicons svg-wprsp-star\"><\/span><span class=\"svgicons svg-wprsp-star\"><\/span><span class=\"svgicons svg-wprsp-star\"><\/span><\/span><\/span>\r\n\t\t\t<\/span>\r\n\t\t\t<div class=\"indrevtxt wpproslider_t4_P_5 wprev_preview_tcolor2_T4\">\t\t\t\tEin wundersch\u00f6ner Tag mit vielen eindr\u00fccken.\t\t\t\t\t\t\t<\/div>\r\n\t\t\t<span class=\"wpproslider_t4_date wprev_preview_tcolor3_T4\"> <span class=\"wprev_showdate_T4\">19\/04\/2026<\/span><\/span>\r\n\t\t\t<div class='wprevt4_icon_div'><a href=\"https:\/\/maps.google.com\/?cid=5307023792666941028\" target=\"_blank\" rel=\"nofollow noreferrer\" class=\"wprevpro_t4_site_logo_a\"><img decoding=\"async\" width=32 height=32 src=\"https:\/\/www.derheldenberg.at\/wp-content\/plugins\/wp-review-slider-pro-premium\/public\/partials\/imgs\/google_small_icon.svg\" alt=\"Google Logo\" class=\"wprevpro_t4_site_logo wprevsiteicon \"><\/a><\/div>\t\t\t\t\t\t\t\t\t\t\t<\/div>\r\n\t\t\t\r\n\t<\/div>\r\n\t\t<div class=\"wpproslider_t4_DIV_1 w3_wprs-col l4 outerrevdiv\">\r\n\t\t<div class=\"indrevdiv wpproslider_t4_DIV_1a  wprev_preview_bg1_T4 wprev_preview_bradius_T4\">\r\n\t\t\t<div class=\"wpproslider_t4_avatar_div\"><img decoding=\"async\" loading=\"lazy\" src=\"https:\/\/lh3.googleusercontent.com\/a\/AItbvmniwlw8mdDt9JdpptBx17OjYSKCppMCFBjXcWbS=s40-c-c0x00000000-cc-rp-mo-ba4-br100\" alt=\"Maria Novotny Avatar\" class=\"wpproslider_t4_IMG_2 wprevpro_avatarimg\" \/><\/div>\t\t\t<div class=\"wpproslider_t4_H3_3 wprev_preview_tcolor1_T4\">\r\n\t\t\t\tMaria Novotny\t\t\t<\/div>\r\n\t\t\t<span class=\"wpproslider_t4_SPAN_4\">\r\n\t\t\t<span class=\"wprevpro_star_imgs_T4\"><span class=\"starloc1 wprevpro_star_imgs wprevpro_star_imgsloc1\"><span class=\"svgicons svg-wprsp-star\"><\/span><span class=\"svgicons svg-wprsp-star\"><\/span><span class=\"svgicons svg-wprsp-star\"><\/span><span class=\"svgicons svg-wprsp-star\"><\/span><span class=\"svgicons svg-wprsp-star\"><\/span><\/span><\/span>\r\n\t\t\t<\/span>\r\n\t\t\t<div class=\"indrevtxt wpproslider_t4_P_5 wprev_preview_tcolor2_T4\">\t\t\t\tSehr abwechslungsreich und mega freundliches personal\t\t\t\t\t\t\t<\/div>\r\n\t\t\t<span class=\"wpproslider_t4_date wprev_preview_tcolor3_T4\"> <span class=\"wprev_showdate_T4\">22\/08\/2022<\/span><\/span>\r\n\t\t\t<div class='wprevt4_icon_div'><a href=\"https:\/\/search.google.com\/local\/reviews?placeid=ChIJ72DEk55mbUcRZJZ1iAVWpkk\" target=\"_blank\" rel=\"nofollow noreferrer\" class=\"wprevpro_t4_site_logo_a\"><img decoding=\"async\" width=32 height=32 src=\"https:\/\/www.derheldenberg.at\/wp-content\/plugins\/wp-review-slider-pro-premium\/public\/partials\/imgs\/google_small_icon.svg\" alt=\"Google Logo\" class=\"wprevpro_t4_site_logo wprevsiteicon \"><\/a><\/div>\t\t\t\t\t\t\t\t\t\t\t<\/div>\r\n\t\t\t\r\n\t<\/div>\r\n\t\t<div class=\"wpproslider_t4_DIV_1 w3_wprs-col l4 outerrevdiv\">\r\n\t\t<div class=\"indrevdiv wpproslider_t4_DIV_1a  wprev_preview_bg1_T4 wprev_preview_bradius_T4\">\r\n\t\t\t<div class=\"wpproslider_t4_avatar_div\"><img decoding=\"async\" loading=\"lazy\" src=\"https:\/\/lh3.googleusercontent.com\/a\/AItbvmke3-RidNnoyS79sxhsUPE84KyrOFoI5A7dQNq_=s40-c-c0x00000000-cc-rp-mo-ba3-br100\" alt=\"Kurt Hohenbichler Avatar\" class=\"wpproslider_t4_IMG_2 wprevpro_avatarimg\" \/><\/div>\t\t\t<div class=\"wpproslider_t4_H3_3 wprev_preview_tcolor1_T4\">\r\n\t\t\t\tKurt Hohenbichler\t\t\t<\/div>\r\n\t\t\t<span class=\"wpproslider_t4_SPAN_4\">\r\n\t\t\t<span class=\"wprevpro_star_imgs_T4\"><span class=\"starloc1 wprevpro_star_imgs wprevpro_star_imgsloc1\"><span class=\"svgicons svg-wprsp-star\"><\/span><span class=\"svgicons svg-wprsp-star\"><\/span><span class=\"svgicons svg-wprsp-star\"><\/span><span class=\"svgicons svg-wprsp-star\"><\/span><span class=\"svgicons svg-wprsp-star\"><\/span><\/span><\/span>\r\n\t\t\t<\/span>\r\n\t\t\t<div class=\"indrevtxt wpproslider_t4_P_5 wprev_preview_tcolor2_T4\">\t\t\t\tF\u00fchrung durch die Lippizaner Stallungen, oldtimermuseum , Erlebnis Abenteuerspielplatz . Falkenhof mit Flugshow und Radetzky Gedenkst\u00e4tte\t\t\t\t\t\t\t<\/div>\r\n\t\t\t<span class=\"wpproslider_t4_date wprev_preview_tcolor3_T4\"> <span class=\"wprev_showdate_T4\">22\/08\/2022<\/span><\/span>\r\n\t\t\t<div class='wprevt4_icon_div'><a href=\"https:\/\/search.google.com\/local\/reviews?placeid=ChIJ72DEk55mbUcRZJZ1iAVWpkk\" target=\"_blank\" rel=\"nofollow noreferrer\" class=\"wprevpro_t4_site_logo_a\"><img decoding=\"async\" width=32 height=32 src=\"https:\/\/www.derheldenberg.at\/wp-content\/plugins\/wp-review-slider-pro-premium\/public\/partials\/imgs\/google_small_icon.svg\" alt=\"Google Logo\" class=\"wprevpro_t4_site_logo wprevsiteicon \"><\/a><\/div>\t\t\t\t\t\t\t\t\t\t\t<\/div>\r\n\t\t\t\r\n\t<\/div>\r\n\t\t<\/div>\r\n<\/div><\/div>\n<p style=\"text-align: center;\"><div class=\"fusion-aligncenter\"><a class=\"fusion-button button-flat fusion-button-default-size button-default fusion-button-default button-3 fusion-button-default-span fusion-button-default-type\" target=\"_self\" href=\"\/aktuelles\/besucher-bewertungen\/\"><span class=\"fusion-button-text awb-button__text awb-button__text--default\">Weitere Bewertungen<\/span><\/a><\/div><\/div><\/div><\/div><\/div><div style=\"text-align:center;\"><a class=\"fusion-button button-flat button-xlarge button-default fusion-button-default button-4 fusion-button-span-yes fusion-button-default-type fusion-no-small-visibility button-tip-des-monats\" target=\"_self\" href=\"#info\"><span class=\"fusion-button-icon-divider button-icon-divider-left\"><i class=\" fa fa-arrow-circle-right awb-button__icon awb-button__icon--default\" aria-hidden=\"true\"><\/i><\/span><span class=\"fusion-button-text awb-button__text awb-button__text--default fusion-button-text-left\">Ceny<\/span><\/a><\/div><div style=\"text-align:center;\"><a class=\"fusion-button button-flat button-xlarge button-default fusion-button-default button-5 fusion-button-span-yes fusion-button-default-type fusion-no-medium-visibility fusion-no-large-visibility button-tip-des-monats\" target=\"_self\" href=\"#\" data-toggle=\"modal\" data-target=\".fusion-modal.Preise-Atraktion\"><span class=\"fusion-button-icon-divider button-icon-divider-left\"><i class=\" fa fa-arrow-circle-right awb-button__icon awb-button__icon--default\" aria-hidden=\"true\"><\/i><\/span><span class=\"fusion-button-text awb-button__text awb-button__text--default fusion-button-text-left\">Ceny<\/span><\/a><\/div><div class=\"fusion-modal modal fade modal-2 Preise-Atraktion\" tabindex=\"-1\" role=\"dialog\" aria-labelledby=\"modal-heading-2\" aria-hidden=\"true\" style=\"--awb-border-color:#ebebeb;--awb-background:#ffffff;\"><div class=\"modal-dialog modal-lg\" role=\"document\"><div class=\"modal-content fusion-modal-content\"><div class=\"modal-header\"><button class=\"close\" type=\"button\" data-dismiss=\"modal\" aria-hidden=\"true\" aria-label=\"Close\">&times;<\/button><h3 class=\"modal-title\" id=\"modal-heading-2\" data-dismiss=\"modal\" aria-hidden=\"true\">Preise \u2013 Lipizzaner<\/h3><\/div><div class=\"modal-body fusion-clearfix\">\n<h4>JEDNOTLIV\u00c9 VSTUPN\u00c9 \u2013 Lipic\u00e1ni<\/h4>\n\n<table id=\"tablepress-18\" class=\"tablepress tablepress-id-18\">\n<tbody class=\"row-striping row-hover\">\n<tr class=\"row-1\">\n\t<td class=\"column-1\">Dosp\u011bl\u00ed<\/td><td class=\"column-2\">\u20ac 17,00<\/td>\n<\/tr>\n<tr class=\"row-2\">\n\t<td class=\"column-1\">Skupiny, d\u016fchodci,<\/td><td class=\"column-2\">\u20ac 14,00<\/td>\n<\/tr>\n<tr class=\"row-3\">\n\t<td class=\"column-1\">invalid\u00e9, ml\u00e1de\u017e, osoby v prezen\u010dn\u00ed vojensk\u00e9 slu\u017eb\u011b<\/td><td class=\"column-2\">\u20ac 14,00<\/td>\n<\/tr>\n<tr class=\"row-4\">\n\t<td class=\"column-1\">D\u011bti do 5 let zdarma<\/td><td class=\"column-2\">gratis<\/td>\n<\/tr>\n<tr class=\"row-5\">\n\t<td class=\"column-1\">D\u011bti do 14 let, skupiny \u017e\u00e1k\u016f (za \u017e\u00e1ka)<\/td><td class=\"column-2\">\u20ac 7,00<\/td>\n<\/tr>\n<tr class=\"row-6\">\n\t<td class=\"column-1\">D\u011bti do 14 let, skupiny \u017e\u00e1k\u016f (za \u017e\u00e1ka)<\/td><td class=\"column-2\">\u20ac 34,00<\/td>\n<\/tr>\n<\/tbody>\n<\/table>\n<!-- #tablepress-18 from cache -->\n<h4>TRAINING \u2013 Lipic\u00e1ni<\/h4>\n[table \u201c19\u201d not found \/]<br \/>\n\n<p>Diese Attraktion k\u00f6nnen Sie auch in Kombination mit anderen Sehensw\u00fcrdigkeiten besuchen, ebenso bieten wir daf\u00fcr auch F\u00fchrungen an. Details dazu finden Sie auf unserer Seite <a href=\"https:\/\/www.derheldenberg.at\/cs\/informace-pro-navstevniky\/vstupne\/\">Eintrittspreise<\/a>.<\/p>\n<\/div><div class=\"modal-footer\"><button class=\"fusion-button button-default button-medium button default medium\" type=\"button\" data-dismiss=\"modal\">Close<\/button><\/div><\/div><\/div><\/div><div style=\"text-align:center;\"><a class=\"fusion-button button-flat button-xlarge button-default fusion-button-default button-6 fusion-button-span-yes fusion-button-default-type fusion-no-small-visibility button-tip-des-monats\" target=\"_self\" href=\"#info\"><span class=\"fusion-button-icon-divider button-icon-divider-left\"><i class=\" fa fa-star-o awb-button__icon awb-button__icon--default\" aria-hidden=\"true\"><\/i><\/span><span class=\"fusion-button-text awb-button__text awb-button__text--default fusion-button-text-left\">Otev\u00edrac\u00ed doba<\/span><\/a><\/div><div style=\"text-align:center;\"><a class=\"fusion-button button-flat button-xlarge button-default fusion-button-default button-7 fusion-button-span-yes fusion-button-default-type fusion-no-medium-visibility fusion-no-large-visibility button-tip-des-monats\" target=\"_self\" href=\"#\" data-toggle=\"modal\" data-target=\".fusion-modal.\u00d6ffnungszeiten-Atraktion\"><span class=\"fusion-button-icon-divider button-icon-divider-left\"><i class=\" fa fa-star-o awb-button__icon awb-button__icon--default\" aria-hidden=\"true\"><\/i><\/span><span class=\"fusion-button-text awb-button__text awb-button__text--default fusion-button-text-left\">Otev\u00edrac\u00ed doba<\/span><\/a><\/div><div class=\"fusion-modal modal fade modal-3 \u00d6ffnungszeiten-Atraktion\" tabindex=\"-1\" role=\"dialog\" aria-labelledby=\"modal-heading-3\" aria-hidden=\"true\" style=\"--awb-border-color:#ebebeb;--awb-background:#ffffff;\"><div class=\"modal-dialog modal-lg\" role=\"document\"><div class=\"modal-content fusion-modal-content\"><div class=\"modal-header\"><button class=\"close\" type=\"button\" data-dismiss=\"modal\" aria-hidden=\"true\" aria-label=\"Close\">&times;<\/button><h3 class=\"modal-title\" id=\"modal-heading-3\" data-dismiss=\"modal\" aria-hidden=\"true\">Otev\u00edrac\u00ed doba - V\u00fdcvikov\u00e9 st\u0159edisko lipic\u00e1n\u016f<\/h3><\/div><div class=\"modal-body fusion-clearfix\">\n<ul>\n<li>Duben a\u017e \u0159\u00edjen: \u00fater\u00fd a\u017e ned\u011ble 9:00 &#8211; 17:00<\/li>\n<li>Listopad-b\u0159ezen: Lipic\u00e1ni &amp; Kollerovi veter\u00e1ni &#8211; sobota a ned\u011ble 9:00 &#8211; 17:00<\/li>\n<li>Pro skupiny: od 20 osob celoro\u010dn\u011b p\u0159i p\u0159ihl\u00e1\u0161en\u00ed p\u0159edem!<\/li>\n<\/ul>\n<\/div><div class=\"modal-footer\"><button class=\"fusion-button button-default button-medium button default medium\" type=\"button\" data-dismiss=\"modal\">Close<\/button><\/div><\/div><\/div><\/div><div class=\"fusion-separator fusion-full-width-sep\" style=\"align-self: center;margin-left: auto;margin-right: auto;margin-bottom:20px;width:100%;\"><div class=\"fusion-separator-border sep-single sep-solid\" style=\"--awb-height:20px;--awb-amount:20px;--awb-sep-color:#ffffff;border-color:#ffffff;border-top-width:20px;\"><\/div><\/div><div class=\"fusion-title title fusion-title-2 fusion-sep-none fusion-title-text fusion-title-size-five infobox-sidebar\" style=\"--awb-margin-top-small:10px;--awb-margin-right-small:0px;--awb-margin-bottom-small:10px;--awb-margin-left-small:0px;\"><h5 class=\"fusion-title-heading title-heading-left fusion-responsive-typography-calculated\" style=\"margin:0;--fontSize:20;--minFontSize:20;line-height:1.2;\">Dal\u0161\u00ed zaj\u00edmavosti<\/h5><\/div><ul style=\"--awb-size:13px;--awb-line-height:22.1px;--awb-icon-width:22.1px;--awb-icon-height:22.1px;--awb-icon-margin:9.1px;--awb-content-margin:31.2px;--awb-circlecolor:#b11715;--awb-circle-yes-font-size:11.44px;\" class=\"fusion-checklist fusion-checklist-1 fusion-checklist-default type-icons checklist-right\"><li class=\"fusion-li-item\" style=\"\"><span class=\"icon-wrapper circle-yes\"><i class=\"fusion-li-icon fa fa-chevron-right\" aria-hidden=\"true\"><\/i><\/span><div class=\"fusion-li-item-content\"><a href=\"https:\/\/www.derheldenberg.at\/cs\/atrakce\/kollerovi-veterani\/\">Kollerovi veter\u00e1ni<\/a><\/div><\/li><li class=\"fusion-li-item\" style=\"\"><span class=\"icon-wrapper circle-yes\"><i class=\"fusion-li-icon fa fa-chevron-right\" aria-hidden=\"true\"><\/i><\/span><div class=\"fusion-li-item-content\"><a href=\"https:\/\/www.derheldenberg.at\/cs\/atrakce\/radeckeho-pomnik\/\">Radeck\u00e9ho pomn\u00edk<\/a><\/div><\/li><li class=\"fusion-li-item\" style=\"\"><span class=\"icon-wrapper circle-yes\"><i class=\"fusion-li-icon fa fa-chevron-right\" aria-hidden=\"true\"><\/i><\/span><div class=\"fusion-li-item-content\"><a href=\"https:\/\/www.derheldenberg.at\/cs\/atrakce\/neoliticka-vesnice\/\">Neolitick\u00e1 vesnice<\/a><\/div><\/li><li class=\"fusion-li-item\" style=\"\"><span class=\"icon-wrapper circle-yes\"><i class=\"fusion-li-icon fa fa-chevron-right\" aria-hidden=\"true\"><\/i><\/span><div class=\"fusion-li-item-content\"><a href=\"https:\/\/www.derheldenberg.at\/cs\/atrakce\/aigners-falkenhof\/\">Aigner\u2019s Falkenhof<\/a><\/div><\/li><li class=\"fusion-li-item\" style=\"\"><span class=\"icon-wrapper circle-yes\"><i class=\"fusion-li-icon fa fa-chevron-right\" aria-hidden=\"true\"><\/i><\/span><div class=\"fusion-li-item-content\"><a href=\"https:\/\/www.derheldenberg.at\/cs\/atrakce\/anglicka-zahrada\/\">Anglick\u00e1 zahrada<\/a><\/div><\/li><li class=\"fusion-li-item\" style=\"\"><span class=\"icon-wrapper circle-yes\"><i class=\"fusion-li-icon fa fa-chevron-right\" aria-hidden=\"true\"><\/i><\/span><div class=\"fusion-li-item-content\"><a href=\"https:\/\/www.derheldenberg.at\/cs\/atrakce\/regionalni-vinoteka\/\">Vinot\u00e9ka<\/a><\/div><\/li><\/ul><div class=\"fusion-title title fusion-title-3 fusion-sep-none fusion-title-text fusion-title-size-five infobox-sidebar\" style=\"--awb-margin-top:15px;--awb-margin-top-small:10px;--awb-margin-right-small:0px;--awb-margin-bottom-small:10px;--awb-margin-left-small:0px;\"><h5 class=\"fusion-title-heading title-heading-left fusion-responsive-typography-calculated\" style=\"margin:0;--fontSize:20;--minFontSize:20;line-height:1.2;\">Pl\u00e1nek are\u00e1lu<\/h5><\/div><div class=\"fusion-image-element \" style=\"--awb-caption-title-font-family:var(--h2_typography-font-family);--awb-caption-title-font-weight:var(--h2_typography-font-weight);--awb-caption-title-font-style:var(--h2_typography-font-style);--awb-caption-title-size:var(--h2_typography-font-size);--awb-caption-title-transform:var(--h2_typography-text-transform);--awb-caption-title-line-height:var(--h2_typography-line-height);--awb-caption-title-letter-spacing:var(--h2_typography-letter-spacing);\"><span class=\" fusion-imageframe imageframe-none imageframe-5 hover-type-none\"><a href=\"https:\/\/www.derheldenberg.at\/wp-content\/uploads\/Gel\u00e4ndeplan-Heldenberg_gro\u00df.jpg\" class=\"fusion-lightbox\" data-rel=\"iLightbox[266d76860cf1f108946]\" data-title=\"Pl\u00e1n are\u00e1lu Heldenberg\" title=\"Pl\u00e1n are\u00e1lu Heldenberg\"><img decoding=\"async\" width=\"1100\" height=\"825\" alt=\"Heldenberg Gel\u00e4ndeplan\" src=\"https:\/\/www.derheldenberg.at\/wp-content\/uploads\/Gel\u00e4ndeplan-Heldenberg_gro\u00df.jpg\" class=\"img-responsive wp-image-12864\" srcset=\"https:\/\/www.derheldenberg.at\/wp-content\/uploads\/Gel\u00e4ndeplan-Heldenberg_gro\u00df-200x150.jpg 200w, https:\/\/www.derheldenberg.at\/wp-content\/uploads\/Gel\u00e4ndeplan-Heldenberg_gro\u00df-400x300.jpg 400w, https:\/\/www.derheldenberg.at\/wp-content\/uploads\/Gel\u00e4ndeplan-Heldenberg_gro\u00df-600x450.jpg 600w, https:\/\/www.derheldenberg.at\/wp-content\/uploads\/Gel\u00e4ndeplan-Heldenberg_gro\u00df-800x600.jpg 800w, https:\/\/www.derheldenberg.at\/wp-content\/uploads\/Gel\u00e4ndeplan-Heldenberg_gro\u00df.jpg 1100w\" sizes=\"(max-width: 640px) 100vw, 400px\" \/><\/a><\/span><\/div><\/div><\/div><\/div><\/div><div class=\"fusion-fullwidth fullwidth-box fusion-builder-row-2 fusion-flex-container nonhundred-percent-fullwidth non-hundred-percent-height-scrolling\" style=\"--awb-border-radius-top-left:0px;--awb-border-radius-top-right:0px;--awb-border-radius-bottom-right:0px;--awb-border-radius-bottom-left:0px;--awb-flex-wrap:wrap;\" id=\"info\" ><div class=\"fusion-builder-row fusion-row fusion-flex-align-items-flex-start fusion-flex-content-wrap\" style=\"max-width:calc( 1170px + 0px );margin-left: calc(-0px \/ 2 );margin-right: calc(-0px \/ 2 );\"><div class=\"fusion-layout-column fusion_builder_column fusion-builder-column-3 fusion_builder_column_1_1 1_1 fusion-flex-column\" style=\"--awb-bg-size:cover;--awb-width-large:100%;--awb-margin-top-large:0px;--awb-spacing-right-large:0px;--awb-margin-bottom-large:20px;--awb-spacing-left-large:0px;--awb-width-medium:100%;--awb-spacing-right-medium:0px;--awb-spacing-left-medium:0px;--awb-width-small:100%;--awb-spacing-right-small:0px;--awb-spacing-left-small:0px;\"><div class=\"fusion-column-wrapper fusion-flex-justify-content-flex-start fusion-content-layout-column\"><div class=\"fusion-separator fusion-full-width-sep\" style=\"align-self: center;margin-left: auto;margin-right: auto;margin-top:0px;margin-bottom:10px;width:100%;\"><div class=\"fusion-separator-border sep-single sep-solid\" style=\"--awb-height:20px;--awb-amount:20px;--awb-sep-color:#b11612;border-color:#b11612;border-top-width:1px;\"><\/div><\/div><div class=\"fusion-text fusion-text-5\"><h2>Informace<\/h2>\n<\/div><div class=\"accordian fusion-accordian\" style=\"--awb-border-size:1px;--awb-icon-size:13px;--awb-content-font-size:var(--awb-typography4-font-size);--awb-icon-alignment:left;--awb-hover-color:#f9f9f9;--awb-border-color:#cccccc;--awb-background-color:#ffffff;--awb-divider-color:var(--awb-color3);--awb-divider-hover-color:var(--awb-color3);--awb-icon-color:#ffffff;--awb-title-color:var(--awb-color8);--awb-content-color:var(--awb-color8);--awb-icon-box-color:#333333;--awb-toggle-hover-accent-color:#b11715;--awb-title-font-family:var(--awb-typography1-font-family);--awb-title-font-weight:var(--awb-typography1-font-weight);--awb-title-font-style:var(--awb-typography1-font-style);--awb-title-font-size:24px;--awb-title-line-height:1.2;--awb-content-font-family:var(--awb-typography4-font-family);--awb-content-font-weight:var(--awb-typography4-font-weight);--awb-content-font-style:var(--awb-typography4-font-style);\"><div class=\"panel-group fusion-toggle-icon-boxed\" id=\"accordion-11306-1\"><div class=\"fusion-panel panel-default panel-04e74a310f80753b9 fusion-toggle-has-divider\"><div class=\"panel-heading\"><h4 class=\"panel-title toggle\" id=\"toggle_04e74a310f80753b9\"><a aria-expanded=\"false\" aria-controls=\"04e74a310f80753b9\" role=\"button\" data-toggle=\"collapse\" data-target=\"#04e74a310f80753b9\" href=\"#04e74a310f80753b9\"><span class=\"fusion-toggle-icon-wrapper\" aria-hidden=\"true\"><i class=\"fa-fusion-box active-icon awb-icon-minus\" aria-hidden=\"true\"><\/i><i class=\"fa-fusion-box inactive-icon awb-icon-plus\" aria-hidden=\"true\"><\/i><\/span><span class=\"fusion-toggle-heading\">Ceny vstupn\u00e9ho<\/span><\/a><\/h4><\/div><div id=\"04e74a310f80753b9\" class=\"panel-collapse collapse \" aria-labelledby=\"toggle_04e74a310f80753b9\"><div class=\"panel-body toggle-content fusion-clearfix\">\n<h3>JEDNOTLIV\u00c9 VSTUPN\u00c9 &#8211; Lipic\u00e1ni<\/h3>\n\n<table id=\"tablepress-18-no-2\" class=\"tablepress tablepress-id-18\">\n<tbody class=\"row-striping row-hover\">\n<tr class=\"row-1\">\n\t<td class=\"column-1\">Dosp\u011bl\u00ed<\/td><td class=\"column-2\">\u20ac 17,00<\/td>\n<\/tr>\n<tr class=\"row-2\">\n\t<td class=\"column-1\">Skupiny, d\u016fchodci,<\/td><td class=\"column-2\">\u20ac 14,00<\/td>\n<\/tr>\n<tr class=\"row-3\">\n\t<td class=\"column-1\">invalid\u00e9, ml\u00e1de\u017e, osoby v prezen\u010dn\u00ed vojensk\u00e9 slu\u017eb\u011b<\/td><td class=\"column-2\">\u20ac 14,00<\/td>\n<\/tr>\n<tr class=\"row-4\">\n\t<td class=\"column-1\">D\u011bti do 5 let zdarma<\/td><td class=\"column-2\">gratis<\/td>\n<\/tr>\n<tr class=\"row-5\">\n\t<td class=\"column-1\">D\u011bti do 14 let, skupiny \u017e\u00e1k\u016f (za \u017e\u00e1ka)<\/td><td class=\"column-2\">\u20ac 7,00<\/td>\n<\/tr>\n<tr class=\"row-6\">\n\t<td class=\"column-1\">D\u011bti do 14 let, skupiny \u017e\u00e1k\u016f (za \u017e\u00e1ka)<\/td><td class=\"column-2\">\u20ac 34,00<\/td>\n<\/tr>\n<\/tbody>\n<\/table>\n<!-- #tablepress-18-no-2 from cache -->\n<p>Tuto atrakci m\u016f\u017eete nav\u0161t\u00edvit v kombinaci s dal\u0161\u00edmi atrakcemi, rovn\u011b\u017e k nim nab\u00edz\u00edme tak\u00e9 prohl\u00eddky. Podrobnosti najdete na na\u0161ich str\u00e1nk\u00e1ch se <a href=\"https:\/\/www.derheldenberg.at\/cs\/informace-pro-navstevniky\/vstupne\/\">vstupn\u00fdm<\/a>.<\/p>\n<\/div><\/div><\/div><div class=\"fusion-panel panel-default panel-59df43f418028fcfb fusion-toggle-has-divider\"><div class=\"panel-heading\"><h4 class=\"panel-title toggle\" id=\"toggle_59df43f418028fcfb\"><a aria-expanded=\"false\" aria-controls=\"59df43f418028fcfb\" role=\"button\" data-toggle=\"collapse\" data-target=\"#59df43f418028fcfb\" href=\"#59df43f418028fcfb\"><span class=\"fusion-toggle-icon-wrapper\" aria-hidden=\"true\"><i class=\"fa-fusion-box active-icon awb-icon-minus\" aria-hidden=\"true\"><\/i><i class=\"fa-fusion-box inactive-icon awb-icon-plus\" aria-hidden=\"true\"><\/i><\/span><span class=\"fusion-toggle-heading\">Otev\u00edrac\u00ed doba<\/span><\/a><\/h4><\/div><div id=\"59df43f418028fcfb\" class=\"panel-collapse collapse \" aria-labelledby=\"toggle_59df43f418028fcfb\"><div class=\"panel-body toggle-content fusion-clearfix\">\n<p>Duben &amp; \u0159\u00edjen: \u00fater\u00fd a\u017e ned\u011ble 9:00-17:00<br \/>\nKv\u011bten a\u017e z\u00e1\u0159\u00ed: \u00fater\u00fd a\u017e ned\u011ble 9:00-18:00<br \/>\nV pond\u011bl\u00ed otev\u0159eno pouze o sv\u00e1tc\u00edch<\/p>\n<p>Listopad-b\u0159ezen: Lipic\u00e1ni &amp; Kollerovi veter\u00e1ni &#8211; sobota a ned\u011ble 9:00 &#8211; 17:00<br \/>\nPro skupiny: od 20 osob celoro\u010dn\u011b p\u0159i p\u0159ihl\u00e1\u0161en\u00ed p\u0159edem!<\/p>\n<\/div><\/div><\/div><div class=\"fusion-panel panel-default panel-352861461f8c82391 fusion-toggle-has-divider\"><div class=\"panel-heading\"><h4 class=\"panel-title toggle\" id=\"toggle_352861461f8c82391\"><a aria-expanded=\"false\" aria-controls=\"352861461f8c82391\" role=\"button\" data-toggle=\"collapse\" data-target=\"#352861461f8c82391\" href=\"#352861461f8c82391\"><span class=\"fusion-toggle-icon-wrapper\" aria-hidden=\"true\"><i class=\"fa-fusion-box active-icon awb-icon-minus\" aria-hidden=\"true\"><\/i><i class=\"fa-fusion-box inactive-icon awb-icon-plus\" aria-hidden=\"true\"><\/i><\/span><span class=\"fusion-toggle-heading\">Nab\u00eddky pro skupiny<\/span><\/a><\/h4><\/div><div id=\"352861461f8c82391\" class=\"panel-collapse collapse \" aria-labelledby=\"toggle_352861461f8c82391\"><div class=\"panel-body toggle-content fusion-clearfix\">\n<p>Ve v\u00fdcvikov\u00e9m centru lipic\u00e1n\u016f na Heldenbergu jsou cvi\u010deni slavn\u00ed b\u00edl\u00ed kon\u011b \u0160pan\u011blsk\u00e9 dvorsk\u00e9 jezdeck\u00e9 \u0161koly pro p\u0159ehl\u00eddky ve V\u00eddni. Kr\u00e1sn\u00ed h\u0159ebci maj\u00ed po v\u00fdcviku mo\u017enost u\u017e\u00edt si n\u011bkolikr\u00e1t za rok zaslou\u017eenou dovolenou v tomto rozlehl\u00e9m are\u00e1lu. Pestr\u00fd program sezn\u00e1m\u00ed n\u00e1v\u0161t\u011bvn\u00edky s histori\u00ed b\u00edl\u00fdch lipic\u00e1n\u016f.<\/p>\n<ul>\n<li>Prohl\u00eddka a n\u00e1v\u0161t\u011bva st\u00e1j\u00ed a sedlovny<\/li>\n<li>P\u0159edn\u00e1\u0161ka o nejstar\u0161\u00edm kulturn\u00edm plemenu kon\u00ed na sv\u011bt\u011b<\/li>\n<li>Pojmenov\u00e1n\u00ed a v\u00fdcvik mlad\u00fdch h\u0159ebc\u016f<\/li>\n<li>Lipic\u00e1ni r\u016fzn\u00e9ho st\u00e1\u0159\u00ed, ve st\u00e1j\u00edch je a\u017e 30 kon\u00ed<\/li>\n<li>Filmov\u00e1 projekce<\/li>\n<li>V\u00fdcvik mlad\u00fdch h\u0159ebc\u016f<\/li>\n<li>Z\u00e1\u017eitkov\u00e1 trasa<\/li>\n<\/ul>\n<p><strong>NOVINKA: V\u00fdstava ko\u010d\u00e1r\u016f ve v\u00fdcvikov\u00e9m st\u0159edisku lipic\u00e1n\u016f na Heldenbergu!<\/strong><\/p>\n<p>Heldenberg uvede od dubna 2018 ve v\u00fdcvikov\u00e9m centru lipic\u00e1n\u016f dal\u0161\u00ed v\u00fdstavu. N\u00e1v\u0161t\u011bvn\u00edci maj\u00ed v r\u00e1mci prohl\u00eddky mo\u017enost nav\u0161t\u00edvit tak\u00e9 v\u00fdstavu ko\u010d\u00e1r\u016f. K vid\u011bn\u00ed jsou expon\u00e1ty z 18.-19. stolet\u00ed.<\/p>\n<p>D\u00e9lka prohl\u00eddky: cca 45 minut.<br \/>\n<strong>Skupinov\u00e9 vstupn\u00e9 10,- \u20ac \/ osobu<\/strong><\/p>\n<\/div><\/div><\/div><div class=\"fusion-panel panel-default panel-f5c7360132496fa59 fusion-toggle-has-divider\"><div class=\"panel-heading\"><h4 class=\"panel-title toggle\" id=\"toggle_f5c7360132496fa59\"><a aria-expanded=\"false\" aria-controls=\"f5c7360132496fa59\" role=\"button\" data-toggle=\"collapse\" data-target=\"#f5c7360132496fa59\" href=\"#f5c7360132496fa59\"><span class=\"fusion-toggle-icon-wrapper\" aria-hidden=\"true\"><i class=\"fa-fusion-box active-icon awb-icon-minus\" aria-hidden=\"true\"><\/i><i class=\"fa-fusion-box inactive-icon awb-icon-plus\" aria-hidden=\"true\"><\/i><\/span><span class=\"fusion-toggle-heading\">Nab\u00eddka pro \u0161koly a ml\u00e1de\u017e<\/span><\/a><\/h4><\/div><div id=\"f5c7360132496fa59\" class=\"panel-collapse collapse \" aria-labelledby=\"toggle_f5c7360132496fa59\"><div class=\"panel-body toggle-content fusion-clearfix\">\n<h3>Program<\/h3>\n<ul>\n<li>Prohl\u00eddka st\u00e1j\u00ed a sedlovny<\/li>\n<li>P\u0159edn\u00e1\u0161ka o nejstar\u0161\u00edm kulturn\u00edm plemenu kon\u00ed na sv\u011bt\u011b<\/li>\n<li>Pojmenov\u00e1n\u00ed a v\u00fdcvik mlad\u00fdch h\u0159ebc\u016f<\/li>\n<li>Lipic\u00e1ni r\u016fzn\u00e9ho st\u00e1\u0159\u00ed, ve st\u00e1j\u00edch je a\u017e 30 kon\u00ed<\/li>\n<li>Video a filmov\u00e9 projekce<\/li>\n<li>Venkovn\u00ed are\u00e1l s v\u00fdb\u011bhy a z\u00e1\u017eitkov\u00e1 trasa s d\u011btsk\u00fdm parkurem pro kon\u011b na ty\u010di<\/li>\n<\/ul>\n<p>D\u00e9lka prohl\u00eddky: cca 45 minut.<br \/>\n<strong>Skupinov\u00fd tarif: 4,- \u20ac \/ studenta<\/strong><\/p>\n<\/div><\/div><\/div><div class=\"fusion-panel panel-default panel-354000a49b3bfc961 fusion-toggle-has-divider\"><div class=\"panel-heading\"><h4 class=\"panel-title toggle\" id=\"toggle_354000a49b3bfc961\"><a aria-expanded=\"false\" aria-controls=\"354000a49b3bfc961\" role=\"button\" data-toggle=\"collapse\" data-target=\"#354000a49b3bfc961\" href=\"#354000a49b3bfc961\"><span class=\"fusion-toggle-icon-wrapper\" aria-hidden=\"true\"><i class=\"fa-fusion-box active-icon awb-icon-minus\" aria-hidden=\"true\"><\/i><i class=\"fa-fusion-box inactive-icon awb-icon-plus\" aria-hidden=\"true\"><\/i><\/span><span class=\"fusion-toggle-heading\">Informace o bezbari\u00e9rov\u00e9m p\u0159\u00edstupu<\/span><\/a><\/h4><\/div><div id=\"354000a49b3bfc961\" class=\"panel-collapse collapse \" aria-labelledby=\"toggle_354000a49b3bfc961\"><div class=\"panel-body toggle-content fusion-clearfix\">\n<h3>Parkovi\u0161t\u011b<\/h3>\n<p>P\u0159\u00edmo na boku vstupu je k dispozici parkovi\u0161t\u011b pro invalidy. Na\u0161e ukazatele v\u00e1s navedou.<\/p>\n<h3>Ceny vstupn\u00e9ho<\/h3>\n<p>Pro osoby se speci\u00e1ln\u00edmi pot\u0159ebami je sn\u00ed\u017een\u00e9 vstupn\u00e9 mo\u017en\u00e9 pro p\u0159edlo\u017een\u00ed pr\u016fkazu. Doprov\u00e1zej\u00edc\u00ed osoby maj\u00ed vstup zdarma, pokud jsou uvedeny v pr\u016fkazu.<\/p>\n<h3>Toalety<\/h3>\n<p>Bezbari\u00e9rov\u00e1 soci\u00e1ln\u00ed za\u0159\u00edzen\u00ed jsou k dispozici v prostoru obou pokladen.<\/p>\n<h3>Pohyb v r\u00e1mci c\u00edle v\u00fdletu<\/h3>\n<p>Z parkovi\u0161t\u011b pro t\u011blesn\u011b posti\u017een\u00ed u hlavn\u00ed pokladny se dostanete po ramp\u011b do prostoru pokladen, odkud m\u016f\u017eete pokra\u010dovat po rovin\u011b bezbari\u00e9rov\u011b a\u017e do <strong>muzea veter\u00e1n\u016f.<\/strong><\/p>\n<p><strong>Kav\u00e1rna Heldenberg a Anglick\u00e1 zahrada<\/strong> jsou z t\u00e9to \u00farovn\u011b dostupn\u00e9 zdvi\u017e\u00ed. Cesty v Anglick\u00e9 zahrad\u011b jsou p\u0159\u00edrodn\u00ed a a\u017e k Schneckenbergu dob\u0159e p\u0159\u00edstupn\u00e9.<\/p>\n<p>Cesta k <strong>lipic\u00e1nsk\u00fdm st\u00e1j\u00edm<\/strong> je pro osoby s omezenou pohyblivost\u00ed a na invalidn\u00edm voz\u00edku obt\u00ed\u017en\u011b p\u0159\u00edstupn\u00e1. Z tohoto d\u016fvodu v\u00e1s \u017e\u00e1d\u00e1me, abyste informovali n\u00e1\u0161 person\u00e1l. Po domluv\u011b v\u00e1s m\u016f\u017eeme ke st\u00e1j\u00edm dopravit p\u0159\u00edmo. N\u00e1\u0161 person\u00e1l v\u00e1s vyzvedne a doprovod\u00ed na v\u00fdchoz\u00ed m\u00edsto pro prohl\u00eddku.<\/p>\n<p><strong>Radeck\u00e9ho pomn\u00edk<\/strong> je a\u017e k hrobce bezbari\u00e9rov\u00fd. Do parku je vstup bezbari\u00e9rov\u00fd. Obra\u0165te se pros\u00edm na na\u0161e pracovn\u00edky. P\u0159\u00edstup k <strong>neolitick\u00e9 vesnici a sokolnick\u00e9mu are\u00e1lu Falkenhof Aigner<\/strong> je v\u00fdlu\u010dn\u011b po p\u0159\u00edrodn\u00edch cest\u00e1ch, kter\u00e9 mohou prohl\u00eddku zt\u00ed\u017eit. N\u00e1v\u0161t\u011bva t\u011bchto dvou atrakc\u00ed je mo\u017en\u00e1 pouze s asistenc\u00ed, proto\u017ee cesta vede se stoup\u00e1n\u00edm.<\/p>\n<\/div><\/div><\/div><\/div><\/div><\/div><\/div><\/div><\/div><div class=\"fusion-fullwidth fullwidth-box fusion-builder-row-3 fusion-flex-container nonhundred-percent-fullwidth non-hundred-percent-height-scrolling socialshare-center\" style=\"--awb-border-radius-top-left:0px;--awb-border-radius-top-right:0px;--awb-border-radius-bottom-right:0px;--awb-border-radius-bottom-left:0px;--awb-flex-wrap:wrap;\" ><div class=\"fusion-builder-row fusion-row fusion-flex-align-items-flex-start fusion-flex-content-wrap\" style=\"max-width:calc( 1170px + 0px );margin-left: calc(-0px \/ 2 );margin-right: calc(-0px \/ 2 );\"><div class=\"fusion-layout-column fusion_builder_column fusion-builder-column-4 fusion_builder_column_1_1 1_1 fusion-flex-column\" style=\"--awb-bg-size:cover;--awb-width-large:100%;--awb-margin-top-large:0px;--awb-spacing-right-large:0px;--awb-margin-bottom-large:20px;--awb-spacing-left-large:0px;--awb-width-medium:100%;--awb-spacing-right-medium:0px;--awb-spacing-left-medium:0px;--awb-width-small:100%;--awb-spacing-right-small:0px;--awb-spacing-left-small:0px;\"><div class=\"fusion-column-wrapper fusion-flex-justify-content-flex-start fusion-content-layout-column\"><div class=\"fusion-text fusion-text-6\"><div class=\"fusion-separator fusion-full-width-sep\" style=\"align-self: center;margin-left: auto;margin-right: auto;width:100%;\"><\/div>\n<\/div><\/div><\/div><\/div><\/div><\/p>","protected":false},"excerpt":{"rendered":"","protected":false},"author":6,"featured_media":0,"parent":11296,"menu_order":0,"comment_status":"closed","ping_status":"closed","template":"100-width.php","meta":{"footnotes":""},"class_list":["post-11306","page","type-page","status-publish","hentry"],"aioseo_notices":[],"_links":{"self":[{"href":"https:\/\/www.derheldenberg.at\/cs\/wp-json\/wp\/v2\/pages\/11306","targetHints":{"allow":["GET"]}}],"collection":[{"href":"https:\/\/www.derheldenberg.at\/cs\/wp-json\/wp\/v2\/pages"}],"about":[{"href":"https:\/\/www.derheldenberg.at\/cs\/wp-json\/wp\/v2\/types\/page"}],"author":[{"embeddable":true,"href":"https:\/\/www.derheldenberg.at\/cs\/wp-json\/wp\/v2\/users\/6"}],"replies":[{"embeddable":true,"href":"https:\/\/www.derheldenberg.at\/cs\/wp-json\/wp\/v2\/comments?post=11306"}],"version-history":[{"count":0,"href":"https:\/\/www.derheldenberg.at\/cs\/wp-json\/wp\/v2\/pages\/11306\/revisions"}],"up":[{"embeddable":true,"href":"https:\/\/www.derheldenberg.at\/cs\/wp-json\/wp\/v2\/pages\/11296"}],"wp:attachment":[{"href":"https:\/\/www.derheldenberg.at\/cs\/wp-json\/wp\/v2\/media?parent=11306"}],"curies":[{"name":"wp","href":"https:\/\/api.w.org\/{rel}","templated":true}]}}