{"id":11316,"date":"2013-02-18T12:03:44","date_gmt":"2013-02-18T10:03:44","guid":{"rendered":"https:\/\/www.derheldenberg.atatrakce\/oldtimer\/"},"modified":"2022-04-15T17:51:09","modified_gmt":"2022-04-15T15:51:09","slug":"kollerovi-veterani","status":"publish","type":"page","link":"https:\/\/www.derheldenberg.at\/cs\/atrakce\/kollerovi-veterani\/","title":{"rendered":"Kollerovi veter\u00e1ni"},"content":{"rendered":"<p><div class=\"fusion-fullwidth fullwidth-box fusion-builder-row-1 fusion-flex-container nonhundred-percent-fullwidth non-hundred-percent-height-scrolling\" style=\"--awb-border-radius-top-left:0px;--awb-border-radius-top-right:0px;--awb-border-radius-bottom-right:0px;--awb-border-radius-bottom-left:0px;--awb-flex-wrap:wrap;\" ><div class=\"fusion-builder-row fusion-row fusion-flex-align-items-flex-start fusion-flex-content-wrap\" style=\"max-width:1216.8px;margin-left: calc(-4% \/ 2 );margin-right: calc(-4% \/ 2 );\"><div class=\"fusion-layout-column fusion_builder_column fusion-builder-column-0 fusion_builder_column_1_1 1_1 fusion-flex-column\" style=\"--awb-padding-top:25px;--awb-padding-bottom:20px;--awb-bg-size:cover;--awb-width-large:100%;--awb-margin-top-large:0px;--awb-spacing-right-large:1.92%;--awb-margin-bottom-large:20px;--awb-spacing-left-large:1.92%;--awb-width-medium:100%;--awb-spacing-right-medium:1.92%;--awb-spacing-left-medium:1.92%;--awb-width-small:100%;--awb-spacing-right-small:1.92%;--awb-spacing-left-small:1.92%;\"><div class=\"fusion-column-wrapper fusion-flex-justify-content-flex-start fusion-content-layout-column\"><div class=\"fusion-title title fusion-title-1 fusion-title-text fusion-title-size-one\" style=\"--awb-margin-top:35px;--awb-margin-bottom:0px;--awb-margin-top-small:10px;--awb-margin-right-small:0px;--awb-margin-bottom-small:10px;--awb-margin-left-small:0px;--awb-sep-color:#999;\"><div class=\"title-sep-container title-sep-container-left fusion-no-large-visibility fusion-no-medium-visibility fusion-no-small-visibility\"><div class=\"title-sep sep-single sep-solid\" style=\"border-color:#999;\"><\/div><\/div><span class=\"awb-title-spacer fusion-no-large-visibility fusion-no-medium-visibility fusion-no-small-visibility\"><\/span><h1 class=\"fusion-title-heading title-heading-left fusion-responsive-typography-calculated\" style=\"margin:0;--fontSize:32;line-height:1.1;\"><p style=\"text-transform: uppercase; text-align: left;\">Kollerovi veter\u00e1ni<\/p><\/h1><span class=\"awb-title-spacer\"><\/span><div class=\"title-sep-container title-sep-container-right\"><div class=\"title-sep sep-single sep-solid\" style=\"border-color:#999;\"><\/div><\/div><\/div><\/div><\/div><div class=\"fusion-layout-column fusion_builder_column fusion-builder-column-1 fusion_builder_column_3_4 3_4 fusion-flex-column contentcol-3-4\" style=\"--awb-padding-right:20px;--awb-bg-color:#ffffff;--awb-bg-color-hover:#ffffff;--awb-bg-size:cover;--awb-width-large:75%;--awb-margin-top-large:0px;--awb-spacing-right-large:3.84%;--awb-margin-bottom-large:20px;--awb-spacing-left-large:2.56%;--awb-width-medium:75%;--awb-spacing-right-medium:3.84%;--awb-spacing-left-medium:2.56%;--awb-width-small:100%;--awb-spacing-right-small:1.92%;--awb-spacing-left-small:1.92%;\"><div class=\"fusion-column-wrapper fusion-flex-justify-content-flex-start fusion-content-layout-column\"><div class=\"fusion-text fusion-text-1\"><p>V\u00fdstava Kollerov\u00fdch veter\u00e1n\u016f p\u016fsobiv\u011b ilustruje celou historii automobilismu. V\u00edce ne\u017e 130 let automobilov\u00e9 historie m\u016f\u017eete pro\u017e\u00edt na vlastn\u00ed k\u016f\u017ei s veter\u00e1ny a nov\u011bj\u0161\u00edmi modely. Vid\u011bt zde m\u016f\u017eete v\u00fdvoj vozidel od ko\u010d\u00e1ru a\u017e po modern\u00ed sportovn\u00ed vozy. Krom\u011b automobil\u016f si m\u016f\u017eete prohl\u00e9dnout tak\u00e9 historick\u00e1 j\u00edzdn\u00ed kola, motocykly a traktory. K vid\u011bn\u00ed je v\u00edce ne\u017e 100 exkluzivn\u00edch voz\u016f od 70 v\u00fdrobc\u016f.<\/p>\n<p>Prohl\u00e9dnout si m\u016f\u017eete modely od po\u010d\u00e1tk\u016f v\u00fdroby automobil\u016f v roce 1886, p\u0159es vozidla 20. a 30. let 20. stolet\u00ed, klasick\u00e1 vozidla z 50. a 60. let, a\u017e po \u201eveter\u00e1ny\u201c ze 70. a 80. let. Porsche, Ferrari, Jaguar, Rolls Royce, Mercedes a vz\u00e1cn\u00e9 kusy, jako jsou Bugatti, Hispano Suiza a Packard &#8211; to jsou jen n\u011bkter\u00e9 ze slavn\u00fdch zna\u010dek, jejich\u017e klasick\u00e1 vozidla jsou k vid\u011bn\u00ed na t\u00e9to jedine\u010dn\u00e9 v\u00fdstav\u011b.<\/p>\n<\/div><div class=\"fusion-builder-row fusion-builder-row-inner fusion-row fusion-flex-align-items-flex-start fusion-flex-content-wrap\" style=\"--awb-flex-grow:0;--awb-flex-grow-medium:0;--awb-flex-grow-small:0;--awb-flex-shrink:0;--awb-flex-shrink-medium:0;--awb-flex-shrink-small:0;width:104% !important;max-width:104% !important;margin-left: calc(-4% \/ 2 );margin-right: calc(-4% \/ 2 );\"><div class=\"fusion-layout-column fusion_builder_column_inner fusion-builder-nested-column-0 fusion_builder_column_inner_1_2 1_2 fusion-flex-column\" style=\"--awb-bg-size:cover;--awb-width-large:50%;--awb-margin-top-large:0px;--awb-spacing-right-large:3.84%;--awb-margin-bottom-large:20px;--awb-spacing-left-large:3.84%;--awb-width-medium:50%;--awb-spacing-right-medium:3.84%;--awb-spacing-left-medium:3.84%;--awb-width-small:100%;--awb-spacing-right-small:1.92%;--awb-spacing-left-small:1.92%;\"><div class=\"fusion-column-wrapper fusion-flex-justify-content-flex-start fusion-content-layout-column\"><div class=\"fusion-image-element \" style=\"--awb-caption-title-font-family:var(--h2_typography-font-family);--awb-caption-title-font-weight:var(--h2_typography-font-weight);--awb-caption-title-font-style:var(--h2_typography-font-style);--awb-caption-title-size:var(--h2_typography-font-size);--awb-caption-title-transform:var(--h2_typography-text-transform);--awb-caption-title-line-height:var(--h2_typography-line-height);--awb-caption-title-letter-spacing:var(--h2_typography-letter-spacing);\"><span class=\" fusion-imageframe imageframe-none imageframe-1 hover-type-none\"><img decoding=\"async\" width=\"680\" height=\"452\" title=\"Koller&#8217;s Oldtimer Museum\" src=\"https:\/\/www.derheldenberg.at\/wp-content\/uploads\/AttraktionKoller01.jpg\" alt class=\"img-responsive wp-image-12480\" srcset=\"https:\/\/www.derheldenberg.at\/wp-content\/uploads\/AttraktionKoller01-200x133.jpg 200w, https:\/\/www.derheldenberg.at\/wp-content\/uploads\/AttraktionKoller01-400x266.jpg 400w, https:\/\/www.derheldenberg.at\/wp-content\/uploads\/AttraktionKoller01-600x399.jpg 600w, https:\/\/www.derheldenberg.at\/wp-content\/uploads\/AttraktionKoller01.jpg 680w\" sizes=\"(max-width: 640px) 100vw, 600px\" \/><\/span><\/div><\/div><\/div><div class=\"fusion-layout-column fusion_builder_column_inner fusion-builder-nested-column-1 fusion_builder_column_inner_1_2 1_2 fusion-flex-column\" style=\"--awb-bg-size:cover;--awb-width-large:50%;--awb-margin-top-large:0px;--awb-spacing-right-large:3.84%;--awb-margin-bottom-large:20px;--awb-spacing-left-large:3.84%;--awb-width-medium:50%;--awb-spacing-right-medium:3.84%;--awb-spacing-left-medium:3.84%;--awb-width-small:100%;--awb-spacing-right-small:1.92%;--awb-spacing-left-small:1.92%;\"><div class=\"fusion-column-wrapper fusion-flex-justify-content-flex-start fusion-content-layout-column\"><div class=\"fusion-image-element \" style=\"--awb-caption-title-font-family:var(--h2_typography-font-family);--awb-caption-title-font-weight:var(--h2_typography-font-weight);--awb-caption-title-font-style:var(--h2_typography-font-style);--awb-caption-title-size:var(--h2_typography-font-size);--awb-caption-title-transform:var(--h2_typography-text-transform);--awb-caption-title-line-height:var(--h2_typography-line-height);--awb-caption-title-letter-spacing:var(--h2_typography-letter-spacing);\"><span class=\" fusion-imageframe imageframe-none imageframe-2 hover-type-none\"><img decoding=\"async\" width=\"680\" height=\"452\" title=\"Koller&#8217;s Oldtimer\" src=\"https:\/\/www.derheldenberg.at\/wp-content\/uploads\/AttraktionKoller02.jpg\" alt class=\"img-responsive wp-image-12482\" srcset=\"https:\/\/www.derheldenberg.at\/wp-content\/uploads\/AttraktionKoller02-200x133.jpg 200w, https:\/\/www.derheldenberg.at\/wp-content\/uploads\/AttraktionKoller02-400x266.jpg 400w, https:\/\/www.derheldenberg.at\/wp-content\/uploads\/AttraktionKoller02-600x399.jpg 600w, https:\/\/www.derheldenberg.at\/wp-content\/uploads\/AttraktionKoller02.jpg 680w\" sizes=\"(max-width: 640px) 100vw, 600px\" \/><\/span><\/div><\/div><\/div><\/div><div class=\"fusion-separator fusion-full-width-sep\" style=\"align-self: center;margin-left: auto;margin-right: auto;margin-top:30px;margin-bottom:30px;width:100%;\"><div class=\"fusion-separator-border sep-single sep-solid\" style=\"--awb-height:20px;--awb-amount:20px;--awb-sep-color:#eeeeee;border-color:#eeeeee;border-top-width:1px;\"><\/div><\/div><div class=\"fusion-text fusion-text-2\"><h2>Sportovn\u00ed v\u016fz stolet\u00ed &#8211; Mercedes 300SL s dve\u0159mi otev\u00edran\u00fdmi nahoru<\/h2>\n<\/div><div class=\"fusion-separator fusion-full-width-sep\" style=\"align-self: center;margin-left: auto;margin-right: auto;margin-bottom:20px;width:100%;\"><\/div><div class=\"fusion-image-element \" style=\"--awb-caption-title-font-family:var(--h2_typography-font-family);--awb-caption-title-font-weight:var(--h2_typography-font-weight);--awb-caption-title-font-style:var(--h2_typography-font-style);--awb-caption-title-size:var(--h2_typography-font-size);--awb-caption-title-transform:var(--h2_typography-text-transform);--awb-caption-title-line-height:var(--h2_typography-line-height);--awb-caption-title-letter-spacing:var(--h2_typography-letter-spacing);\"><span class=\" fusion-imageframe imageframe-none imageframe-3 hover-type-none\"><img decoding=\"async\" width=\"720\" height=\"480\" title=\"Koller\u2019s Oldtimer &#8211; Mercedes 300SL Fl\u00fcgelt\u00fcrer\" src=\"https:\/\/www.derheldenberg.at\/wp-content\/uploads\/AttraktionKoller03.jpg\" alt class=\"img-responsive wp-image-12484\" srcset=\"https:\/\/www.derheldenberg.at\/wp-content\/uploads\/AttraktionKoller03-200x133.jpg 200w, https:\/\/www.derheldenberg.at\/wp-content\/uploads\/AttraktionKoller03-400x267.jpg 400w, https:\/\/www.derheldenberg.at\/wp-content\/uploads\/AttraktionKoller03-600x400.jpg 600w, https:\/\/www.derheldenberg.at\/wp-content\/uploads\/AttraktionKoller03.jpg 720w\" sizes=\"(max-width: 640px) 100vw, 720px\" \/><\/span><\/div><div class=\"fusion-reading-box-container reading-box-container-1\" style=\"--awb-title-color:#b11715;--awb-margin-top:30px;--awb-margin-bottom:40px;\"><div class=\"reading-box\" style=\"background-color:#f6f6f6;border-width:1px;border-color:#f6f6f6;border-left-width:3px;border-left-color:var(--primary_color);border-style:solid;\"><h2>Legenda: Mercedes 300 SL<\/h2><div class=\"reading-box-additional fusion-reading-box-additional\">Mercedes-Benz W 198 je intern\u00ed typov\u00e9 ozna\u010den\u00ed sportovn\u00edho vozu spole\u010dnosti Mercedes-Benz. Pod obchodn\u00edm ozna\u010den\u00edm Mercedes 300 SL byl v letech 1954 a\u017e 1957 prod\u00e1v\u00e1n jako coup\u00e9 s dve\u0159mi otev\u00edran\u00fdmi nahoru a v letech 1957 a\u017e 1963 jako roadster. \u010c\u00edslo 300 znamen\u00e1 v prodejn\u00edm ozna\u010den\u00ed desetinu zdvihov\u00e9ho objemu v kubick\u00fdch centimetrech, n\u00e1sledn\u00e9 ozna\u010den\u00ed SL je zkratka \u201eSportovn\u011b lehk\u00fd\u201c, jin\u00e9 zdroje uv\u00e1d\u011bj\u00ed jeho del\u0161\u00ed tvar jako \u201eSuper lehk\u00fd\u201c. Mercedes-Benz p\u0159edstavil 300 SL v \u00fanoru 1954 mezin\u00e1rodn\u00ed Motor Sports Show v New Yorku. V roce 1999 byl v\u016fz \u010dten\u00e1\u0159i n\u011bmeck\u00e9ho \u010dasopisu pro veter\u00e1ny Motor Klassik zvolen \u201esportovn\u00edm autem stolet\u00ed\u201c.<\/p>\n<p>Zdroj: wikipedia<\/p>\n<p><a href=\"https:\/\/www.derheldenberg.at\/downloads\/Mercedes300SL.pdf\" target=\"_blank\" rel=\"noopener\">St\u00e1hnout cel\u00fd \u010dl\u00e1nek<\/a><\/div><div class=\"fusion-clearfix\"><\/div><\/div><\/div><div class=\"fusion-text fusion-text-3\"><p>Jedn\u00edm z nejzaj\u00edmav\u011bj\u0161\u00edch expon\u00e1t\u016f Kollerov\u00fdch veter\u00e1n\u016f je legenda automobilov\u00e9ho pr\u016fmyslu, sportovn\u00ed v\u016fz stolet\u00ed. Tohoto modelu bylo od roku 1955 vyrobeno celkem 1400 kus\u016f, z toho 1100 bylo ur\u010deno pro v\u00fdvoz do USA. Koupi Mercedesu W 198 si mohl kv\u016fli jeho vysok\u00e9 cen\u011b dovolit jen m\u00e1lokdo. Zn\u00e1m\u00fdmi kupci nov\u00fdch voz\u016f 300 SL byli mimo jin\u00e9 <a href=\"https:\/\/de.wikipedia.org\/wiki\/Juan_Per%C3%B3n\">Juan Per\u00f3n<\/a>, <a href=\"https:\/\/de.wikipedia.org\/wiki\/Stavros_Niarchos\">Stavros Niarchos<\/a>, <a href=\"https:\/\/de.wikipedia.org\/wiki\/Porfirio_Rubirosa\">Porfirio Rubirosa<\/a>, <a href=\"https:\/\/de.wikipedia.org\/wiki\/Rob_Walker\">Rob Walker<\/a>, <a href=\"https:\/\/de.wikipedia.org\/wiki\/Juan_Manuel_Fangio\">Juan Manuel Fangio<\/a>, <a href=\"https:\/\/de.wikipedia.org\/wiki\/Herbert_von_Karajan\">Herbert von Karajan<\/a>, <a href=\"https:\/\/de.wikipedia.org\/wiki\/Tony_Curtis\">Tony Curtis<\/a>, <a href=\"https:\/\/de.wikipedia.org\/wiki\/Sophia_Loren\">Sophia Loren<\/a>, <a href=\"https:\/\/de.wikipedia.org\/wiki\/Gina_Lollobrigida\">Gina Lollobrigida<\/a>, <a href=\"https:\/\/de.wikipedia.org\/wiki\/Zsa_Zsa_Gabor\">Zsa Zsa Gabor<\/a>, <a href=\"https:\/\/de.wikipedia.org\/wiki\/Romy_Schneider\">Romy Schneider<\/a>, <a href=\"https:\/\/de.wikipedia.org\/wiki\/Clark_Gable\">Clark Gable<\/a>, <a href=\"https:\/\/de.wikipedia.org\/wiki\/Curd_J%C3%BCrgens\">Curd J\u00fcrgens<\/a>, <a href=\"https:\/\/de.wikipedia.org\/wiki\/Gunter_Sachs\">Gunter Sachs<\/a>, <a href=\"https:\/\/de.wikipedia.org\/wiki\/Glenn_Ford\">Glenn Ford<\/a> a <a href=\"https:\/\/de.wikipedia.org\/wiki\/Horst_Buchholz\">Horst Buchholz<\/a>.<\/p>\n<p>Zde vystaven\u00fd exempl\u00e1\u0159 byl po koupi KR Rudolfem Kollerem b\u011bhem 2\u00bd roku trvaj\u00edc\u00ed pr\u00e1ci mechanik\u016f firmy Koller kompletn\u011b opraven a op\u011bt sestaven. Zaj\u00edmav\u00e9 fotografie od surov\u00e9ho r\u00e1mu po hotov\u00e9 vozidlo, kter\u00e9 ur\u010dit\u011b vid\u011bl m\u00e1lokdo, m\u016f\u017eete rovn\u011b\u017e vid\u011bt v muzeu.<\/p>\n<p><a href=\"https:\/\/www.derheldenberg.at\/downloads\/Mercedes300SL.pdf\" target=\"_blank\" rel=\"noopener\">St\u00e1hnout \u010dl\u00e1nek o Mercedesu 300SL na Wikipedia<\/a><\/p>\n<p>Dal\u0161\u00ed informace a fotografie jsou k dispozici na adrese:\u00a0<a href=\"https:\/\/www.koller-oldtimer.at\/\" target=\"_blank\" rel=\"noopener\">www.koller-oldtimer.at<\/a><\/p>\n<\/div><\/div><\/div><div class=\"fusion-layout-column fusion_builder_column fusion-builder-column-2 fusion_builder_column_1_4 1_4 fusion-flex-column info-sidebar\" style=\"--awb-bg-color:#f4f5f5;--awb-bg-color-hover:#f4f5f5;--awb-bg-size:cover;--awb-width-large:25%;--awb-margin-top-large:5px;--awb-spacing-right-large:7.68%;--awb-margin-bottom-large:20px;--awb-spacing-left-large:3.84%;--awb-width-medium:25%;--awb-spacing-right-medium:7.68%;--awb-spacing-left-medium:3.84%;--awb-width-small:100%;--awb-spacing-right-small:1.92%;--awb-spacing-left-small:1.92%;\" id=\"sidebar\"><div class=\"fusion-column-wrapper fusion-flex-justify-content-flex-start fusion-content-layout-column\"><div style=\"text-align:center;\"><a class=\"fusion-button button-flat button-xlarge button-default fusion-button-default button-1 fusion-button-span-yes fusion-button-default-type button-tip-des-monats\" target=\"_blank\" rel=\"noopener noreferrer\" href=\"https:\/\/www.facebook.com\/der.heldenberg\/\"><span class=\"fusion-button-icon-divider button-icon-divider-left\"><i class=\" fa fa-facebook-official awb-button__icon awb-button__icon--default\" aria-hidden=\"true\"><\/i><\/span><span class=\"fusion-button-text awb-button__text awb-button__text--default fusion-button-text-left\">Nav\u0161tivte n\u00e1s na Facebooku!<\/span><\/a><\/div><div style=\"text-align:center;\"><a class=\"fusion-button button-flat button-xlarge button-default fusion-button-default button-2 fusion-button-span-yes fusion-button-default-type button-tip-des-monats\" target=\"_self\" href=\"#\" data-toggle=\"modal\" data-target=\".fusion-modal.reviews-google-fb\"><span class=\"fusion-button-icon-divider button-icon-divider-left\"><i class=\" fa fa-star awb-button__icon awb-button__icon--default\" aria-hidden=\"true\"><\/i><\/span><span class=\"fusion-button-text awb-button__text awb-button__text--default fusion-button-text-left\">N\u00e1zory n\u00e1v\u0161t\u011bvn\u00edk\u016f<\/span><\/a><\/div><div class=\"fusion-modal modal fade modal-1 reviews-google-fb\" tabindex=\"-1\" role=\"dialog\" aria-labelledby=\"modal-heading-1\" aria-hidden=\"true\" style=\"--awb-border-color:#ebebeb;--awb-background:#f6f6f6;\"><div class=\"modal-dialog modal-lg\" role=\"document\"><div class=\"modal-content fusion-modal-content\"><div class=\"modal-header\"><button class=\"close\" type=\"button\" data-dismiss=\"modal\" aria-hidden=\"true\" aria-label=\"Close\">&times;<\/button><h3 class=\"modal-title\" id=\"modal-heading-1\" data-dismiss=\"modal\" aria-hidden=\"true\">N\u00e1zory n\u00e1v\u0161t\u011bvn\u00edk\u016f<\/h3><\/div><div class=\"modal-body fusion-clearfix\"><div class=\"wprevpro-shortcode-wrapper\"><div class=\"wprevpro wprev-no-slider revnotsameheight\" id=\"wprev-slider-2\">\t\t<div class=\"wprevpro_t4_outer_div w3_wprs-row wprevprodiv\">\r\n\t\t\t<div class=\"wpproslider_t4_DIV_1 w3_wprs-col l4 outerrevdiv\">\r\n\t\t<div class=\"indrevdiv wpproslider_t4_DIV_1a  wprev_preview_bg1_T4 wprev_preview_bradius_T4\">\r\n\t\t\t<div class=\"wpproslider_t4_avatar_div\"><img decoding=\"async\" loading=\"lazy\" src=\"https:\/\/lh3.googleusercontent.com\/a-\/ALV-UjWtXZKz5d5G_Lw92a9tzOrclHfqVbEvlM8e9CBwyozgkvnnh7V3=s128-c0x00000000-cc-rp-mo-ba2\" alt=\"Markus Kalcher Avatar\" class=\"wpproslider_t4_IMG_2 wprevpro_avatarimg\" \/><\/div>\t\t\t<div class=\"wpproslider_t4_H3_3 wprev_preview_tcolor1_T4\">\r\n\t\t\t\tMarkus Kalcher\t\t\t<\/div>\r\n\t\t\t<span class=\"wpproslider_t4_SPAN_4\">\r\n\t\t\t<span class=\"wprevpro_star_imgs_T4\"><span class=\"starloc1 wprevpro_star_imgs wprevpro_star_imgsloc1\"><span class=\"svgicons svg-wprsp-star\"><\/span><span class=\"svgicons svg-wprsp-star\"><\/span><span class=\"svgicons svg-wprsp-star\"><\/span><span class=\"svgicons svg-wprsp-star\"><\/span><span class=\"svgicons svg-wprsp-star\"><\/span><\/span><\/span>\r\n\t\t\t<\/span>\r\n\t\t\t<div class=\"indrevtxt wpproslider_t4_P_5 wprev_preview_tcolor2_T4\">\t\t\t\tEin wundersch\u00f6ner Tag mit vielen eindr\u00fccken.\t\t\t\t\t\t\t<\/div>\r\n\t\t\t<span class=\"wpproslider_t4_date wprev_preview_tcolor3_T4\"> <span class=\"wprev_showdate_T4\">19\/04\/2026<\/span><\/span>\r\n\t\t\t<div class='wprevt4_icon_div'><a href=\"https:\/\/maps.google.com\/?cid=5307023792666941028\" target=\"_blank\" rel=\"nofollow noreferrer\" class=\"wprevpro_t4_site_logo_a\"><img decoding=\"async\" width=32 height=32 src=\"https:\/\/www.derheldenberg.at\/wp-content\/plugins\/wp-review-slider-pro-premium\/public\/partials\/imgs\/google_small_icon.svg\" alt=\"Google Logo\" class=\"wprevpro_t4_site_logo wprevsiteicon \"><\/a><\/div>\t\t\t\t\t\t\t\t\t\t\t<\/div>\r\n\t\t\t\r\n\t<\/div>\r\n\t\t<div class=\"wpproslider_t4_DIV_1 w3_wprs-col l4 outerrevdiv\">\r\n\t\t<div class=\"indrevdiv wpproslider_t4_DIV_1a  wprev_preview_bg1_T4 wprev_preview_bradius_T4\">\r\n\t\t\t<div class=\"wpproslider_t4_avatar_div\"><img decoding=\"async\" loading=\"lazy\" src=\"https:\/\/lh3.googleusercontent.com\/a\/AItbvmniwlw8mdDt9JdpptBx17OjYSKCppMCFBjXcWbS=s40-c-c0x00000000-cc-rp-mo-ba4-br100\" alt=\"Maria Novotny Avatar\" class=\"wpproslider_t4_IMG_2 wprevpro_avatarimg\" \/><\/div>\t\t\t<div class=\"wpproslider_t4_H3_3 wprev_preview_tcolor1_T4\">\r\n\t\t\t\tMaria Novotny\t\t\t<\/div>\r\n\t\t\t<span class=\"wpproslider_t4_SPAN_4\">\r\n\t\t\t<span class=\"wprevpro_star_imgs_T4\"><span class=\"starloc1 wprevpro_star_imgs wprevpro_star_imgsloc1\"><span class=\"svgicons svg-wprsp-star\"><\/span><span class=\"svgicons svg-wprsp-star\"><\/span><span class=\"svgicons svg-wprsp-star\"><\/span><span class=\"svgicons svg-wprsp-star\"><\/span><span class=\"svgicons svg-wprsp-star\"><\/span><\/span><\/span>\r\n\t\t\t<\/span>\r\n\t\t\t<div class=\"indrevtxt wpproslider_t4_P_5 wprev_preview_tcolor2_T4\">\t\t\t\tSehr abwechslungsreich und mega freundliches personal\t\t\t\t\t\t\t<\/div>\r\n\t\t\t<span class=\"wpproslider_t4_date wprev_preview_tcolor3_T4\"> <span class=\"wprev_showdate_T4\">22\/08\/2022<\/span><\/span>\r\n\t\t\t<div class='wprevt4_icon_div'><a href=\"https:\/\/search.google.com\/local\/reviews?placeid=ChIJ72DEk55mbUcRZJZ1iAVWpkk\" target=\"_blank\" rel=\"nofollow noreferrer\" class=\"wprevpro_t4_site_logo_a\"><img decoding=\"async\" width=32 height=32 src=\"https:\/\/www.derheldenberg.at\/wp-content\/plugins\/wp-review-slider-pro-premium\/public\/partials\/imgs\/google_small_icon.svg\" alt=\"Google Logo\" class=\"wprevpro_t4_site_logo wprevsiteicon \"><\/a><\/div>\t\t\t\t\t\t\t\t\t\t\t<\/div>\r\n\t\t\t\r\n\t<\/div>\r\n\t\t<div class=\"wpproslider_t4_DIV_1 w3_wprs-col l4 outerrevdiv\">\r\n\t\t<div class=\"indrevdiv wpproslider_t4_DIV_1a  wprev_preview_bg1_T4 wprev_preview_bradius_T4\">\r\n\t\t\t<div class=\"wpproslider_t4_avatar_div\"><img decoding=\"async\" loading=\"lazy\" src=\"https:\/\/lh3.googleusercontent.com\/a\/AItbvmke3-RidNnoyS79sxhsUPE84KyrOFoI5A7dQNq_=s40-c-c0x00000000-cc-rp-mo-ba3-br100\" alt=\"Kurt Hohenbichler Avatar\" class=\"wpproslider_t4_IMG_2 wprevpro_avatarimg\" \/><\/div>\t\t\t<div class=\"wpproslider_t4_H3_3 wprev_preview_tcolor1_T4\">\r\n\t\t\t\tKurt Hohenbichler\t\t\t<\/div>\r\n\t\t\t<span class=\"wpproslider_t4_SPAN_4\">\r\n\t\t\t<span class=\"wprevpro_star_imgs_T4\"><span class=\"starloc1 wprevpro_star_imgs wprevpro_star_imgsloc1\"><span class=\"svgicons svg-wprsp-star\"><\/span><span class=\"svgicons svg-wprsp-star\"><\/span><span class=\"svgicons svg-wprsp-star\"><\/span><span class=\"svgicons svg-wprsp-star\"><\/span><span class=\"svgicons svg-wprsp-star\"><\/span><\/span><\/span>\r\n\t\t\t<\/span>\r\n\t\t\t<div class=\"indrevtxt wpproslider_t4_P_5 wprev_preview_tcolor2_T4\">\t\t\t\tF\u00fchrung durch die Lippizaner Stallungen, oldtimermuseum , Erlebnis Abenteuerspielplatz . Falkenhof mit Flugshow und Radetzky Gedenkst\u00e4tte\t\t\t\t\t\t\t<\/div>\r\n\t\t\t<span class=\"wpproslider_t4_date wprev_preview_tcolor3_T4\"> <span class=\"wprev_showdate_T4\">22\/08\/2022<\/span><\/span>\r\n\t\t\t<div class='wprevt4_icon_div'><a href=\"https:\/\/search.google.com\/local\/reviews?placeid=ChIJ72DEk55mbUcRZJZ1iAVWpkk\" target=\"_blank\" rel=\"nofollow noreferrer\" class=\"wprevpro_t4_site_logo_a\"><img decoding=\"async\" width=32 height=32 src=\"https:\/\/www.derheldenberg.at\/wp-content\/plugins\/wp-review-slider-pro-premium\/public\/partials\/imgs\/google_small_icon.svg\" alt=\"Google Logo\" class=\"wprevpro_t4_site_logo wprevsiteicon \"><\/a><\/div>\t\t\t\t\t\t\t\t\t\t\t<\/div>\r\n\t\t\t\r\n\t<\/div>\r\n\t\t<\/div>\r\n<\/div><\/div><div class=\"fusion-aligncenter\"><a class=\"fusion-button button-flat fusion-button-default-size button-default fusion-button-default button-3 fusion-button-default-span fusion-button-default-type\" target=\"_self\" href=\"\/aktuelles\/besucher-bewertungen\/\"><span class=\"fusion-button-text awb-button__text awb-button__text--default\">Weitere Bewertungen<\/span><\/a><\/div><\/div><\/div><\/div><\/div><div style=\"text-align:center;\"><a class=\"fusion-button button-flat button-xlarge button-default fusion-button-default button-4 fusion-button-span-yes fusion-button-default-type fusion-no-small-visibility button-tip-des-monats\" target=\"_self\" href=\"#info\"><span class=\"fusion-button-icon-divider button-icon-divider-left\"><i class=\" fa fa-arrow-circle-right awb-button__icon awb-button__icon--default\" aria-hidden=\"true\"><\/i><\/span><span class=\"fusion-button-text awb-button__text awb-button__text--default fusion-button-text-left\">Ceny<\/span><\/a><\/div><div style=\"text-align:center;\"><a class=\"fusion-button button-flat button-xlarge button-default fusion-button-default button-5 fusion-button-span-yes fusion-button-default-type fusion-no-medium-visibility fusion-no-large-visibility button-tip-des-monats\" target=\"_self\" href=\"#\" data-toggle=\"modal\" data-target=\".fusion-modal.Preise-Atraktion\"><span class=\"fusion-button-icon-divider button-icon-divider-left\"><i class=\" fa fa-arrow-circle-right awb-button__icon awb-button__icon--default\" aria-hidden=\"true\"><\/i><\/span><span class=\"fusion-button-text awb-button__text awb-button__text--default fusion-button-text-left\">Ceny<\/span><\/a><\/div><div class=\"fusion-modal modal fade modal-2 Preise-Atraktion\" tabindex=\"-1\" role=\"dialog\" aria-labelledby=\"modal-heading-2\" aria-hidden=\"true\" style=\"--awb-border-color:#ebebeb;--awb-background:#ffffff;\"><div class=\"modal-dialog modal-lg\" role=\"document\"><div class=\"modal-content fusion-modal-content\"><div class=\"modal-header\"><button class=\"close\" type=\"button\" data-dismiss=\"modal\" aria-hidden=\"true\" aria-label=\"Close\">&times;<\/button><h3 class=\"modal-title\" id=\"modal-heading-2\" data-dismiss=\"modal\" aria-hidden=\"true\">Ceny Kollerovi veter\u00e1ni<\/h3><\/div><div class=\"modal-body fusion-clearfix\">\n<table id=\"tablepress-20\" class=\"tablepress tablepress-id-20\">\n<tbody class=\"row-striping row-hover\">\n<tr class=\"row-1\">\n\t<td class=\"column-1\">Dosp\u011bl\u00ed<\/td><td class=\"column-2\">\u20ac 14,00<\/td>\n<\/tr>\n<tr class=\"row-2\">\n\t<td class=\"column-1\">Skupiny, d\u016fchodci, invalid\u00e9, ml\u00e1de\u017e, osoby v prezen\u010dn\u00ed vojensk\u00e9 slu\u017eb\u011b<\/td><td class=\"column-2\">\u20ac 11,00<\/td>\n<\/tr>\n<tr class=\"row-3\">\n\t<td class=\"column-1\">D\u011bti do 5 let zdarma<\/td><td class=\"column-2\">gratis<\/td>\n<\/tr>\n<tr class=\"row-4\">\n\t<td class=\"column-1\">D\u011bti do 14 let, skupiny \u017e\u00e1k\u016f (za \u017e\u00e1ka)<\/td><td class=\"column-2\">\u20ac 7,00<\/td>\n<\/tr>\n<tr class=\"row-5\">\n\t<td class=\"column-1\">Rodinn\u00e9 vstupn\u00e9 (2 dosp\u011bl\u00ed + max. 3 d\u011bti)<\/td><td class=\"column-2\">\u20ac 28,00<\/td>\n<\/tr>\n<\/tbody>\n<\/table>\n<!-- #tablepress-20 from cache -->\n<p>Tuto atrakci m\u016f\u017eete nav\u0161t\u00edvit v kombinaci s dal\u0161\u00edmi atrakcemi, rovn\u011b\u017e k nim nab\u00edz\u00edme tak\u00e9 prohl\u00eddky.<br \/>\nPodrobnosti najdete na na\u0161ich str\u00e1nk\u00e1ch se <a href=\"https:\/\/www.derheldenberg.at\/cs\/informace-pro-navstevniky\/vstupne\/\">vstupn\u00fdm<\/a>.<\/div><div class=\"modal-footer\"><button class=\"fusion-button button-default button-medium button default medium\" type=\"button\" data-dismiss=\"modal\">Close<\/button><\/div><\/div><\/div><\/div><div style=\"text-align:center;\"><a class=\"fusion-button button-flat button-xlarge button-default fusion-button-default button-6 fusion-button-span-yes fusion-button-default-type fusion-no-small-visibility button-tip-des-monats\" target=\"_self\" href=\"#info\"><span class=\"fusion-button-icon-divider button-icon-divider-left\"><i class=\" fa fa-star-o awb-button__icon awb-button__icon--default\" aria-hidden=\"true\"><\/i><\/span><span class=\"fusion-button-text awb-button__text awb-button__text--default fusion-button-text-left\">Otev\u00edrac\u00ed doba<\/span><\/a><\/div><div style=\"text-align:center;\"><a class=\"fusion-button button-flat button-xlarge button-default fusion-button-default button-7 fusion-button-span-yes fusion-button-default-type fusion-no-medium-visibility fusion-no-large-visibility button-tip-des-monats\" target=\"_self\" href=\"#\" data-toggle=\"modal\" data-target=\".fusion-modal.\u00d6ffnungszeiten-Atraktion\"><span class=\"fusion-button-icon-divider button-icon-divider-left\"><i class=\" fa fa-star-o awb-button__icon awb-button__icon--default\" aria-hidden=\"true\"><\/i><\/span><span class=\"fusion-button-text awb-button__text awb-button__text--default fusion-button-text-left\">Otev\u00edrac\u00ed doba<\/span><\/a><\/div><div class=\"fusion-modal modal fade modal-3 \u00d6ffnungszeiten-Atraktion\" tabindex=\"-1\" role=\"dialog\" aria-labelledby=\"modal-heading-3\" aria-hidden=\"true\" style=\"--awb-border-color:#ebebeb;--awb-background:#ffffff;\"><div class=\"modal-dialog modal-lg\" role=\"document\"><div class=\"modal-content fusion-modal-content\"><div class=\"modal-header\"><button class=\"close\" type=\"button\" data-dismiss=\"modal\" aria-hidden=\"true\" aria-label=\"Close\">&times;<\/button><h3 class=\"modal-title\" id=\"modal-heading-3\" data-dismiss=\"modal\" aria-hidden=\"true\">Otev\u00edrac\u00ed doba - Kollerovi veter\u00e1ni<\/h3><\/div><div class=\"modal-body fusion-clearfix\">\n<ul>\n<li>Duben a\u017e \u0159\u00edjen: \u00fater\u00fd a\u017e ned\u011ble 9:00 &#8211; 17:00<\/li>\n<li>Listopad-b\u0159ezen: Lipic\u00e1ni &amp; Kollerovi veter\u00e1ni &#8211; sobota a ned\u011ble 9:00 &#8211; 17:00<\/li>\n<li>Pro skupiny: od 20 osob celoro\u010dn\u011b p\u0159i p\u0159ihl\u00e1\u0161en\u00ed p\u0159ede<\/li>\n<\/ul>\n<\/div><div class=\"modal-footer\"><button class=\"fusion-button button-default button-medium button default medium\" type=\"button\" data-dismiss=\"modal\">Close<\/button><\/div><\/div><\/div><\/div><div class=\"fusion-separator fusion-full-width-sep\" style=\"align-self: center;margin-left: auto;margin-right: auto;margin-bottom:20px;width:100%;\"><div class=\"fusion-separator-border sep-single sep-solid\" style=\"--awb-height:20px;--awb-amount:20px;--awb-sep-color:#ffffff;border-color:#ffffff;border-top-width:20px;\"><\/div><\/div><div class=\"fusion-title title fusion-title-2 fusion-sep-none fusion-title-text fusion-title-size-five infobox-sidebar\" style=\"--awb-margin-top-small:10px;--awb-margin-right-small:0px;--awb-margin-bottom-small:10px;--awb-margin-left-small:0px;\"><h5 class=\"fusion-title-heading title-heading-left fusion-responsive-typography-calculated\" style=\"margin:0;--fontSize:20;--minFontSize:20;line-height:1.2;\">Dal\u0161\u00ed zaj\u00edmavosti<\/h5><\/div><ul style=\"--awb-size:13px;--awb-line-height:22.1px;--awb-icon-width:22.1px;--awb-icon-height:22.1px;--awb-icon-margin:9.1px;--awb-content-margin:31.2px;--awb-circlecolor:#b11715;--awb-circle-yes-font-size:11.44px;\" class=\"fusion-checklist fusion-checklist-1 fusion-checklist-default type-icons checklist-right\" id=\"listitem\"><li class=\"fusion-li-item\" style=\"\"><span class=\"icon-wrapper circle-yes\"><i class=\"fusion-li-icon fa fa-chevron-right\" aria-hidden=\"true\"><\/i><\/span><div class=\"fusion-li-item-content\"><a href=\"https:\/\/www.derheldenberg.at\/cs\/atrakce\/lipicani-na-heldenbergu\/\">Centrum lipic\u00e1n\u016f<\/a><\/div><\/li><li class=\"fusion-li-item\" style=\"\"><span class=\"icon-wrapper circle-yes\"><i class=\"fusion-li-icon fa fa-chevron-right\" aria-hidden=\"true\"><\/i><\/span><div class=\"fusion-li-item-content\"><a href=\"https:\/\/www.derheldenberg.at\/cs\/atrakce\/radeckeho-pomnik\/\">Radeck\u00e9ho pomn\u00edk<\/a><\/div><\/li><li class=\"fusion-li-item\" style=\"\"><span class=\"icon-wrapper circle-yes\"><i class=\"fusion-li-icon fa fa-chevron-right\" aria-hidden=\"true\"><\/i><\/span><div class=\"fusion-li-item-content\"><a href=\"https:\/\/www.derheldenberg.at\/cs\/atrakce\/neoliticka-vesnice\/\">Neolitick\u00e1 vesnice<\/a><\/div><\/li><li class=\"fusion-li-item\" style=\"\"><span class=\"icon-wrapper circle-yes\"><i class=\"fusion-li-icon fa fa-chevron-right\" aria-hidden=\"true\"><\/i><\/span><div class=\"fusion-li-item-content\"><a href=\"https:\/\/www.derheldenberg.at\/cs\/atrakce\/aigners-falkenhof\/\">Aigner\u2019s Falkenhof<\/a><\/div><\/li><li class=\"fusion-li-item\" style=\"\"><span class=\"icon-wrapper circle-yes\"><i class=\"fusion-li-icon fa fa-chevron-right\" aria-hidden=\"true\"><\/i><\/span><div class=\"fusion-li-item-content\"><a href=\"https:\/\/www.derheldenberg.at\/cs\/atrakce\/anglicka-zahrada\/\">Anglick\u00e1 zahrada<\/a><\/div><\/li><li class=\"fusion-li-item\" style=\"\"><span class=\"icon-wrapper circle-yes\"><i class=\"fusion-li-icon fa fa-chevron-right\" aria-hidden=\"true\"><\/i><\/span><div class=\"fusion-li-item-content\"><a href=\"\/https:\/\/www.derheldenberg.at\/cs\/atrakce\/regionalni-vinoteka\/\/\">Vinot\u00e9ka<\/a><\/div><\/li><\/ul><div class=\"fusion-title title fusion-title-3 fusion-sep-none fusion-title-text fusion-title-size-five infobox-sidebar\" style=\"--awb-margin-top:15px;--awb-margin-top-small:10px;--awb-margin-right-small:0px;--awb-margin-bottom-small:10px;--awb-margin-left-small:0px;\"><h5 class=\"fusion-title-heading title-heading-left fusion-responsive-typography-calculated\" style=\"margin:0;--fontSize:20;--minFontSize:20;line-height:1.2;\">Pl\u00e1nek are\u00e1lu<\/h5><\/div><div class=\"fusion-image-element \" style=\"--awb-caption-title-font-family:var(--h2_typography-font-family);--awb-caption-title-font-weight:var(--h2_typography-font-weight);--awb-caption-title-font-style:var(--h2_typography-font-style);--awb-caption-title-size:var(--h2_typography-font-size);--awb-caption-title-transform:var(--h2_typography-text-transform);--awb-caption-title-line-height:var(--h2_typography-line-height);--awb-caption-title-letter-spacing:var(--h2_typography-letter-spacing);\"><span class=\" fusion-imageframe imageframe-none imageframe-4 hover-type-none\"><a href=\"https:\/\/www.derheldenberg.at\/wp-content\/uploads\/Gel\u00e4ndeplan-Heldenberg_gro\u00df.jpg\" class=\"fusion-lightbox\" data-rel=\"iLightbox[266d76860cf1f108946]\" data-title=\"Pl\u00e1n are\u00e1lu Heldenberg\" title=\"Pl\u00e1n are\u00e1lu Heldenberg\"><img decoding=\"async\" width=\"1100\" height=\"825\" alt=\"Heldenberg Gel\u00e4ndeplan\" src=\"https:\/\/www.derheldenberg.at\/wp-content\/uploads\/Gel\u00e4ndeplan-Heldenberg_gro\u00df.jpg\" class=\"img-responsive wp-image-12864\" srcset=\"https:\/\/www.derheldenberg.at\/wp-content\/uploads\/Gel\u00e4ndeplan-Heldenberg_gro\u00df-200x150.jpg 200w, https:\/\/www.derheldenberg.at\/wp-content\/uploads\/Gel\u00e4ndeplan-Heldenberg_gro\u00df-400x300.jpg 400w, https:\/\/www.derheldenberg.at\/wp-content\/uploads\/Gel\u00e4ndeplan-Heldenberg_gro\u00df-600x450.jpg 600w, https:\/\/www.derheldenberg.at\/wp-content\/uploads\/Gel\u00e4ndeplan-Heldenberg_gro\u00df-800x600.jpg 800w, https:\/\/www.derheldenberg.at\/wp-content\/uploads\/Gel\u00e4ndeplan-Heldenberg_gro\u00df.jpg 1100w\" sizes=\"(max-width: 640px) 100vw, 400px\" \/><\/a><\/span><\/div><\/div><\/div><\/div><\/div><div class=\"fusion-fullwidth fullwidth-box fusion-builder-row-2 fusion-flex-container nonhundred-percent-fullwidth non-hundred-percent-height-scrolling\" style=\"--awb-border-radius-top-left:0px;--awb-border-radius-top-right:0px;--awb-border-radius-bottom-right:0px;--awb-border-radius-bottom-left:0px;--awb-flex-wrap:wrap;\" id=\"info\" ><div class=\"fusion-builder-row fusion-row fusion-flex-align-items-flex-start fusion-flex-content-wrap\" style=\"max-width:calc( 1170px + 0px );margin-left: calc(-0px \/ 2 );margin-right: calc(-0px \/ 2 );\"><div class=\"fusion-layout-column fusion_builder_column fusion-builder-column-3 fusion_builder_column_1_1 1_1 fusion-flex-column\" style=\"--awb-bg-size:cover;--awb-width-large:100%;--awb-margin-top-large:0px;--awb-spacing-right-large:0px;--awb-margin-bottom-large:20px;--awb-spacing-left-large:0px;--awb-width-medium:100%;--awb-spacing-right-medium:0px;--awb-spacing-left-medium:0px;--awb-width-small:100%;--awb-spacing-right-small:0px;--awb-spacing-left-small:0px;\"><div class=\"fusion-column-wrapper fusion-flex-justify-content-flex-start fusion-content-layout-column\"><div class=\"fusion-separator fusion-full-width-sep\" style=\"align-self: center;margin-left: auto;margin-right: auto;margin-top:0px;margin-bottom:10px;width:100%;\"><div class=\"fusion-separator-border sep-single sep-solid\" style=\"--awb-height:20px;--awb-amount:20px;--awb-sep-color:#b11612;border-color:#b11612;border-top-width:1px;\"><\/div><\/div><div class=\"fusion-text fusion-text-4\"><p><a id=\"info\"><\/a><\/p>\n<h2>Informationen<\/h2>\n<\/div><div class=\"accordian fusion-accordian\" style=\"--awb-border-size:1px;--awb-icon-size:13px;--awb-content-font-size:var(--awb-typography4-font-size);--awb-icon-alignment:left;--awb-hover-color:#f9f9f9;--awb-border-color:#cccccc;--awb-background-color:#ffffff;--awb-divider-color:var(--awb-color3);--awb-divider-hover-color:var(--awb-color3);--awb-icon-color:#ffffff;--awb-title-color:var(--awb-color8);--awb-content-color:var(--awb-color8);--awb-icon-box-color:#333333;--awb-toggle-hover-accent-color:#b11715;--awb-title-font-family:var(--awb-typography1-font-family);--awb-title-font-weight:var(--awb-typography1-font-weight);--awb-title-font-style:var(--awb-typography1-font-style);--awb-title-font-size:24px;--awb-title-line-height:1.2;--awb-content-font-family:var(--awb-typography4-font-family);--awb-content-font-weight:var(--awb-typography4-font-weight);--awb-content-font-style:var(--awb-typography4-font-style);\"><div class=\"panel-group fusion-toggle-icon-boxed\" id=\"accordion-11316-1\"><div class=\"fusion-panel panel-default panel-f0e4329f292a31eba fusion-toggle-has-divider\"><div class=\"panel-heading\"><h4 class=\"panel-title toggle\" id=\"toggle_f0e4329f292a31eba\"><a aria-expanded=\"false\" aria-controls=\"f0e4329f292a31eba\" role=\"button\" data-toggle=\"collapse\" data-target=\"#f0e4329f292a31eba\" href=\"#f0e4329f292a31eba\"><span class=\"fusion-toggle-icon-wrapper\" aria-hidden=\"true\"><i class=\"fa-fusion-box active-icon awb-icon-minus\" aria-hidden=\"true\"><\/i><i class=\"fa-fusion-box inactive-icon awb-icon-plus\" aria-hidden=\"true\"><\/i><\/span><span class=\"fusion-toggle-heading\">Ceny vstupn\u00e9ho<\/span><\/a><\/h4><\/div><div id=\"f0e4329f292a31eba\" class=\"panel-collapse collapse \" aria-labelledby=\"toggle_f0e4329f292a31eba\"><div class=\"panel-body toggle-content fusion-clearfix\">\n<h3>JEDNOTLIV\u00c9 VSTUPN\u00c9 &#8211; Koller\u2019s Oldtimer<\/h3>\n\n<table id=\"tablepress-20-no-2\" class=\"tablepress tablepress-id-20\">\n<tbody class=\"row-striping row-hover\">\n<tr class=\"row-1\">\n\t<td class=\"column-1\">Dosp\u011bl\u00ed<\/td><td class=\"column-2\">\u20ac 14,00<\/td>\n<\/tr>\n<tr class=\"row-2\">\n\t<td class=\"column-1\">Skupiny, d\u016fchodci, invalid\u00e9, ml\u00e1de\u017e, osoby v prezen\u010dn\u00ed vojensk\u00e9 slu\u017eb\u011b<\/td><td class=\"column-2\">\u20ac 11,00<\/td>\n<\/tr>\n<tr class=\"row-3\">\n\t<td class=\"column-1\">D\u011bti do 5 let zdarma<\/td><td class=\"column-2\">gratis<\/td>\n<\/tr>\n<tr class=\"row-4\">\n\t<td class=\"column-1\">D\u011bti do 14 let, skupiny \u017e\u00e1k\u016f (za \u017e\u00e1ka)<\/td><td class=\"column-2\">\u20ac 7,00<\/td>\n<\/tr>\n<tr class=\"row-5\">\n\t<td class=\"column-1\">Rodinn\u00e9 vstupn\u00e9 (2 dosp\u011bl\u00ed + max. 3 d\u011bti)<\/td><td class=\"column-2\">\u20ac 28,00<\/td>\n<\/tr>\n<\/tbody>\n<\/table>\n<!-- #tablepress-20-no-2 from cache -->\n<p>Tuto atrakci m\u016f\u017eete nav\u0161t\u00edvit v kombinaci s dal\u0161\u00edmi atrakcemi, rovn\u011b\u017e k nim nab\u00edz\u00edme tak\u00e9 prohl\u00eddky. Podrobnosti najdete na na\u0161ich str\u00e1nk\u00e1ch se <a href=\"https:\/\/www.derheldenberg.at\/cs\/informace-pro-navstevniky\/vstupne\/\">vstupn\u00fdm<\/a>.<\/p>\n<\/div><\/div><\/div><div class=\"fusion-panel panel-default panel-f75059dea55555033 fusion-toggle-has-divider\"><div class=\"panel-heading\"><h4 class=\"panel-title toggle\" id=\"toggle_f75059dea55555033\"><a aria-expanded=\"false\" aria-controls=\"f75059dea55555033\" role=\"button\" data-toggle=\"collapse\" data-target=\"#f75059dea55555033\" href=\"#f75059dea55555033\"><span class=\"fusion-toggle-icon-wrapper\" aria-hidden=\"true\"><i class=\"fa-fusion-box active-icon awb-icon-minus\" aria-hidden=\"true\"><\/i><i class=\"fa-fusion-box inactive-icon awb-icon-plus\" aria-hidden=\"true\"><\/i><\/span><span class=\"fusion-toggle-heading\">Otev\u00edrac\u00ed doba<\/span><\/a><\/h4><\/div><div id=\"f75059dea55555033\" class=\"panel-collapse collapse \" aria-labelledby=\"toggle_f75059dea55555033\"><div class=\"panel-body toggle-content fusion-clearfix\">\n<p>Duben &amp; \u0159\u00edjen: \u00fater\u00fd a\u017e ned\u011ble 9:00-17:00<br \/>\nKv\u011bten a\u017e z\u00e1\u0159\u00ed: \u00fater\u00fd a\u017e ned\u011ble 9:00-18:00<br \/>\nV pond\u011bl\u00ed otev\u0159eno pouze o sv\u00e1tc\u00edch<\/p>\n<p>Listopad-b\u0159ezen: Lipic\u00e1ni &amp; Kollerovi veter\u00e1ni &#8211; sobota a ned\u011ble 9:00 &#8211; 17:00<br \/>\nPro skupiny: od 15 osob celoro\u010dn\u011b p\u0159i p\u0159ihl\u00e1\u0161en\u00ed p\u0159edem!<\/p>\n<\/div><\/div><\/div><div class=\"fusion-panel panel-default panel-f784fe0037ab30fef fusion-toggle-has-divider\"><div class=\"panel-heading\"><h4 class=\"panel-title toggle\" id=\"toggle_f784fe0037ab30fef\"><a aria-expanded=\"false\" aria-controls=\"f784fe0037ab30fef\" role=\"button\" data-toggle=\"collapse\" data-target=\"#f784fe0037ab30fef\" href=\"#f784fe0037ab30fef\"><span class=\"fusion-toggle-icon-wrapper\" aria-hidden=\"true\"><i class=\"fa-fusion-box active-icon awb-icon-minus\" aria-hidden=\"true\"><\/i><i class=\"fa-fusion-box inactive-icon awb-icon-plus\" aria-hidden=\"true\"><\/i><\/span><span class=\"fusion-toggle-heading\">Nab\u00eddky pro skupiny<\/span><\/a><\/h4><\/div><div id=\"f784fe0037ab30fef\" class=\"panel-collapse collapse \" aria-labelledby=\"toggle_f784fe0037ab30fef\"><div class=\"panel-body toggle-content fusion-clearfix\">\n<p>Historick\u00e1 vozidla, kter\u00e1 ji\u017e d\u00e1vno zmizela ze silnic, tvo\u0159\u00ed velmi zaj\u00edmavou expozici. Nejkr\u00e1sn\u011bj\u0161\u00ed auta \u2013 130 let automobilov\u00e9 historie je pro jejich milovn\u00edky nev\u0161edn\u00edm z\u00e1\u017eitkem.<\/p>\n<ul>\n<li>Prohl\u00eddka v\u00fdstavy o v\u00fdvoji vozidel od ko\u010d\u00e1ru a\u017e po modern\u00ed sportovn\u00ed vozy<\/li>\n<li>Cca 100 veter\u00e1n\u016f, klasick\u00fdch vozidel a nov\u011bj\u0161\u00edch veter\u00e1n\u016f, historick\u00fdch motocykl\u016f a j\u00edzdn\u00edch kol<\/li>\n<li>Vz\u00e1cn\u00e9 expon\u00e1ty luxusn\u00edch zna\u010dek, jako jsou Bugatti, Hispano Suiza, Packard, atd.<\/li>\n<li>Sportovn\u00ed v\u016fz stolet\u00ed, Mercedes 300SL s dve\u0159mi otev\u00edran\u00fdmi nahoru<\/li>\n<\/ul>\n<p>V\u00fdstava ru\u010dn\u011b vyr\u00e1b\u011bn\u00fdch miniaturn\u00edch vozidel z cel\u00e9ho sv\u011bta<\/p>\n<p><strong>Skupinov\u00e9 vstupn\u00e9 7,00 \u20ac \/ osobu<\/strong><\/p>\n<\/div><\/div><\/div><div class=\"fusion-panel panel-default panel-e5a34e1518005f2af fusion-toggle-has-divider\"><div class=\"panel-heading\"><h4 class=\"panel-title toggle\" id=\"toggle_e5a34e1518005f2af\"><a aria-expanded=\"false\" aria-controls=\"e5a34e1518005f2af\" role=\"button\" data-toggle=\"collapse\" data-target=\"#e5a34e1518005f2af\" href=\"#e5a34e1518005f2af\"><span class=\"fusion-toggle-icon-wrapper\" aria-hidden=\"true\"><i class=\"fa-fusion-box active-icon awb-icon-minus\" aria-hidden=\"true\"><\/i><i class=\"fa-fusion-box inactive-icon awb-icon-plus\" aria-hidden=\"true\"><\/i><\/span><span class=\"fusion-toggle-heading\">Nab\u00eddka pro \u0161koly a ml\u00e1de\u017e<\/span><\/a><\/h4><\/div><div id=\"e5a34e1518005f2af\" class=\"panel-collapse collapse \" aria-labelledby=\"toggle_e5a34e1518005f2af\"><div class=\"panel-body toggle-content fusion-clearfix\">\n<ul>\n<li>100 veter\u00e1n\u016f, klasick\u00fdch vozidel a nov\u011bj\u0161\u00edch veter\u00e1n\u016f, historick\u00fdch motocykl\u016f a j\u00edzdn\u00edch kol<\/li>\n<li>Vz\u00e1cn\u00e9 expon\u00e1ty luxusn\u00edch zna\u010dek, jako jsou Bugatti, Hispano Suiza, Packard, atd.<\/li>\n<li>Sportovn\u00ed v\u016fz stolet\u00ed, Mercedes 300SL<\/li>\n<li>V\u00fdstava ru\u010dn\u011b vyr\u00e1b\u011bn\u00fdch miniaturn\u00edch automobil\u016f z cel\u00e9ho sv\u011bta<\/li>\n<\/ul>\n<p><strong>Skupinov\u00fd tarif: 4,- \u20ac \/ \u017e\u00e1ka<\/strong><\/p>\n<hr \/>\n<p>DAL\u0160\u00cd NAB\u00cdDKA<\/p>\n<div>Prohl\u00eddka v\u00fdstavy o v\u00fdvoji vozidel od ko\u010d\u00e1ru a\u017e po modern\u00ed sportovn\u00ed vozy<\/div>\n<p><strong>P\u0159\u00edplatek 2,00 \u20ac na \u017e\u00e1ka<\/strong><\/p>\n<\/div><\/div><\/div><div class=\"fusion-panel panel-default panel-083c6f9affbbb4ade fusion-toggle-has-divider\"><div class=\"panel-heading\"><h4 class=\"panel-title toggle\" id=\"toggle_083c6f9affbbb4ade\"><a aria-expanded=\"false\" aria-controls=\"083c6f9affbbb4ade\" role=\"button\" data-toggle=\"collapse\" data-target=\"#083c6f9affbbb4ade\" href=\"#083c6f9affbbb4ade\"><span class=\"fusion-toggle-icon-wrapper\" aria-hidden=\"true\"><i class=\"fa-fusion-box active-icon awb-icon-minus\" aria-hidden=\"true\"><\/i><i class=\"fa-fusion-box inactive-icon awb-icon-plus\" aria-hidden=\"true\"><\/i><\/span><span class=\"fusion-toggle-heading\">Informace o bezbari\u00e9rov\u00e9m p\u0159\u00edstupu<\/span><\/a><\/h4><\/div><div id=\"083c6f9affbbb4ade\" class=\"panel-collapse collapse \" aria-labelledby=\"toggle_083c6f9affbbb4ade\"><div class=\"panel-body toggle-content fusion-clearfix\">\n<div id=\"354000a49b3bfc961\" class=\"panel-collapse collapse in\">\n<div class=\"panel-body toggle-content\">\n<h3>Parkovi\u0161t\u011b<\/h3>\n<p>P\u0159\u00edmo na boku vstupu je k dispozici parkovi\u0161t\u011b pro invalidy. Na\u0161e ukazatele v\u00e1s navedou.<\/p>\n<h3>Ceny vstupn\u00e9ho<\/h3>\n<p>Pro osoby se speci\u00e1ln\u00edmi pot\u0159ebami je sn\u00ed\u017een\u00e9 vstupn\u00e9 mo\u017en\u00e9 pro p\u0159edlo\u017een\u00ed pr\u016fkazu. Doprov\u00e1zej\u00edc\u00ed osoby maj\u00ed vstup zdarma, pokud jsou uvedeny v pr\u016fkazu.<\/p>\n<h3>Toalety<\/h3>\n<p>Bezbari\u00e9rov\u00e1 soci\u00e1ln\u00ed za\u0159\u00edzen\u00ed jsou k dispozici v prostoru obou pokladen.<\/p>\n<h3>Pohyb v r\u00e1mci c\u00edle v\u00fdletu<\/h3>\n<p>Z parkovi\u0161t\u011b pro t\u011blesn\u011b posti\u017een\u00ed u hlavn\u00ed pokladny se dostanete po ramp\u011b do prostoru pokladen, odkud m\u016f\u017eete pokra\u010dovat po rovin\u011b bezbari\u00e9rov\u011b a\u017e do <strong>muzea veter\u00e1n\u016f.<\/strong><\/p>\n<p><strong>Kav\u00e1rna Heldenberg a Anglick\u00e1 zahrada<\/strong> jsou z t\u00e9to \u00farovn\u011b dostupn\u00e9 zdvi\u017e\u00ed. Cesty v Anglick\u00e9 zahrad\u011b jsou p\u0159\u00edrodn\u00ed a a\u017e k Schneckenbergu dob\u0159e p\u0159\u00edstupn\u00e9.<\/p>\n<p>Cesta k <strong>lipic\u00e1nsk\u00fdm st\u00e1j\u00edm<\/strong> je pro osoby s omezenou pohyblivost\u00ed a na invalidn\u00edm voz\u00edku obt\u00ed\u017en\u011b p\u0159\u00edstupn\u00e1. Z tohoto d\u016fvodu v\u00e1s \u017e\u00e1d\u00e1me, abyste informovali n\u00e1\u0161 person\u00e1l. Po domluv\u011b v\u00e1s m\u016f\u017eeme ke st\u00e1j\u00edm dopravit p\u0159\u00edmo. N\u00e1\u0161 person\u00e1l v\u00e1s vyzvedne a doprovod\u00ed na v\u00fdchoz\u00ed m\u00edsto pro prohl\u00eddku.<\/p>\n<p><strong>Radeck\u00e9ho pomn\u00edk<\/strong> je a\u017e k hrobce bezbari\u00e9rov\u00fd. Do parku je vstup bezbari\u00e9rov\u00fd. Obra\u0165te se pros\u00edm na na\u0161e pracovn\u00edky. P\u0159\u00edstup k <strong>neolitick\u00e9 vesnici a sokolnick\u00e9mu are\u00e1lu Falkenhof Aigner<\/strong> je v\u00fdlu\u010dn\u011b po p\u0159\u00edrodn\u00edch cest\u00e1ch, kter\u00e9 mohou prohl\u00eddku zt\u00ed\u017eit. N\u00e1v\u0161t\u011bva t\u011bchto dvou atrakc\u00ed je mo\u017en\u00e1 pouze s asistenc\u00ed, proto\u017ee cesta vede se stoup\u00e1n\u00edm.<\/p>\n<\/div>\n<\/div>\n<\/div><\/div><\/div><\/div><\/div><\/div><\/div><\/div><\/div><div class=\"fusion-fullwidth fullwidth-box fusion-builder-row-3 fusion-flex-container nonhundred-percent-fullwidth non-hundred-percent-height-scrolling socialshare-center\" style=\"--awb-border-radius-top-left:0px;--awb-border-radius-top-right:0px;--awb-border-radius-bottom-right:0px;--awb-border-radius-bottom-left:0px;--awb-flex-wrap:wrap;\" ><div class=\"fusion-builder-row fusion-row fusion-flex-align-items-flex-start fusion-flex-content-wrap\" style=\"max-width:calc( 1170px + 0px );margin-left: calc(-0px \/ 2 );margin-right: calc(-0px \/ 2 );\"><div class=\"fusion-layout-column fusion_builder_column fusion-builder-column-4 fusion_builder_column_1_1 1_1 fusion-flex-column\" style=\"--awb-bg-size:cover;--awb-width-large:100%;--awb-margin-top-large:0px;--awb-spacing-right-large:0px;--awb-margin-bottom-large:20px;--awb-spacing-left-large:0px;--awb-width-medium:100%;--awb-spacing-right-medium:0px;--awb-spacing-left-medium:0px;--awb-width-small:100%;--awb-spacing-right-small:0px;--awb-spacing-left-small:0px;\"><div class=\"fusion-column-wrapper fusion-flex-justify-content-flex-start fusion-content-layout-column\"><div class=\"fusion-text fusion-text-5\"><div class=\"fusion-separator fusion-full-width-sep\" style=\"align-self: center;margin-left: auto;margin-right: auto;width:100%;\"><\/div>\n<\/div><\/div><\/div><\/div><\/div><\/p>","protected":false},"excerpt":{"rendered":"","protected":false},"author":6,"featured_media":0,"parent":11296,"menu_order":0,"comment_status":"closed","ping_status":"closed","template":"100-width.php","meta":{"footnotes":""},"class_list":["post-11316","page","type-page","status-publish","hentry"],"aioseo_notices":[],"_links":{"self":[{"href":"https:\/\/www.derheldenberg.at\/cs\/wp-json\/wp\/v2\/pages\/11316","targetHints":{"allow":["GET"]}}],"collection":[{"href":"https:\/\/www.derheldenberg.at\/cs\/wp-json\/wp\/v2\/pages"}],"about":[{"href":"https:\/\/www.derheldenberg.at\/cs\/wp-json\/wp\/v2\/types\/page"}],"author":[{"embeddable":true,"href":"https:\/\/www.derheldenberg.at\/cs\/wp-json\/wp\/v2\/users\/6"}],"replies":[{"embeddable":true,"href":"https:\/\/www.derheldenberg.at\/cs\/wp-json\/wp\/v2\/comments?post=11316"}],"version-history":[{"count":0,"href":"https:\/\/www.derheldenberg.at\/cs\/wp-json\/wp\/v2\/pages\/11316\/revisions"}],"up":[{"embeddable":true,"href":"https:\/\/www.derheldenberg.at\/cs\/wp-json\/wp\/v2\/pages\/11296"}],"wp:attachment":[{"href":"https:\/\/www.derheldenberg.at\/cs\/wp-json\/wp\/v2\/media?parent=11316"}],"curies":[{"name":"wp","href":"https:\/\/api.w.org\/{rel}","templated":true}]}}