{"id":11337,"date":"2015-01-14T13:05:56","date_gmt":"2015-01-14T11:05:56","guid":{"rendered":"https:\/\/www.derheldenberg.atatrakce\/aigners-falkenhof\/"},"modified":"2026-04-21T07:59:00","modified_gmt":"2026-04-21T05:59:00","slug":"aigners-falkenhof","status":"publish","type":"page","link":"https:\/\/www.derheldenberg.at\/cs\/atrakce\/aigners-falkenhof\/","title":{"rendered":"Aigner&#8217;s Falkenhof"},"content":{"rendered":"<p><div class=\"fusion-fullwidth fullwidth-box fusion-builder-row-1 fusion-flex-container nonhundred-percent-fullwidth non-hundred-percent-height-scrolling\" style=\"--awb-border-radius-top-left:0px;--awb-border-radius-top-right:0px;--awb-border-radius-bottom-right:0px;--awb-border-radius-bottom-left:0px;--awb-flex-wrap:wrap;\" ><div class=\"fusion-builder-row fusion-row fusion-flex-align-items-flex-start fusion-flex-content-wrap\" style=\"max-width:1216.8px;margin-left: calc(-4% \/ 2 );margin-right: calc(-4% \/ 2 );\"><div class=\"fusion-layout-column fusion_builder_column fusion-builder-column-0 fusion_builder_column_1_1 1_1 fusion-flex-column\" style=\"--awb-padding-top:25px;--awb-padding-bottom:20px;--awb-bg-size:cover;--awb-width-large:100%;--awb-margin-top-large:0px;--awb-spacing-right-large:1.92%;--awb-margin-bottom-large:20px;--awb-spacing-left-large:1.92%;--awb-width-medium:100%;--awb-spacing-right-medium:1.92%;--awb-spacing-left-medium:1.92%;--awb-width-small:100%;--awb-spacing-right-small:1.92%;--awb-spacing-left-small:1.92%;\"><div class=\"fusion-column-wrapper fusion-flex-justify-content-flex-start fusion-content-layout-column\"><div class=\"fusion-title title fusion-title-1 fusion-title-text fusion-title-size-one\" style=\"--awb-margin-top:35px;--awb-margin-bottom:0px;--awb-margin-top-small:10px;--awb-margin-right-small:0px;--awb-margin-bottom-small:10px;--awb-margin-left-small:0px;--awb-sep-color:#999;\"><div class=\"title-sep-container title-sep-container-left fusion-no-large-visibility fusion-no-medium-visibility fusion-no-small-visibility\"><div class=\"title-sep sep-single sep-solid\" style=\"border-color:#999;\"><\/div><\/div><span class=\"awb-title-spacer fusion-no-large-visibility fusion-no-medium-visibility fusion-no-small-visibility\"><\/span><h1 class=\"fusion-title-heading title-heading-left fusion-responsive-typography-calculated\" style=\"margin:0;--fontSize:32;line-height:1.1;\"><p style=\"text-transform: uppercase; text-align: left;\">Aigner\u2019s Falkenhof<\/p><\/h1><span class=\"awb-title-spacer\"><\/span><div class=\"title-sep-container title-sep-container-right\"><div class=\"title-sep sep-single sep-solid\" style=\"border-color:#999;\"><\/div><\/div><\/div><\/div><\/div><div class=\"fusion-layout-column fusion_builder_column fusion-builder-column-1 fusion_builder_column_3_4 3_4 fusion-flex-column contentcol-3-4\" style=\"--awb-padding-right:20px;--awb-bg-color:#ffffff;--awb-bg-color-hover:#ffffff;--awb-bg-size:cover;--awb-width-large:75%;--awb-margin-top-large:0px;--awb-spacing-right-large:2.56%;--awb-margin-bottom-large:20px;--awb-spacing-left-large:2.56%;--awb-width-medium:75%;--awb-spacing-right-medium:2.56%;--awb-spacing-left-medium:2.56%;--awb-width-small:100%;--awb-spacing-right-small:1.92%;--awb-spacing-left-small:1.92%;\"><div class=\"fusion-column-wrapper fusion-flex-justify-content-flex-start fusion-content-layout-column\"><div class=\"fusion-text fusion-text-1\"><h2 class=\"fusion-responsive-typography-calculated\" data-fontsize=\"28\" data-lineheight=\"33.599998px\">Stanice s drav\u00fdmi pt\u00e1ky<\/h2>\n<p>\u017divo\u010di\u0161n\u00e1 \u0159\u00ed\u0161e na Heldenbergu byla v roce 2015 roz\u0161\u00ed\u0159ena o are\u00e1l s drav\u00fdmi pt\u00e1ky Aigner\u2019s Falkenhof. P\u0159i proch\u00e1zce parkem s drav\u00fdmi pt\u00e1ky n\u00e1v\u0161t\u011bvn\u00edci naraz\u00ed na mnoho zaj\u00edmav\u00fdch dravc\u016f. Obdivovat m\u016f\u017eete n\u00e1sleduj\u00edc\u00ed: sokol st\u011bhovav\u00fd, raroh velk\u00fd, po\u0161tolka obecn\u00e1, sovy, sova p\u00e1len\u00e1, pu\u0161t\u00edk vousat\u00fd, s\u00fd\u010dek obecn\u00fd, k\u00e1n\u011b \u0161akal\u00ed, orel skaln\u00ed, orel b\u011blohlav\u00fd, orel kl\u00ednoocas\u00fd, \u010dimango falklandsk\u00fd, sup b\u011blohlav\u00fd a mnoho dal\u0161\u00edch.<\/p>\n<p>Video: Takto vid\u00ed sokol Karl Heinz sv\u011bt \u2013 <a href=\"https:\/\/www.youtube.com\/watch?v=1kCea2PE90o\" target=\"_blank\" rel=\"noopener\">na video<\/a><\/p>\n<\/div><div class=\"fusion-text fusion-text-2\"><h2 class=\"fusion-responsive-typography-calculated\" data-fontsize=\"28\" data-lineheight=\"33.599998px\">Vysv\u011btlivky<\/h2>\n<p>Pro Falkenhof je d\u016fle\u017eit\u00e9 db\u00e1t na spr\u00e1vn\u00fd chov zv\u00ed\u0159at dle druhu. N\u00e1v\u0161t\u011bvn\u00edci se mohou dennodenn\u011b p\u0159esv\u011bd\u010dit o na\u0161\u00ed pr\u00e1ci a sezn\u00e1mit se se sokolnictv\u00edm. Falkenhof Aigner tak\u00e9 usiluje o zachov\u00e1n\u00ed druh\u016f a jejich rozmno\u017eov\u00e1n\u00edm se o to pokou\u0161\u00ed. Ochrana drav\u00fdch pt\u00e1k\u016f je zde prvo\u0159ad\u00e1!<\/p>\n<\/div><div class=\"fusion-builder-row fusion-builder-row-inner fusion-row fusion-flex-align-items-flex-start fusion-flex-content-wrap\" style=\"--awb-flex-grow:0;--awb-flex-grow-medium:0;--awb-flex-grow-small:0;--awb-flex-shrink:0;--awb-flex-shrink-medium:0;--awb-flex-shrink-small:0;width:104% !important;max-width:104% !important;margin-left: calc(-4% \/ 2 );margin-right: calc(-4% \/ 2 );\"><div class=\"fusion-layout-column fusion_builder_column_inner fusion-builder-nested-column-0 fusion_builder_column_inner_1_2 1_2 fusion-flex-column\" style=\"--awb-bg-size:cover;--awb-width-large:50%;--awb-margin-top-large:0px;--awb-spacing-right-large:3.84%;--awb-margin-bottom-large:20px;--awb-spacing-left-large:3.84%;--awb-width-medium:50%;--awb-spacing-right-medium:3.84%;--awb-spacing-left-medium:3.84%;--awb-width-small:100%;--awb-spacing-right-small:1.92%;--awb-spacing-left-small:1.92%;\"><div class=\"fusion-column-wrapper fusion-flex-justify-content-flex-start fusion-content-layout-column\"><div class=\"fusion-image-element \" style=\"--awb-caption-title-font-family:var(--h2_typography-font-family);--awb-caption-title-font-weight:var(--h2_typography-font-weight);--awb-caption-title-font-style:var(--h2_typography-font-style);--awb-caption-title-size:var(--h2_typography-font-size);--awb-caption-title-transform:var(--h2_typography-text-transform);--awb-caption-title-line-height:var(--h2_typography-line-height);--awb-caption-title-letter-spacing:var(--h2_typography-letter-spacing);\"><span class=\" fusion-imageframe imageframe-none imageframe-1 hover-type-none\"><img decoding=\"async\" width=\"680\" height=\"452\" title=\"Aigner&#8217;s Falkenhof Flugvorf\u00fchrung\" src=\"https:\/\/www.derheldenberg.at\/wp-content\/uploads\/AttraktionFalkenhof01.jpg\" alt class=\"img-responsive wp-image-12490\" srcset=\"https:\/\/www.derheldenberg.at\/wp-content\/uploads\/AttraktionFalkenhof01-200x133.jpg 200w, https:\/\/www.derheldenberg.at\/wp-content\/uploads\/AttraktionFalkenhof01-400x266.jpg 400w, https:\/\/www.derheldenberg.at\/wp-content\/uploads\/AttraktionFalkenhof01-600x399.jpg 600w, https:\/\/www.derheldenberg.at\/wp-content\/uploads\/AttraktionFalkenhof01.jpg 680w\" sizes=\"(max-width: 640px) 100vw, 600px\" \/><\/span><\/div><\/div><\/div><div class=\"fusion-layout-column fusion_builder_column_inner fusion-builder-nested-column-1 fusion_builder_column_inner_1_2 1_2 fusion-flex-column\" style=\"--awb-bg-size:cover;--awb-width-large:50%;--awb-margin-top-large:0px;--awb-spacing-right-large:3.84%;--awb-margin-bottom-large:20px;--awb-spacing-left-large:3.84%;--awb-width-medium:50%;--awb-spacing-right-medium:3.84%;--awb-spacing-left-medium:3.84%;--awb-width-small:100%;--awb-spacing-right-small:1.92%;--awb-spacing-left-small:1.92%;\"><div class=\"fusion-column-wrapper fusion-flex-justify-content-flex-start fusion-content-layout-column\"><div class=\"fusion-image-element \" style=\"--awb-caption-title-font-family:var(--h2_typography-font-family);--awb-caption-title-font-weight:var(--h2_typography-font-weight);--awb-caption-title-font-style:var(--h2_typography-font-style);--awb-caption-title-size:var(--h2_typography-font-size);--awb-caption-title-transform:var(--h2_typography-text-transform);--awb-caption-title-line-height:var(--h2_typography-line-height);--awb-caption-title-letter-spacing:var(--h2_typography-letter-spacing);\"><span class=\" fusion-imageframe imageframe-none imageframe-2 hover-type-none\"><img decoding=\"async\" width=\"680\" height=\"452\" title=\"Aigner&#8217;s Falkenhof Flugvorf\u00fchrung\" src=\"https:\/\/www.derheldenberg.at\/wp-content\/uploads\/AttraktionFalkenhof02-1.jpg\" alt class=\"img-responsive wp-image-12496\" srcset=\"https:\/\/www.derheldenberg.at\/wp-content\/uploads\/AttraktionFalkenhof02-1-200x133.jpg 200w, https:\/\/www.derheldenberg.at\/wp-content\/uploads\/AttraktionFalkenhof02-1-400x266.jpg 400w, https:\/\/www.derheldenberg.at\/wp-content\/uploads\/AttraktionFalkenhof02-1-600x399.jpg 600w, https:\/\/www.derheldenberg.at\/wp-content\/uploads\/AttraktionFalkenhof02-1.jpg 680w\" sizes=\"(max-width: 640px) 100vw, 600px\" \/><\/span><\/div><\/div><\/div><\/div><div class=\"fusion-text fusion-text-3\"><h2 class=\"fusion-responsive-typography-calculated\" data-fontsize=\"28\" data-lineheight=\"33.599998px\">Uk\u00e1zky letu drav\u00fdch pt\u00e1k\u016f<\/h2>\n<p>Nejzaj\u00edmav\u011bj\u0161\u00ed \u010d\u00e1st\u00ed programu sokoln\u00edk\u016f jsou uk\u00e1zky letu dravc\u016f. Zde m\u016f\u017eete sledovat dravce za letu s dechberouc\u00ed rychlost\u00ed, p\u0159i jejich st\u0159emhlav\u00e9m doletu a loveck\u00e9m v\u00fdcviku. N\u00e1v\u0161t\u011bvn\u00edci se sezn\u00e1m\u00ed s jejich v\u00fdskytem, \u017eivotn\u00edm prost\u0159ed\u00edm, loveck\u00fdmi schopnostmi a lovenou ko\u0159ist\u00ed.<\/p>\n<\/div><div class=\"fusion-video fusion-youtube video\" style=\"--awb-max-width:600px;--awb-max-height:360px;--awb-align-self:flex-start;--awb-width:100%;\"><div class=\"video-shortcode\"><div class=\"fluid-width-video-wrapper\" style=\"padding-top:60%;\" ><iframe title=\"YouTube video player 1\" src=\"https:\/\/www.youtube.com\/embed\/PBu-DfyRznE?wmode=transparent&autoplay=0\" width=\"600\" height=\"360\" allowfullscreen allow=\"autoplay; clipboard-write; encrypted-media; gyroscope; picture-in-picture;\"><\/iframe><\/div><\/div><\/div><div class=\"fusion-text fusion-text-4\"><h2 class=\"fusion-responsive-typography-calculated\" data-fontsize=\"28\" data-lineheight=\"33.599998px\">Program a workshopy pro d\u011bti<\/h2>\n<p>Pro d\u011bti je k dispozici nab\u00eddka sokolnictv\u00ed v are\u00e1lu Falkenhof ur\u010den\u00e1 p\u0159\u00edmo pro skupiny a \u0161koly. Pokou\u0161\u00edme se d\u011btem zprost\u0159edkovat nauku o drav\u00fdch pt\u00e1c\u00edch, pedagogick\u00e9 znalosti o sv\u011bt\u011b zv\u00ed\u0159at, jejich \u017eivotn\u00edm prost\u0159ed\u00ed, zp\u016fsobu lovu, historii sokolnictv\u00ed apod. Nab\u00edz\u00edme tak\u00e9 individu\u00e1ln\u00ed sokolnick\u00e9 workshopy pro mal\u00e9 i velk\u00e9 n\u00e1v\u0161t\u011bvn\u00edky, p\u0159i kter\u00fdch se m\u016f\u017eete st\u00e1t na jeden den sokoln\u00edkem.<\/p>\n<p>V\u00edce informac\u00ed p\u0159\u00edmo na <a href=\"https:\/\/www.falkenhof-heldenberg.com\" target=\"_blank\" rel=\"noopener\">www.falkenhof-heldenberg.com<\/a>.<br \/>\nFotografie: Eveline Hollinger; <a href=\"https:\/\/www.fotografiehollinger.at\/\">www.fotografiehollinger.at<\/a><\/p>\n<\/div><\/div><\/div><div class=\"fusion-layout-column fusion_builder_column fusion-builder-column-2 fusion_builder_column_1_4 1_4 fusion-flex-column info-sidebar\" style=\"--awb-bg-color:#f4f5f5;--awb-bg-color-hover:#f4f5f5;--awb-bg-size:cover;--awb-width-large:25%;--awb-margin-top-large:18px;--awb-spacing-right-large:7.68%;--awb-margin-bottom-large:20px;--awb-spacing-left-large:7.68%;--awb-width-medium:25%;--awb-spacing-right-medium:7.68%;--awb-spacing-left-medium:7.68%;--awb-width-small:100%;--awb-spacing-right-small:1.92%;--awb-spacing-left-small:1.92%;\"><div class=\"fusion-column-wrapper fusion-flex-justify-content-flex-start fusion-content-layout-column\"><div style=\"text-align:center;\"><a class=\"fusion-button button-flat button-xlarge button-default fusion-button-default button-1 fusion-button-span-yes fusion-button-default-type button-tip-des-monats\" target=\"_blank\" rel=\"noopener noreferrer\" href=\"https:\/\/www.facebook.com\/der.heldenberg\/\"><span class=\"fusion-button-icon-divider button-icon-divider-left\"><i class=\" fa fa-facebook-official awb-button__icon awb-button__icon--default\" aria-hidden=\"true\"><\/i><\/span><span class=\"fusion-button-text awb-button__text awb-button__text--default fusion-button-text-left\">Besuchen Sie uns auf Facebook!<\/span><\/a><\/div><div style=\"text-align:center;\"><a class=\"fusion-button button-flat button-xlarge button-default fusion-button-default button-2 fusion-button-span-yes fusion-button-default-type button-tip-des-monats\" target=\"_self\" href=\"#\" data-toggle=\"modal\" data-target=\".fusion-modal.reviews-google-fb\"><span class=\"fusion-button-icon-divider button-icon-divider-left\"><i class=\" fa fa-star awb-button__icon awb-button__icon--default\" aria-hidden=\"true\"><\/i><\/span><span class=\"fusion-button-text awb-button__text awb-button__text--default fusion-button-text-left\">Das sagen unsere Besucher<\/span><\/a><\/div><div class=\"fusion-modal modal fade modal-1 reviews-google-fb\" tabindex=\"-1\" role=\"dialog\" aria-labelledby=\"modal-heading-1\" aria-hidden=\"true\" style=\"--awb-border-color:#ebebeb;--awb-background:#f6f6f6;\"><div class=\"modal-dialog modal-lg\" role=\"document\"><div class=\"modal-content fusion-modal-content\"><div class=\"modal-header\"><button class=\"close\" type=\"button\" data-dismiss=\"modal\" aria-hidden=\"true\" aria-label=\"Close\">&times;<\/button><h3 class=\"modal-title\" id=\"modal-heading-1\" data-dismiss=\"modal\" aria-hidden=\"true\">Das sagen Besucher \u00fcber den Heldenberg<\/h3><\/div><div class=\"modal-body fusion-clearfix\"><div class=\"wprevpro-shortcode-wrapper\"><div class=\"wprevpro wprev-no-slider revnotsameheight\" id=\"wprev-slider-2\">\t\t<div class=\"wprevpro_t4_outer_div w3_wprs-row wprevprodiv\">\r\n\t\t\t<div class=\"wpproslider_t4_DIV_1 w3_wprs-col l4 outerrevdiv\">\r\n\t\t<div class=\"indrevdiv wpproslider_t4_DIV_1a  wprev_preview_bg1_T4 wprev_preview_bradius_T4\">\r\n\t\t\t<div class=\"wpproslider_t4_avatar_div\"><img decoding=\"async\" loading=\"lazy\" src=\"https:\/\/lh3.googleusercontent.com\/a-\/ALV-UjWtXZKz5d5G_Lw92a9tzOrclHfqVbEvlM8e9CBwyozgkvnnh7V3=s128-c0x00000000-cc-rp-mo-ba2\" alt=\"Markus Kalcher Avatar\" class=\"wpproslider_t4_IMG_2 wprevpro_avatarimg\" \/><\/div>\t\t\t<div class=\"wpproslider_t4_H3_3 wprev_preview_tcolor1_T4\">\r\n\t\t\t\tMarkus Kalcher\t\t\t<\/div>\r\n\t\t\t<span class=\"wpproslider_t4_SPAN_4\">\r\n\t\t\t<span class=\"wprevpro_star_imgs_T4\"><span class=\"starloc1 wprevpro_star_imgs wprevpro_star_imgsloc1\"><span class=\"svgicons svg-wprsp-star\"><\/span><span class=\"svgicons svg-wprsp-star\"><\/span><span class=\"svgicons svg-wprsp-star\"><\/span><span class=\"svgicons svg-wprsp-star\"><\/span><span class=\"svgicons svg-wprsp-star\"><\/span><\/span><\/span>\r\n\t\t\t<\/span>\r\n\t\t\t<div class=\"indrevtxt wpproslider_t4_P_5 wprev_preview_tcolor2_T4\">\t\t\t\tEin wundersch\u00f6ner Tag mit vielen eindr\u00fccken.\t\t\t\t\t\t\t<\/div>\r\n\t\t\t<span class=\"wpproslider_t4_date wprev_preview_tcolor3_T4\"> <span class=\"wprev_showdate_T4\">19\/04\/2026<\/span><\/span>\r\n\t\t\t<div class='wprevt4_icon_div'><a href=\"https:\/\/maps.google.com\/?cid=5307023792666941028\" target=\"_blank\" rel=\"nofollow noreferrer\" class=\"wprevpro_t4_site_logo_a\"><img decoding=\"async\" width=32 height=32 src=\"https:\/\/www.derheldenberg.at\/wp-content\/plugins\/wp-review-slider-pro-premium\/public\/partials\/imgs\/google_small_icon.svg\" alt=\"Google Logo\" class=\"wprevpro_t4_site_logo wprevsiteicon \"><\/a><\/div>\t\t\t\t\t\t\t\t\t\t\t<\/div>\r\n\t\t\t\r\n\t<\/div>\r\n\t\t<div class=\"wpproslider_t4_DIV_1 w3_wprs-col l4 outerrevdiv\">\r\n\t\t<div class=\"indrevdiv wpproslider_t4_DIV_1a  wprev_preview_bg1_T4 wprev_preview_bradius_T4\">\r\n\t\t\t<div class=\"wpproslider_t4_avatar_div\"><img decoding=\"async\" loading=\"lazy\" src=\"https:\/\/lh3.googleusercontent.com\/a\/AItbvmniwlw8mdDt9JdpptBx17OjYSKCppMCFBjXcWbS=s40-c-c0x00000000-cc-rp-mo-ba4-br100\" alt=\"Maria Novotny Avatar\" class=\"wpproslider_t4_IMG_2 wprevpro_avatarimg\" \/><\/div>\t\t\t<div class=\"wpproslider_t4_H3_3 wprev_preview_tcolor1_T4\">\r\n\t\t\t\tMaria Novotny\t\t\t<\/div>\r\n\t\t\t<span class=\"wpproslider_t4_SPAN_4\">\r\n\t\t\t<span class=\"wprevpro_star_imgs_T4\"><span class=\"starloc1 wprevpro_star_imgs wprevpro_star_imgsloc1\"><span class=\"svgicons svg-wprsp-star\"><\/span><span class=\"svgicons svg-wprsp-star\"><\/span><span class=\"svgicons svg-wprsp-star\"><\/span><span class=\"svgicons svg-wprsp-star\"><\/span><span class=\"svgicons svg-wprsp-star\"><\/span><\/span><\/span>\r\n\t\t\t<\/span>\r\n\t\t\t<div class=\"indrevtxt wpproslider_t4_P_5 wprev_preview_tcolor2_T4\">\t\t\t\tSehr abwechslungsreich und mega freundliches personal\t\t\t\t\t\t\t<\/div>\r\n\t\t\t<span class=\"wpproslider_t4_date wprev_preview_tcolor3_T4\"> <span class=\"wprev_showdate_T4\">22\/08\/2022<\/span><\/span>\r\n\t\t\t<div class='wprevt4_icon_div'><a href=\"https:\/\/search.google.com\/local\/reviews?placeid=ChIJ72DEk55mbUcRZJZ1iAVWpkk\" target=\"_blank\" rel=\"nofollow noreferrer\" class=\"wprevpro_t4_site_logo_a\"><img decoding=\"async\" width=32 height=32 src=\"https:\/\/www.derheldenberg.at\/wp-content\/plugins\/wp-review-slider-pro-premium\/public\/partials\/imgs\/google_small_icon.svg\" alt=\"Google Logo\" class=\"wprevpro_t4_site_logo wprevsiteicon \"><\/a><\/div>\t\t\t\t\t\t\t\t\t\t\t<\/div>\r\n\t\t\t\r\n\t<\/div>\r\n\t\t<div class=\"wpproslider_t4_DIV_1 w3_wprs-col l4 outerrevdiv\">\r\n\t\t<div class=\"indrevdiv wpproslider_t4_DIV_1a  wprev_preview_bg1_T4 wprev_preview_bradius_T4\">\r\n\t\t\t<div class=\"wpproslider_t4_avatar_div\"><img decoding=\"async\" loading=\"lazy\" src=\"https:\/\/lh3.googleusercontent.com\/a\/AItbvmke3-RidNnoyS79sxhsUPE84KyrOFoI5A7dQNq_=s40-c-c0x00000000-cc-rp-mo-ba3-br100\" alt=\"Kurt Hohenbichler Avatar\" class=\"wpproslider_t4_IMG_2 wprevpro_avatarimg\" \/><\/div>\t\t\t<div class=\"wpproslider_t4_H3_3 wprev_preview_tcolor1_T4\">\r\n\t\t\t\tKurt Hohenbichler\t\t\t<\/div>\r\n\t\t\t<span class=\"wpproslider_t4_SPAN_4\">\r\n\t\t\t<span class=\"wprevpro_star_imgs_T4\"><span class=\"starloc1 wprevpro_star_imgs wprevpro_star_imgsloc1\"><span class=\"svgicons svg-wprsp-star\"><\/span><span class=\"svgicons svg-wprsp-star\"><\/span><span class=\"svgicons svg-wprsp-star\"><\/span><span class=\"svgicons svg-wprsp-star\"><\/span><span class=\"svgicons svg-wprsp-star\"><\/span><\/span><\/span>\r\n\t\t\t<\/span>\r\n\t\t\t<div class=\"indrevtxt wpproslider_t4_P_5 wprev_preview_tcolor2_T4\">\t\t\t\tF\u00fchrung durch die Lippizaner Stallungen, oldtimermuseum , Erlebnis Abenteuerspielplatz . Falkenhof mit Flugshow und Radetzky Gedenkst\u00e4tte\t\t\t\t\t\t\t<\/div>\r\n\t\t\t<span class=\"wpproslider_t4_date wprev_preview_tcolor3_T4\"> <span class=\"wprev_showdate_T4\">22\/08\/2022<\/span><\/span>\r\n\t\t\t<div class='wprevt4_icon_div'><a href=\"https:\/\/search.google.com\/local\/reviews?placeid=ChIJ72DEk55mbUcRZJZ1iAVWpkk\" target=\"_blank\" rel=\"nofollow noreferrer\" class=\"wprevpro_t4_site_logo_a\"><img decoding=\"async\" width=32 height=32 src=\"https:\/\/www.derheldenberg.at\/wp-content\/plugins\/wp-review-slider-pro-premium\/public\/partials\/imgs\/google_small_icon.svg\" alt=\"Google Logo\" class=\"wprevpro_t4_site_logo wprevsiteicon \"><\/a><\/div>\t\t\t\t\t\t\t\t\t\t\t<\/div>\r\n\t\t\t\r\n\t<\/div>\r\n\t\t<\/div>\r\n<\/div><\/div><div class=\"fusion-aligncenter\"><a class=\"fusion-button button-flat fusion-button-default-size button-default fusion-button-default button-3 fusion-button-default-span fusion-button-default-type\" target=\"_self\" href=\"\/aktuelles\/besucher-bewertungen\/\"><span class=\"fusion-button-text awb-button__text awb-button__text--default\">Weitere Bewertungen<\/span><\/a><\/div>\n<\/div><\/div><\/div><\/div><div style=\"text-align:center;\"><a class=\"fusion-button button-flat button-xlarge button-default fusion-button-default button-4 fusion-button-span-yes fusion-button-default-type button-tip-des-monats\" target=\"_self\" href=\"#info\"><span class=\"fusion-button-icon-divider button-icon-divider-left\"><i class=\" fa fa-arrow-circle-right awb-button__icon awb-button__icon--default\" aria-hidden=\"true\"><\/i><\/span><span class=\"fusion-button-text awb-button__text awb-button__text--default fusion-button-text-left\">Preise<\/span><\/a><\/div><div style=\"text-align:center;\"><a class=\"fusion-button button-flat button-xlarge button-default fusion-button-default button-5 fusion-button-span-yes fusion-button-default-type fusion-no-medium-visibility fusion-no-large-visibility button-tip-des-monats nodsp\" target=\"_self\" href=\"#\" data-toggle=\"modal\" data-target=\".fusion-modal.Preise-Atraktion\"><span class=\"fusion-button-icon-divider button-icon-divider-left\"><i class=\" fa fa-arrow-circle-right awb-button__icon awb-button__icon--default\" aria-hidden=\"true\"><\/i><\/span><span class=\"fusion-button-text awb-button__text awb-button__text--default fusion-button-text-left\">Preise<\/span><\/a><\/div><div class=\"fusion-modal modal fade modal-2 Preise-Atraktion\" tabindex=\"-1\" role=\"dialog\" aria-labelledby=\"modal-heading-2\" aria-hidden=\"true\" style=\"--awb-border-color:#ebebeb;--awb-background:#ffffff;\"><div class=\"modal-dialog modal-lg\" role=\"document\"><div class=\"modal-content fusion-modal-content\"><div class=\"modal-header\"><button class=\"close\" type=\"button\" data-dismiss=\"modal\" aria-hidden=\"true\" aria-label=\"Close\">&times;<\/button><h3 class=\"modal-title\" id=\"modal-heading-2\" data-dismiss=\"modal\" aria-hidden=\"true\">Preise Aigner\u2019s Falkenhof<\/h3><\/div><div class=\"modal-body fusion-clearfix\">\n<h3>EINZELTICKET \u2013 Aigner\u2019s Falkenhof<\/h3>\n<p>F\u00fcr die Flugschau ist eine kleine Aufzahlung zu leisten (siehe weiter unten).<\/p>\n\n<table id=\"tablepress-4\" class=\"tablepress tablepress-id-4\">\n<tbody class=\"row-striping row-hover\">\n<tr class=\"row-1\">\n\t<td class=\"column-1\">Erwachsene<\/td><td class=\"column-2\">\u20ac 14,00<\/td>\n<\/tr>\n<tr class=\"row-2\">\n\t<td class=\"column-1\">Gruppen, Pensionisten, Behinderte, Jugendliche, Pr\u00e4senzdiener<\/td><td class=\"column-2\">\u20ac 11,00<\/td>\n<\/tr>\n<tr class=\"row-3\">\n\t<td class=\"column-1\">Kinder bis 5 Jahre<\/td><td class=\"column-2\">gratis<\/td>\n<\/tr>\n<tr class=\"row-4\">\n\t<td class=\"column-1\">Kinder bis 14 Jahre, Sch\u00fclergruppen (pro Sch\u00fcler)<\/td><td class=\"column-2\">\u20ac 7,00<\/td>\n<\/tr>\n<tr class=\"row-5\">\n\t<td class=\"column-1\">Familienkarte (2 Erwachsene + max. 3 Kinder)<\/td><td class=\"column-2\">\u20ac 28,00<\/td>\n<\/tr>\n<\/tbody>\n<\/table>\n<!-- #tablepress-4 from cache -->\n<hr \/>\n<h3>FLUGSCHAU \u2013 Aigner\u2019s Falkenhof (Aufzahlung auf Einzelticket Falkenhof p.P.)<\/h3>\n<p>Erleben Sie die atemberaubende Flugschau mit imposanten Jagdv\u00f6geln!<\/p>\n\n<table id=\"tablepress-6\" class=\"tablepress tablepress-id-6\">\n<tbody class=\"row-striping row-hover\">\n<tr class=\"row-1\">\n\t<td class=\"column-1\">Aufzahlung Flugschau \u2013 Erwachsene<\/td><td class=\"column-2\">\u20ac 9,00<\/td>\n<\/tr>\n<tr class=\"row-2\">\n\t<td class=\"column-1\">Aufzahlung Flugschau \u2013 Gruppen, Pensionisten, Jugendliche<\/td><td class=\"column-2\">\u20ac 8,00<\/td>\n<\/tr>\n<tr class=\"row-3\">\n\t<td class=\"column-1\">Kinder bis 5 Jahre<\/td><td class=\"column-2\">gratis<\/td>\n<\/tr>\n<tr class=\"row-4\">\n\t<td class=\"column-1\">Aufzahlung Flugschau \u2013 Kinder bis 14 Jahre, Sch\u00fclergruppen (pro Sch\u00fcler)<\/td><td class=\"column-2\">\u20ac 4,50<\/td>\n<\/tr>\n<tr class=\"row-5\">\n\t<td class=\"column-1\">Aufzahlung Flugschau \u2013 Familienkarte (2 Erwachsene + max. 3 Kinder)<\/td><td class=\"column-2\">\u20ac 18,00<\/td>\n<\/tr>\n<\/tbody>\n<\/table>\n<!-- #tablepress-6 from cache -->\n<\/div><div class=\"modal-footer\"><button class=\"fusion-button button-default button-medium button default medium\" type=\"button\" data-dismiss=\"modal\">Close<\/button><\/div><\/div><\/div><\/div><div style=\"text-align:center;\"><a class=\"fusion-button button-flat button-xlarge button-default fusion-button-default button-6 fusion-button-span-yes fusion-button-default-type button-tip-des-monats\" target=\"_self\" href=\"#info\"><span class=\"fusion-button-icon-divider button-icon-divider-left\"><i class=\" fa fa-star-o awb-button__icon awb-button__icon--default\" aria-hidden=\"true\"><\/i><\/span><span class=\"fusion-button-text awb-button__text awb-button__text--default fusion-button-text-left\">\u00d6ffnungszeiten<\/span><\/a><\/div><div style=\"text-align:center;\"><a class=\"fusion-button button-flat button-xlarge button-default fusion-button-default button-7 fusion-button-span-yes fusion-button-default-type fusion-no-medium-visibility fusion-no-large-visibility button-tip-des-monats nodsp\" target=\"_self\" href=\"#\" data-toggle=\"modal\" data-target=\".fusion-modal.\u00d6ffnungszeiten-Atraktion\"><span class=\"fusion-button-icon-divider button-icon-divider-left\"><i class=\" fa fa-star-o awb-button__icon awb-button__icon--default\" aria-hidden=\"true\"><\/i><\/span><span class=\"fusion-button-text awb-button__text awb-button__text--default fusion-button-text-left\">\u00d6ffnungszeiten<\/span><\/a><\/div><div class=\"fusion-modal modal fade modal-3 \u00d6ffnungszeiten-Atraktion\" tabindex=\"-1\" role=\"dialog\" aria-labelledby=\"modal-heading-3\" aria-hidden=\"true\" style=\"--awb-border-color:#ebebeb;--awb-background:#ffffff;\"><div class=\"modal-dialog modal-lg\" role=\"document\"><div class=\"modal-content fusion-modal-content\"><div class=\"modal-header\"><button class=\"close\" type=\"button\" data-dismiss=\"modal\" aria-hidden=\"true\" aria-label=\"Close\">&times;<\/button><h3 class=\"modal-title\" id=\"modal-heading-3\" data-dismiss=\"modal\" aria-hidden=\"true\">\u00d6ffnungszeiten Aigner's Falkenhof<\/h3><\/div><div class=\"modal-body fusion-clearfix\">\n<ul>\n<li>April &#8211;\u00a0 Oktober:<br \/>\nMittwoch bis Sonntag 10.00-17.00 Uhr<\/li>\n<li>Montag NUR an FEIERTAGEN ge\u00f6ffnet<\/li>\n<\/ul>\n<p>Gruppenf\u00fchrungen sind von April bis Oktober, nach Voranmeldung auch au\u00dferhalb der fixen Zeiten m\u00f6glich.<\/p>\n<p>Der Falkenhof ist ohne F\u00fchrung zu besichtigen.<\/p>\n<p><strong>Flugschau<\/strong>:<\/p>\n<ul>\n<li><strong>April \u2013 Oktober:\u00a0<\/strong> Fr. 15:15, Sa, So &amp; Feiertage 10:15 &amp; 15:15<br \/>\n<strong>in diesem Zeitrau, zus\u00e4tzlich in den gesetzlichen Schulferien:<\/strong><br \/>\nDi. bis Fr. 15:15;\u00a0 Sa, So &amp; Feiertage 10:15 &amp; 15:15<\/li>\n<\/ul>\n<\/div><div class=\"modal-footer\"><button class=\"fusion-button button-default button-medium button default medium\" type=\"button\" data-dismiss=\"modal\">Close<\/button><\/div><\/div><\/div><\/div><div class=\"fusion-separator fusion-full-width-sep\" style=\"align-self: center;margin-left: auto;margin-right: auto;margin-bottom:20px;width:100%;\"><div class=\"fusion-separator-border sep-single sep-solid\" style=\"--awb-height:20px;--awb-amount:20px;--awb-sep-color:#ffffff;border-color:#ffffff;border-top-width:20px;\"><\/div><\/div><div class=\"fusion-title title fusion-title-2 fusion-sep-none fusion-title-text fusion-title-size-five infobox-sidebar\" style=\"--awb-margin-top-small:10px;--awb-margin-right-small:0px;--awb-margin-bottom-small:10px;--awb-margin-left-small:0px;\"><h5 class=\"fusion-title-heading title-heading-left fusion-responsive-typography-calculated\" style=\"margin:0;--fontSize:20;--minFontSize:20;line-height:1.2;\">WEITERE HIGHLIGHTS<\/h5><\/div><ul style=\"--awb-size:13px;--awb-line-height:22.1px;--awb-icon-width:22.1px;--awb-icon-height:22.1px;--awb-icon-margin:9.1px;--awb-content-margin:31.2px;--awb-circlecolor:#b11715;--awb-circle-yes-font-size:11.44px;\" class=\"fusion-checklist fusion-checklist-1 fusion-checklist-default type-icons checklist-right\"><li class=\"fusion-li-item\" style=\"\"><span class=\"icon-wrapper circle-yes\"><i class=\"fusion-li-icon fa fa-chevron-right\" aria-hidden=\"true\"><\/i><\/span><div class=\"fusion-li-item-content\">\n<p><a href=\"https:\/\/www.derheldenberg.at\/cs\/atrakce\/lipicani-na-heldenbergu\/\">Lipizzaner Trainingszentrum<\/a><\/p>\n<\/div><\/li><li class=\"fusion-li-item\" style=\"\"><span class=\"icon-wrapper circle-yes\"><i class=\"fusion-li-icon fa fa-chevron-right\" aria-hidden=\"true\"><\/i><\/span><div class=\"fusion-li-item-content\"><a href=\"https:\/\/www.derheldenberg.at\/cs\/atrakce\/kollerovi-veterani\/\">Koller\u2019s Oldtimer<\/a><\/div><\/li><li class=\"fusion-li-item\" style=\"\"><span class=\"icon-wrapper circle-yes\"><i class=\"fusion-li-icon fa fa-chevron-right\" aria-hidden=\"true\"><\/i><\/span><div class=\"fusion-li-item-content\">\n<p><a href=\"https:\/\/www.derheldenberg.at\/cs\/atrakce\/radeckeho-pomnik\/\">Radetzky Gedenkst\u00e4tte<\/a><\/p>\n<\/div><\/li><li class=\"fusion-li-item\" style=\"\"><span class=\"icon-wrapper circle-yes\"><i class=\"fusion-li-icon fa fa-chevron-right\" aria-hidden=\"true\"><\/i><\/span><div class=\"fusion-li-item-content\">\n<p><a href=\"\/attraktionen\/kreisgarten\/\">Steinzeitdorf mit Kreisgraben<\/a><\/p>\n<\/div><\/li><li class=\"fusion-li-item\" style=\"\"><span class=\"icon-wrapper circle-yes\"><i class=\"fusion-li-icon fa fa-chevron-right\" aria-hidden=\"true\"><\/i><\/span><div class=\"fusion-li-item-content\"><a href=\"https:\/\/www.derheldenberg.at\/cs\/atrakce\/anglicka-zahrada\/\">Englischer Garten<\/a><\/div><\/li><li class=\"fusion-li-item\" style=\"\"><span class=\"icon-wrapper circle-yes\"><i class=\"fusion-li-icon fa fa-chevron-right\" aria-hidden=\"true\"><\/i><\/span><div class=\"fusion-li-item-content\"><a href=\"https:\/\/www.derheldenberg.at\/cs\/atrakce\/regionalni-vinoteka\/\">LPSM Vinothek<\/a><\/div><\/li><\/ul><div class=\"fusion-title title fusion-title-3 fusion-sep-none fusion-title-text fusion-title-size-five infobox-sidebar\" style=\"--awb-margin-top:15px;--awb-margin-top-small:10px;--awb-margin-right-small:0px;--awb-margin-bottom-small:10px;--awb-margin-left-small:0px;\"><h5 class=\"fusion-title-heading title-heading-left fusion-responsive-typography-calculated\" style=\"margin:0;--fontSize:20;--minFontSize:20;line-height:1.2;\">GEL\u00c4NDEPLAN<\/h5><\/div><div class=\"fusion-image-element \" style=\"--awb-caption-title-font-family:var(--h2_typography-font-family);--awb-caption-title-font-weight:var(--h2_typography-font-weight);--awb-caption-title-font-style:var(--h2_typography-font-style);--awb-caption-title-size:var(--h2_typography-font-size);--awb-caption-title-transform:var(--h2_typography-text-transform);--awb-caption-title-line-height:var(--h2_typography-line-height);--awb-caption-title-letter-spacing:var(--h2_typography-letter-spacing);\"><span class=\" fusion-imageframe imageframe-none imageframe-3 hover-type-none\"><a href=\"https:\/\/www.derheldenberg.at\/wp-content\/uploads\/Gel\u00e4ndeplan-Heldenberg_gro\u00df.jpg\" class=\"fusion-lightbox\" data-rel=\"iLightbox[266d76860cf1f108946]\" data-title=\"Pl\u00e1n are\u00e1lu Heldenberg\" title=\"Pl\u00e1n are\u00e1lu Heldenberg\"><img decoding=\"async\" width=\"1100\" height=\"825\" alt=\"Heldenberg Gel\u00e4ndeplan\" src=\"https:\/\/www.derheldenberg.at\/wp-content\/uploads\/Gel\u00e4ndeplan-Heldenberg_gro\u00df.jpg\" class=\"img-responsive wp-image-12864\" srcset=\"https:\/\/www.derheldenberg.at\/wp-content\/uploads\/Gel\u00e4ndeplan-Heldenberg_gro\u00df-200x150.jpg 200w, https:\/\/www.derheldenberg.at\/wp-content\/uploads\/Gel\u00e4ndeplan-Heldenberg_gro\u00df-400x300.jpg 400w, https:\/\/www.derheldenberg.at\/wp-content\/uploads\/Gel\u00e4ndeplan-Heldenberg_gro\u00df-600x450.jpg 600w, https:\/\/www.derheldenberg.at\/wp-content\/uploads\/Gel\u00e4ndeplan-Heldenberg_gro\u00df-800x600.jpg 800w, https:\/\/www.derheldenberg.at\/wp-content\/uploads\/Gel\u00e4ndeplan-Heldenberg_gro\u00df.jpg 1100w\" sizes=\"(max-width: 640px) 100vw, 400px\" \/><\/a><\/span><\/div><\/div><\/div><\/div><\/div><div class=\"fusion-fullwidth fullwidth-box fusion-builder-row-2 fusion-flex-container nonhundred-percent-fullwidth non-hundred-percent-height-scrolling\" style=\"--awb-border-radius-top-left:0px;--awb-border-radius-top-right:0px;--awb-border-radius-bottom-right:0px;--awb-border-radius-bottom-left:0px;--awb-flex-wrap:wrap;\" id=\"info\" ><div class=\"fusion-builder-row fusion-row fusion-flex-align-items-flex-start fusion-flex-content-wrap\" style=\"max-width:1216.8px;margin-left: calc(-4% \/ 2 );margin-right: calc(-4% \/ 2 );\"><div class=\"fusion-layout-column fusion_builder_column fusion-builder-column-3 fusion_builder_column_1_1 1_1 fusion-flex-column\" style=\"--awb-bg-size:cover;--awb-width-large:100%;--awb-margin-top-large:0px;--awb-spacing-right-large:1.92%;--awb-margin-bottom-large:20px;--awb-spacing-left-large:1.92%;--awb-width-medium:100%;--awb-spacing-right-medium:1.92%;--awb-spacing-left-medium:1.92%;--awb-width-small:100%;--awb-spacing-right-small:1.92%;--awb-spacing-left-small:1.92%;\"><div class=\"fusion-column-wrapper fusion-flex-justify-content-flex-start fusion-content-layout-column\"><div class=\"fusion-separator fusion-full-width-sep\" style=\"align-self: center;margin-left: auto;margin-right: auto;margin-top:0px;margin-bottom:10px;width:100%;\"><div class=\"fusion-separator-border sep-single sep-solid\" style=\"--awb-height:20px;--awb-amount:20px;--awb-sep-color:#e1e1e1;border-color:#e1e1e1;border-top-width:1px;\"><\/div><\/div><div class=\"fusion-text fusion-text-5\"><p><a id=\"info\"><\/a><\/p>\n<h2>Informationen<\/h2>\n<\/div><div class=\"accordian fusion-accordian\" style=\"--awb-border-size:1px;--awb-icon-size:13px;--awb-content-font-size:var(--awb-typography4-font-size);--awb-icon-alignment:left;--awb-hover-color:#f9f9f9;--awb-border-color:#cccccc;--awb-background-color:#ffffff;--awb-divider-color:var(--awb-color3);--awb-divider-hover-color:var(--awb-color3);--awb-icon-color:#ffffff;--awb-title-color:#b11715;--awb-content-color:var(--awb-color8);--awb-icon-box-color:#333333;--awb-toggle-hover-accent-color:#b11715;--awb-title-font-family:var(--awb-typography1-font-family);--awb-title-font-weight:var(--awb-typography1-font-weight);--awb-title-font-style:var(--awb-typography1-font-style);--awb-title-font-size:24px;--awb-title-line-height:1.2;--awb-content-font-family:var(--awb-typography4-font-family);--awb-content-font-weight:var(--awb-typography4-font-weight);--awb-content-font-style:var(--awb-typography4-font-style);\"><div class=\"panel-group fusion-toggle-icon-boxed\" id=\"accordion-11337-1\"><div class=\"fusion-panel panel-default panel-93412f8ccfb99f8e4 fusion-toggle-has-divider\" style=\"--awb-title-color:#b11715;--awb-content-color:var(--awb-color8);\"><div class=\"panel-heading\"><h4 class=\"panel-title toggle\" id=\"toggle_93412f8ccfb99f8e4\"><a aria-expanded=\"false\" aria-controls=\"93412f8ccfb99f8e4\" role=\"button\" data-toggle=\"collapse\" data-target=\"#93412f8ccfb99f8e4\" href=\"#93412f8ccfb99f8e4\"><span class=\"fusion-toggle-icon-wrapper\" aria-hidden=\"true\"><i class=\"fa-fusion-box active-icon awb-icon-minus\" aria-hidden=\"true\"><\/i><i class=\"fa-fusion-box inactive-icon awb-icon-plus\" aria-hidden=\"true\"><\/i><\/span><span class=\"fusion-toggle-heading\">Ceny vstupn\u00e9ho<\/span><\/a><\/h4><\/div><div id=\"93412f8ccfb99f8e4\" class=\"panel-collapse collapse \" aria-labelledby=\"toggle_93412f8ccfb99f8e4\"><div class=\"panel-body toggle-content fusion-clearfix\">\n<h3 class=\"fusion-responsive-typography-calculated\" data-fontsize=\"24\" data-lineheight=\"28.799999px\">Kombinovan\u00e1 vstupenka \u2013 sokolnick\u00fd are\u00e1l Aigner\u2019s Falkenhof &amp; neolitick\u00e1 vesnice<\/h3>\n<p>Uk\u00e1zky letu pt\u00e1k\u016f za mal\u00fd p\u0159\u00edplatek (viz d\u00e1le n\u00ed\u017ee).<\/p>\n<table id=\"tablepress-20-no-2\" class=\"tablepress tablepress-id-20\">\n<caption><a href=\"https:\/\/www.derheldenberg.at\/wp-admin\/admin.php?page=tablepress&amp;action=edit&amp;table_id=20\" rel=\"nofollow\">Upravit<\/a><\/caption>\n<tbody class=\"row-striping row-hover\">\n<tr class=\"row-1\">\n<td class=\"column-1\">Dosp\u011bl\u00ed<\/td>\n<td class=\"column-2\">\u20ac 14,00<\/td>\n<\/tr>\n<tr class=\"row-2\">\n<td class=\"column-1\">Skupiny, d\u016fchodci, invalid\u00e9, ml\u00e1de\u017e, osoby v prezen\u010dn\u00ed vojensk\u00e9 slu\u017eb\u011b<\/td>\n<td class=\"column-2\">\u20ac 11,00<\/td>\n<\/tr>\n<tr class=\"row-3\">\n<td class=\"column-1\">D\u011bti do 5 let zdarma<\/td>\n<td class=\"column-2\">gratis<\/td>\n<\/tr>\n<tr class=\"row-4\">\n<td class=\"column-1\">D\u011bti do 14 let, skupiny \u017e\u00e1k\u016f (za \u017e\u00e1ka)<\/td>\n<td class=\"column-2\">\u20ac 7,00<\/td>\n<\/tr>\n<tr class=\"row-5\">\n<td class=\"column-1\">Rodinn\u00e9 vstupn\u00e9 (2 dosp\u011bl\u00ed + max. 3 d\u011bti)<\/td>\n<td class=\"column-2\">\u20ac 28,00<\/td>\n<\/tr>\n<\/tbody>\n<\/table>\n<hr \/>\n<h3 class=\"fusion-responsive-typography-calculated\" data-fontsize=\"24\" data-lineheight=\"28.799999px\">UK\u00c1ZKA \u2013 Aigner\u2019s Falkenhof (p\u0159\u00edplatek na kombinovanou vstupenku Falkenhof za osobu)<\/h3>\n<p>Za\u017eijte \u00fachvatnou uk\u00e1zku letu drav\u00fdch pt\u00e1k\u016f!<br \/>\nP\u0159\u00edplatek za uk\u00e1zku letu<\/p>\n<table id=\"tablepress-21-no-2\" class=\"tablepress tablepress-id-21\">\n<caption><a href=\"https:\/\/www.derheldenberg.at\/wp-admin\/admin.php?page=tablepress&amp;action=edit&amp;table_id=21\" rel=\"nofollow\">Upravit<\/a><\/caption>\n<tbody class=\"row-striping row-hover\">\n<tr class=\"row-1\">\n<td class=\"column-1\">P\u0159\u00edplatek za uk\u00e1zku letu \u2013 Dosp\u011bl\u00ed<\/td>\n<td class=\"column-2\">\u20ac 9,00<\/td>\n<\/tr>\n<tr class=\"row-2\">\n<td class=\"column-1\">P\u0159\u00edplatek za uk\u00e1zku letu \u2013 Skupiny, d\u016fchodci, invalid\u00e9, ml\u00e1de\u017e<\/td>\n<td class=\"column-2\">\u20ac 8,00<\/td>\n<\/tr>\n<tr class=\"row-3\">\n<td class=\"column-1\">D\u011bti do 5 let zdarma<\/td>\n<td class=\"column-2\">gratis<\/td>\n<\/tr>\n<tr class=\"row-4\">\n<td class=\"column-1\">P\u0159\u00edplatek za uk\u00e1zku letu \u2013 D\u011bti do 14 let, skupiny \u017e\u00e1k\u016f (za \u017e\u00e1ka)<\/td>\n<td class=\"column-2\">\u20ac 4,50<\/td>\n<\/tr>\n<tr class=\"row-5\">\n<td class=\"column-1\">P\u0159\u00edplatek za uk\u00e1zku letu \u2013 Rodinn\u00e9 vstupn\u00e9 (2 dosp\u011bl\u00ed + max. 3 d\u011bti)<\/td>\n<td class=\"column-2\">\u20ac 18,00<\/td>\n<\/tr>\n<\/tbody>\n<\/table>\n<p>Tuto atrakci m\u016f\u017eete nav\u0161t\u00edvit v kombinaci s dal\u0161\u00edmi atrakcemi, rovn\u011b\u017e k nim nab\u00edz\u00edme tak\u00e9 prohl\u00eddky.<br \/>\nPodrobnosti najdete na na\u0161ich str\u00e1nk\u00e1ch se <a href=\"https:\/\/www.derheldenberg.at\/cs\/informace-pro-navstevniky\/vstupne\/\">vstupn\u00fdm<\/a>.<\/p>\n<\/div><\/div><\/div><div class=\"fusion-panel panel-default panel-9c0dd059e0c297dd2 fusion-toggle-has-divider\" style=\"--awb-title-color:#b11715;--awb-content-color:var(--awb-color8);\"><div class=\"panel-heading\"><h4 class=\"panel-title toggle\" id=\"toggle_9c0dd059e0c297dd2\"><a aria-expanded=\"false\" aria-controls=\"9c0dd059e0c297dd2\" role=\"button\" data-toggle=\"collapse\" data-target=\"#9c0dd059e0c297dd2\" href=\"#9c0dd059e0c297dd2\"><span class=\"fusion-toggle-icon-wrapper\" aria-hidden=\"true\"><i class=\"fa-fusion-box active-icon awb-icon-minus\" aria-hidden=\"true\"><\/i><i class=\"fa-fusion-box inactive-icon awb-icon-plus\" aria-hidden=\"true\"><\/i><\/span><span class=\"fusion-toggle-heading\">Oteviraci doba<\/span><\/a><\/h4><\/div><div id=\"9c0dd059e0c297dd2\" class=\"panel-collapse collapse \" aria-labelledby=\"toggle_9c0dd059e0c297dd2\"><div class=\"panel-body toggle-content fusion-clearfix\">\n<div id=\"c5c7e71c7377ea7ae\" class=\"panel-collapse collapse in\">\n<p>Sokolnick\u00fd are\u00e1l Aigner\u2019s Falkenhof lze nav\u0161t\u00edvit bez pr\u016fvodce.<br \/>\nPro \u0161koly \u00fater\u00fd \u2013 p\u00e1tek dopoledne program \u201eNauka o drav\u00fdch pt\u00e1c\u00edch\u201c \u2013 po p\u0159edchoz\u00edm p\u0159ihl\u00e1\u0161en\u00ed<\/p>\n<p>Skupinov\u00e9 prohl\u00eddky jsou mimo stanovenou dobu mo\u017en\u00e9 po p\u0159edchoz\u00ed objedn\u00e1vce.<\/p>\n<p><strong>Uk\u00e1zka letu:<\/strong><br \/>\nduben \u2013 \u0159\u00edjen:\u00a0P\u00e1tek 15:15, sobota, ned\u011ble, sv\u00e1tky 10:15 a 15:15<br \/>\n<strong>Krom\u011b toho b\u011bhem rakousk\u00fdch \u0161koln\u00edch pr\u00e1zdnin:<\/strong><br \/>\nOd \u00fater\u00fd do p\u00e1tku 15:15, sobota, ned\u011ble, sv\u00e1tky 10:15 a 15:15<\/p>\n<\/div>\n<\/div><\/div><\/div><div class=\"fusion-panel panel-default panel-abf5ab7bfa0ff69a5 fusion-toggle-has-divider\" style=\"--awb-title-color:#b11715;--awb-content-color:var(--awb-color8);\"><div class=\"panel-heading\"><h4 class=\"panel-title toggle\" id=\"toggle_abf5ab7bfa0ff69a5\"><a aria-expanded=\"false\" aria-controls=\"abf5ab7bfa0ff69a5\" role=\"button\" data-toggle=\"collapse\" data-target=\"#abf5ab7bfa0ff69a5\" href=\"#abf5ab7bfa0ff69a5\"><span class=\"fusion-toggle-icon-wrapper\" aria-hidden=\"true\"><i class=\"fa-fusion-box active-icon awb-icon-minus\" aria-hidden=\"true\"><\/i><i class=\"fa-fusion-box inactive-icon awb-icon-plus\" aria-hidden=\"true\"><\/i><\/span><span class=\"fusion-toggle-heading\">Nob\u00eddky pro skupiny<\/span><\/a><\/h4><\/div><div id=\"abf5ab7bfa0ff69a5\" class=\"panel-collapse collapse \" aria-labelledby=\"toggle_abf5ab7bfa0ff69a5\"><div class=\"panel-body toggle-content fusion-clearfix\">\n<p>Vedle neolitick\u00e9 vesnice se nach\u00e1z\u00ed Aigner\u2019s Falkenhof, kde jsou doma kr\u00e1lov\u00e9 vzduchu. Prohl\u00eddka are\u00e1lu zprost\u0159edkov\u00e1v\u00e1 velk\u00e9 mno\u017estv\u00ed dom\u00e1c\u00edch drav\u00fdch pt\u00e1k\u016f ve voli\u00e9r\u00e1ch p\u0159izp\u016fsoben\u00fdch jejich druhu. Dravci jsou p\u0159i ka\u017edodenn\u00edch uk\u00e1zk\u00e1ch nev\u0161edn\u00edm z\u00e1\u017eitkem. N\u00e1v\u0161t\u011bvn\u00edci se sezn\u00e1m\u00ed s jejich v\u00fdskytem, \u017eivotn\u00edm prost\u0159ed\u00edm, loveck\u00fdmi schopnostmi a lovenou ko\u0159ist\u00ed.<\/p>\n<ul>\n<li>Stanice drav\u00fdch pt\u00e1k\u016f s pr\u016fvodcem<\/li>\n<li>\u00davod do nauky o drav\u00fdch pt\u00e1c\u00edch<\/li>\n<li>Dom\u00e1c\u00ed pt\u00e1ci, jako je sokol, jest\u0159\u00e1b, k\u00e1n\u011b a mnoho dal\u0161\u00edch<\/li>\n<li>Prohl\u00eddka s\u00eddli\u0161t\u011b z doby kamenn\u00e9 \/ neolitick\u00e9 vesnice s kruhov\u00fdmi p\u0159\u00edkopy<\/li>\n<\/ul>\n<p><strong>Skupinov\u00e9 vstupn\u00e9 7,00 \u20ac \/ osobu<\/strong><\/p>\n<hr \/>\n<h3 class=\"fusion-responsive-typography-calculated\" data-fontsize=\"24\" data-lineheight=\"28.799999px\">P\u0158EDV\u00c1D\u011aN\u00cd LETU V AIGNER\u2019S FALKENHOF<\/h3>\n<p>V\u00fdcvik letu dravc\u016f na atrap\u011b ko\u0159isti, pomoc\u00ed pokyn\u016f rukou apod.<br \/>\nPo individu\u00e1ln\u00ed dohod\u011b, nen\u00ed sou\u010d\u00e1st\u00ed bal\u00ed\u010dku,<br \/>\nDoba trv\u00e1n\u00ed asi 30 minut, <strong>p\u0159\u00edplatek 4,- \u20ac za osobu<\/strong><\/p>\n<\/div><\/div><\/div><div class=\"fusion-panel panel-default panel-2fda4578a5e17b8a7 fusion-toggle-has-divider\" style=\"--awb-title-color:#b11715;--awb-content-color:var(--awb-color8);\"><div class=\"panel-heading\"><h4 class=\"panel-title toggle\" id=\"toggle_2fda4578a5e17b8a7\"><a aria-expanded=\"false\" aria-controls=\"2fda4578a5e17b8a7\" role=\"button\" data-toggle=\"collapse\" data-target=\"#2fda4578a5e17b8a7\" href=\"#2fda4578a5e17b8a7\"><span class=\"fusion-toggle-icon-wrapper\" aria-hidden=\"true\"><i class=\"fa-fusion-box active-icon awb-icon-minus\" aria-hidden=\"true\"><\/i><i class=\"fa-fusion-box inactive-icon awb-icon-plus\" aria-hidden=\"true\"><\/i><\/span><span class=\"fusion-toggle-heading\">Nab\u00eddky pro \u0161koly a ml\u00e1de\u017e<\/span><\/a><\/h4><\/div><div id=\"2fda4578a5e17b8a7\" class=\"panel-collapse collapse \" aria-labelledby=\"toggle_2fda4578a5e17b8a7\"><div class=\"panel-body toggle-content fusion-clearfix\">\n<p>Vedle neolitick\u00e9 vesnice se nach\u00e1z\u00ed Aigner\u2019s Falkenhof, kde jsou doma kr\u00e1lov\u00e9 vzduchu. Prohl\u00eddka are\u00e1lu zprost\u0159edkov\u00e1v\u00e1 velk\u00e9 mno\u017estv\u00ed dom\u00e1c\u00edch drav\u00fdch pt\u00e1k\u016f ve voli\u00e9r\u00e1ch p\u0159izp\u016fsoben\u00fdch jejich druhu. Dravci jsou p\u0159i ka\u017edodenn\u00edch uk\u00e1zk\u00e1ch nev\u0161edn\u00edm z\u00e1\u017eitkem. N\u00e1v\u0161t\u011bvn\u00edci se sezn\u00e1m\u00ed s jejich v\u00fdskytem, \u017eivotn\u00edm prost\u0159ed\u00edm, loveck\u00fdmi schopnostmi a lovenou ko\u0159ist\u00ed.<\/p>\n<p><strong>Skupinov\u00fd tarif: 4,- \u20ac \/ \u017e\u00e1ka<\/strong><\/p>\n<hr \/>\n<h3 class=\"fusion-responsive-typography-calculated\" data-fontsize=\"24\" data-lineheight=\"28.799999px\">Stanice drav\u00fdch pt\u00e1k\u016f s pr\u016fvodcem<\/h3>\n<p>\u00davod do nauky o drav\u00fdch pt\u00e1c\u00edch, dom\u00e1c\u00ed pt\u00e1ci, jako jsou sokol, jest\u0159\u00e1b, k\u00e1n\u011b atd.<br \/>\nDoba trv\u00e1n\u00ed cca 45 min., <strong>p\u0159\u00edplatek 1,50 \u20ac \/ studenta<\/strong><\/p>\n<hr \/>\n<h3 class=\"fusion-responsive-typography-calculated\" data-fontsize=\"24\" data-lineheight=\"28.799999px\">P\u0158EDV\u00c1D\u011aN\u00cd LETU V AIGNER\u2019S FALKENHOF<\/h3>\n<p>V\u00fdcvik letu dravc\u016f na atrap\u011b ko\u0159isti, pomoc\u00ed pokyn\u016f rukou apod.<br \/>\nDoba trv\u00e1n\u00ed cca 45 min., <strong>p\u0159\u00edplatek 2,00 \u20ac \/ studenta<\/strong><\/p>\n<\/div><\/div><\/div><div class=\"fusion-panel panel-default panel-f93eee1947c464237 fusion-toggle-has-divider\" style=\"--awb-title-color:var(--awb-color8);--awb-content-color:var(--awb-color8);\"><div class=\"panel-heading\"><h4 class=\"panel-title toggle\" id=\"toggle_f93eee1947c464237\"><a aria-expanded=\"false\" aria-controls=\"f93eee1947c464237\" role=\"button\" data-toggle=\"collapse\" data-target=\"#f93eee1947c464237\" href=\"#f93eee1947c464237\"><span class=\"fusion-toggle-icon-wrapper\" aria-hidden=\"true\"><i class=\"fa-fusion-box active-icon awb-icon-minus\" aria-hidden=\"true\"><\/i><i class=\"fa-fusion-box inactive-icon awb-icon-plus\" aria-hidden=\"true\"><\/i><\/span><span class=\"fusion-toggle-heading\">Informace o bezbari\u00e9rov\u00e9m p\u0159\u00edstup<\/span><\/a><\/h4><\/div><div id=\"f93eee1947c464237\" class=\"panel-collapse collapse \" aria-labelledby=\"toggle_f93eee1947c464237\"><div class=\"panel-body toggle-content fusion-clearfix\">\n<h3 class=\"fusion-responsive-typography-calculated\" data-fontsize=\"24\" data-lineheight=\"28.799999px\">Parkovi\u0161t\u011b<\/h3>\n<p>P\u0159\u00edmo na boku vstupu je k dispozici parkovi\u0161t\u011b pro invalidy. Na\u0161e ukazatele v\u00e1s navedou.<\/p>\n<h3 class=\"fusion-responsive-typography-calculated\" data-fontsize=\"24\" data-lineheight=\"28.799999px\">Ceny vstupn\u00e9ho<\/h3>\n<p>Pro osoby se speci\u00e1ln\u00edmi pot\u0159ebami je sn\u00ed\u017een\u00e9 vstupn\u00e9 mo\u017en\u00e9 pro p\u0159edlo\u017een\u00ed pr\u016fkazu. Doprov\u00e1zej\u00edc\u00ed osoby maj\u00ed vstup zdarma, pokud jsou uvedeny v pr\u016fkazu.<\/p>\n<h3 class=\"fusion-responsive-typography-calculated\" data-fontsize=\"24\" data-lineheight=\"28.799999px\">Toalety<\/h3>\n<p>Bezbari\u00e9rov\u00e1 soci\u00e1ln\u00ed za\u0159\u00edzen\u00ed jsou k dispozici v prostoru obou pokladen.<\/p>\n<h3 class=\"fusion-responsive-typography-calculated\" data-fontsize=\"24\" data-lineheight=\"28.799999px\">Pohyb v r\u00e1mci c\u00edle v\u00fdletu<\/h3>\n<p>Z parkovi\u0161t\u011b pro t\u011blesn\u011b posti\u017een\u00ed u hlavn\u00ed pokladny se dostanete po ramp\u011b do prostoru pokladen, odkud m\u016f\u017eete pokra\u010dovat po rovin\u011b bezbari\u00e9rov\u011b a\u017e do <strong>muzea veter\u00e1n\u016f.<\/strong><\/p>\n<p><strong>Kav\u00e1rna Heldenberg a Anglick\u00e1 zahrada<\/strong> jsou z t\u00e9to \u00farovn\u011b dostupn\u00e9 zdvi\u017e\u00ed. Cesty v Anglick\u00e9 zahrad\u011b jsou p\u0159\u00edrodn\u00ed a a\u017e k Schneckenbergu dob\u0159e p\u0159\u00edstupn\u00e9.<\/p>\n<p>Cesta k <strong>lipic\u00e1nsk\u00fdm st\u00e1j\u00edm<\/strong> je pro osoby s omezenou pohyblivost\u00ed a na invalidn\u00edm voz\u00edku obt\u00ed\u017en\u011b p\u0159\u00edstupn\u00e1. Z tohoto d\u016fvodu v\u00e1s \u017e\u00e1d\u00e1me, abyste informovali n\u00e1\u0161 person\u00e1l. Po domluv\u011b v\u00e1s m\u016f\u017eeme ke st\u00e1j\u00edm dopravit p\u0159\u00edmo. N\u00e1\u0161 person\u00e1l v\u00e1s vyzvedne a doprovod\u00ed na v\u00fdchoz\u00ed m\u00edsto pro prohl\u00eddku.<\/p>\n<p><strong>Radeck\u00e9ho pomn\u00edk<\/strong> je a\u017e k hrobce bezbari\u00e9rov\u00fd. Do parku je vstup bezbari\u00e9rov\u00fd. Obra\u0165te se pros\u00edm na na\u0161e pracovn\u00edky. P\u0159\u00edstup k <strong>neolitick\u00e9 vesnici a sokolnick\u00e9mu are\u00e1lu Falkenhof Aigner<\/strong> je v\u00fdlu\u010dn\u011b po p\u0159\u00edrodn\u00edch cest\u00e1ch, kter\u00e9 mohou prohl\u00eddku zt\u00ed\u017eit. N\u00e1v\u0161t\u011bva t\u011bchto dvou atrakc\u00ed je mo\u017en\u00e1 pouze s asistenc\u00ed, proto\u017ee cesta vede se stoup\u00e1n\u00edm.<\/p>\n<\/div><\/div><\/div><\/div><\/div><\/div><\/div><\/div><\/div><\/p>","protected":false},"excerpt":{"rendered":"","protected":false},"author":3,"featured_media":0,"parent":11296,"menu_order":0,"comment_status":"closed","ping_status":"closed","template":"100-width.php","meta":{"footnotes":""},"class_list":["post-11337","page","type-page","status-publish","hentry"],"aioseo_notices":[],"_links":{"self":[{"href":"https:\/\/www.derheldenberg.at\/cs\/wp-json\/wp\/v2\/pages\/11337","targetHints":{"allow":["GET"]}}],"collection":[{"href":"https:\/\/www.derheldenberg.at\/cs\/wp-json\/wp\/v2\/pages"}],"about":[{"href":"https:\/\/www.derheldenberg.at\/cs\/wp-json\/wp\/v2\/types\/page"}],"author":[{"embeddable":true,"href":"https:\/\/www.derheldenberg.at\/cs\/wp-json\/wp\/v2\/users\/3"}],"replies":[{"embeddable":true,"href":"https:\/\/www.derheldenberg.at\/cs\/wp-json\/wp\/v2\/comments?post=11337"}],"version-history":[{"count":5,"href":"https:\/\/www.derheldenberg.at\/cs\/wp-json\/wp\/v2\/pages\/11337\/revisions"}],"predecessor-version":[{"id":18193,"href":"https:\/\/www.derheldenberg.at\/cs\/wp-json\/wp\/v2\/pages\/11337\/revisions\/18193"}],"up":[{"embeddable":true,"href":"https:\/\/www.derheldenberg.at\/cs\/wp-json\/wp\/v2\/pages\/11296"}],"wp:attachment":[{"href":"https:\/\/www.derheldenberg.at\/cs\/wp-json\/wp\/v2\/media?parent=11337"}],"curies":[{"name":"wp","href":"https:\/\/api.w.org\/{rel}","templated":true}]}}