{"id":11348,"date":"2017-10-23T17:14:59","date_gmt":"2017-10-23T15:14:59","guid":{"rendered":"https:\/\/www.derheldenberg.atatrakce\/radetzky-gedenkstaette\/"},"modified":"2022-04-15T18:00:54","modified_gmt":"2022-04-15T16:00:54","slug":"radeckeho-pomnik","status":"publish","type":"page","link":"https:\/\/www.derheldenberg.at\/cs\/atrakce\/radeckeho-pomnik\/","title":{"rendered":"Radeck\u00e9ho pomn\u00edk"},"content":{"rendered":"<p><div class=\"fusion-fullwidth fullwidth-box fusion-builder-row-1 fusion-flex-container nonhundred-percent-fullwidth non-hundred-percent-height-scrolling\" style=\"--awb-border-radius-top-left:0px;--awb-border-radius-top-right:0px;--awb-border-radius-bottom-right:0px;--awb-border-radius-bottom-left:0px;--awb-flex-wrap:wrap;\" ><div class=\"fusion-builder-row fusion-row fusion-flex-align-items-flex-start fusion-flex-content-wrap\" style=\"max-width:1216.8px;margin-left: calc(-4% \/ 2 );margin-right: calc(-4% \/ 2 );\"><div class=\"fusion-layout-column fusion_builder_column fusion-builder-column-0 fusion_builder_column_1_1 1_1 fusion-flex-column\" style=\"--awb-padding-top:25px;--awb-padding-bottom:20px;--awb-bg-size:cover;--awb-width-large:100%;--awb-margin-top-large:0px;--awb-spacing-right-large:1.92%;--awb-margin-bottom-large:20px;--awb-spacing-left-large:1.92%;--awb-width-medium:100%;--awb-spacing-right-medium:1.92%;--awb-spacing-left-medium:1.92%;--awb-width-small:100%;--awb-spacing-right-small:1.92%;--awb-spacing-left-small:1.92%;\"><div class=\"fusion-column-wrapper fusion-flex-justify-content-flex-start fusion-content-layout-column\"><div class=\"fusion-title title fusion-title-1 fusion-title-text fusion-title-size-one\" style=\"--awb-margin-top:35px;--awb-margin-bottom:0px;--awb-margin-top-small:10px;--awb-margin-right-small:0px;--awb-margin-bottom-small:10px;--awb-margin-left-small:0px;--awb-sep-color:#999;\"><div class=\"title-sep-container title-sep-container-left fusion-no-large-visibility fusion-no-medium-visibility fusion-no-small-visibility\"><div class=\"title-sep sep-single sep-solid\" style=\"border-color:#999;\"><\/div><\/div><span class=\"awb-title-spacer fusion-no-large-visibility fusion-no-medium-visibility fusion-no-small-visibility\"><\/span><h1 class=\"fusion-title-heading title-heading-left fusion-responsive-typography-calculated\" style=\"margin:0;--fontSize:32;line-height:1.1;\"><p style=\"text-transform: uppercase; text-align: left;\">Radeck\u00e9ho pomn\u00edk<\/p><\/h1><span class=\"awb-title-spacer\"><\/span><div class=\"title-sep-container title-sep-container-right\"><div class=\"title-sep sep-single sep-solid\" style=\"border-color:#999;\"><\/div><\/div><\/div><\/div><\/div><div class=\"fusion-layout-column fusion_builder_column fusion-builder-column-1 fusion_builder_column_3_4 3_4 fusion-flex-column contentcol-3-4\" style=\"--awb-padding-right:20px;--awb-bg-color:#ffffff;--awb-bg-color-hover:#ffffff;--awb-bg-size:cover;--awb-width-large:75%;--awb-margin-top-large:0px;--awb-spacing-right-large:3.84%;--awb-margin-bottom-large:20px;--awb-spacing-left-large:2.56%;--awb-width-medium:75%;--awb-spacing-right-medium:3.84%;--awb-spacing-left-medium:2.56%;--awb-width-small:100%;--awb-spacing-right-small:1.92%;--awb-spacing-left-small:1.92%;\"><div class=\"fusion-column-wrapper fusion-flex-justify-content-flex-start fusion-content-layout-column\"><div class=\"fusion-builder-row fusion-builder-row-inner fusion-row fusion-flex-align-items-flex-start fusion-flex-content-wrap\" style=\"--awb-flex-grow:0;--awb-flex-grow-medium:0;--awb-flex-grow-small:0;--awb-flex-shrink:0;--awb-flex-shrink-medium:0;--awb-flex-shrink-small:0;width:104% !important;max-width:104% !important;margin-left: calc(-4% \/ 2 );margin-right: calc(-4% \/ 2 );\"><div class=\"fusion-layout-column fusion_builder_column_inner fusion-builder-nested-column-0 fusion_builder_column_inner_1_3 1_3 fusion-flex-column\" style=\"--awb-bg-size:cover;--awb-width-large:33.333333333333%;--awb-margin-top-large:0px;--awb-spacing-right-large:3.8399999999999%;--awb-margin-bottom-large:20px;--awb-spacing-left-large:5.76%;--awb-width-medium:33.333333333333%;--awb-spacing-right-medium:3.8399999999999%;--awb-spacing-left-medium:5.76%;--awb-width-small:100%;--awb-spacing-right-small:1.92%;--awb-spacing-left-small:1.92%;\"><div class=\"fusion-column-wrapper fusion-flex-justify-content-flex-start fusion-content-layout-column\"><div class=\"fusion-image-element \" style=\"--awb-caption-title-font-family:var(--h2_typography-font-family);--awb-caption-title-font-weight:var(--h2_typography-font-weight);--awb-caption-title-font-style:var(--h2_typography-font-style);--awb-caption-title-size:var(--h2_typography-font-size);--awb-caption-title-transform:var(--h2_typography-text-transform);--awb-caption-title-line-height:var(--h2_typography-line-height);--awb-caption-title-letter-spacing:var(--h2_typography-letter-spacing);\"><span class=\" fusion-imageframe imageframe-none imageframe-1 hover-type-none\"><img decoding=\"async\" width=\"263\" height=\"356\" alt=\"Radeck\u00e9ho pomn\u00edk\" title=\"Feldmarschall Josef Graf Radetzky\" src=\"https:\/\/www.derheldenberg.at\/wp-content\/uploads\/AttraktionRadetzky01.jpg\" class=\"img-responsive wp-image-12492\" srcset=\"https:\/\/www.derheldenberg.at\/wp-content\/uploads\/AttraktionRadetzky01-200x271.jpg 200w, https:\/\/www.derheldenberg.at\/wp-content\/uploads\/AttraktionRadetzky01.jpg 263w\" sizes=\"(max-width: 640px) 100vw, 263px\" \/><\/span><\/div><\/div><\/div><div class=\"fusion-layout-column fusion_builder_column_inner fusion-builder-nested-column-1 fusion_builder_column_inner_2_3 2_3 fusion-flex-column\" style=\"--awb-bg-size:cover;--awb-width-large:66.666666666667%;--awb-margin-top-large:0px;--awb-spacing-right-large:2.88%;--awb-margin-bottom-large:20px;--awb-spacing-left-large:3.84%;--awb-width-medium:66.666666666667%;--awb-spacing-right-medium:2.88%;--awb-spacing-left-medium:3.84%;--awb-width-small:100%;--awb-spacing-right-small:1.92%;--awb-spacing-left-small:1.92%;\"><div class=\"fusion-column-wrapper fusion-flex-justify-content-flex-start fusion-content-layout-column\"><div class=\"fusion-text fusion-text-1\"><h2 data-fontsize=\"23\" data-lineheight=\"27\" data-inline-fontsize=\"true\" data-inline-lineheight=\"true\">Shrnut\u00ed Radeck\u00fd<\/h2>\n<p>Poln\u00ed mar\u0161\u00e1l hrab\u011b Josef Radeck\u00fd se narodil v \u010cech\u00e1ch dne 2. listopadu 1766 a v c\u00edsa\u0159sko-kr\u00e1lovsk\u00e9 arm\u00e1d\u011b slou\u017eil neuv\u011b\u0159iteln\u00fdch 72 let. Radeck\u00fd byl vedle prince Ev\u017eena nejpopul\u00e1rn\u011bj\u0161\u00ed vojev\u016fdce v Rakousku. Poch\u00e1zel z \u010desk\u00e9ho \u0161lechtick\u00e9ho rodu. Jeho d\u011bde\u010dek a otec byli c\u00edsa\u0159\u0161t\u00ed d\u016fstojn\u00edci. Radeck\u00fd byl \u017eenat\u00fd s hrab\u011bnkou Strassoldi-Grafenberg a zem\u0159el 5. ledna 1858 ve v\u011bku 92 let.<\/p>\n<\/div><\/div><\/div><\/div><div class=\"fusion-builder-row fusion-builder-row-inner fusion-row fusion-flex-align-items-flex-start fusion-flex-content-wrap\" style=\"--awb-flex-grow:0;--awb-flex-grow-medium:0;--awb-flex-grow-small:0;--awb-flex-shrink:0;--awb-flex-shrink-medium:0;--awb-flex-shrink-small:0;width:104% !important;max-width:104% !important;margin-left: calc(-4% \/ 2 );margin-right: calc(-4% \/ 2 );\"><div class=\"fusion-layout-column fusion_builder_column_inner fusion-builder-nested-column-2 fusion_builder_column_inner_1_3 1_3 fusion-flex-column\" style=\"--awb-bg-size:cover;--awb-width-large:33.333333333333%;--awb-margin-top-large:0px;--awb-spacing-right-large:3.8399999999999%;--awb-margin-bottom-large:20px;--awb-spacing-left-large:5.76%;--awb-width-medium:33.333333333333%;--awb-spacing-right-medium:3.8399999999999%;--awb-spacing-left-medium:5.76%;--awb-width-small:100%;--awb-spacing-right-small:1.92%;--awb-spacing-left-small:1.92%;\"><div class=\"fusion-column-wrapper fusion-flex-justify-content-flex-start fusion-content-layout-column\"><div class=\"fusion-image-element \" style=\"--awb-caption-title-font-family:var(--h2_typography-font-family);--awb-caption-title-font-weight:var(--h2_typography-font-weight);--awb-caption-title-font-style:var(--h2_typography-font-style);--awb-caption-title-size:var(--h2_typography-font-size);--awb-caption-title-transform:var(--h2_typography-text-transform);--awb-caption-title-line-height:var(--h2_typography-line-height);--awb-caption-title-letter-spacing:var(--h2_typography-letter-spacing);\"><span class=\" fusion-imageframe imageframe-none imageframe-2 hover-type-none\"><img decoding=\"async\" width=\"263\" height=\"356\" alt=\"Josef Gottfried Pargfrieder\" title=\"Josef Gottfried Pargfrieder Herr des Schlosses Wetzdorf &#8211; Heldenberg\" src=\"https:\/\/www.derheldenberg.at\/wp-content\/uploads\/AttraktionRadetzky02.jpg\" class=\"img-responsive wp-image-12494\" srcset=\"https:\/\/www.derheldenberg.at\/wp-content\/uploads\/AttraktionRadetzky02-200x271.jpg 200w, https:\/\/www.derheldenberg.at\/wp-content\/uploads\/AttraktionRadetzky02.jpg 263w\" sizes=\"(max-width: 640px) 100vw, 263px\" \/><\/span><\/div><\/div><\/div><div class=\"fusion-layout-column fusion_builder_column_inner fusion-builder-nested-column-3 fusion_builder_column_inner_2_3 2_3 fusion-flex-column\" style=\"--awb-bg-size:cover;--awb-width-large:66.666666666667%;--awb-margin-top-large:0px;--awb-spacing-right-large:2.88%;--awb-margin-bottom-large:20px;--awb-spacing-left-large:3.84%;--awb-width-medium:66.666666666667%;--awb-spacing-right-medium:2.88%;--awb-spacing-left-medium:3.84%;--awb-width-small:100%;--awb-spacing-right-small:1.92%;--awb-spacing-left-small:1.92%;\"><div class=\"fusion-column-wrapper fusion-flex-justify-content-flex-start fusion-content-layout-column\"><div class=\"fusion-text fusion-text-2\"><h2 data-fontsize=\"28\" data-lineheight=\"33\">Historie<\/h2>\n<p>Josef Gottfried Pargfrieder, p\u00e1n na z\u00e1mku Wetzdorf a p\u0159\u00edtel gener\u00e1l\u016f Radeck\u00e9ho a Wimpffena nechal v roce 1848 postavit tento velk\u00fd, pozoruhodn\u00fd pomn\u00edk na po\u010dest c\u00edsa\u0159sko-kr\u00e1lovsk\u00e9 arm\u00e1dy. Tento Pantheon byl postaven po vzoru Walhaly v Donaustaufu u \u0158ezna. Historick\u00fd komplex \u201eHeldenberg\u201c &#8211; unik\u00e1tn\u00ed pam\u00e1tn\u00edk a pam\u011btn\u00ed m\u00edsto z prvn\u00ed poloviny 19. stolet\u00ed &#8211; je \u010destn\u00fdm pomn\u00edkem gener\u00e1l\u016f, d\u016fstojn\u00edk\u016f a voj\u00e1k\u016f tehdej\u0161\u00ed c\u00edsa\u0159sko-kr\u00e1lovsk\u00e9 arm\u00e1dy. Hlavn\u00ed osobnost\u00ed je slavn\u00fd poln\u00ed mar\u0161\u00e1l Radeck\u00fd, kter\u00fd je zde poh\u0159ben.<\/p>\n<\/div><\/div><\/div><\/div><div class=\"fusion-text fusion-text-3\"><h2>Prohl\u00eddkov\u00fd okruh<\/h2>\n<p>Prohl\u00eddka za\u010d\u00edn\u00e1 multimedi\u00e1ln\u00edm \u00favodem do \u017eivota poln\u00edho mar\u0161\u00e1la hrab\u011bte Radeck\u00e9ho, r\u016fzn\u00e9 expon\u00e1ty z t\u00e9to doby dopl\u0148uj\u00ed historick\u00fd obraz.<\/p>\n<\/div><div class=\"fusion-video fusion-youtube\" style=\"--awb-max-width:600px;--awb-max-height:360px;--awb-align-self:flex-start;--awb-width:100%;\"><div class=\"video-shortcode\"><div class=\"fluid-width-video-wrapper\" style=\"padding-top:60%;\" ><iframe title=\"YouTube video player 1\" src=\"https:\/\/www.youtube.com\/embed\/8kgSX7We2j4?wmode=transparent&autoplay=0\" width=\"600\" height=\"360\" allowfullscreen allow=\"autoplay; clipboard-write; encrypted-media; gyroscope; picture-in-picture;\"><\/iframe><\/div><\/div><\/div><div class=\"fusion-separator fusion-no-small-visibility fusion-no-medium-visibility fusion-full-width-sep\" style=\"align-self: center;margin-left: auto;margin-right: auto;width:100%;\"><\/div><div class=\"fusion-text fusion-text-4\"><p>Cel\u00fd are\u00e1l se skl\u00e1d\u00e1 z rozlehl\u00e9ho parku se sloupovou halou (\u201eInvalidovnou\u201c), n\u011bkolika obelisk\u016f, dvou v\u00edt\u011bzn\u00fdch sloup\u016f, kolem kter\u00fdch jsou rozm\u00edst\u011bny sochy a busty ryt\u00ed\u0159\u016f vojensk\u00e9ho \u0159\u00e1du Marie Terezie z italsk\u00e9ho a uhersk\u00e9ho ta\u017een\u00ed, a dal\u0161\u00ed sochy a busty v \u201ealeji vl\u00e1dc\u016f\u201c, v\u010detn\u011b sochy mlad\u00e9ho Franti\u0161ka Josefa I. v \u017eivotn\u00ed velikosti. Uprost\u0159ed are\u00e1lu stoj\u00ed socha m\u00fazy d\u011bjepisectv\u00ed Klei\u00f3 a p\u0159ed n\u00ed obelisk, pod kter\u00fdm se nach\u00e1z\u00ed hrobka vysv\u011bcen\u00e1 v roce 1850, do n\u00ed\u017e byl v roce 1858 poh\u0159ben poln\u00ed mar\u0161\u00e1l Radeck\u00fd, v roce 1854 Maximilian, svobodn\u00fd p\u00e1n z Wimpffenu, n\u00e1\u010deln\u00edk gener\u00e1ln\u00edho \u0161t\u00e1bu v bitv\u011b u Aspern a v roce 1863 Pargfrider samotn\u00fd.<\/p>\n<h3>Tv\u00fdm t\u00e1borem je Rakousko &#8211; Sc\u00e9ny ze \u017eivota poln\u00edho mar\u0161\u00e1la Radeck\u00e9ho<\/h3>\n<p>Nov\u00e1 expozice z c\u00ednov\u00fdch figurek v pomn\u00edku Radeck\u00e9ho zn\u00e1zor\u0148uje vojenskou kari\u00e9ru poln\u00edho mar\u0161\u00e1la Radeck\u00e9ho v trojrozm\u011brn\u00fdch dior\u00e1m\u00e1ch z c\u00ednov\u00fdch figurek. Obrazy zachycuj\u00ed ud\u00e1losti a jeho \u010diny od ml\u00e1d\u00ed a\u017e do ulo\u017een\u00ed t\u011bla na Heldenbergu.<\/p>\n<\/div><div class=\"accordian fusion-accordian\" style=\"--awb-border-size:1px;--awb-icon-size:13px;--awb-content-font-size:var(--awb-typography4-font-size);--awb-icon-alignment:left;--awb-hover-color:#f9f9f9;--awb-border-color:#cccccc;--awb-background-color:#ffffff;--awb-divider-color:var(--awb-color3);--awb-divider-hover-color:var(--awb-color3);--awb-icon-color:#ffffff;--awb-title-color:var(--awb-color8);--awb-content-color:var(--awb-color8);--awb-icon-box-color:#333333;--awb-toggle-hover-accent-color:#b11715;--awb-title-font-family:var(--awb-typography1-font-family);--awb-title-font-weight:var(--awb-typography1-font-weight);--awb-title-font-style:var(--awb-typography1-font-style);--awb-title-font-size:24px;--awb-title-line-height:1.2;--awb-content-font-family:var(--awb-typography4-font-family);--awb-content-font-weight:var(--awb-typography4-font-weight);--awb-content-font-style:var(--awb-typography4-font-style);\"><div class=\"panel-group fusion-toggle-icon-boxed\" id=\"accordion-11348-1\"><div class=\"fusion-panel panel-default panel-0f536d89c4635d1bd fusion-toggle-has-divider\"><div class=\"panel-heading\"><h4 class=\"panel-title toggle\" id=\"toggle_0f536d89c4635d1bd\"><a aria-expanded=\"false\" aria-controls=\"0f536d89c4635d1bd\" role=\"button\" data-toggle=\"collapse\" data-target=\"#0f536d89c4635d1bd\" href=\"#0f536d89c4635d1bd\"><span class=\"fusion-toggle-icon-wrapper\" aria-hidden=\"true\"><i class=\"fa-fusion-box active-icon awb-icon-minus\" aria-hidden=\"true\"><\/i><i class=\"fa-fusion-box inactive-icon awb-icon-plus\" aria-hidden=\"true\"><\/i><\/span><span class=\"fusion-toggle-heading\">1788; Tureck\u00e1 v\u00e1lka: Na most\u011b u Slatiny<\/span><\/a><\/h4><\/div><div id=\"0f536d89c4635d1bd\" class=\"panel-collapse collapse \" aria-labelledby=\"toggle_0f536d89c4635d1bd\"><div class=\"panel-body toggle-content fusion-clearfix\">Poru\u010d\u00edk Radeck\u00fd se vyznamenal ji\u017e p\u0159i prvn\u00ed p\u0159\u00edle\u017eitosti! U slatinsk\u00e9ho mostu se dohadovali rakou\u0161t\u00ed husa\u0159i a svobodn\u00e9 odd\u00edly o n\u00e1klad p\u00e1lenky, padly v\u00fdst\u0159ely, vypukl zmatek a z \u00fastupu se stal \u00faprk. Turci podnikli \u00fatok, a do\u0161lo by ke katastrof\u011b, kdyby tureck\u00e1 j\u00edzda nebyla pora\u017eena zadn\u00edm vojem, \u010d\u00e1st\u00ed regimentu kyrysn\u00edk\u016f Caramelli veden\u00e9ho Radeck\u00fdm.<\/p>\n<p><img decoding=\"async\" class=\"alignleft wp-image-4285\" src=\"https:\/\/www.derheldenberg.at\/wp-content\/uploads\/radetzky_bruecke-von-slatina_P22710891-300x225.jpg\" alt=\"1788; Tureck\u00e1 v\u00e1lka: Na most\u011b u Slatiny\" width=\"350\" height=\"263\" srcset=\"https:\/\/www.derheldenberg.at\/wp-content\/uploads\/radetzky_bruecke-von-slatina_P22710891-300x225.jpg 300w, https:\/\/www.derheldenberg.at\/wp-content\/uploads\/radetzky_bruecke-von-slatina_P22710891.jpg 1024w\" sizes=\"(max-width: 350px) 100vw, 350px\" \/> <img decoding=\"async\" class=\"alignleft wp-image-4284\" src=\"https:\/\/www.derheldenberg.at\/wp-content\/uploads\/radetzky_an-der-bruecke-nach-slatina_P22710841-300x225.jpg\" alt=\"1788; Tureck\u00e1 v\u00e1lka: Na most\u011b u Slatiny\" width=\"350\" height=\"263\" srcset=\"https:\/\/www.derheldenberg.at\/wp-content\/uploads\/radetzky_an-der-bruecke-nach-slatina_P22710841-300x225.jpg 300w, https:\/\/www.derheldenberg.at\/wp-content\/uploads\/radetzky_an-der-bruecke-nach-slatina_P22710841.jpg 1024w\" sizes=\"(max-width: 350px) 100vw, 350px\" \/><\/p>\n<div class=\"fusion-separator fusion-full-width-sep\" style=\"align-self: center;margin-left: auto;margin-right: auto;width:100%;\"><\/div><\/div><\/div><\/div><div class=\"fusion-panel panel-default panel-bf8bbd60e729846f7 fusion-toggle-has-divider\"><div class=\"panel-heading\"><h4 class=\"panel-title toggle\" id=\"toggle_bf8bbd60e729846f7\"><a aria-expanded=\"false\" aria-controls=\"bf8bbd60e729846f7\" role=\"button\" data-toggle=\"collapse\" data-target=\"#bf8bbd60e729846f7\" href=\"#bf8bbd60e729846f7\"><span class=\"fusion-toggle-icon-wrapper\" aria-hidden=\"true\"><i class=\"fa-fusion-box active-icon awb-icon-minus\" aria-hidden=\"true\"><\/i><i class=\"fa-fusion-box inactive-icon awb-icon-plus\" aria-hidden=\"true\"><\/i><\/span><span class=\"fusion-toggle-heading\">1809: Napoleonsk\u00e9 v\u00e1lky: Radeck\u00fd si vyslou\u017eil Velitelsk\u00fd k\u0159\u00ed\u017e \u0158\u00e1du Marie Terezie<\/span><\/a><\/h4><\/div><div id=\"bf8bbd60e729846f7\" class=\"panel-collapse collapse \" aria-labelledby=\"toggle_bf8bbd60e729846f7\"><div class=\"panel-body toggle-content fusion-clearfix\">Radeck\u00fd m\u011bl zajistit Hiller\u016fv \u00fastup, aby bylo umo\u017en\u011bno jeho spojen\u00ed s arciv\u00e9vodou Karlem. U Welsu zadr\u017eel p\u0159esilu nep\u0159\u00edtele, dokud nebyla jedna divize, kter\u00e9 hrozilo od\u0159\u00edznut\u00ed, op\u011bt p\u0159ipojena. Za to obdr\u017eel Velitelsk\u00fd k\u0159\u00ed\u017e Vojensk\u00e9ho \u0159\u00e1du Marie Terezie.<\/p>\n<p><img decoding=\"async\" class=\"alignleft wp-image-4282\" src=\"https:\/\/www.derheldenberg.at\/wp-content\/uploads\/radetzky_napoleonische-kriege_IMG_15091-300x225.jpg\" alt=\"\" width=\"350\" height=\"263\" srcset=\"https:\/\/www.derheldenberg.at\/wp-content\/uploads\/radetzky_napoleonische-kriege_IMG_15091-300x225.jpg 300w, https:\/\/www.derheldenberg.at\/wp-content\/uploads\/radetzky_napoleonische-kriege_IMG_15091.jpg 1024w\" sizes=\"(max-width: 350px) 100vw, 350px\" \/> <img decoding=\"async\" class=\"alignleft wp-image-4283\" src=\"https:\/\/www.derheldenberg.at\/wp-content\/uploads\/radetzky_napoleonische-Kriege_IMG_15101_web.jpg\" alt=\"\" width=\"350\" height=\"263\" \/><\/p>\n<div class=\"fusion-separator fusion-full-width-sep\" style=\"align-self: center;margin-left: auto;margin-right: auto;width:100%;\"><\/div><\/div><\/div><\/div><div class=\"fusion-panel panel-default panel-a318091cd1fec347a fusion-toggle-has-divider\"><div class=\"panel-heading\"><h4 class=\"panel-title toggle\" id=\"toggle_a318091cd1fec347a\"><a aria-expanded=\"false\" aria-controls=\"a318091cd1fec347a\" role=\"button\" data-toggle=\"collapse\" data-target=\"#a318091cd1fec347a\" href=\"#a318091cd1fec347a\"><span class=\"fusion-toggle-icon-wrapper\" aria-hidden=\"true\"><i class=\"fa-fusion-box active-icon awb-icon-minus\" aria-hidden=\"true\"><\/i><i class=\"fa-fusion-box inactive-icon awb-icon-plus\" aria-hidden=\"true\"><\/i><\/span><span class=\"fusion-toggle-heading\">1813: Bitva n\u00e1rod\u016f u Lipska: N\u00e1\u010deln\u00edk gener\u00e1ln\u00edho \u0161t\u00e1bu<\/span><\/a><\/h4><\/div><div id=\"a318091cd1fec347a\" class=\"panel-collapse collapse \" aria-labelledby=\"toggle_a318091cd1fec347a\"><div class=\"panel-body toggle-content fusion-clearfix\">Radeck\u00fd ve skupin\u011b t\u0159\u00ed c\u00edsa\u0159\u016f.<\/p>\n<p><img decoding=\"async\" class=\"alignleft wp-image-4291\" src=\"https:\/\/www.derheldenberg.at\/wp-content\/uploads\/radetzky_voelkerschlacht-leipzig_P42457961-300x225.jpg\" alt=\"1813: Bitva n\u00e1rod\u016f u Lipska: N\u00e1\u010deln\u00edk gener\u00e1ln\u00edho \u0161t\u00e1bu\" width=\"350\" height=\"263\" srcset=\"https:\/\/www.derheldenberg.at\/wp-content\/uploads\/radetzky_voelkerschlacht-leipzig_P42457961-300x225.jpg 300w, https:\/\/www.derheldenberg.at\/wp-content\/uploads\/radetzky_voelkerschlacht-leipzig_P42457961.jpg 1024w\" sizes=\"(max-width: 350px) 100vw, 350px\" \/> <img decoding=\"async\" class=\"alignleft wp-image-4289\" src=\"https:\/\/www.derheldenberg.at\/wp-content\/uploads\/radetzky_voelkerschlacht-leipzig_P42457931-300x225.jpg\" alt=\"1813: Bitva n\u00e1rod\u016f u Lipska: N\u00e1\u010deln\u00edk gener\u00e1ln\u00edho \u0161t\u00e1bu\" width=\"350\" height=\"263\" srcset=\"https:\/\/www.derheldenberg.at\/wp-content\/uploads\/radetzky_voelkerschlacht-leipzig_P42457931-300x225.jpg 300w, https:\/\/www.derheldenberg.at\/wp-content\/uploads\/radetzky_voelkerschlacht-leipzig_P42457931.jpg 1024w\" sizes=\"(max-width: 350px) 100vw, 350px\" \/><\/p>\n<div class=\"fusion-separator fusion-full-width-sep\" style=\"align-self: center;margin-left: auto;margin-right: auto;width:100%;\"><\/div><\/div><\/div><\/div><div class=\"fusion-panel panel-default panel-a3bace1e569be8ef8 fusion-toggle-has-divider\"><div class=\"panel-heading\"><h4 class=\"panel-title toggle\" id=\"toggle_a3bace1e569be8ef8\"><a aria-expanded=\"false\" aria-controls=\"a3bace1e569be8ef8\" role=\"button\" data-toggle=\"collapse\" data-target=\"#a3bace1e569be8ef8\" href=\"#a3bace1e569be8ef8\"><span class=\"fusion-toggle-icon-wrapper\" aria-hidden=\"true\"><i class=\"fa-fusion-box active-icon awb-icon-minus\" aria-hidden=\"true\"><\/i><i class=\"fa-fusion-box inactive-icon awb-icon-plus\" aria-hidden=\"true\"><\/i><\/span><span class=\"fusion-toggle-heading\">1840: P\u0159ehl\u00eddka p\u0159ed Radeck\u00fdm<\/span><\/a><\/h4><\/div><div id=\"a3bace1e569be8ef8\" class=\"panel-collapse collapse \" aria-labelledby=\"toggle_a3bace1e569be8ef8\"><div class=\"panel-body toggle-content fusion-clearfix\">Radeck\u00fd se \u00fa\u010dastn\u00ed p\u0159ehl\u00eddky. Nastoupen\u00fd prapor p\u0159edv\u00e1d\u00ed zbran\u011b. Civilist\u00e9 sleduj\u00ed p\u0159ehl\u00eddku<br \/>\n<img decoding=\"async\" class=\"alignleft wp-image-4327\" src=\"https:\/\/www.derheldenberg.at\/wp-content\/uploads\/radetzky_parade_web.jpg\" alt=\"1840: P\u0159ehl\u00eddka p\u0159ed Radeck\u00fdm\" width=\"715\" height=\"536\" \/><div class=\"fusion-separator fusion-full-width-sep\" style=\"align-self: center;margin-left: auto;margin-right: auto;width:100%;\"><\/div><\/div><\/div><\/div><div class=\"fusion-panel panel-default panel-0809ffcc7ba714e3e fusion-toggle-has-divider\"><div class=\"panel-heading\"><h4 class=\"panel-title toggle\" id=\"toggle_0809ffcc7ba714e3e\"><a aria-expanded=\"false\" aria-controls=\"0809ffcc7ba714e3e\" role=\"button\" data-toggle=\"collapse\" data-target=\"#0809ffcc7ba714e3e\" href=\"#0809ffcc7ba714e3e\"><span class=\"fusion-toggle-icon-wrapper\" aria-hidden=\"true\"><i class=\"fa-fusion-box active-icon awb-icon-minus\" aria-hidden=\"true\"><\/i><i class=\"fa-fusion-box inactive-icon awb-icon-plus\" aria-hidden=\"true\"><\/i><\/span><span class=\"fusion-toggle-heading\">1849: P\u0159\u00edm\u011b\u0159\u00ed z Vignale<\/span><\/a><\/h4><\/div><div id=\"0809ffcc7ba714e3e\" class=\"panel-collapse collapse \" aria-labelledby=\"toggle_0809ffcc7ba714e3e\"><div class=\"panel-body toggle-content fusion-clearfix\">Radeck\u00fd a He\u00df (velitel gener\u00e1ln\u00edho \u0161t\u00e1bu) podepisuj\u00ed u Vigale p\u0159\u00edm\u011b\u0159\u00ed<br \/>\n<img decoding=\"async\" class=\"alignleft wp-image-4330\" src=\"https:\/\/www.derheldenberg.at\/wp-content\/uploads\/radetzky_vignale_web.jpg\" alt=\"\" width=\"715\" height=\"536\" \/><div class=\"fusion-separator fusion-full-width-sep\" style=\"align-self: center;margin-left: auto;margin-right: auto;width:100%;\"><\/div><\/div><\/div><\/div><div class=\"fusion-panel panel-default panel-7f7e74bff09c13f4f fusion-toggle-has-divider\"><div class=\"panel-heading\"><h4 class=\"panel-title toggle\" id=\"toggle_7f7e74bff09c13f4f\"><a aria-expanded=\"false\" aria-controls=\"7f7e74bff09c13f4f\" role=\"button\" data-toggle=\"collapse\" data-target=\"#7f7e74bff09c13f4f\" href=\"#7f7e74bff09c13f4f\"><span class=\"fusion-toggle-icon-wrapper\" aria-hidden=\"true\"><i class=\"fa-fusion-box active-icon awb-icon-minus\" aria-hidden=\"true\"><\/i><i class=\"fa-fusion-box inactive-icon awb-icon-plus\" aria-hidden=\"true\"><\/i><\/span><span class=\"fusion-toggle-heading\">1858: Poh\u0159eb<\/span><\/a><\/h4><\/div><div id=\"7f7e74bff09c13f4f\" class=\"panel-collapse collapse \" aria-labelledby=\"toggle_7f7e74bff09c13f4f\"><div class=\"panel-body toggle-content fusion-clearfix\">Ko\u010d\u00e1r s rakv\u00ed s nastoupen\u00fdmi voj\u00e1ky p\u0159ed budovou na Heldenbergu<br \/>\n<img decoding=\"async\" class=\"alignleft wp-image-4328\" src=\"https:\/\/www.derheldenberg.at\/wp-content\/uploads\/radetzky_zinnfiguren_begraebniszug_web.jpg\" alt=\"\" width=\"715\" height=\"613\" \/><div class=\"fusion-separator fusion-full-width-sep\" style=\"align-self: center;margin-left: auto;margin-right: auto;width:100%;\"><\/div><\/div><\/div><\/div><\/div><\/div><div class=\"fusion-separator fusion-full-width-sep\" style=\"align-self: center;margin-left: auto;margin-right: auto;width:100%;\"><\/div><div class=\"fusion-text fusion-text-5\"><h2>Bitva u Aspern<\/h2>\n<p><strong>Nyn\u00ed nov\u011b!<\/strong>\u00a0V prostor\u00e1ch hrobu hrab\u011bte Radeck\u00e9ho je um\u00edst\u011bn jeden z nejv\u011bt\u0161\u00edch v\u00fdjev\u016f bitvy s c\u00ednov\u00fdmi figurkami, \u201eBitva u Aspern\u201c. Zde rakousk\u00e1 arm\u00e1da arciv\u00e9vody Karla bojovala pod veden\u00edm n\u00e1\u010deln\u00edka gener\u00e1ln\u00edho \u0161t\u00e1bu Maximili\u00e1na, svobodn\u00e9ho p\u00e1na z Wimpffenu proti Napoleonov\u011b arm\u00e1d\u011b v roce 1809. V\u00fdjev z bitvy, kter\u00e1 trvala 3 dny, jednotliv\u00e9 sc\u00e9ny s v\u00edce ne\u017e 3000 c\u00ednov\u00fdmi figurkami, je 6,5 m dlouh\u00fd, velmi detailn\u00ed a p\u016fsobiv\u00fd. To je jen jedna z mnoha zaj\u00edmavost\u00ed z Heldenbergu, nab\u00edzej\u00edc\u00ed nev\u0161edn\u00ed z\u00e1\u017eitek nejen pro d\u011bti. Pro \u0161koly je mo\u017en\u00e9 tento historick\u00fd v\u00fdjev vyu\u017e\u00edt pro o\u017eiven\u00ed v\u00fduky d\u011bjepisu.<\/p>\n<\/div><div class=\"fusion-builder-row fusion-builder-row-inner fusion-row fusion-flex-align-items-flex-start fusion-flex-content-wrap\" style=\"--awb-flex-grow:0;--awb-flex-grow-medium:0;--awb-flex-grow-small:0;--awb-flex-shrink:0;--awb-flex-shrink-medium:0;--awb-flex-shrink-small:0;width:104% !important;max-width:104% !important;margin-left: calc(-4% \/ 2 );margin-right: calc(-4% \/ 2 );\"><div class=\"fusion-layout-column fusion_builder_column_inner fusion-builder-nested-column-4 fusion_builder_column_inner_1_2 1_2 fusion-flex-column\" style=\"--awb-bg-size:cover;--awb-width-large:50%;--awb-margin-top-large:0px;--awb-spacing-right-large:3.84%;--awb-margin-bottom-large:20px;--awb-spacing-left-large:3.84%;--awb-width-medium:50%;--awb-spacing-right-medium:3.84%;--awb-spacing-left-medium:3.84%;--awb-width-small:100%;--awb-spacing-right-small:1.92%;--awb-spacing-left-small:1.92%;\"><div class=\"fusion-column-wrapper fusion-flex-justify-content-flex-start fusion-content-layout-column\"><div class=\"fusion-image-element \" style=\"--awb-caption-title-font-family:var(--h2_typography-font-family);--awb-caption-title-font-weight:var(--h2_typography-font-weight);--awb-caption-title-font-style:var(--h2_typography-font-style);--awb-caption-title-size:var(--h2_typography-font-size);--awb-caption-title-transform:var(--h2_typography-text-transform);--awb-caption-title-line-height:var(--h2_typography-line-height);--awb-caption-title-letter-spacing:var(--h2_typography-letter-spacing);\"><span class=\" fusion-imageframe imageframe-none imageframe-3 hover-type-none\"><img decoding=\"async\" width=\"680\" height=\"452\" title=\"Schlacht um Aspern\" src=\"https:\/\/www.derheldenberg.at\/wp-content\/uploads\/AttraktionRadetzky03.jpg\" alt class=\"img-responsive wp-image-12498\" srcset=\"https:\/\/www.derheldenberg.at\/wp-content\/uploads\/AttraktionRadetzky03-200x133.jpg 200w, https:\/\/www.derheldenberg.at\/wp-content\/uploads\/AttraktionRadetzky03-400x266.jpg 400w, https:\/\/www.derheldenberg.at\/wp-content\/uploads\/AttraktionRadetzky03-600x399.jpg 600w, https:\/\/www.derheldenberg.at\/wp-content\/uploads\/AttraktionRadetzky03.jpg 680w\" sizes=\"(max-width: 640px) 100vw, 600px\" \/><\/span><\/div><\/div><\/div><div class=\"fusion-layout-column fusion_builder_column_inner fusion-builder-nested-column-5 fusion_builder_column_inner_1_2 1_2 fusion-flex-column\" style=\"--awb-bg-size:cover;--awb-width-large:50%;--awb-margin-top-large:0px;--awb-spacing-right-large:3.84%;--awb-margin-bottom-large:20px;--awb-spacing-left-large:3.84%;--awb-width-medium:50%;--awb-spacing-right-medium:3.84%;--awb-spacing-left-medium:3.84%;--awb-width-small:100%;--awb-spacing-right-small:1.92%;--awb-spacing-left-small:1.92%;\"><div class=\"fusion-column-wrapper fusion-flex-justify-content-flex-start fusion-content-layout-column\"><div class=\"fusion-image-element \" style=\"--awb-caption-title-font-family:var(--h2_typography-font-family);--awb-caption-title-font-weight:var(--h2_typography-font-weight);--awb-caption-title-font-style:var(--h2_typography-font-style);--awb-caption-title-size:var(--h2_typography-font-size);--awb-caption-title-transform:var(--h2_typography-text-transform);--awb-caption-title-line-height:var(--h2_typography-line-height);--awb-caption-title-letter-spacing:var(--h2_typography-letter-spacing);\"><span class=\" fusion-imageframe imageframe-none imageframe-4 hover-type-none\"><img decoding=\"async\" width=\"680\" height=\"452\" title=\"Schlacht um Aspern\" src=\"https:\/\/www.derheldenberg.at\/wp-content\/uploads\/AttraktionRadetzky04.jpg\" alt class=\"img-responsive wp-image-12500\" srcset=\"https:\/\/www.derheldenberg.at\/wp-content\/uploads\/AttraktionRadetzky04-200x133.jpg 200w, https:\/\/www.derheldenberg.at\/wp-content\/uploads\/AttraktionRadetzky04-400x266.jpg 400w, https:\/\/www.derheldenberg.at\/wp-content\/uploads\/AttraktionRadetzky04-600x399.jpg 600w, https:\/\/www.derheldenberg.at\/wp-content\/uploads\/AttraktionRadetzky04.jpg 680w\" sizes=\"(max-width: 640px) 100vw, 600px\" \/><\/span><\/div><\/div><\/div><\/div><div class=\"fusion-separator fusion-full-width-sep\" style=\"align-self: center;margin-left: auto;margin-right: auto;width:100%;\"><\/div><\/div><\/div><div class=\"fusion-layout-column fusion_builder_column fusion-builder-column-2 fusion_builder_column_1_4 1_4 fusion-flex-column info-sidebar\" style=\"--awb-bg-color:#f4f5f5;--awb-bg-color-hover:#f4f5f5;--awb-bg-size:cover;--awb-width-large:25%;--awb-margin-top-large:18px;--awb-spacing-right-large:7.68%;--awb-margin-bottom-large:20px;--awb-spacing-left-large:3.84%;--awb-width-medium:25%;--awb-spacing-right-medium:7.68%;--awb-spacing-left-medium:3.84%;--awb-width-small:100%;--awb-spacing-right-small:1.92%;--awb-spacing-left-small:1.92%;\"><div class=\"fusion-column-wrapper fusion-flex-justify-content-flex-start fusion-content-layout-column\"><div style=\"text-align:center;\"><a class=\"fusion-button button-flat button-xlarge button-default fusion-button-default button-1 fusion-button-span-yes fusion-button-default-type button-tip-des-monats\" target=\"_blank\" rel=\"noopener noreferrer\" href=\"https:\/\/www.facebook.com\/der.heldenberg\/\"><span class=\"fusion-button-icon-divider button-icon-divider-left\"><i class=\" fa fa-facebook-official awb-button__icon awb-button__icon--default\" aria-hidden=\"true\"><\/i><\/span><span class=\"fusion-button-text awb-button__text awb-button__text--default fusion-button-text-left\">Nav\u0161tivte n\u00e1s na Facebooku!<\/span><\/a><\/div><div style=\"text-align:center;\"><a class=\"fusion-button button-flat button-xlarge button-default fusion-button-default button-2 fusion-button-span-yes fusion-button-default-type button-tip-des-monats\" target=\"_self\" href=\"#\" data-toggle=\"modal\" data-target=\".fusion-modal.reviews-google-fb\"><span class=\"fusion-button-icon-divider button-icon-divider-left\"><i class=\" fa fa-star awb-button__icon awb-button__icon--default\" aria-hidden=\"true\"><\/i><\/span><span class=\"fusion-button-text awb-button__text awb-button__text--default fusion-button-text-left\">N\u00e1zory n\u00e1v\u0161t\u011bvn\u00edk\u016f<\/span><\/a><\/div><div class=\"fusion-modal modal fade modal-1 reviews-google-fb\" tabindex=\"-1\" role=\"dialog\" aria-labelledby=\"modal-heading-1\" aria-hidden=\"true\" style=\"--awb-border-color:#ebebeb;--awb-background:#f6f6f6;\"><div class=\"modal-dialog modal-lg\" role=\"document\"><div class=\"modal-content fusion-modal-content\"><div class=\"modal-header\"><button class=\"close\" type=\"button\" data-dismiss=\"modal\" aria-hidden=\"true\" aria-label=\"Close\">&times;<\/button><h3 class=\"modal-title\" id=\"modal-heading-1\" data-dismiss=\"modal\" aria-hidden=\"true\">N\u00e1zory n\u00e1v\u0161t\u011bvn\u00edk\u016f<\/h3><\/div><div class=\"modal-body fusion-clearfix\"><div class=\"wprevpro-shortcode-wrapper\"><div class=\"wprevpro wprev-no-slider revnotsameheight\" id=\"wprev-slider-2\">\t\t<div class=\"wprevpro_t4_outer_div w3_wprs-row wprevprodiv\">\r\n\t\t\t<div class=\"wpproslider_t4_DIV_1 w3_wprs-col l4 outerrevdiv\">\r\n\t\t<div class=\"indrevdiv wpproslider_t4_DIV_1a  wprev_preview_bg1_T4 wprev_preview_bradius_T4\">\r\n\t\t\t<div class=\"wpproslider_t4_avatar_div\"><img decoding=\"async\" loading=\"lazy\" src=\"https:\/\/lh3.googleusercontent.com\/a-\/ALV-UjWtXZKz5d5G_Lw92a9tzOrclHfqVbEvlM8e9CBwyozgkvnnh7V3=s128-c0x00000000-cc-rp-mo-ba2\" alt=\"Markus Kalcher Avatar\" class=\"wpproslider_t4_IMG_2 wprevpro_avatarimg\" \/><\/div>\t\t\t<div class=\"wpproslider_t4_H3_3 wprev_preview_tcolor1_T4\">\r\n\t\t\t\tMarkus Kalcher\t\t\t<\/div>\r\n\t\t\t<span class=\"wpproslider_t4_SPAN_4\">\r\n\t\t\t<span class=\"wprevpro_star_imgs_T4\"><span class=\"starloc1 wprevpro_star_imgs wprevpro_star_imgsloc1\"><span class=\"svgicons svg-wprsp-star\"><\/span><span class=\"svgicons svg-wprsp-star\"><\/span><span class=\"svgicons svg-wprsp-star\"><\/span><span class=\"svgicons svg-wprsp-star\"><\/span><span class=\"svgicons svg-wprsp-star\"><\/span><\/span><\/span>\r\n\t\t\t<\/span>\r\n\t\t\t<div class=\"indrevtxt wpproslider_t4_P_5 wprev_preview_tcolor2_T4\">\t\t\t\tEin wundersch\u00f6ner Tag mit vielen eindr\u00fccken.\t\t\t\t\t\t\t<\/div>\r\n\t\t\t<span class=\"wpproslider_t4_date wprev_preview_tcolor3_T4\"> <span class=\"wprev_showdate_T4\">19\/04\/2026<\/span><\/span>\r\n\t\t\t<div class='wprevt4_icon_div'><a href=\"https:\/\/maps.google.com\/?cid=5307023792666941028\" target=\"_blank\" rel=\"nofollow noreferrer\" class=\"wprevpro_t4_site_logo_a\"><img decoding=\"async\" width=32 height=32 src=\"https:\/\/www.derheldenberg.at\/wp-content\/plugins\/wp-review-slider-pro-premium\/public\/partials\/imgs\/google_small_icon.svg\" alt=\"Google Logo\" class=\"wprevpro_t4_site_logo wprevsiteicon \"><\/a><\/div>\t\t\t\t\t\t\t\t\t\t\t<\/div>\r\n\t\t\t\r\n\t<\/div>\r\n\t\t<div class=\"wpproslider_t4_DIV_1 w3_wprs-col l4 outerrevdiv\">\r\n\t\t<div class=\"indrevdiv wpproslider_t4_DIV_1a  wprev_preview_bg1_T4 wprev_preview_bradius_T4\">\r\n\t\t\t<div class=\"wpproslider_t4_avatar_div\"><img decoding=\"async\" loading=\"lazy\" src=\"https:\/\/lh3.googleusercontent.com\/a\/AItbvmniwlw8mdDt9JdpptBx17OjYSKCppMCFBjXcWbS=s40-c-c0x00000000-cc-rp-mo-ba4-br100\" alt=\"Maria Novotny Avatar\" class=\"wpproslider_t4_IMG_2 wprevpro_avatarimg\" \/><\/div>\t\t\t<div class=\"wpproslider_t4_H3_3 wprev_preview_tcolor1_T4\">\r\n\t\t\t\tMaria Novotny\t\t\t<\/div>\r\n\t\t\t<span class=\"wpproslider_t4_SPAN_4\">\r\n\t\t\t<span class=\"wprevpro_star_imgs_T4\"><span class=\"starloc1 wprevpro_star_imgs wprevpro_star_imgsloc1\"><span class=\"svgicons svg-wprsp-star\"><\/span><span class=\"svgicons svg-wprsp-star\"><\/span><span class=\"svgicons svg-wprsp-star\"><\/span><span class=\"svgicons svg-wprsp-star\"><\/span><span class=\"svgicons svg-wprsp-star\"><\/span><\/span><\/span>\r\n\t\t\t<\/span>\r\n\t\t\t<div class=\"indrevtxt wpproslider_t4_P_5 wprev_preview_tcolor2_T4\">\t\t\t\tSehr abwechslungsreich und mega freundliches personal\t\t\t\t\t\t\t<\/div>\r\n\t\t\t<span class=\"wpproslider_t4_date wprev_preview_tcolor3_T4\"> <span class=\"wprev_showdate_T4\">22\/08\/2022<\/span><\/span>\r\n\t\t\t<div class='wprevt4_icon_div'><a href=\"https:\/\/search.google.com\/local\/reviews?placeid=ChIJ72DEk55mbUcRZJZ1iAVWpkk\" target=\"_blank\" rel=\"nofollow noreferrer\" class=\"wprevpro_t4_site_logo_a\"><img decoding=\"async\" width=32 height=32 src=\"https:\/\/www.derheldenberg.at\/wp-content\/plugins\/wp-review-slider-pro-premium\/public\/partials\/imgs\/google_small_icon.svg\" alt=\"Google Logo\" class=\"wprevpro_t4_site_logo wprevsiteicon \"><\/a><\/div>\t\t\t\t\t\t\t\t\t\t\t<\/div>\r\n\t\t\t\r\n\t<\/div>\r\n\t\t<div class=\"wpproslider_t4_DIV_1 w3_wprs-col l4 outerrevdiv\">\r\n\t\t<div class=\"indrevdiv wpproslider_t4_DIV_1a  wprev_preview_bg1_T4 wprev_preview_bradius_T4\">\r\n\t\t\t<div class=\"wpproslider_t4_avatar_div\"><img decoding=\"async\" loading=\"lazy\" src=\"https:\/\/lh3.googleusercontent.com\/a\/AItbvmke3-RidNnoyS79sxhsUPE84KyrOFoI5A7dQNq_=s40-c-c0x00000000-cc-rp-mo-ba3-br100\" alt=\"Kurt Hohenbichler Avatar\" class=\"wpproslider_t4_IMG_2 wprevpro_avatarimg\" \/><\/div>\t\t\t<div class=\"wpproslider_t4_H3_3 wprev_preview_tcolor1_T4\">\r\n\t\t\t\tKurt Hohenbichler\t\t\t<\/div>\r\n\t\t\t<span class=\"wpproslider_t4_SPAN_4\">\r\n\t\t\t<span class=\"wprevpro_star_imgs_T4\"><span class=\"starloc1 wprevpro_star_imgs wprevpro_star_imgsloc1\"><span class=\"svgicons svg-wprsp-star\"><\/span><span class=\"svgicons svg-wprsp-star\"><\/span><span class=\"svgicons svg-wprsp-star\"><\/span><span class=\"svgicons svg-wprsp-star\"><\/span><span class=\"svgicons svg-wprsp-star\"><\/span><\/span><\/span>\r\n\t\t\t<\/span>\r\n\t\t\t<div class=\"indrevtxt wpproslider_t4_P_5 wprev_preview_tcolor2_T4\">\t\t\t\tF\u00fchrung durch die Lippizaner Stallungen, oldtimermuseum , Erlebnis Abenteuerspielplatz . Falkenhof mit Flugshow und Radetzky Gedenkst\u00e4tte\t\t\t\t\t\t\t<\/div>\r\n\t\t\t<span class=\"wpproslider_t4_date wprev_preview_tcolor3_T4\"> <span class=\"wprev_showdate_T4\">22\/08\/2022<\/span><\/span>\r\n\t\t\t<div class='wprevt4_icon_div'><a href=\"https:\/\/search.google.com\/local\/reviews?placeid=ChIJ72DEk55mbUcRZJZ1iAVWpkk\" target=\"_blank\" rel=\"nofollow noreferrer\" class=\"wprevpro_t4_site_logo_a\"><img decoding=\"async\" width=32 height=32 src=\"https:\/\/www.derheldenberg.at\/wp-content\/plugins\/wp-review-slider-pro-premium\/public\/partials\/imgs\/google_small_icon.svg\" alt=\"Google Logo\" class=\"wprevpro_t4_site_logo wprevsiteicon \"><\/a><\/div>\t\t\t\t\t\t\t\t\t\t\t<\/div>\r\n\t\t\t\r\n\t<\/div>\r\n\t\t<\/div>\r\n<\/div><\/div><div class=\"fusion-aligncenter\"><a class=\"fusion-button button-flat fusion-button-default-size button-default fusion-button-default button-3 fusion-button-default-span fusion-button-default-type\" target=\"_self\" href=\"\/aktuelles\/besucher-bewertungen\/\"><span class=\"fusion-button-text awb-button__text awb-button__text--default\">Weitere Bewertungen<\/span><\/a><\/div><\/div><\/div><\/div><\/div><div style=\"text-align:center;\"><a class=\"fusion-button button-flat button-xlarge button-default fusion-button-default button-4 fusion-button-span-yes fusion-button-default-type fusion-no-small-visibility button-tip-des-monats\" target=\"_self\" href=\"#info\"><span class=\"fusion-button-icon-divider button-icon-divider-left\"><i class=\" fa fa-arrow-circle-right awb-button__icon awb-button__icon--default\" aria-hidden=\"true\"><\/i><\/span><span class=\"fusion-button-text awb-button__text awb-button__text--default fusion-button-text-left\">Ceny<\/span><\/a><\/div><div style=\"text-align:center;\"><a class=\"fusion-button button-flat button-xlarge button-default fusion-button-default button-5 fusion-button-span-yes fusion-button-default-type fusion-no-medium-visibility fusion-no-large-visibility button-tip-des-monats\" target=\"_self\" href=\"#\" data-toggle=\"modal\" data-target=\".fusion-modal.Preise-Atraktion\"><span class=\"fusion-button-icon-divider button-icon-divider-left\"><i class=\" fa fa-arrow-circle-right awb-button__icon awb-button__icon--default\" aria-hidden=\"true\"><\/i><\/span><span class=\"fusion-button-text awb-button__text awb-button__text--default fusion-button-text-left\">Ceny<\/span><\/a><\/div><div class=\"fusion-modal modal fade modal-2 Preise-Atraktion\" tabindex=\"-1\" role=\"dialog\" aria-labelledby=\"modal-heading-2\" aria-hidden=\"true\" style=\"--awb-border-color:#ebebeb;--awb-background:#ffffff;\"><div class=\"modal-dialog modal-lg\" role=\"document\"><div class=\"modal-content fusion-modal-content\"><div class=\"modal-header\"><button class=\"close\" type=\"button\" data-dismiss=\"modal\" aria-hidden=\"true\" aria-label=\"Close\">&times;<\/button><h3 class=\"modal-title\" id=\"modal-heading-2\" data-dismiss=\"modal\" aria-hidden=\"true\">Ceny vstupn\u00e9ho - Radeck\u00e9ho pomn\u00edk<\/h3><\/div><div class=\"modal-body fusion-clearfix\">\n<table id=\"tablepress-20\" class=\"tablepress tablepress-id-20\">\n<tbody class=\"row-striping row-hover\">\n<tr class=\"row-1\">\n\t<td class=\"column-1\">Dosp\u011bl\u00ed<\/td><td class=\"column-2\">\u20ac 14,00<\/td>\n<\/tr>\n<tr class=\"row-2\">\n\t<td class=\"column-1\">Skupiny, d\u016fchodci, invalid\u00e9, ml\u00e1de\u017e, osoby v prezen\u010dn\u00ed vojensk\u00e9 slu\u017eb\u011b<\/td><td class=\"column-2\">\u20ac 11,00<\/td>\n<\/tr>\n<tr class=\"row-3\">\n\t<td class=\"column-1\">D\u011bti do 5 let zdarma<\/td><td class=\"column-2\">gratis<\/td>\n<\/tr>\n<tr class=\"row-4\">\n\t<td class=\"column-1\">D\u011bti do 14 let, skupiny \u017e\u00e1k\u016f (za \u017e\u00e1ka)<\/td><td class=\"column-2\">\u20ac 7,00<\/td>\n<\/tr>\n<tr class=\"row-5\">\n\t<td class=\"column-1\">Rodinn\u00e9 vstupn\u00e9 (2 dosp\u011bl\u00ed + max. 3 d\u011bti)<\/td><td class=\"column-2\">\u20ac 28,00<\/td>\n<\/tr>\n<\/tbody>\n<\/table>\n<!-- #tablepress-20 from cache -->\n<p>Tuto atrakci m\u016f\u017eete nav\u0161t\u00edvit v kombinaci s dal\u0161\u00edmi atrakcemi, rovn\u011b\u017e k nim nab\u00edz\u00edme tak\u00e9 prohl\u00eddky.<br \/>\nPodrobnosti najdete na na\u0161ich str\u00e1nk\u00e1ch se <a href=\"https:\/\/www.derheldenberg.at\/cs\/informace-pro-navstevniky\/vstupne\/\">vstupn\u00fdm<\/a>.<\/div><div class=\"modal-footer\"><button class=\"fusion-button button-default button-medium button default medium\" type=\"button\" data-dismiss=\"modal\">Close<\/button><\/div><\/div><\/div><\/div><div style=\"text-align:center;\"><a class=\"fusion-button button-flat button-xlarge button-default fusion-button-default button-6 fusion-button-span-yes fusion-button-default-type fusion-no-small-visibility button-tip-des-monats\" target=\"_self\" href=\"#info\"><span class=\"fusion-button-icon-divider button-icon-divider-left\"><i class=\" fa fa-star-o awb-button__icon awb-button__icon--default\" aria-hidden=\"true\"><\/i><\/span><span class=\"fusion-button-text awb-button__text awb-button__text--default fusion-button-text-left\">Otev\u00edrac\u00ed doba<\/span><\/a><\/div><div style=\"text-align:center;\"><a class=\"fusion-button button-flat button-xlarge button-default fusion-button-default button-7 fusion-button-span-yes fusion-button-default-type fusion-no-medium-visibility fusion-no-large-visibility button-tip-des-monats\" target=\"_self\" href=\"#\" data-toggle=\"modal\" data-target=\".fusion-modal.\u00d6ffnungszeiten-Atraktion\"><span class=\"fusion-button-icon-divider button-icon-divider-left\"><i class=\" fa fa-star-o awb-button__icon awb-button__icon--default\" aria-hidden=\"true\"><\/i><\/span><span class=\"fusion-button-text awb-button__text awb-button__text--default fusion-button-text-left\">Otev\u00edrac\u00ed doba<\/span><\/a><\/div><div class=\"fusion-modal modal fade modal-3 \u00d6ffnungszeiten-Atraktion\" tabindex=\"-1\" role=\"dialog\" aria-labelledby=\"modal-heading-3\" aria-hidden=\"true\" style=\"--awb-border-color:#ebebeb;--awb-background:#ffffff;\"><div class=\"modal-dialog modal-lg\" role=\"document\"><div class=\"modal-content fusion-modal-content\"><div class=\"modal-header\"><button class=\"close\" type=\"button\" data-dismiss=\"modal\" aria-hidden=\"true\" aria-label=\"Close\">&times;<\/button><h3 class=\"modal-title\" id=\"modal-heading-3\" data-dismiss=\"modal\" aria-hidden=\"true\">Otev\u00edrac\u00ed doba - Radeck\u00e9ho pomn\u00edk<\/h3><\/div><div class=\"modal-body fusion-clearfix\">\n<div id=\"00a0fe75ef1ead451\" class=\"panel-collapse collapse in\">\n<div class=\"panel-body toggle-content\">\n<ul>\n<li>Duben a\u017e \u0159\u00edjen: \u00fater\u00fd a\u017e ned\u011ble 9:00-17:00<\/li>\n<li>Kv\u011bten a\u017e z\u00e1\u0159\u00ed: \u00fater\u00fd a\u017e ned\u011ble 9:00-18:00<\/li>\n<li>V pond\u011bl\u00ed otev\u0159eno pouze o sv\u00e1tc\u00edch<\/li>\n<\/ul>\n<\/div>\n<\/div>\n<\/div><div class=\"modal-footer\"><button class=\"fusion-button button-default button-medium button default medium\" type=\"button\" data-dismiss=\"modal\">Close<\/button><\/div><\/div><\/div><\/div><div class=\"fusion-separator fusion-full-width-sep\" style=\"align-self: center;margin-left: auto;margin-right: auto;margin-bottom:20px;width:100%;\"><div class=\"fusion-separator-border sep-single sep-solid\" style=\"--awb-height:20px;--awb-amount:20px;--awb-sep-color:#ffffff;border-color:#ffffff;border-top-width:20px;\"><\/div><\/div><div class=\"fusion-title title fusion-title-2 fusion-sep-none fusion-title-text fusion-title-size-five infobox-sidebar\" style=\"--awb-margin-top-small:10px;--awb-margin-right-small:0px;--awb-margin-bottom-small:10px;--awb-margin-left-small:0px;\"><h5 class=\"fusion-title-heading title-heading-left fusion-responsive-typography-calculated\" style=\"margin:0;--fontSize:20;--minFontSize:20;line-height:1.2;\">Dal\u0161\u00ed zaj\u00edmavosti<\/h5><\/div><ul style=\"--awb-size:13px;--awb-line-height:22.1px;--awb-icon-width:22.1px;--awb-icon-height:22.1px;--awb-icon-margin:9.1px;--awb-content-margin:31.2px;--awb-circlecolor:#b11715;--awb-circle-yes-font-size:11.44px;\" class=\"fusion-checklist fusion-checklist-1 fusion-checklist-default type-icons checklist-right\"><li class=\"fusion-li-item\" style=\"\"><span class=\"icon-wrapper circle-yes\"><i class=\"fusion-li-icon fa fa-chevron-right\" aria-hidden=\"true\"><\/i><\/span><div class=\"fusion-li-item-content\"><a href=\"https:\/\/www.derheldenberg.at\/cs\/atrakce\/lipicani-na-heldenbergu\/\">Centrum lipic\u00e1n\u016f<\/a><\/div><\/li><li class=\"fusion-li-item\" style=\"\"><span class=\"icon-wrapper circle-yes\"><i class=\"fusion-li-icon fa fa-chevron-right\" aria-hidden=\"true\"><\/i><\/span><div class=\"fusion-li-item-content\"><a href=\"https:\/\/www.derheldenberg.at\/cs\/atrakce\/kollerovi-veterani\/\">Kollerovi veter\u00e1ni<\/a><\/div><\/li><li class=\"fusion-li-item\" style=\"\"><span class=\"icon-wrapper circle-yes\"><i class=\"fusion-li-icon fa fa-chevron-right\" aria-hidden=\"true\"><\/i><\/span><div class=\"fusion-li-item-content\">\n<p><a href=\"https:\/\/www.derheldenberg.at\/cs\/atrakce\/neoliticka-vesnice\/\">Neolitick\u00e1 vesnice<\/a><\/p>\n<\/div><\/li><li class=\"fusion-li-item\" style=\"\"><span class=\"icon-wrapper circle-yes\"><i class=\"fusion-li-icon fa fa-chevron-right\" aria-hidden=\"true\"><\/i><\/span><div class=\"fusion-li-item-content\"><a href=\"https:\/\/www.derheldenberg.at\/cs\/atrakce\/aigners-falkenhof\/\">Aigner\u2019s Falkenhof<\/a><\/div><\/li><li class=\"fusion-li-item\" style=\"\"><span class=\"icon-wrapper circle-yes\"><i class=\"fusion-li-icon fa fa-chevron-right\" aria-hidden=\"true\"><\/i><\/span><div class=\"fusion-li-item-content\"><a href=\"https:\/\/www.derheldenberg.at\/cs\/atrakce\/anglicka-zahrada\/\">Anglick\u00e1 zahrada<\/a><\/div><\/li><li class=\"fusion-li-item\" style=\"\"><span class=\"icon-wrapper circle-yes\"><i class=\"fusion-li-icon fa fa-chevron-right\" aria-hidden=\"true\"><\/i><\/span><div class=\"fusion-li-item-content\"><a href=\"https:\/\/www.derheldenberg.at\/cs\/atrakce\/regionalni-vinoteka\/\">Vinot\u00e9ka<\/a><\/div><\/li><\/ul><div class=\"fusion-title title fusion-title-3 fusion-sep-none fusion-title-text fusion-title-size-five infobox-sidebar\" style=\"--awb-margin-top:15px;--awb-margin-top-small:10px;--awb-margin-right-small:0px;--awb-margin-bottom-small:10px;--awb-margin-left-small:0px;\"><h5 class=\"fusion-title-heading title-heading-left fusion-responsive-typography-calculated\" style=\"margin:0;--fontSize:20;--minFontSize:20;line-height:1.2;\">Pl\u00e1nek are\u00e1lu<\/h5><\/div><div class=\"fusion-image-element \" style=\"--awb-caption-title-font-family:var(--h2_typography-font-family);--awb-caption-title-font-weight:var(--h2_typography-font-weight);--awb-caption-title-font-style:var(--h2_typography-font-style);--awb-caption-title-size:var(--h2_typography-font-size);--awb-caption-title-transform:var(--h2_typography-text-transform);--awb-caption-title-line-height:var(--h2_typography-line-height);--awb-caption-title-letter-spacing:var(--h2_typography-letter-spacing);\"><span class=\" fusion-imageframe imageframe-none imageframe-5 hover-type-none\"><a href=\"https:\/\/www.derheldenberg.at\/wp-content\/uploads\/Gel\u00e4ndeplan-Heldenberg_gro\u00df.jpg\" class=\"fusion-lightbox\" data-rel=\"iLightbox[266d76860cf1f108946]\" data-title=\"Pl\u00e1n are\u00e1lu Heldenberg\" title=\"Pl\u00e1n are\u00e1lu Heldenberg\"><img decoding=\"async\" width=\"1100\" height=\"825\" alt=\"Heldenberg Gel\u00e4ndeplan\" src=\"https:\/\/www.derheldenberg.at\/wp-content\/uploads\/Gel\u00e4ndeplan-Heldenberg_gro\u00df.jpg\" class=\"img-responsive wp-image-12864\" srcset=\"https:\/\/www.derheldenberg.at\/wp-content\/uploads\/Gel\u00e4ndeplan-Heldenberg_gro\u00df-200x150.jpg 200w, https:\/\/www.derheldenberg.at\/wp-content\/uploads\/Gel\u00e4ndeplan-Heldenberg_gro\u00df-400x300.jpg 400w, https:\/\/www.derheldenberg.at\/wp-content\/uploads\/Gel\u00e4ndeplan-Heldenberg_gro\u00df-600x450.jpg 600w, https:\/\/www.derheldenberg.at\/wp-content\/uploads\/Gel\u00e4ndeplan-Heldenberg_gro\u00df-800x600.jpg 800w, https:\/\/www.derheldenberg.at\/wp-content\/uploads\/Gel\u00e4ndeplan-Heldenberg_gro\u00df.jpg 1100w\" sizes=\"(max-width: 640px) 100vw, 400px\" \/><\/a><\/span><\/div><\/div><\/div><\/div><\/div><div class=\"fusion-fullwidth fullwidth-box fusion-builder-row-2 fusion-flex-container nonhundred-percent-fullwidth non-hundred-percent-height-scrolling\" style=\"--awb-border-radius-top-left:0px;--awb-border-radius-top-right:0px;--awb-border-radius-bottom-right:0px;--awb-border-radius-bottom-left:0px;--awb-flex-wrap:wrap;\" id=\"info\" ><div class=\"fusion-builder-row fusion-row fusion-flex-align-items-flex-start fusion-flex-content-wrap\" style=\"max-width:calc( 1170px + 0px );margin-left: calc(-0px \/ 2 );margin-right: calc(-0px \/ 2 );\"><div class=\"fusion-layout-column fusion_builder_column fusion-builder-column-3 fusion_builder_column_1_1 1_1 fusion-flex-column\" style=\"--awb-bg-size:cover;--awb-width-large:100%;--awb-margin-top-large:0px;--awb-spacing-right-large:0px;--awb-margin-bottom-large:20px;--awb-spacing-left-large:0px;--awb-width-medium:100%;--awb-spacing-right-medium:0px;--awb-spacing-left-medium:0px;--awb-width-small:100%;--awb-spacing-right-small:0px;--awb-spacing-left-small:0px;\"><div class=\"fusion-column-wrapper fusion-flex-justify-content-flex-start fusion-content-layout-column\"><div class=\"fusion-separator fusion-full-width-sep\" style=\"align-self: center;margin-left: auto;margin-right: auto;margin-top:0px;margin-bottom:10px;width:100%;\"><div class=\"fusion-separator-border sep-single sep-solid\" style=\"--awb-height:20px;--awb-amount:20px;--awb-sep-color:#b11612;border-color:#b11612;border-top-width:1px;\"><\/div><\/div><div class=\"fusion-text fusion-text-6\"><h2>Informace<\/h2>\n<\/div><div class=\"accordian fusion-accordian\" style=\"--awb-border-size:1px;--awb-icon-size:13px;--awb-content-font-size:var(--awb-typography4-font-size);--awb-icon-alignment:left;--awb-hover-color:#f9f9f9;--awb-border-color:#cccccc;--awb-background-color:#ffffff;--awb-divider-color:var(--awb-color3);--awb-divider-hover-color:var(--awb-color3);--awb-icon-color:#ffffff;--awb-title-color:var(--awb-color8);--awb-content-color:var(--awb-color8);--awb-icon-box-color:#333333;--awb-toggle-hover-accent-color:#b11715;--awb-title-font-family:var(--awb-typography1-font-family);--awb-title-font-weight:var(--awb-typography1-font-weight);--awb-title-font-style:var(--awb-typography1-font-style);--awb-title-font-size:24px;--awb-title-line-height:1.2;--awb-content-font-family:var(--awb-typography4-font-family);--awb-content-font-weight:var(--awb-typography4-font-weight);--awb-content-font-style:var(--awb-typography4-font-style);\"><div class=\"panel-group fusion-toggle-icon-boxed\" id=\"accordion-11348-2\"><div class=\"fusion-panel panel-default panel-f3071f911105a8be2 fusion-toggle-has-divider\"><div class=\"panel-heading\"><h4 class=\"panel-title toggle\" id=\"toggle_f3071f911105a8be2\"><a aria-expanded=\"false\" aria-controls=\"f3071f911105a8be2\" role=\"button\" data-toggle=\"collapse\" data-target=\"#f3071f911105a8be2\" href=\"#f3071f911105a8be2\"><span class=\"fusion-toggle-icon-wrapper\" aria-hidden=\"true\"><i class=\"fa-fusion-box active-icon awb-icon-minus\" aria-hidden=\"true\"><\/i><i class=\"fa-fusion-box inactive-icon awb-icon-plus\" aria-hidden=\"true\"><\/i><\/span><span class=\"fusion-toggle-heading\">Ceny vstupn\u00e9ho<\/span><\/a><\/h4><\/div><div id=\"f3071f911105a8be2\" class=\"panel-collapse collapse \" aria-labelledby=\"toggle_f3071f911105a8be2\"><div class=\"panel-body toggle-content fusion-clearfix\">\n<h3>JEDNOTLIV\u00c9 VSTUPN\u00c9 \u2013 Radeck\u00e9ho pomn\u00edk<\/h3>\n\n<table id=\"tablepress-20-no-2\" class=\"tablepress tablepress-id-20\">\n<tbody class=\"row-striping row-hover\">\n<tr class=\"row-1\">\n\t<td class=\"column-1\">Dosp\u011bl\u00ed<\/td><td class=\"column-2\">\u20ac 14,00<\/td>\n<\/tr>\n<tr class=\"row-2\">\n\t<td class=\"column-1\">Skupiny, d\u016fchodci, invalid\u00e9, ml\u00e1de\u017e, osoby v prezen\u010dn\u00ed vojensk\u00e9 slu\u017eb\u011b<\/td><td class=\"column-2\">\u20ac 11,00<\/td>\n<\/tr>\n<tr class=\"row-3\">\n\t<td class=\"column-1\">D\u011bti do 5 let zdarma<\/td><td class=\"column-2\">gratis<\/td>\n<\/tr>\n<tr class=\"row-4\">\n\t<td class=\"column-1\">D\u011bti do 14 let, skupiny \u017e\u00e1k\u016f (za \u017e\u00e1ka)<\/td><td class=\"column-2\">\u20ac 7,00<\/td>\n<\/tr>\n<tr class=\"row-5\">\n\t<td class=\"column-1\">Rodinn\u00e9 vstupn\u00e9 (2 dosp\u011bl\u00ed + max. 3 d\u011bti)<\/td><td class=\"column-2\">\u20ac 28,00<\/td>\n<\/tr>\n<\/tbody>\n<\/table>\n<!-- #tablepress-20-no-2 from cache -->\n<p>Tuto atrakci m\u016f\u017eete nav\u0161t\u00edvit v kombinaci s dal\u0161\u00edmi atrakcemi, rovn\u011b\u017e k nim nab\u00edz\u00edme tak\u00e9 prohl\u00eddky.<br \/>\nPodrobnosti najdete na na\u0161ich str\u00e1nk\u00e1ch se <a href=\"https:\/\/www.derheldenberg.at\/cs\/informace-pro-navstevniky\/vstupne\/\">vstupn\u00fdm<\/a>.<\/div><\/div><\/div><div class=\"fusion-panel panel-default panel-00a0fe75ef1ead451 fusion-toggle-has-divider\"><div class=\"panel-heading\"><h4 class=\"panel-title toggle\" id=\"toggle_00a0fe75ef1ead451\"><a aria-expanded=\"false\" aria-controls=\"00a0fe75ef1ead451\" role=\"button\" data-toggle=\"collapse\" data-target=\"#00a0fe75ef1ead451\" href=\"#00a0fe75ef1ead451\"><span class=\"fusion-toggle-icon-wrapper\" aria-hidden=\"true\"><i class=\"fa-fusion-box active-icon awb-icon-minus\" aria-hidden=\"true\"><\/i><i class=\"fa-fusion-box inactive-icon awb-icon-plus\" aria-hidden=\"true\"><\/i><\/span><span class=\"fusion-toggle-heading\">Otev\u00edrac\u00ed doba<\/span><\/a><\/h4><\/div><div id=\"00a0fe75ef1ead451\" class=\"panel-collapse collapse \" aria-labelledby=\"toggle_00a0fe75ef1ead451\"><div class=\"panel-body toggle-content fusion-clearfix\">\n<ul>\n<li>Duben a\u017e \u0159\u00edjen: \u00fater\u00fd a\u017e ned\u011ble 9:00-17:00<\/li>\n<li>Kv\u011bten a\u017e z\u00e1\u0159\u00ed: \u00fater\u00fd a\u017e ned\u011ble 9:00-18:00<\/li>\n<li>V pond\u011bl\u00ed otev\u0159eno pouze o sv\u00e1tc\u00edch<\/li>\n<\/ul>\n<\/div><\/div><\/div><div class=\"fusion-panel panel-default panel-e9f8b803746c364f7 fusion-toggle-has-divider\"><div class=\"panel-heading\"><h4 class=\"panel-title toggle\" id=\"toggle_e9f8b803746c364f7\"><a aria-expanded=\"false\" aria-controls=\"e9f8b803746c364f7\" role=\"button\" data-toggle=\"collapse\" data-target=\"#e9f8b803746c364f7\" href=\"#e9f8b803746c364f7\"><span class=\"fusion-toggle-icon-wrapper\" aria-hidden=\"true\"><i class=\"fa-fusion-box active-icon awb-icon-minus\" aria-hidden=\"true\"><\/i><i class=\"fa-fusion-box inactive-icon awb-icon-plus\" aria-hidden=\"true\"><\/i><\/span><span class=\"fusion-toggle-heading\">Nab\u00eddky pro skupiny<\/span><\/a><\/h4><\/div><div id=\"e9f8b803746c364f7\" class=\"panel-collapse collapse \" aria-labelledby=\"toggle_e9f8b803746c364f7\"><div class=\"panel-body toggle-content fusion-clearfix\">\n<p>Prohl\u00eddka za\u010d\u00edn\u00e1 multimedi\u00e1ln\u00edm \u00favodem do \u017eivota poln\u00edho mar\u0161\u00e1la hrab\u011bte Radeck\u00e9ho, r\u016fzn\u00e9 expon\u00e1ty z t\u00e9 doby dopl\u0148uj\u00ed historick\u00fd obraz. K vid\u011bn\u00ed je zde i n\u011bkolik dior\u00e1m, na nich\u017e jsou p\u0159edstaveny pomoc\u00ed stovek c\u00ednov\u00fdch voj\u00e1\u010dk\u016f slavn\u00e9 bitvy \u2013 jako nap\u0159\u00edklad u Aspern proti Napoleonov\u011b arm\u00e1d\u011b (1809). Jednou z bran vyjdeme z expozice ven \u2013 a naskytne se n\u00e1m n\u00e1dhern\u00fd v\u00fdhled na rozlehl\u00fd are\u00e1l a mohutn\u00fd obelisk. Pod n\u00edm se nach\u00e1z\u00ed hrobka poln\u00edch gener\u00e1l\u016f hrab\u011bte Josefa Radeck\u00e9ho (\u2020 1858) a Maximili\u00e1na, svobodn\u00e9ho p\u00e1na z Wimpffenu (\u2020 1854), stejn\u011b jako stavitele komplexu, Josefa Gottfrieda Pargfriedera (\u2020 1863).<\/p>\n<p>Prohl\u00eddkov\u00fd okruh:<\/p>\n<ul>\n<li>Prohl\u00eddka expozice Radeck\u00e9ho pam\u00e1tn\u00edku s nov\u00fdmi expon\u00e1ty a historick\u00fdmi objekty<\/li>\n<li>Rozs\u00e1hl\u00fd park s bustami a sochami slavn\u00fdch gener\u00e1l\u016f, sloupovou halou a obeliskem<\/li>\n<li>Hroby poln\u00edch mar\u0161\u00e1l\u016f Radeck\u00e9ho a Wimpffena a stavitele komplexu J. G. Pargfriedera<\/li>\n<li>Dior\u00e1my z c\u00ednov\u00fdch figurek zn\u00e1zor\u0148uj\u00edc\u00ed v\u00fdjevy ze \u017eivota Radeck\u00e9ho<\/li>\n<\/ul>\n<p><strong>Skupinov\u00e9 vstupn\u00e9 7,00 \u20ac na osobu<\/strong><\/p>\n<p><strong>Dal\u0161\u00ed nab\u00eddka:<\/strong><br \/>\n<strong>Prohl\u00eddka expozice Radeck\u00e9ho pam\u00e1tn\u00edku s nov\u00fdmi expon\u00e1ty a historick\u00fdmi objekty.<\/strong><\/p>\n<p>Doba trv\u00e1n\u00ed: 45 minut<br \/>\n<strong>P\u0159\u00edplatek ve skupin\u011b 2,00 \u20ac za dosp\u011bl\u00e9ho nebo prohl\u00eddka s audio pr\u016fvodcem za poplatek 2,00 \u20ac za osobu<\/strong><\/p>\n<\/div><\/div><\/div><div class=\"fusion-panel panel-default panel-985167b3e78f26b46 fusion-toggle-has-divider\"><div class=\"panel-heading\"><h4 class=\"panel-title toggle\" id=\"toggle_985167b3e78f26b46\"><a aria-expanded=\"false\" aria-controls=\"985167b3e78f26b46\" role=\"button\" data-toggle=\"collapse\" data-target=\"#985167b3e78f26b46\" href=\"#985167b3e78f26b46\"><span class=\"fusion-toggle-icon-wrapper\" aria-hidden=\"true\"><i class=\"fa-fusion-box active-icon awb-icon-minus\" aria-hidden=\"true\"><\/i><i class=\"fa-fusion-box inactive-icon awb-icon-plus\" aria-hidden=\"true\"><\/i><\/span><span class=\"fusion-toggle-heading\">Nab\u00eddka pro \u0161koly a ml\u00e1de\u017e<\/span><\/a><\/h4><\/div><div id=\"985167b3e78f26b46\" class=\"panel-collapse collapse \" aria-labelledby=\"toggle_985167b3e78f26b46\"><div class=\"panel-body toggle-content fusion-clearfix\">\n<p>Expozice a pomn\u00edk poln\u00edho mar\u0161\u00e1la Radeck\u00e9ho v\u00e1s provede \u010d\u00e1st\u00ed rakousk\u00e9 historie i v prost\u0159ed\u00ed kr\u00e1sn\u00e9ho parku. Venkovn\u00ed expozice s bustami hrdin\u016f, sloupy a sochami nejv\u011bt\u0161\u00edch gener\u00e1l\u016f je velmi zaj\u00edmav\u00e1.<\/p>\n<ul>\n<li>Dior\u00e1my z c\u00ednov\u00fdch figurek zn\u00e1zor\u0148uj\u00edc\u00ed v\u00fdjevy ze \u017eivota Radeck\u00e9ho<\/li>\n<li>N\u00e1v\u0161t\u011bva rozlehl\u00e9ho parku s bustami a sochami slavn\u00fdch gener\u00e1l\u016f, kolon\u00e1dou a obeliskem<\/li>\n<li>N\u00e1v\u0161t\u011bva pomn\u00edk\u016f poln\u00edch mar\u0161\u00e1l\u016f Radeck\u00e9ho a Wimpffena<\/li>\n<\/ul>\n<p style=\"margin-bottom: 15px;\"><strong>Skupinov\u00fd tarif: 4,- \u20ac \/ studenta<\/strong><\/p>\n<hr \/>\n<h4 class=\"title-heading-left\" style=\"margin-top: 15px;\" data-fontsize=\"22\" data-lineheight=\"26\">Voliteln\u00e1 dopl\u0148kov\u00e1 nab\u00eddka<\/h4>\n<p><strong>Prohl\u00eddka Radeck\u00e9ho pam\u00e1tn\u00edku<\/strong><br \/>\nDoba trv\u00e1n\u00ed: 45 minut<br \/>\n<strong>P\u0159\u00edplatek 2,00 \u20ac na \u017e\u00e1ka<\/strong><\/p>\n<\/div><\/div><\/div><div class=\"fusion-panel panel-default panel-59c7d1809660dbae9 fusion-toggle-has-divider\"><div class=\"panel-heading\"><h4 class=\"panel-title toggle\" id=\"toggle_59c7d1809660dbae9\"><a aria-expanded=\"false\" aria-controls=\"59c7d1809660dbae9\" role=\"button\" data-toggle=\"collapse\" data-target=\"#59c7d1809660dbae9\" href=\"#59c7d1809660dbae9\"><span class=\"fusion-toggle-icon-wrapper\" aria-hidden=\"true\"><i class=\"fa-fusion-box active-icon awb-icon-minus\" aria-hidden=\"true\"><\/i><i class=\"fa-fusion-box inactive-icon awb-icon-plus\" aria-hidden=\"true\"><\/i><\/span><span class=\"fusion-toggle-heading\">Informace o bezbari\u00e9rov\u00e9m p\u0159\u00edstupu<\/span><\/a><\/h4><\/div><div id=\"59c7d1809660dbae9\" class=\"panel-collapse collapse \" aria-labelledby=\"toggle_59c7d1809660dbae9\"><div class=\"panel-body toggle-content fusion-clearfix\">\n<h3>Parkovi\u0161t\u011b<\/h3>\n<p>P\u0159\u00edmo na boku vstupu je k dispozici parkovi\u0161t\u011b pro invalidy. Na\u0161e ukazatele v\u00e1s navedou.<\/p>\n<h3>Ceny vstupn\u00e9ho<\/h3>\n<p>Pro osoby se speci\u00e1ln\u00edmi pot\u0159ebami je sn\u00ed\u017een\u00e9 vstupn\u00e9 mo\u017en\u00e9 pro p\u0159edlo\u017een\u00ed pr\u016fkazu. Doprov\u00e1zej\u00edc\u00ed osoby maj\u00ed vstup zdarma, pokud jsou uvedeny v pr\u016fkazu.<\/p>\n<h3>Toalety<\/h3>\n<p>Bezbari\u00e9rov\u00e1 soci\u00e1ln\u00ed za\u0159\u00edzen\u00ed jsou k dispozici v prostoru obou pokladen.<\/p>\n<h3>Pohyb v r\u00e1mci c\u00edle v\u00fdletu<\/h3>\n<p>Z parkovi\u0161t\u011b pro t\u011blesn\u011b posti\u017een\u00ed u hlavn\u00ed pokladny se dostanete po ramp\u011b do prostoru pokladen, odkud m\u016f\u017eete pokra\u010dovat po rovin\u011b bezbari\u00e9rov\u011b a\u017e do <strong>muzea veter\u00e1n\u016f.<\/strong><\/p>\n<p><strong>Kav\u00e1rna Heldenberg a Anglick\u00e1 zahrada<\/strong> jsou z t\u00e9to \u00farovn\u011b dostupn\u00e9 zdvi\u017e\u00ed. Cesty v Anglick\u00e9 zahrad\u011b jsou p\u0159\u00edrodn\u00ed a a\u017e k Schneckenbergu dob\u0159e p\u0159\u00edstupn\u00e9.<\/p>\n<p>Cesta k <strong>lipic\u00e1nsk\u00fdm st\u00e1j\u00edm<\/strong> je pro osoby s omezenou pohyblivost\u00ed a na invalidn\u00edm voz\u00edku obt\u00ed\u017en\u011b p\u0159\u00edstupn\u00e1. Z tohoto d\u016fvodu v\u00e1s \u017e\u00e1d\u00e1me, abyste informovali n\u00e1\u0161 person\u00e1l. Po domluv\u011b v\u00e1s m\u016f\u017eeme ke st\u00e1j\u00edm dopravit p\u0159\u00edmo. N\u00e1\u0161 person\u00e1l v\u00e1s vyzvedne a doprovod\u00ed na v\u00fdchoz\u00ed m\u00edsto pro prohl\u00eddku.<\/p>\n<p><strong>Radeck\u00e9ho pomn\u00edk<\/strong> je a\u017e k hrobce bezbari\u00e9rov\u00fd. Do parku je vstup bezbari\u00e9rov\u00fd. Obra\u0165te se pros\u00edm na na\u0161e pracovn\u00edky. P\u0159\u00edstup k <strong>neolitick\u00e9 vesnici a sokolnick\u00e9mu are\u00e1lu Falkenhof Aigner<\/strong> je v\u00fdlu\u010dn\u011b po p\u0159\u00edrodn\u00edch cest\u00e1ch, kter\u00e9 mohou prohl\u00eddku zt\u00ed\u017eit. N\u00e1v\u0161t\u011bva t\u011bchto dvou atrakc\u00ed je mo\u017en\u00e1 pouze s asistenc\u00ed, proto\u017ee cesta vede se stoup\u00e1n\u00edm.<\/p>\n<\/div><\/div><\/div><\/div><\/div><\/div><\/div><\/div><\/div><div class=\"fusion-fullwidth fullwidth-box fusion-builder-row-3 fusion-flex-container nonhundred-percent-fullwidth non-hundred-percent-height-scrolling socialshare-center\" style=\"--awb-border-radius-top-left:0px;--awb-border-radius-top-right:0px;--awb-border-radius-bottom-right:0px;--awb-border-radius-bottom-left:0px;--awb-flex-wrap:wrap;\" ><div class=\"fusion-builder-row fusion-row fusion-flex-align-items-flex-start fusion-flex-content-wrap\" style=\"max-width:calc( 1170px + 0px );margin-left: calc(-0px \/ 2 );margin-right: calc(-0px \/ 2 );\"><div class=\"fusion-layout-column fusion_builder_column fusion-builder-column-4 fusion_builder_column_1_1 1_1 fusion-flex-column\" style=\"--awb-bg-size:cover;--awb-width-large:100%;--awb-margin-top-large:0px;--awb-spacing-right-large:0px;--awb-margin-bottom-large:20px;--awb-spacing-left-large:0px;--awb-width-medium:100%;--awb-spacing-right-medium:0px;--awb-spacing-left-medium:0px;--awb-width-small:100%;--awb-spacing-right-small:0px;--awb-spacing-left-small:0px;\"><div class=\"fusion-column-wrapper fusion-flex-justify-content-flex-start fusion-content-layout-column\"><div class=\"fusion-text fusion-text-7\"><div class=\"fusion-separator fusion-full-width-sep\" style=\"align-self: center;margin-left: auto;margin-right: auto;width:100%;\"><\/div>\n<\/div><\/div><\/div><\/div><\/div><\/p>","protected":false},"excerpt":{"rendered":"","protected":false},"author":6,"featured_media":0,"parent":11296,"menu_order":0,"comment_status":"closed","ping_status":"closed","template":"","meta":{"footnotes":""},"class_list":["post-11348","page","type-page","status-publish","hentry"],"aioseo_notices":[],"_links":{"self":[{"href":"https:\/\/www.derheldenberg.at\/cs\/wp-json\/wp\/v2\/pages\/11348","targetHints":{"allow":["GET"]}}],"collection":[{"href":"https:\/\/www.derheldenberg.at\/cs\/wp-json\/wp\/v2\/pages"}],"about":[{"href":"https:\/\/www.derheldenberg.at\/cs\/wp-json\/wp\/v2\/types\/page"}],"author":[{"embeddable":true,"href":"https:\/\/www.derheldenberg.at\/cs\/wp-json\/wp\/v2\/users\/6"}],"replies":[{"embeddable":true,"href":"https:\/\/www.derheldenberg.at\/cs\/wp-json\/wp\/v2\/comments?post=11348"}],"version-history":[{"count":0,"href":"https:\/\/www.derheldenberg.at\/cs\/wp-json\/wp\/v2\/pages\/11348\/revisions"}],"up":[{"embeddable":true,"href":"https:\/\/www.derheldenberg.at\/cs\/wp-json\/wp\/v2\/pages\/11296"}],"wp:attachment":[{"href":"https:\/\/www.derheldenberg.at\/cs\/wp-json\/wp\/v2\/media?parent=11348"}],"curies":[{"name":"wp","href":"https:\/\/api.w.org\/{rel}","templated":true}]}}