{"id":11398,"date":"2017-10-23T11:50:32","date_gmt":"2017-10-23T09:50:32","guid":{"rendered":"https:\/\/www.derheldenberg.atatrakce\/heldenberg-vinothek\/"},"modified":"2024-09-03T13:57:02","modified_gmt":"2024-09-03T11:57:02","slug":"regionalni-vinoteka","status":"publish","type":"page","link":"https:\/\/www.derheldenberg.at\/cs\/atrakce\/regionalni-vinoteka\/","title":{"rendered":"REGION\u00c1LN\u00cd VINOT\u00c9KA"},"content":{"rendered":"<p><div class=\"fusion-fullwidth fullwidth-box fusion-builder-row-1 fusion-flex-container nonhundred-percent-fullwidth non-hundred-percent-height-scrolling\" style=\"--awb-border-radius-top-left:0px;--awb-border-radius-top-right:0px;--awb-border-radius-bottom-right:0px;--awb-border-radius-bottom-left:0px;--awb-flex-wrap:wrap;\" ><div class=\"fusion-builder-row fusion-row fusion-flex-align-items-flex-start fusion-flex-content-wrap\" style=\"max-width:1216.8px;margin-left: calc(-4% \/ 2 );margin-right: calc(-4% \/ 2 );\"><div class=\"fusion-layout-column fusion_builder_column fusion-builder-column-0 fusion_builder_column_1_1 1_1 fusion-flex-column\" style=\"--awb-padding-top:25px;--awb-padding-bottom:20px;--awb-bg-size:cover;--awb-width-large:100%;--awb-margin-top-large:0px;--awb-spacing-right-large:1.92%;--awb-margin-bottom-large:20px;--awb-spacing-left-large:1.92%;--awb-width-medium:100%;--awb-spacing-right-medium:1.92%;--awb-spacing-left-medium:1.92%;--awb-width-small:100%;--awb-spacing-right-small:1.92%;--awb-spacing-left-small:1.92%;\"><div class=\"fusion-column-wrapper fusion-flex-justify-content-flex-start fusion-content-layout-column\"><div class=\"fusion-title title fusion-title-1 fusion-title-text fusion-title-size-one\" style=\"--awb-margin-top:35px;--awb-margin-bottom:0px;--awb-margin-top-small:10px;--awb-margin-right-small:0px;--awb-margin-bottom-small:10px;--awb-margin-left-small:0px;--awb-sep-color:#999;\"><div class=\"title-sep-container title-sep-container-left fusion-no-large-visibility fusion-no-medium-visibility fusion-no-small-visibility\"><div class=\"title-sep sep-single sep-solid\" style=\"border-color:#999;\"><\/div><\/div><span class=\"awb-title-spacer fusion-no-large-visibility fusion-no-medium-visibility fusion-no-small-visibility\"><\/span><h1 class=\"fusion-title-heading title-heading-left fusion-responsive-typography-calculated\" style=\"margin:0;--fontSize:32;line-height:1.1;\">REGION\u00c1LN\u00cd VINOT\u00c9KA<\/h1><span class=\"awb-title-spacer\"><\/span><div class=\"title-sep-container title-sep-container-right\"><div class=\"title-sep sep-single sep-solid\" style=\"border-color:#999;\"><\/div><\/div><\/div><\/div><\/div><div class=\"fusion-layout-column fusion_builder_column fusion-builder-column-1 fusion_builder_column_3_4 3_4 fusion-flex-column contentcol-3-4\" style=\"--awb-padding-right:20px;--awb-bg-color:#ffffff;--awb-bg-color-hover:#ffffff;--awb-bg-size:cover;--awb-width-large:75%;--awb-margin-top-large:0px;--awb-spacing-right-large:2.56%;--awb-margin-bottom-large:20px;--awb-spacing-left-large:2.56%;--awb-width-medium:75%;--awb-spacing-right-medium:2.56%;--awb-spacing-left-medium:2.56%;--awb-width-small:100%;--awb-spacing-right-small:1.92%;--awb-spacing-left-small:1.92%;\"><div class=\"fusion-column-wrapper fusion-flex-justify-content-flex-start fusion-content-layout-column\"><div class=\"fusion-text fusion-text-1\"><h2>V\u00edna od vina\u0159\u016f s profilem krajinn\u00e9ho parku Schmidatal<\/h2>\n<p>S novou vinot\u00e9kou LPSM VINOTHEK am Heldenberg je krajinn\u00fd park Schmidatal Manhartsberg a Heldenberg obohacen o zaj\u00edmavou atrakci.<\/p>\n<\/div><div class=\"fusion-builder-row fusion-builder-row-inner fusion-row fusion-flex-align-items-flex-start fusion-flex-content-wrap\" style=\"--awb-flex-grow:0;--awb-flex-grow-medium:0;--awb-flex-grow-small:0;--awb-flex-shrink:0;--awb-flex-shrink-medium:0;--awb-flex-shrink-small:0;width:104% !important;max-width:104% !important;margin-left: calc(-4% \/ 2 );margin-right: calc(-4% \/ 2 );\"><div class=\"fusion-layout-column fusion_builder_column_inner fusion-builder-nested-column-0 fusion_builder_column_inner_1_2 1_2 fusion-flex-column\" style=\"--awb-bg-size:cover;--awb-width-large:50%;--awb-margin-top-large:0px;--awb-spacing-right-large:3.84%;--awb-margin-bottom-large:20px;--awb-spacing-left-large:3.84%;--awb-width-medium:50%;--awb-spacing-right-medium:3.84%;--awb-spacing-left-medium:3.84%;--awb-width-small:100%;--awb-spacing-right-small:1.92%;--awb-spacing-left-small:1.92%;\"><div class=\"fusion-column-wrapper fusion-flex-justify-content-flex-start fusion-content-layout-column\"><div class=\"fusion-image-element \" style=\"--awb-caption-title-font-family:var(--h2_typography-font-family);--awb-caption-title-font-weight:var(--h2_typography-font-weight);--awb-caption-title-font-style:var(--h2_typography-font-style);--awb-caption-title-size:var(--h2_typography-font-size);--awb-caption-title-transform:var(--h2_typography-text-transform);--awb-caption-title-line-height:var(--h2_typography-line-height);--awb-caption-title-letter-spacing:var(--h2_typography-letter-spacing);\"><span class=\" fusion-imageframe imageframe-none imageframe-1 hover-type-none\"><img decoding=\"async\" width=\"720\" height=\"649\" alt=\"K\u00f6stlichkeiten und Gaumenfreunden in der LPSM Vinothek am Heldenberg\" title=\"HBerg_Vinothek_innen\" src=\"https:\/\/www.derheldenberg.at\/wp-content\/uploads\/HBerg_Vinothek_innen.jpg\" class=\"img-responsive wp-image-13372\" srcset=\"https:\/\/www.derheldenberg.at\/wp-content\/uploads\/HBerg_Vinothek_innen-200x180.jpg 200w, https:\/\/www.derheldenberg.at\/wp-content\/uploads\/HBerg_Vinothek_innen-400x361.jpg 400w, https:\/\/www.derheldenberg.at\/wp-content\/uploads\/HBerg_Vinothek_innen-600x541.jpg 600w, https:\/\/www.derheldenberg.at\/wp-content\/uploads\/HBerg_Vinothek_innen.jpg 720w\" sizes=\"(max-width: 640px) 100vw, 600px\" \/><\/span><\/div><\/div><\/div><div class=\"fusion-layout-column fusion_builder_column_inner fusion-builder-nested-column-1 fusion_builder_column_inner_1_2 1_2 fusion-flex-column\" style=\"--awb-bg-size:cover;--awb-width-large:50%;--awb-margin-top-large:0px;--awb-spacing-right-large:3.84%;--awb-margin-bottom-large:20px;--awb-spacing-left-large:3.84%;--awb-width-medium:50%;--awb-spacing-right-medium:3.84%;--awb-spacing-left-medium:3.84%;--awb-width-small:100%;--awb-spacing-right-small:1.92%;--awb-spacing-left-small:1.92%;\"><div class=\"fusion-column-wrapper fusion-flex-justify-content-flex-start fusion-content-layout-column\"><div class=\"fusion-separator fusion-full-width-sep\" style=\"align-self: center;margin-left: auto;margin-right: auto;margin-top:6px;margin-bottom:6px;width:100%;\"><\/div><div class=\"fusion-text fusion-text-2\"><p>Milovn\u00edci v\u00edna mohou v modern\u00edch, nov\u011b z\u0159\u00edzen\u00fdch prostor\u00e1ch objevovat a p\u0159\u00edmo na m\u00edst\u011b vychutn\u00e1vat vynikaj\u00edc\u00ed v\u00edna a region\u00e1ln\u00ed lah\u016fdky v okol\u00ed obc\u00ed Heldenberg, Hohenwarth-M\u00fchlbach, Maissau, Ravelsbach, Sitzendorf a Ziersdorf.<\/p>\n<p>\u010cekaj\u00ed na n\u011b vybran\u00e9 ochutn\u00e1vky v\u00edna a odborn\u00e9 znalosti doprov\u00e1zej\u00edc\u00ed rozmanitou nab\u00eddku odr\u016fd krajinn\u00e9ho parku Schmidatal Manhartsberg v z\u00e1padn\u00ed \u010d\u00e1sti Vinn\u00e9 \u010dtvrti. M\u016f\u017eete si b\u00fdt jisti, \u017ee zde naleznete sv\u00e9 obl\u00edben\u00e9 region\u00e1ln\u00ed v\u00edno. V\u00edce ne\u017e 155 v\u00edn od v\u00edce ne\u017e 30 vina\u0159\u016f je V\u00e1m k dispozici jak k ochutn\u00e1n\u00ed, tak k prodeji.<\/p>\n<\/div><\/div><\/div><\/div><div class=\"fusion-separator fusion-full-width-sep\" style=\"align-self: center;margin-left: auto;margin-right: auto;margin-top:0px;margin-bottom:5px;width:100%;\"><\/div><div class=\"fusion-text fusion-text-3\"><h3>V\u00edce ne\u017e jen nejlep\u0161\u00ed v\u00edna<\/h3>\n<p>Krom\u011b rozmanit\u00e9ho v\u00fdb\u011bru v\u00edn V\u00e1m Vinothek nab\u00edz\u00ed tak\u00e9:<\/p>\n<\/div><div class=\"fusion-builder-row fusion-builder-row-inner fusion-row fusion-flex-align-items-flex-start fusion-flex-content-wrap\" style=\"--awb-flex-grow:0;--awb-flex-grow-medium:0;--awb-flex-grow-small:0;--awb-flex-shrink:0;--awb-flex-shrink-medium:0;--awb-flex-shrink-small:0;width:104% !important;max-width:104% !important;margin-left: calc(-4% \/ 2 );margin-right: calc(-4% \/ 2 );\"><div class=\"fusion-layout-column fusion_builder_column_inner fusion-builder-nested-column-2 fusion_builder_column_inner_1_2 1_2 fusion-flex-column\" style=\"--awb-bg-size:cover;--awb-width-large:50%;--awb-margin-top-large:0px;--awb-spacing-right-large:3.84%;--awb-margin-bottom-large:20px;--awb-spacing-left-large:3.84%;--awb-width-medium:50%;--awb-spacing-right-medium:3.84%;--awb-spacing-left-medium:3.84%;--awb-width-small:100%;--awb-spacing-right-small:1.92%;--awb-spacing-left-small:1.92%;\"><div class=\"fusion-column-wrapper fusion-flex-justify-content-flex-start fusion-content-layout-column\"><div class=\"fusion-separator fusion-full-width-sep\" style=\"align-self: center;margin-left: auto;margin-right: auto;margin-top:8px;margin-bottom:8px;width:100%;\"><\/div><div class=\"fusion-text fusion-text-4\"><p><strong>Schmidatalsk\u00e9 ob\u010derstven\u00ed s region\u00e1ln\u00edmi pochoutkami<\/strong> \u2013 jako je nap\u0159. lahodn\u00e1 \u0161unka z oblasti Schmidatal, s\u00fdr z Vinn\u00e9 \u010dtvrti, nakl\u00e1dan\u00e1 zelenina a \u010datn\u00ed\u2026<\/p>\n<p><strong>Komentovan\u00e9 vina\u0159sk\u00e9 z\u00e1\u017eitky<\/strong> \u2013 \u00favod do spr\u00e1vn\u00e9 degustace v\u00edna, v\u010detn\u011b zaj\u00edmav\u00fdch fakt\u016f o n\u011bm &#8211; tak\u00e9 s ob\u010derstven\u00edm &#8211; poznejte v\u00edna regionu.<\/p>\n<p><strong>Odneste si lah\u016fdky<\/strong> \u2013 pro v\u0161echny p\u0159\u00edle\u017eitosti nebo jako suven\u00fdr. Z\u00edskat lze tak\u00e9 POUK\u00c1ZKY na v\u00edno a lah\u016fdky.<\/p>\n<\/div><\/div><\/div><div class=\"fusion-layout-column fusion_builder_column_inner fusion-builder-nested-column-3 fusion_builder_column_inner_1_2 1_2 fusion-flex-column\" style=\"--awb-bg-size:cover;--awb-width-large:50%;--awb-margin-top-large:0px;--awb-spacing-right-large:3.84%;--awb-margin-bottom-large:20px;--awb-spacing-left-large:3.84%;--awb-width-medium:50%;--awb-spacing-right-medium:3.84%;--awb-spacing-left-medium:3.84%;--awb-width-small:100%;--awb-spacing-right-small:1.92%;--awb-spacing-left-small:1.92%;\"><div class=\"fusion-column-wrapper fusion-flex-justify-content-flex-start fusion-content-layout-column\"><div class=\"fusion-image-element \" style=\"--awb-caption-title-font-family:var(--h2_typography-font-family);--awb-caption-title-font-weight:var(--h2_typography-font-weight);--awb-caption-title-font-style:var(--h2_typography-font-style);--awb-caption-title-size:var(--h2_typography-font-size);--awb-caption-title-transform:var(--h2_typography-text-transform);--awb-caption-title-line-height:var(--h2_typography-line-height);--awb-caption-title-letter-spacing:var(--h2_typography-letter-spacing);\"><span class=\" fusion-imageframe imageframe-none imageframe-2 hover-type-none\"><img decoding=\"async\" width=\"600\" height=\"485\" alt=\"K\u00f6stlichkeiten und Gaumenfreunden in der LPSM Vinothek am Heldenberg\" title=\"LPSM Vinothek Schmankerl\" src=\"https:\/\/www.derheldenberg.at\/wp-content\/uploads\/LPSM_Vinothek_Schmankerl-1.jpg\" class=\"img-responsive wp-image-12848\" srcset=\"https:\/\/www.derheldenberg.at\/wp-content\/uploads\/LPSM_Vinothek_Schmankerl-1-200x162.jpg 200w, https:\/\/www.derheldenberg.at\/wp-content\/uploads\/LPSM_Vinothek_Schmankerl-1-400x323.jpg 400w, https:\/\/www.derheldenberg.at\/wp-content\/uploads\/LPSM_Vinothek_Schmankerl-1.jpg 600w\" sizes=\"(max-width: 640px) 100vw, 600px\" \/><\/span><\/div><\/div><\/div><\/div><div class=\"fusion-text fusion-text-5\"><h4>Vina\u0159stv\u00ed<\/h4>\n<\/div><div class=\"fusion-builder-row fusion-builder-row-inner fusion-row fusion-flex-align-items-flex-start fusion-flex-content-wrap\" style=\"--awb-flex-grow:0;--awb-flex-grow-medium:0;--awb-flex-grow-small:0;--awb-flex-shrink:0;--awb-flex-shrink-medium:0;--awb-flex-shrink-small:0;width:104% !important;max-width:104% !important;margin-left: calc(-4% \/ 2 );margin-right: calc(-4% \/ 2 );\"><div class=\"fusion-layout-column fusion_builder_column_inner fusion-builder-nested-column-4 fusion_builder_column_inner_1_2 1_2 fusion-flex-column\" style=\"--awb-bg-size:cover;--awb-width-large:50%;--awb-margin-top-large:0px;--awb-spacing-right-large:3.84%;--awb-margin-bottom-large:20px;--awb-spacing-left-large:3.84%;--awb-width-medium:50%;--awb-spacing-right-medium:3.84%;--awb-spacing-left-medium:3.84%;--awb-width-small:100%;--awb-spacing-right-small:1.92%;--awb-spacing-left-small:1.92%;\"><div class=\"fusion-column-wrapper fusion-flex-justify-content-flex-start fusion-content-layout-column\"><div class=\"fusion-text fusion-text-6\"><p>Weinhof Brandl<br \/>\nWinzerhaus Fam. Frank<br \/>\nWeingut Gutmayer<br \/>\nFamilienweingut Hagenb\u00fcchl<br \/>\nWeinbau Hartl<br \/>\nWeingut Hofbauer-Schmidt<br \/>\nWeingut Humer<br \/>\nWeingut Hummel<br \/>\nWeingut Jungmayr<br \/>\nWeingut Koch<br \/>\nWeingut Lang<br \/>\nWeinkellerei Familie Mantler<br \/>\nWinzerhof Mayr<br \/>\nWeingut Mayr<br \/>\nWeingut Obenaus<br \/>\nWeingut Familie Pr\u00f6ll<br \/>\nWeingut Resch<\/p>\n<\/div><\/div><\/div><div class=\"fusion-layout-column fusion_builder_column_inner fusion-builder-nested-column-5 fusion_builder_column_inner_1_2 1_2 fusion-flex-column\" style=\"--awb-bg-size:cover;--awb-width-large:50%;--awb-margin-top-large:0px;--awb-spacing-right-large:3.84%;--awb-margin-bottom-large:20px;--awb-spacing-left-large:3.84%;--awb-width-medium:50%;--awb-spacing-right-medium:3.84%;--awb-spacing-left-medium:3.84%;--awb-width-small:100%;--awb-spacing-right-small:1.92%;--awb-spacing-left-small:1.92%;\"><div class=\"fusion-column-wrapper fusion-flex-justify-content-flex-start fusion-content-layout-column\"><div class=\"fusion-text fusion-text-7\"><p>Weinbau Pamperl<br \/>\nFamilienweingut Schmid<br \/>\nWeingut Schwinner<br \/>\nWeingut Setzer<br \/>\nWeingut Sutter<br \/>\nWeingut Wenzl<br \/>\nRadetzky-Weingut Wichtl<br \/>\nWein Wimmer<br \/>\nWeingut Wunderer<br \/>\nWeingut Zeilinger<br \/>\nFamilienweingut Zeilinger-Wagner<br \/>\nWeingut Zeitlberger<br \/>\nWinzerhof Zimmermann<br \/>\nWeingut Z\u00f6chmann<\/p>\n<\/div><\/div><\/div><\/div><\/div><\/div><div class=\"fusion-layout-column fusion_builder_column fusion-builder-column-2 fusion_builder_column_1_4 1_4 fusion-flex-column info-sidebar\" style=\"--awb-bg-color:#f4f5f5;--awb-bg-color-hover:#f4f5f5;--awb-bg-size:cover;--awb-width-large:25%;--awb-margin-top-large:18px;--awb-spacing-right-large:7.68%;--awb-margin-bottom-large:20px;--awb-spacing-left-large:7.68%;--awb-width-medium:25%;--awb-spacing-right-medium:7.68%;--awb-spacing-left-medium:7.68%;--awb-width-small:100%;--awb-spacing-right-small:1.92%;--awb-spacing-left-small:1.92%;\"><div class=\"fusion-column-wrapper fusion-flex-justify-content-flex-start fusion-content-layout-column\"><div style=\"text-align:center;\"><a class=\"fusion-button button-flat button-xlarge button-default fusion-button-default button-1 fusion-button-span-yes fusion-button-default-type button-tip-des-monats\" target=\"_blank\" rel=\"noopener noreferrer\" href=\"https:\/\/www.facebook.com\/der.heldenberg\/\"><span class=\"fusion-button-icon-divider button-icon-divider-left\"><i class=\" fa fa-facebook-official awb-button__icon awb-button__icon--default\" aria-hidden=\"true\"><\/i><\/span><span class=\"fusion-button-text awb-button__text awb-button__text--default fusion-button-text-left\">Nav\u0161tivte n\u00e1s na Facebooku!<\/span><\/a><\/div><div style=\"text-align:center;\"><a class=\"fusion-button button-flat button-xlarge button-default fusion-button-default button-2 fusion-button-span-yes fusion-button-default-type button-tip-des-monats\" target=\"_self\" href=\"#\" data-toggle=\"modal\" data-target=\".fusion-modal.reviews-google-fb\"><span class=\"fusion-button-icon-divider button-icon-divider-left\"><i class=\" fa fa-star awb-button__icon awb-button__icon--default\" aria-hidden=\"true\"><\/i><\/span><span class=\"fusion-button-text awb-button__text awb-button__text--default fusion-button-text-left\">N\u00e1zory n\u00e1v\u0161t\u011bvn\u00edk\u016f<\/span><\/a><\/div><div class=\"fusion-modal modal fade modal-1 reviews-google-fb\" tabindex=\"-1\" role=\"dialog\" aria-labelledby=\"modal-heading-1\" aria-hidden=\"true\" style=\"--awb-border-color:#ebebeb;--awb-background:#f6f6f6;\"><div class=\"modal-dialog modal-lg\" role=\"document\"><div class=\"modal-content fusion-modal-content\"><div class=\"modal-header\"><button class=\"close\" type=\"button\" data-dismiss=\"modal\" aria-hidden=\"true\" aria-label=\"Close\">&times;<\/button><h3 class=\"modal-title\" id=\"modal-heading-1\" data-dismiss=\"modal\" aria-hidden=\"true\">N\u00e1zory n\u00e1v\u0161t\u011bvn\u00edk\u016f<\/h3><\/div><div class=\"modal-body fusion-clearfix\">\n<p style=\"text-align: center;\"><div class=\"wprevpro-shortcode-wrapper\"><div class=\"wprevpro wprev-no-slider revnotsameheight\" id=\"wprev-slider-2\">\t\t<div class=\"wprevpro_t4_outer_div w3_wprs-row wprevprodiv\">\r\n\t\t\t<div class=\"wpproslider_t4_DIV_1 w3_wprs-col l4 outerrevdiv\">\r\n\t\t<div class=\"indrevdiv wpproslider_t4_DIV_1a  wprev_preview_bg1_T4 wprev_preview_bradius_T4\">\r\n\t\t\t<div class=\"wpproslider_t4_avatar_div\"><img decoding=\"async\" loading=\"lazy\" src=\"https:\/\/lh3.googleusercontent.com\/a-\/ALV-UjWtXZKz5d5G_Lw92a9tzOrclHfqVbEvlM8e9CBwyozgkvnnh7V3=s128-c0x00000000-cc-rp-mo-ba2\" alt=\"Markus Kalcher Avatar\" class=\"wpproslider_t4_IMG_2 wprevpro_avatarimg\" \/><\/div>\t\t\t<div class=\"wpproslider_t4_H3_3 wprev_preview_tcolor1_T4\">\r\n\t\t\t\tMarkus Kalcher\t\t\t<\/div>\r\n\t\t\t<span class=\"wpproslider_t4_SPAN_4\">\r\n\t\t\t<span class=\"wprevpro_star_imgs_T4\"><span class=\"starloc1 wprevpro_star_imgs wprevpro_star_imgsloc1\"><span class=\"svgicons svg-wprsp-star\"><\/span><span class=\"svgicons svg-wprsp-star\"><\/span><span class=\"svgicons svg-wprsp-star\"><\/span><span class=\"svgicons svg-wprsp-star\"><\/span><span class=\"svgicons svg-wprsp-star\"><\/span><\/span><\/span>\r\n\t\t\t<\/span>\r\n\t\t\t<div class=\"indrevtxt wpproslider_t4_P_5 wprev_preview_tcolor2_T4\">\t\t\t\tEin wundersch\u00f6ner Tag mit vielen eindr\u00fccken.\t\t\t\t\t\t\t<\/div>\r\n\t\t\t<span class=\"wpproslider_t4_date wprev_preview_tcolor3_T4\"> <span class=\"wprev_showdate_T4\">19\/04\/2026<\/span><\/span>\r\n\t\t\t<div class='wprevt4_icon_div'><a href=\"https:\/\/maps.google.com\/?cid=5307023792666941028\" target=\"_blank\" rel=\"nofollow noreferrer\" class=\"wprevpro_t4_site_logo_a\"><img decoding=\"async\" width=32 height=32 src=\"https:\/\/www.derheldenberg.at\/wp-content\/plugins\/wp-review-slider-pro-premium\/public\/partials\/imgs\/google_small_icon.svg\" alt=\"Google Logo\" class=\"wprevpro_t4_site_logo wprevsiteicon \"><\/a><\/div>\t\t\t\t\t\t\t\t\t\t\t<\/div>\r\n\t\t\t\r\n\t<\/div>\r\n\t\t<div class=\"wpproslider_t4_DIV_1 w3_wprs-col l4 outerrevdiv\">\r\n\t\t<div class=\"indrevdiv wpproslider_t4_DIV_1a  wprev_preview_bg1_T4 wprev_preview_bradius_T4\">\r\n\t\t\t<div class=\"wpproslider_t4_avatar_div\"><img decoding=\"async\" loading=\"lazy\" src=\"https:\/\/lh3.googleusercontent.com\/a\/AItbvmniwlw8mdDt9JdpptBx17OjYSKCppMCFBjXcWbS=s40-c-c0x00000000-cc-rp-mo-ba4-br100\" alt=\"Maria Novotny Avatar\" class=\"wpproslider_t4_IMG_2 wprevpro_avatarimg\" \/><\/div>\t\t\t<div class=\"wpproslider_t4_H3_3 wprev_preview_tcolor1_T4\">\r\n\t\t\t\tMaria Novotny\t\t\t<\/div>\r\n\t\t\t<span class=\"wpproslider_t4_SPAN_4\">\r\n\t\t\t<span class=\"wprevpro_star_imgs_T4\"><span class=\"starloc1 wprevpro_star_imgs wprevpro_star_imgsloc1\"><span class=\"svgicons svg-wprsp-star\"><\/span><span class=\"svgicons svg-wprsp-star\"><\/span><span class=\"svgicons svg-wprsp-star\"><\/span><span class=\"svgicons svg-wprsp-star\"><\/span><span class=\"svgicons svg-wprsp-star\"><\/span><\/span><\/span>\r\n\t\t\t<\/span>\r\n\t\t\t<div class=\"indrevtxt wpproslider_t4_P_5 wprev_preview_tcolor2_T4\">\t\t\t\tSehr abwechslungsreich und mega freundliches personal\t\t\t\t\t\t\t<\/div>\r\n\t\t\t<span class=\"wpproslider_t4_date wprev_preview_tcolor3_T4\"> <span class=\"wprev_showdate_T4\">22\/08\/2022<\/span><\/span>\r\n\t\t\t<div class='wprevt4_icon_div'><a href=\"https:\/\/search.google.com\/local\/reviews?placeid=ChIJ72DEk55mbUcRZJZ1iAVWpkk\" target=\"_blank\" rel=\"nofollow noreferrer\" class=\"wprevpro_t4_site_logo_a\"><img decoding=\"async\" width=32 height=32 src=\"https:\/\/www.derheldenberg.at\/wp-content\/plugins\/wp-review-slider-pro-premium\/public\/partials\/imgs\/google_small_icon.svg\" alt=\"Google Logo\" class=\"wprevpro_t4_site_logo wprevsiteicon \"><\/a><\/div>\t\t\t\t\t\t\t\t\t\t\t<\/div>\r\n\t\t\t\r\n\t<\/div>\r\n\t\t<div class=\"wpproslider_t4_DIV_1 w3_wprs-col l4 outerrevdiv\">\r\n\t\t<div class=\"indrevdiv wpproslider_t4_DIV_1a  wprev_preview_bg1_T4 wprev_preview_bradius_T4\">\r\n\t\t\t<div class=\"wpproslider_t4_avatar_div\"><img decoding=\"async\" loading=\"lazy\" src=\"https:\/\/lh3.googleusercontent.com\/a\/AItbvmke3-RidNnoyS79sxhsUPE84KyrOFoI5A7dQNq_=s40-c-c0x00000000-cc-rp-mo-ba3-br100\" alt=\"Kurt Hohenbichler Avatar\" class=\"wpproslider_t4_IMG_2 wprevpro_avatarimg\" \/><\/div>\t\t\t<div class=\"wpproslider_t4_H3_3 wprev_preview_tcolor1_T4\">\r\n\t\t\t\tKurt Hohenbichler\t\t\t<\/div>\r\n\t\t\t<span class=\"wpproslider_t4_SPAN_4\">\r\n\t\t\t<span class=\"wprevpro_star_imgs_T4\"><span class=\"starloc1 wprevpro_star_imgs wprevpro_star_imgsloc1\"><span class=\"svgicons svg-wprsp-star\"><\/span><span class=\"svgicons svg-wprsp-star\"><\/span><span class=\"svgicons svg-wprsp-star\"><\/span><span class=\"svgicons svg-wprsp-star\"><\/span><span class=\"svgicons svg-wprsp-star\"><\/span><\/span><\/span>\r\n\t\t\t<\/span>\r\n\t\t\t<div class=\"indrevtxt wpproslider_t4_P_5 wprev_preview_tcolor2_T4\">\t\t\t\tF\u00fchrung durch die Lippizaner Stallungen, oldtimermuseum , Erlebnis Abenteuerspielplatz . Falkenhof mit Flugshow und Radetzky Gedenkst\u00e4tte\t\t\t\t\t\t\t<\/div>\r\n\t\t\t<span class=\"wpproslider_t4_date wprev_preview_tcolor3_T4\"> <span class=\"wprev_showdate_T4\">22\/08\/2022<\/span><\/span>\r\n\t\t\t<div class='wprevt4_icon_div'><a href=\"https:\/\/search.google.com\/local\/reviews?placeid=ChIJ72DEk55mbUcRZJZ1iAVWpkk\" target=\"_blank\" rel=\"nofollow noreferrer\" class=\"wprevpro_t4_site_logo_a\"><img decoding=\"async\" width=32 height=32 src=\"https:\/\/www.derheldenberg.at\/wp-content\/plugins\/wp-review-slider-pro-premium\/public\/partials\/imgs\/google_small_icon.svg\" alt=\"Google Logo\" class=\"wprevpro_t4_site_logo wprevsiteicon \"><\/a><\/div>\t\t\t\t\t\t\t\t\t\t\t<\/div>\r\n\t\t\t\r\n\t<\/div>\r\n\t\t<\/div>\r\n<\/div><\/div>\n<p style=\"text-align: center;\"><div class=\"fusion-aligncenter\"><a class=\"fusion-button button-flat fusion-button-default-size button-default fusion-button-default button-3 fusion-button-default-span fusion-button-default-type\" target=\"_self\" href=\"\/aktuelles\/besucher-bewertungen\/\"><span class=\"fusion-button-text awb-button__text awb-button__text--default\">Weitere Bewertungen<\/span><\/a><\/div><\/div><\/div><\/div><\/div><div style=\"text-align:center;\"><a class=\"fusion-button button-flat button-xlarge button-default fusion-button-default button-4 fusion-button-span-yes fusion-button-default-type fusion-no-small-visibility button-tip-des-monats\" target=\"_self\" href=\"#info\"><span class=\"fusion-button-icon-divider button-icon-divider-left\"><i class=\" fa fa-arrow-circle-right awb-button__icon awb-button__icon--default\" aria-hidden=\"true\"><\/i><\/span><span class=\"fusion-button-text awb-button__text awb-button__text--default fusion-button-text-left\">Ceny<\/span><\/a><\/div><div style=\"text-align:center;\"><a class=\"fusion-button button-flat button-xlarge button-default fusion-button-default button-5 fusion-button-span-yes fusion-button-default-type fusion-no-medium-visibility fusion-no-large-visibility button-tip-des-monats\" target=\"_self\" href=\"#\" data-toggle=\"modal\" data-target=\".fusion-modal.Preise-Atraktion\"><span class=\"fusion-button-icon-divider button-icon-divider-left\"><i class=\" fa fa-arrow-circle-right awb-button__icon awb-button__icon--default\" aria-hidden=\"true\"><\/i><\/span><span class=\"fusion-button-text awb-button__text awb-button__text--default fusion-button-text-left\">Ceny<\/span><\/a><\/div><div class=\"fusion-modal modal fade modal-2 Preise-Atraktion\" tabindex=\"-1\" role=\"dialog\" aria-labelledby=\"modal-heading-2\" aria-hidden=\"true\" style=\"--awb-border-color:#ebebeb;--awb-background:#ffffff;\"><div class=\"modal-dialog modal-lg\" role=\"document\"><div class=\"modal-content fusion-modal-content\"><div class=\"modal-header\"><button class=\"close\" type=\"button\" data-dismiss=\"modal\" aria-hidden=\"true\" aria-label=\"Close\">&times;<\/button><h3 class=\"modal-title\" id=\"modal-heading-2\" data-dismiss=\"modal\" aria-hidden=\"true\">Ceny - REGION\u00c1LN\u00cd VINOT\u00c9KA <\/h3><\/div><div class=\"modal-body fusion-clearfix\">\nVinot\u00e9ka je voln\u011b p\u0159\u00edstupn\u00e1<\/p>\n<\/div><div class=\"modal-footer\"><button class=\"fusion-button button-default button-medium button default medium\" type=\"button\" data-dismiss=\"modal\">Close<\/button><\/div><\/div><\/div><\/div><div style=\"text-align:center;\"><a class=\"fusion-button button-flat button-xlarge button-default fusion-button-default button-6 fusion-button-span-yes fusion-button-default-type fusion-no-small-visibility button-tip-des-monats\" target=\"_self\" href=\"#info\"><span class=\"fusion-button-icon-divider button-icon-divider-left\"><i class=\" fa fa-star-o awb-button__icon awb-button__icon--default\" aria-hidden=\"true\"><\/i><\/span><span class=\"fusion-button-text awb-button__text awb-button__text--default fusion-button-text-left\">Otev\u00edrac\u00ed doba<\/span><\/a><\/div><div style=\"text-align:center;\"><a class=\"fusion-button button-flat button-xlarge button-default fusion-button-default button-7 fusion-button-span-yes fusion-button-default-type fusion-no-medium-visibility fusion-no-large-visibility button-tip-des-monats\" target=\"_self\" href=\"#\" data-toggle=\"modal\" data-target=\".fusion-modal.\u00d6ffnungszeiten-Atraktion\"><span class=\"fusion-button-icon-divider button-icon-divider-left\"><i class=\" fa fa-star-o awb-button__icon awb-button__icon--default\" aria-hidden=\"true\"><\/i><\/span><span class=\"fusion-button-text awb-button__text awb-button__text--default fusion-button-text-left\">Otev\u00edrac\u00ed doba<\/span><\/a><\/div><div class=\"fusion-modal modal fade modal-3 \u00d6ffnungszeiten-Atraktion\" tabindex=\"-1\" role=\"dialog\" aria-labelledby=\"modal-heading-3\" aria-hidden=\"true\" style=\"--awb-border-color:#ebebeb;--awb-background:#ffffff;\"><div class=\"modal-dialog modal-lg\" role=\"document\"><div class=\"modal-content fusion-modal-content\"><div class=\"modal-header\"><button class=\"close\" type=\"button\" data-dismiss=\"modal\" aria-hidden=\"true\" aria-label=\"Close\">&times;<\/button><h3 class=\"modal-title\" id=\"modal-heading-3\" data-dismiss=\"modal\" aria-hidden=\"true\">Otev\u00edrac\u00ed doba REGION\u00c1LN\u00cd VINOT\u00c9KA <\/h3><\/div><div class=\"modal-body fusion-clearfix\">\n<p><strong>duben &#8211; \u0159\u00edjen<\/strong><br \/>\nP\u00e1tek a sobota: 11:30 &#8211; 22:00 hod.<br \/>\nNed\u011ble: 11:30 &#8211; 21:00<\/p>\n<p><strong>listopad &#8211; b\u0159ezen<\/strong><br \/>\nP\u00e1tek: 14:00 &#8211; 21:00<br \/>\nSobota a ned\u011ble: 12:30 &#8211; 21:00 hod.<\/p>\n<\/div><div class=\"modal-footer\"><button class=\"fusion-button button-default button-medium button default medium\" type=\"button\" data-dismiss=\"modal\">Close<\/button><\/div><\/div><\/div><\/div><div class=\"fusion-separator fusion-full-width-sep\" style=\"align-self: center;margin-left: auto;margin-right: auto;margin-bottom:20px;width:100%;\"><div class=\"fusion-separator-border sep-single sep-solid\" style=\"--awb-height:20px;--awb-amount:20px;--awb-sep-color:#ffffff;border-color:#ffffff;border-top-width:20px;\"><\/div><\/div><div class=\"fusion-title title fusion-title-2 fusion-sep-none fusion-title-text fusion-title-size-five infobox-sidebar\" style=\"--awb-margin-top-small:10px;--awb-margin-right-small:0px;--awb-margin-bottom-small:10px;--awb-margin-left-small:0px;\"><h5 class=\"fusion-title-heading title-heading-left fusion-responsive-typography-calculated\" style=\"margin:0;--fontSize:20;--minFontSize:20;line-height:1.2;\">Dal\u0161\u00ed zaj\u00edmavosti<\/h5><\/div><ul style=\"--awb-size:13px;--awb-line-height:22.1px;--awb-icon-width:22.1px;--awb-icon-height:22.1px;--awb-icon-margin:9.1px;--awb-content-margin:31.2px;--awb-circlecolor:#b11715;--awb-circle-yes-font-size:11.44px;\" class=\"fusion-checklist fusion-checklist-1 fusion-checklist-default type-icons checklist-right\"><li class=\"fusion-li-item\" style=\"\"><span class=\"icon-wrapper circle-yes\"><i class=\"fusion-li-icon fa fa-chevron-right\" aria-hidden=\"true\"><\/i><\/span><div class=\"fusion-li-item-content\"><a href=\"https:\/\/www.derheldenberg.at\/cs\/atrakce\/lipicani-na-heldenbergu\/\">Centrum lipic\u00e1n\u016f<\/a><\/div><\/li><li class=\"fusion-li-item\" style=\"\"><span class=\"icon-wrapper circle-yes\"><i class=\"fusion-li-icon fa fa-chevron-right\" aria-hidden=\"true\"><\/i><\/span><div class=\"fusion-li-item-content\"><a href=\"https:\/\/www.derheldenberg.at\/cs\/atrakce\/kollerovi-veterani\/\">Kollerovi veter\u00e1ni<\/a><\/div><\/li><li class=\"fusion-li-item\" style=\"\"><span class=\"icon-wrapper circle-yes\"><i class=\"fusion-li-icon fa fa-chevron-right\" aria-hidden=\"true\"><\/i><\/span><div class=\"fusion-li-item-content\"><a href=\"https:\/\/www.derheldenberg.at\/cs\/atrakce\/radeckeho-pomnik\/\">Radeck\u00e9ho pomn\u00edk<\/a><\/div><\/li><li class=\"fusion-li-item\" style=\"\"><span class=\"icon-wrapper circle-yes\"><i class=\"fusion-li-icon fa fa-chevron-right\" aria-hidden=\"true\"><\/i><\/span><div class=\"fusion-li-item-content\"><a href=\"https:\/\/www.derheldenberg.at\/cs\/atrakce\/neoliticka-vesnice\/\">Neolitick\u00e1 vesnice<\/a><\/div><\/li><li class=\"fusion-li-item\" style=\"\"><span class=\"icon-wrapper circle-yes\"><i class=\"fusion-li-icon fa fa-chevron-right\" aria-hidden=\"true\"><\/i><\/span><div class=\"fusion-li-item-content\"><a href=\"https:\/\/www.derheldenberg.at\/cs\/atrakce\/aigners-falkenhof\/\">Aigner\u2019s Falkenhof<\/a><\/div><\/li><li class=\"fusion-li-item\" style=\"\"><span class=\"icon-wrapper circle-yes\"><i class=\"fusion-li-icon fa fa-chevron-right\" aria-hidden=\"true\"><\/i><\/span><div class=\"fusion-li-item-content\"><a href=\"https:\/\/www.derheldenberg.at\/cs\/atrakce\/anglicka-zahrada\/\">Anglick\u00e1 zahrada<\/a><\/div><\/li><\/ul><div class=\"fusion-title title fusion-title-3 fusion-sep-none fusion-title-text fusion-title-size-five infobox-sidebar\" style=\"--awb-margin-top:15px;--awb-margin-top-small:10px;--awb-margin-right-small:0px;--awb-margin-bottom-small:10px;--awb-margin-left-small:0px;\"><h5 class=\"fusion-title-heading title-heading-left fusion-responsive-typography-calculated\" style=\"margin:0;--fontSize:20;--minFontSize:20;line-height:1.2;\">Pl\u00e1nek are\u00e1lu<\/h5><\/div><div class=\"fusion-image-element \" style=\"--awb-caption-title-font-family:var(--h2_typography-font-family);--awb-caption-title-font-weight:var(--h2_typography-font-weight);--awb-caption-title-font-style:var(--h2_typography-font-style);--awb-caption-title-size:var(--h2_typography-font-size);--awb-caption-title-transform:var(--h2_typography-text-transform);--awb-caption-title-line-height:var(--h2_typography-line-height);--awb-caption-title-letter-spacing:var(--h2_typography-letter-spacing);\"><span class=\" fusion-imageframe imageframe-none imageframe-3 hover-type-none\"><a href=\"https:\/\/www.derheldenberg.at\/wp-content\/uploads\/Gel\u00e4ndeplan-Heldenberg_gro\u00df.jpg\" class=\"fusion-lightbox\" data-rel=\"iLightbox[266d76860cf1f108946]\" data-title=\"Pl\u00e1n are\u00e1lu Heldenberg\" title=\"Pl\u00e1n are\u00e1lu Heldenberg\"><img decoding=\"async\" width=\"1100\" height=\"825\" alt=\"Heldenberg Gel\u00e4ndeplan\" src=\"https:\/\/www.derheldenberg.at\/wp-content\/uploads\/Gel\u00e4ndeplan-Heldenberg_gro\u00df.jpg\" class=\"img-responsive wp-image-12864\" srcset=\"https:\/\/www.derheldenberg.at\/wp-content\/uploads\/Gel\u00e4ndeplan-Heldenberg_gro\u00df-200x150.jpg 200w, https:\/\/www.derheldenberg.at\/wp-content\/uploads\/Gel\u00e4ndeplan-Heldenberg_gro\u00df-400x300.jpg 400w, https:\/\/www.derheldenberg.at\/wp-content\/uploads\/Gel\u00e4ndeplan-Heldenberg_gro\u00df-600x450.jpg 600w, https:\/\/www.derheldenberg.at\/wp-content\/uploads\/Gel\u00e4ndeplan-Heldenberg_gro\u00df-800x600.jpg 800w, https:\/\/www.derheldenberg.at\/wp-content\/uploads\/Gel\u00e4ndeplan-Heldenberg_gro\u00df.jpg 1100w\" sizes=\"(max-width: 640px) 100vw, 400px\" \/><\/a><\/span><\/div><\/div><\/div><\/div><\/div><div class=\"fusion-fullwidth fullwidth-box fusion-builder-row-2 fusion-flex-container nonhundred-percent-fullwidth non-hundred-percent-height-scrolling\" style=\"--awb-border-radius-top-left:0px;--awb-border-radius-top-right:0px;--awb-border-radius-bottom-right:0px;--awb-border-radius-bottom-left:0px;--awb-flex-wrap:wrap;\" id=\"info\" ><div class=\"fusion-builder-row fusion-row fusion-flex-align-items-flex-start fusion-flex-content-wrap\" style=\"max-width:1216.8px;margin-left: calc(-4% \/ 2 );margin-right: calc(-4% \/ 2 );\"><div class=\"fusion-layout-column fusion_builder_column fusion-builder-column-3 fusion_builder_column_1_1 1_1 fusion-flex-column\" style=\"--awb-bg-size:cover;--awb-width-large:100%;--awb-margin-top-large:0px;--awb-spacing-right-large:1.92%;--awb-margin-bottom-large:20px;--awb-spacing-left-large:1.92%;--awb-width-medium:100%;--awb-spacing-right-medium:1.92%;--awb-spacing-left-medium:1.92%;--awb-width-small:100%;--awb-spacing-right-small:1.92%;--awb-spacing-left-small:1.92%;\"><div class=\"fusion-column-wrapper fusion-flex-justify-content-flex-start fusion-content-layout-column\"><div class=\"fusion-separator fusion-full-width-sep\" style=\"align-self: center;margin-left: auto;margin-right: auto;margin-top:0px;margin-bottom:10px;width:100%;\"><div class=\"fusion-separator-border sep-single sep-solid\" style=\"--awb-height:20px;--awb-amount:20px;--awb-sep-color:#b11612;border-color:#b11612;border-top-width:1px;\"><\/div><\/div><div class=\"fusion-text fusion-text-8\"><h2>Informace<\/h2>\n<\/div><div class=\"accordian fusion-accordian\" style=\"--awb-border-size:1px;--awb-icon-size:13px;--awb-content-font-size:var(--awb-typography4-font-size);--awb-icon-alignment:left;--awb-hover-color:#f9f9f9;--awb-border-color:#cccccc;--awb-background-color:#ffffff;--awb-divider-color:var(--awb-color3);--awb-divider-hover-color:var(--awb-color3);--awb-icon-color:#ffffff;--awb-title-color:var(--awb-color8);--awb-content-color:var(--awb-color8);--awb-icon-box-color:#333333;--awb-toggle-hover-accent-color:#b11715;--awb-title-font-family:var(--awb-typography1-font-family);--awb-title-font-weight:var(--awb-typography1-font-weight);--awb-title-font-style:var(--awb-typography1-font-style);--awb-title-font-size:24px;--awb-title-line-height:1.2;--awb-content-font-family:var(--awb-typography4-font-family);--awb-content-font-weight:var(--awb-typography4-font-weight);--awb-content-font-style:var(--awb-typography4-font-style);\"><div class=\"panel-group fusion-toggle-icon-boxed\" id=\"accordion-11398-1\"><div class=\"fusion-panel panel-default panel-7ea6970e68dbca136 fusion-toggle-has-divider\"><div class=\"panel-heading\"><h4 class=\"panel-title toggle\" id=\"toggle_7ea6970e68dbca136\"><a aria-expanded=\"false\" aria-controls=\"7ea6970e68dbca136\" role=\"button\" data-toggle=\"collapse\" data-target=\"#7ea6970e68dbca136\" href=\"#7ea6970e68dbca136\"><span class=\"fusion-toggle-icon-wrapper\" aria-hidden=\"true\"><i class=\"fa-fusion-box active-icon awb-icon-minus\" aria-hidden=\"true\"><\/i><i class=\"fa-fusion-box inactive-icon awb-icon-plus\" aria-hidden=\"true\"><\/i><\/span><span class=\"fusion-toggle-heading\">Ceny vstupn\u00e9ho<\/span><\/a><\/h4><\/div><div id=\"7ea6970e68dbca136\" class=\"panel-collapse collapse \" aria-labelledby=\"toggle_7ea6970e68dbca136\"><div class=\"panel-body toggle-content fusion-clearfix\">Vinot\u00e9ka je voln\u011b p\u0159\u00edstupn\u00e1<\/div><\/div><\/div><div class=\"fusion-panel panel-default panel-b051182fb8c3a8809 fusion-toggle-has-divider\" style=\"--awb-title-color:var(--awb-color8);--awb-content-color:var(--awb-color8);\"><div class=\"panel-heading\"><h4 class=\"panel-title toggle\" id=\"toggle_b051182fb8c3a8809\"><a aria-expanded=\"false\" aria-controls=\"b051182fb8c3a8809\" role=\"button\" data-toggle=\"collapse\" data-target=\"#b051182fb8c3a8809\" href=\"#b051182fb8c3a8809\"><span class=\"fusion-toggle-icon-wrapper\" aria-hidden=\"true\"><i class=\"fa-fusion-box active-icon awb-icon-minus\" aria-hidden=\"true\"><\/i><i class=\"fa-fusion-box inactive-icon awb-icon-plus\" aria-hidden=\"true\"><\/i><\/span><span class=\"fusion-toggle-heading\">Otev\u00edrac\u00ed doba<\/span><\/a><\/h4><\/div><div id=\"b051182fb8c3a8809\" class=\"panel-collapse collapse \" aria-labelledby=\"toggle_b051182fb8c3a8809\"><div class=\"panel-body toggle-content fusion-clearfix\">\n<p><strong>duben &#8211; \u0159\u00edjen<\/strong><br \/>\nP\u00e1tek a sobota: 11:30 &#8211; 22:00 hod.<br \/>\nNed\u011ble: 11:30 &#8211; 21:00<\/p>\n<p><strong>listopad &#8211; b\u0159ezen<\/strong><br \/>\nP\u00e1tek: 14:00 &#8211; 21:00<br \/>\nSobota a ned\u011ble: 12:30 &#8211; 21:00 hod.<\/p>\n<\/div><\/div><\/div><div class=\"fusion-panel panel-default panel-e12a471b646d2a497 fusion-toggle-has-divider\"><div class=\"panel-heading\"><h4 class=\"panel-title toggle\" id=\"toggle_e12a471b646d2a497\"><a aria-expanded=\"false\" aria-controls=\"e12a471b646d2a497\" role=\"button\" data-toggle=\"collapse\" data-target=\"#e12a471b646d2a497\" href=\"#e12a471b646d2a497\"><span class=\"fusion-toggle-icon-wrapper\" aria-hidden=\"true\"><i class=\"fa-fusion-box active-icon awb-icon-minus\" aria-hidden=\"true\"><\/i><i class=\"fa-fusion-box inactive-icon awb-icon-plus\" aria-hidden=\"true\"><\/i><\/span><span class=\"fusion-toggle-heading\">Nab\u00eddky pro skupiny<\/span><\/a><\/h4><\/div><div id=\"e12a471b646d2a497\" class=\"panel-collapse collapse \" aria-labelledby=\"toggle_e12a471b646d2a497\"><div class=\"panel-body toggle-content fusion-clearfix\">\n<p style=\"margin-bottom: 15px;\">Objevujte a vychutn\u00e1vejte kulin\u00e1\u0159sk\u00e9 speciality krajinn\u00e9ho parku Schmidatal Manhartsberg am Heldenberg v nov\u00e9 vinot\u00e9ce LPSM VINOTHEK.<\/p>\n\n<table id=\"tablepress-28\" class=\"tablepress tablepress-id-28 vinothek-groupoffer\">\n<tbody class=\"row-striping\">\n<tr class=\"row-1\">\n\t<td class=\"column-1\">Velk\u00e1 degustace v\u00edn s 5 v\u00edny *<\/td><td class=\"column-2\">\u20ac 10,50<\/td>\n<\/tr>\n<tr class=\"row-2\">\n\t<td class=\"column-1\">Mal\u00e1 degustace v\u00edn se 3 v\u00edny * + ob\u010derstven\u00ed<\/td><td class=\"column-2\">\u20ac 14,90<\/td>\n<\/tr>\n<tr class=\"row-3\">\n\t<td class=\"column-1\">Velk\u00e1 degustace v\u00edn s 5 v\u00edny * + ob\u010derstven\u00ed<\/td><td class=\"column-2\">\u20ac 18,50<\/td>\n<\/tr>\n<\/tbody>\n<\/table>\n<!-- #tablepress-28 from cache -->\n<p style=\"margin: -10px 0 10px;\">* <span style=\"font-size: 12px; font-style: italic;\">V\u00edna z regionu Schmidatal Manhartsberg<\/span><\/p>\n<p style=\"margin-bottom: 5px;\">Ob\u0159erstven\u00ed: \u0161unka z oblasti Schmidatal, s\u00fdr z Vinn\u00e9 \u010dtvrti, nakl\u00e1dan\u00e1 zelenina z regionu s lahodn\u00fdm selsk\u00fdm chlebem.<br \/>\nV\u00edce ne\u017e 140 v\u00edn od v\u00edce ne\u017e 30 vina\u0159\u016f je V\u00e1m k dispozici jak k ochutn\u00e1n\u00ed, tak k prodeji.<\/p>\n<p>Pro skupiny samoz\u0159ejm\u011b ve vinot\u00e9ce na Heldenbergu nab\u00edz\u00edme degustace vybran\u00fdch produkt\u016f. V p\u0159\u00edpad\u011b z\u00e1jmu n\u00e1s nev\u00e1hejte kontaktovat na:<\/p>\n<p>Tel: +43 2956 81240<br \/>\nE-mail:<a href=\"mailto:office@derheldenberg.at\">office@derheldenberg.at<\/a><\/p>\n<\/div><\/div><\/div><div class=\"fusion-panel panel-default panel-4382321630174e553 fusion-toggle-has-divider\"><div class=\"panel-heading\"><h4 class=\"panel-title toggle\" id=\"toggle_4382321630174e553\"><a aria-expanded=\"false\" aria-controls=\"4382321630174e553\" role=\"button\" data-toggle=\"collapse\" data-target=\"#4382321630174e553\" href=\"#4382321630174e553\"><span class=\"fusion-toggle-icon-wrapper\" aria-hidden=\"true\"><i class=\"fa-fusion-box active-icon awb-icon-minus\" aria-hidden=\"true\"><\/i><i class=\"fa-fusion-box inactive-icon awb-icon-plus\" aria-hidden=\"true\"><\/i><\/span><span class=\"fusion-toggle-heading\">Informace o bezbari\u00e9rov\u00e9m p\u0159\u00edstupu<\/span><\/a><\/h4><\/div><div id=\"4382321630174e553\" class=\"panel-collapse collapse \" aria-labelledby=\"toggle_4382321630174e553\"><div class=\"panel-body toggle-content fusion-clearfix\">\n<h3>Parkovi\u0161t\u011b<\/h3>\n<p>P\u0159\u00edmo na boku vstupu je k dispozici parkovi\u0161t\u011b pro invalidy. Na\u0161e ukazatele v\u00e1s navedou.<\/p>\n<h3>Ceny vstupn\u00e9ho<\/h3>\n<p>Pro osoby se speci\u00e1ln\u00edmi pot\u0159ebami je sn\u00ed\u017een\u00e9 vstupn\u00e9 mo\u017en\u00e9 pro p\u0159edlo\u017een\u00ed pr\u016fkazu. Doprov\u00e1zej\u00edc\u00ed osoby maj\u00ed vstup zdarma, pokud jsou uvedeny v pr\u016fkazu.<\/p>\n<h3>Toalety<\/h3>\n<p>Bezbari\u00e9rov\u00e1 soci\u00e1ln\u00ed za\u0159\u00edzen\u00ed jsou k dispozici v prostoru obou pokladen.<\/p>\n<h3>Pohyb v r\u00e1mci c\u00edle v\u00fdletu<\/h3>\n<p>Z parkovi\u0161t\u011b pro t\u011blesn\u011b posti\u017een\u00ed u hlavn\u00ed pokladny se dostanete po ramp\u011b do prostoru pokladen, odkud m\u016f\u017eete pokra\u010dovat po rovin\u011b bezbari\u00e9rov\u011b a\u017e do <strong>muzea veter\u00e1n\u016f.<\/strong><\/p>\n<p><strong>Kav\u00e1rna Heldenberg a Anglick\u00e1 zahrada<\/strong> jsou z t\u00e9to \u00farovn\u011b dostupn\u00e9 zdvi\u017e\u00ed. Cesty v Anglick\u00e9 zahrad\u011b jsou p\u0159\u00edrodn\u00ed a a\u017e k Schneckenbergu dob\u0159e p\u0159\u00edstupn\u00e9.<\/p>\n<p>Cesta k <strong>lipic\u00e1nsk\u00fdm st\u00e1j\u00edm<\/strong> je pro osoby s omezenou pohyblivost\u00ed a na invalidn\u00edm voz\u00edku obt\u00ed\u017en\u011b p\u0159\u00edstupn\u00e1. Z tohoto d\u016fvodu v\u00e1s \u017e\u00e1d\u00e1me, abyste informovali n\u00e1\u0161 person\u00e1l. Po domluv\u011b v\u00e1s m\u016f\u017eeme ke st\u00e1j\u00edm dopravit p\u0159\u00edmo. N\u00e1\u0161 person\u00e1l v\u00e1s vyzvedne a doprovod\u00ed na v\u00fdchoz\u00ed m\u00edsto pro prohl\u00eddku.<\/p>\n<p><strong>Radeck\u00e9ho pomn\u00edk<\/strong> je a\u017e k hrobce bezbari\u00e9rov\u00fd. Do parku je vstup bezbari\u00e9rov\u00fd. Obra\u0165te se pros\u00edm na na\u0161e pracovn\u00edky. P\u0159\u00edstup k <strong>neolitick\u00e9 vesnici a sokolnick\u00e9mu are\u00e1lu Falkenhof Aigner<\/strong> je v\u00fdlu\u010dn\u011b po p\u0159\u00edrodn\u00edch cest\u00e1ch, kter\u00e9 mohou prohl\u00eddku zt\u00ed\u017eit. N\u00e1v\u0161t\u011bva t\u011bchto dvou atrakc\u00ed je mo\u017en\u00e1 pouze s asistenc\u00ed, proto\u017ee cesta vede se stoup\u00e1n\u00edm.<\/p>\n<\/div><\/div><\/div><\/div><\/div><\/div><\/div><\/div><\/div><div class=\"fusion-fullwidth fullwidth-box fusion-builder-row-3 fusion-flex-container nonhundred-percent-fullwidth non-hundred-percent-height-scrolling socialshare-center\" style=\"--awb-border-radius-top-left:0px;--awb-border-radius-top-right:0px;--awb-border-radius-bottom-right:0px;--awb-border-radius-bottom-left:0px;--awb-flex-wrap:wrap;\" ><div class=\"fusion-builder-row fusion-row fusion-flex-align-items-flex-start fusion-flex-content-wrap\" style=\"max-width:1216.8px;margin-left: calc(-4% \/ 2 );margin-right: calc(-4% \/ 2 );\"><div class=\"fusion-layout-column fusion_builder_column fusion-builder-column-4 fusion_builder_column_1_1 1_1 fusion-flex-column\" style=\"--awb-bg-size:cover;--awb-width-large:100%;--awb-margin-top-large:0px;--awb-spacing-right-large:1.92%;--awb-margin-bottom-large:20px;--awb-spacing-left-large:1.92%;--awb-width-medium:100%;--awb-spacing-right-medium:1.92%;--awb-spacing-left-medium:1.92%;--awb-width-small:100%;--awb-spacing-right-small:1.92%;--awb-spacing-left-small:1.92%;\"><div class=\"fusion-column-wrapper fusion-flex-justify-content-flex-start fusion-content-layout-column\"><div class=\"fusion-text fusion-text-9\"><div class=\"fusion-separator fusion-full-width-sep\" style=\"align-self: center;margin-left: auto;margin-right: auto;width:100%;\"><\/div>\n<\/div><\/div><\/div><\/div><\/div><\/p>","protected":false},"excerpt":{"rendered":"","protected":false},"author":6,"featured_media":0,"parent":11296,"menu_order":0,"comment_status":"closed","ping_status":"closed","template":"100-width.php","meta":{"footnotes":""},"class_list":["post-11398","page","type-page","status-publish","hentry"],"aioseo_notices":[],"_links":{"self":[{"href":"https:\/\/www.derheldenberg.at\/cs\/wp-json\/wp\/v2\/pages\/11398","targetHints":{"allow":["GET"]}}],"collection":[{"href":"https:\/\/www.derheldenberg.at\/cs\/wp-json\/wp\/v2\/pages"}],"about":[{"href":"https:\/\/www.derheldenberg.at\/cs\/wp-json\/wp\/v2\/types\/page"}],"author":[{"embeddable":true,"href":"https:\/\/www.derheldenberg.at\/cs\/wp-json\/wp\/v2\/users\/6"}],"replies":[{"embeddable":true,"href":"https:\/\/www.derheldenberg.at\/cs\/wp-json\/wp\/v2\/comments?post=11398"}],"version-history":[{"count":0,"href":"https:\/\/www.derheldenberg.at\/cs\/wp-json\/wp\/v2\/pages\/11398\/revisions"}],"up":[{"embeddable":true,"href":"https:\/\/www.derheldenberg.at\/cs\/wp-json\/wp\/v2\/pages\/11296"}],"wp:attachment":[{"href":"https:\/\/www.derheldenberg.at\/cs\/wp-json\/wp\/v2\/media?parent=11398"}],"curies":[{"name":"wp","href":"https:\/\/api.w.org\/{rel}","templated":true}]}}