{"id":11435,"date":"2013-02-28T18:39:02","date_gmt":"2013-02-28T16:39:02","guid":{"rendered":"https:\/\/www.derheldenberg.atinformace-pro-navstevniky\/offnungszeiten\/"},"modified":"2026-04-21T16:09:13","modified_gmt":"2026-04-21T14:09:13","slug":"offnungszeiten","status":"publish","type":"page","link":"https:\/\/www.derheldenberg.at\/cs\/informace-pro-navstevniky\/offnungszeiten\/","title":{"rendered":"Otev\u00edrac\u00ed doba"},"content":{"rendered":"<div class=\"fusion-fullwidth fullwidth-box fusion-builder-row-1 fusion-flex-container has-pattern-background has-mask-background nonhundred-percent-fullwidth non-hundred-percent-height-scrolling\" style=\"--awb-border-radius-top-left:0px;--awb-border-radius-top-right:0px;--awb-border-radius-bottom-right:0px;--awb-border-radius-bottom-left:0px;--awb-flex-wrap:wrap;\" ><div class=\"fusion-builder-row fusion-row fusion-flex-align-items-flex-start fusion-flex-content-wrap\" style=\"max-width:1216.8px;margin-left: calc(-4% \/ 2 );margin-right: calc(-4% \/ 2 );\"><div class=\"fusion-layout-column fusion_builder_column fusion-builder-column-0 fusion_builder_column_1_1 1_1 fusion-flex-column\" style=\"--awb-bg-size:cover;--awb-width-large:100%;--awb-margin-top-large:0px;--awb-spacing-right-large:1.92%;--awb-margin-bottom-large:10px;--awb-spacing-left-large:1.92%;--awb-width-medium:100%;--awb-order-medium:0;--awb-spacing-right-medium:1.92%;--awb-spacing-left-medium:1.92%;--awb-width-small:100%;--awb-order-small:0;--awb-spacing-right-small:1.92%;--awb-spacing-left-small:1.92%;\"><div class=\"fusion-column-wrapper fusion-column-has-shadow fusion-flex-justify-content-flex-start fusion-content-layout-column\"><div class=\"fusion-title title fusion-title-1 fusion-sep-none fusion-title-text fusion-title-size-one nodsp\" style=\"--awb-margin-top:50px;--awb-margin-bottom:10px;--awb-margin-top-small:10px;--awb-margin-right-small:0px;--awb-margin-bottom-small:10px;--awb-margin-left-small:0px;--awb-sep-color:#999999;\"><h1 class=\"fusion-title-heading title-heading-left fusion-responsive-typography-calculated\" style=\"margin:0;--fontSize:32;line-height:1.1;\"><div class=\"alertblock\">\n<p>&nbsp;<\/p>\n<div class=\"iconblock\">\n<i class=\"fb-icon-element-1 fb-icon-element fontawesome-icon fa fa-exclamation-triangle circle-yes fusion-text-flow\" style=\"--awb-iconcolor-hover:#ffffff;--awb-circlecolor:#b11715;--awb-circlecolor-hover:#b11715;--awb-circlebordercolor:#b11715;--awb-circlebordercolor-hover:#b11715;--awb-circlebordersize:1px;--awb-font-size:44px;--awb-width:88px;--awb-height:88px;--awb-line-height:86px;--awb-margin-right:30px;\"><\/i>\n<div><\/div>\n<p>&nbsp;<\/p>\n<div><strong>V\u00e1no\u010dn\u00ed sv\u00e1tky:<\/strong>\u00a0Heldenberg bude <strong>od 22. 12. 2025 do 7. 1. 2026 uzav\u0159en<\/strong>. Pros\u00edme, zohledn\u011bte to p\u0159i pl\u00e1nov\u00e1n\u00ed sv\u00e9ho v\u00fdletu.<\/div>\n<p>&nbsp;<\/p>\n<div class=\"alertblock\">\n<div class=\"textblock\"><\/div>\n<p>&nbsp;<\/p>\n<\/div><\/h1><\/div><div class=\"fusion-title title fusion-title-2 fusion-sep-none fusion-title-text fusion-title-size-one\" style=\"--awb-margin-top:50px;--awb-margin-bottom:10px;--awb-margin-top-small:10px;--awb-margin-right-small:0px;--awb-margin-bottom-small:10px;--awb-margin-left-small:0px;--awb-sep-color:#999999;\"><h1 class=\"fusion-title-heading title-heading-left fusion-responsive-typography-calculated\" style=\"margin:0;--fontSize:32;line-height:1.1;\"><p style=\"text-transform: uppercase; text-align: left;\">Otev\u00edrac\u00ed doba: v\u0161echny jednotliv\u00e9 atrakce<\/p><\/h1><\/div><\/div><\/div><div class=\"fusion-layout-column fusion_builder_column fusion-builder-column-1 fusion_builder_column_3_4 3_4 fusion-flex-column\" style=\"--awb-padding-top:10px;--awb-padding-right:20px;--awb-bg-color:#ffffff;--awb-bg-color-hover:#ffffff;--awb-bg-size:cover;--awb-width-large:75%;--awb-margin-top-large:0px;--awb-spacing-right-large:2.56%;--awb-margin-bottom-large:20px;--awb-spacing-left-large:2.56%;--awb-width-medium:75%;--awb-spacing-right-medium:2.56%;--awb-spacing-left-medium:2.56%;--awb-width-small:100%;--awb-spacing-right-small:1.92%;--awb-spacing-left-small:1.92%;\"><div class=\"fusion-column-wrapper fusion-flex-justify-content-flex-start fusion-content-layout-column\"><div class=\"fusion-text fusion-text-1\"><div class=\"nodsp\">\n<i class=\"fb-icon-element-2 fb-icon-element fontawesome-icon fa fa-exclamation circle-yes fusion-text-flow\" style=\"--awb-iconcolor:#c11717;--awb-iconcolor-hover:#c11717;--awb-circlecolor:#ffffff;--awb-circlecolor-hover:#ffffff;--awb-circlebordercolor:#c11717;--awb-circlebordercolor-hover:#c11717;--awb-circlebordersize:1px;--awb-font-size:52.8px;--awb-width:105.6px;--awb-height:105.6px;--awb-line-height:103.6px;--awb-margin-right:30px;\"><\/i><\/p>\n<p>w<\/p>\n<\/div><div class=\"fusion-text fusion-text-2 fusion-text-no-margin\" style=\"--awb-margin-bottom:20px;\"><h3><strong>Radetzkyho pam\u00e1tn\u00edk \/ Prav\u011bk\u00e1 vesnice &amp; Aigner\u016fv Falkenhof<\/strong><\/h3>\n<p><strong>Duben \u2013 \u0159\u00edjen:<\/strong> St\u0159eda a\u017e ned\u011ble: <strong>10:00\u201317:00<\/strong> V pond\u011bl\u00ed <strong>otev\u0159eno pouze o sv\u00e1tc\u00edch<\/strong>.<\/p>\n<p><strong>Pro skupiny:<\/strong> Od <strong>20 osob<\/strong> je mo\u017en\u00e1 n\u00e1v\u0161t\u011bva i <strong>mimo otev\u00edrac\u00ed dobu (duben\u2013\u0159\u00edjen)<\/strong> \u2013 po p\u0159edchoz\u00ed domluv\u011b.<\/p>\n<div><\/div>\n<p>&nbsp;<\/p>\n<h3><strong>Lipic\u00e1ni \/ Kollerovo muzeum veter\u00e1n\u016f \u2013 otev\u0159eno celoro\u010dn\u011b<\/strong><\/h3>\n<p><strong>Duben \u2013 \u0159\u00edjen:<\/strong> St\u0159eda a\u017e ned\u011ble: <strong>10:00\u201317:00<\/strong> V pond\u011bl\u00ed <strong>otev\u0159eno pouze o sv\u00e1tc\u00edch<\/strong>.<\/p>\n<p><strong>Listopad \u2013 b\u0159ezen:<\/strong> Sobota &amp; ned\u011ble: <strong>10:00\u201317:00<\/strong><\/p>\n<p><strong>Pro skupiny:<\/strong> Od <strong>20 osob<\/strong> je mo\u017en\u00e1 n\u00e1v\u0161t\u011bva i <strong>mimo otev\u00edrac\u00ed dobu<\/strong>, po p\u0159edchoz\u00ed rezervaci.<\/p>\n<\/div><div class=\"fusion-text fusion-text-3\"><h3>\u010casy prohl\u00eddek a dal\u0161\u00ed informace<\/h3>\n<\/div><div class=\"accordian fusion-accordian\" style=\"--awb-border-size:1px;--awb-icon-size:13px;--awb-content-font-size:var(--awb-typography4-font-size);--awb-icon-alignment:left;--awb-hover-color:#f9f9f9;--awb-border-color:#cccccc;--awb-background-color:#ffffff;--awb-divider-color:var(--awb-color3);--awb-divider-hover-color:var(--awb-color3);--awb-icon-color:#ffffff;--awb-title-color:#b11715;--awb-content-color:var(--awb-color8);--awb-icon-box-color:#333333;--awb-toggle-hover-accent-color:#b11715;--awb-title-font-family:var(--awb-typography1-font-family);--awb-title-font-weight:var(--awb-typography1-font-weight);--awb-title-font-style:var(--awb-typography1-font-style);--awb-title-font-size:24px;--awb-title-line-height:1.2;--awb-content-font-family:var(--awb-typography4-font-family);--awb-content-font-weight:var(--awb-typography4-font-weight);--awb-content-font-style:var(--awb-typography4-font-style);\"><div class=\"panel-group fusion-toggle-icon-boxed\" id=\"accordion-11435-1\"><div class=\"fusion-panel panel-default panel-3db5799c3a73edaf9 fusion-toggle-has-divider\" style=\"--awb-title-color:#b11715;--awb-content-color:var(--awb-color8);\"><div class=\"panel-heading\"><h4 class=\"panel-title toggle\" id=\"toggle_3db5799c3a73edaf9\"><a aria-expanded=\"false\" aria-controls=\"3db5799c3a73edaf9\" role=\"button\" data-toggle=\"collapse\" data-target=\"#3db5799c3a73edaf9\" href=\"#3db5799c3a73edaf9\"><span class=\"fusion-toggle-icon-wrapper\" aria-hidden=\"true\"><i class=\"fa-fusion-box active-icon awb-icon-minus\" aria-hidden=\"true\"><\/i><i class=\"fa-fusion-box inactive-icon awb-icon-plus\" aria-hidden=\"true\"><\/i><\/span><span class=\"fusion-toggle-heading\">V\u00ddCVIKOV\u00c9 ST\u0158EDISKO LIPIC\u00c1N\u016e<\/span><\/a><\/h4><\/div><div id=\"3db5799c3a73edaf9\" class=\"panel-collapse collapse \" aria-labelledby=\"toggle_3db5799c3a73edaf9\"><div class=\"panel-body toggle-content fusion-clearfix\">\n<strong>St\u00e1je<\/strong><\/p>\n<p><strong>St\u00e1je je mo\u017en\u00e9 nav\u0161t\u00edvit pouze s pr\u016fvodcem<\/strong> (celoro\u010dn\u011b v r\u00e1mci otev\u00edrac\u00ed doby).<\/p>\n<p><strong>Prohl\u00eddky pro ve\u0159ejnost<\/strong><\/p>\n<p><strong>Duben \u2013 \u0159\u00edjen:<\/strong><\/p>\n<p>St\u0159eda a\u017e p\u00e1tek v <strong>11:05<\/strong> a <strong>14:00<\/strong> Sobota, ned\u011ble a sv\u00e1tky v <strong>11:05<\/strong>, <strong>14:00<\/strong> a <strong>15:00<\/strong><\/p>\n<p><strong>Listopad \u2013 b\u0159ezen:<\/strong><\/p>\n<p>Sobota a ned\u011ble v <strong>11:05<\/strong>, <strong>14:00<\/strong> a <strong>15:00<\/strong><\/p>\n<p>Doba trv\u00e1n\u00ed cca <strong>45 minut<\/strong>. Poledn\u00ed pauza: <strong>12:00\u201314:00<\/strong>. Skupinov\u00e9 prohl\u00eddky od <strong>20 osob<\/strong> jsou mo\u017en\u00e9 i mimo b\u011b\u017en\u00e9 \u010dasy \u2013 po p\u0159edchoz\u00ed domluv\u011b.<\/p>\n<p><strong>Den Lipic\u00e1nsk\u00e9 galashow na Heldenbergu<\/strong><\/p>\n<p>V den kon\u00e1n\u00ed Lipic\u00e1nsk\u00e9 galashow prob\u011bhnou pouze <strong>dv\u011b prohl\u00eddky<\/strong>: <strong>v 11:00 a 14:00<\/strong>. <strong>Rann\u00ed pr\u00e1ce se nekon\u00e1.<\/strong><\/p>\n<p>Vzhledem k omezen\u00e9 kapacit\u011b pros\u00edme o <strong>p\u0159edchoz\u00ed rezervaci<\/strong>.<\/p>\n<p><strong>V\u00fdstava ko\u010d\u00e1r\u016f v Tr\u00e9ninkov\u00e9m centru lipic\u00e1n\u016f<\/strong><\/p>\n<p>V r\u00e1mci prohl\u00eddky maj\u00ed n\u00e1v\u0161t\u011bvn\u00edci mo\u017enost nav\u0161t\u00edvit tak\u00e9 <strong>v\u00fdstavu ko\u010d\u00e1r\u016f<\/strong>. K vid\u011bn\u00ed jsou expon\u00e1ty z <strong>18.\u201319. stolet\u00ed<\/strong>.<\/p>\n<p><strong>Tr\u00e9nink \/ Rann\u00ed pr\u00e1ce<\/strong><\/p>\n<p><strong>Duben \u2013 \u010derven:<\/strong><br \/>\nP\u00e1tek a sobota: <strong>10:25\u201310:55<\/strong><\/p>\n<p><strong>Rann\u00ed pr\u00e1ce se nekon\u00e1 v t\u011bchto dnech:<\/strong><\/p>\n<ol start=\"1\">\n<li>kv\u011btna, 26. \u010dervna a 27. \u010dervna 2026<\/li>\n<\/ol>\n<p><strong>\u010cervenec \u2013 srpen:<\/strong><\/p>\n<p>Od <strong>22. \u010dervna do 15. srpna 2026<\/strong> se z d\u016fvodu letn\u00ed pauzy tr\u00e9nink nekon\u00e1.<\/p>\n<p><strong>Z\u00e1\u0159\u00ed \u2013 \u0159\u00edjen:<\/strong><\/p>\n<p>P\u00e1tek a sobota: <strong>10:25\u201310:55<\/strong><\/p>\n<p><strong>Listopad \u2013 b\u0159ezen:<\/strong><\/p>\n<p>Sobota: <strong>10:25\u201310:55<\/strong><\/p>\n<p>\u00da\u010dast na tr\u00e9ninku\/rann\u00ed pr\u00e1ci je mo\u017en\u00e1 <strong>pouze po p\u0159edchoz\u00ed rezervaci<\/strong>. B\u011bhem letn\u00ed pauzy se tr\u00e9nink nekon\u00e1.<\/p>\n<p><strong>Rezervace<\/strong><\/p>\n<p>Aby se p\u0159ede\u0161lo \u010dek\u00e1n\u00ed a zajistilo m\u00edsto, doporu\u010dujeme <strong>rezervovat p\u0159edem<\/strong>: Telefonicky: <strong>02956\/81240<\/strong> (b\u011bhem otev\u00edrac\u00ed doby) E\u2011mailem: <strong>office@derheldenberg.at<\/strong> (nejpozd\u011bji hodinu p\u0159ed za\u010d\u00e1tkem)<\/p>\n<\/div><\/div><\/div><div class=\"fusion-panel panel-default panel-89f5526ce014d7fa3 fusion-toggle-has-divider\" style=\"--awb-title-color:#b11715;--awb-content-color:var(--awb-color8);\"><div class=\"panel-heading\"><h4 class=\"panel-title toggle\" id=\"toggle_89f5526ce014d7fa3\"><a aria-expanded=\"false\" aria-controls=\"89f5526ce014d7fa3\" role=\"button\" data-toggle=\"collapse\" data-target=\"#89f5526ce014d7fa3\" href=\"#89f5526ce014d7fa3\"><span class=\"fusion-toggle-icon-wrapper\" aria-hidden=\"true\"><i class=\"fa-fusion-box active-icon awb-icon-minus\" aria-hidden=\"true\"><\/i><i class=\"fa-fusion-box inactive-icon awb-icon-plus\" aria-hidden=\"true\"><\/i><\/span><span class=\"fusion-toggle-heading\">Radetzk\u00e9ho pam\u00e1tn\u00edk<\/span><\/a><\/h4><\/div><div id=\"89f5526ce014d7fa3\" class=\"panel-collapse collapse \" aria-labelledby=\"toggle_89f5526ce014d7fa3\"><div class=\"panel-body toggle-content fusion-clearfix\">\n<p><strong>Prohl\u00eddky pro ve\u0159ejnost s audiopr\u016fvodci<\/strong><\/p>\n<p>Prohl\u00eddky s <strong>audiopr\u016fvodci<\/strong> lze absolvovat <strong>kdykoli v r\u00e1mci na\u0161\u00ed otev\u00edrac\u00ed doby<\/strong>. <strong>Skupinov\u00e9 prohl\u00eddky od 20 osob<\/strong> jsou mo\u017en\u00e9 <strong>individu\u00e1ln\u011b po p\u0159edchoz\u00ed rezervaci<\/strong>.<\/p>\n<p><strong>Speci\u00e1ln\u00ed v\u00fdstava \u201e350 let dragounsk\u00e9ho pluku \u010d. 2\u201c \u2013 prodlou\u017eeno!<\/strong><\/p>\n<p>V r\u00e1mci n\u00e1v\u0161t\u011bvy maj\u00ed host\u00e9 tak\u00e9 mo\u017enost zhl\u00e9dnout <strong>speci\u00e1ln\u00ed v\u00fdstavu \u201e350 let dragounsk\u00e9ho pluku \u010d. 2\u201c<\/strong>. Tato v\u00fdstava je <strong>integrov\u00e1na do Radetzk\u00e9ho pam\u00e1tn\u00edku<\/strong>.<\/p>\n<p>Zde najdete <strong>podrobn\u011bj\u0161\u00ed informace o v\u00fdstav\u011b<\/strong>.<\/p>\n<\/div><\/div><\/div><div class=\"fusion-panel panel-default panel-63b04a182a6375f64 fusion-toggle-has-divider\" style=\"--awb-title-color:#b11715;--awb-content-color:var(--awb-color8);\"><div class=\"panel-heading\"><h4 class=\"panel-title toggle\" id=\"toggle_63b04a182a6375f64\"><a aria-expanded=\"false\" aria-controls=\"63b04a182a6375f64\" role=\"button\" data-toggle=\"collapse\" data-target=\"#63b04a182a6375f64\" href=\"#63b04a182a6375f64\"><span class=\"fusion-toggle-icon-wrapper\" aria-hidden=\"true\"><i class=\"fa-fusion-box active-icon awb-icon-minus\" aria-hidden=\"true\"><\/i><i class=\"fa-fusion-box inactive-icon awb-icon-plus\" aria-hidden=\"true\"><\/i><\/span><span class=\"fusion-toggle-heading\">Aigner\u2019s Falkenhof<\/span><\/a><\/h4><\/div><div id=\"63b04a182a6375f64\" class=\"panel-collapse collapse \" aria-labelledby=\"toggle_63b04a182a6375f64\"><div class=\"panel-body toggle-content fusion-clearfix\">\n<p>Sokolnick\u00fd are\u00e1l Aigner\u2019s Falkenhof lze nav\u0161t\u00edvit bez pr\u016fvodce.<br \/>\nPro \u0161koly \u00fater\u00fd \u2013 p\u00e1tek dopoledne program \u201eNauka o drav\u00fdch pt\u00e1c\u00edch\u201c \u2013 po p\u0159edchoz\u00edm p\u0159ihl\u00e1\u0161en\u00ed<\/p>\n<p>Skupinov\u00e9 prohl\u00eddky jsou mimo stanovenou dobu mo\u017en\u00e9 po p\u0159edchoz\u00ed objedn\u00e1vce.<\/p>\n<p><strong>Uk\u00e1zka letu:<br \/>\nduben \u2013 \u0159\u00edjen: <\/strong>P\u00e1tek 15:15, sobota, ned\u011ble, sv\u00e1tky 10:15 a 15:15<strong><br \/>\nKrom\u011b toho b\u011bhem rakousk\u00fdch \u0161koln\u00edch pr\u00e1zdnin:<br \/>\n<\/strong>Od \u00fater\u00fd do p\u00e1tku 15:15, sobota, ned\u011ble, sv\u00e1tky 10:15 a 15:15<\/p>\n<\/div><\/div><\/div><div class=\"fusion-panel panel-default panel-68f7a9439daacf354 fusion-toggle-has-divider\"><div class=\"panel-heading\"><h4 class=\"panel-title toggle\" id=\"toggle_68f7a9439daacf354\"><a aria-expanded=\"false\" aria-controls=\"68f7a9439daacf354\" role=\"button\" data-toggle=\"collapse\" data-target=\"#68f7a9439daacf354\" href=\"#68f7a9439daacf354\"><span class=\"fusion-toggle-icon-wrapper\" aria-hidden=\"true\"><i class=\"fa-fusion-box active-icon awb-icon-minus\" aria-hidden=\"true\"><\/i><i class=\"fa-fusion-box inactive-icon awb-icon-plus\" aria-hidden=\"true\"><\/i><\/span><span class=\"fusion-toggle-heading\">Kruhov\u00fd p\u0159\u00edkop<\/span><\/a><\/h4><\/div><div id=\"68f7a9439daacf354\" class=\"panel-collapse collapse \" aria-labelledby=\"toggle_68f7a9439daacf354\"><div class=\"panel-body toggle-content fusion-clearfix\">\n<p><strong>Bez pr\u016fvodce k\u202fnav\u0161t\u00edven\u00ed<\/strong><\/p>\n<p>Bezpe\u010dnost na\u0161ich host\u016f je pro n\u00e1s nejvy\u0161\u0161\u00ed prioritou, proto <strong>nen\u00ed vstup do Falkenhofu a Prav\u011bk\u00e9 vesnice b\u011bhem leteck\u00e9 uk\u00e1zky (10:00\u201311:00 a 15:15\u201316:00)<\/strong><\/p>\n<\/div><\/div><\/div><div class=\"fusion-panel panel-default panel-7eab4e58b82b4580c fusion-toggle-has-divider\" style=\"--awb-title-color:#b11715;--awb-content-color:var(--awb-color8);\"><div class=\"panel-heading\"><h4 class=\"panel-title toggle\" id=\"toggle_7eab4e58b82b4580c\"><a aria-expanded=\"false\" aria-controls=\"7eab4e58b82b4580c\" role=\"button\" data-toggle=\"collapse\" data-target=\"#7eab4e58b82b4580c\" href=\"#7eab4e58b82b4580c\"><span class=\"fusion-toggle-icon-wrapper\" aria-hidden=\"true\"><i class=\"fa-fusion-box active-icon awb-icon-minus\" aria-hidden=\"true\"><\/i><i class=\"fa-fusion-box inactive-icon awb-icon-plus\" aria-hidden=\"true\"><\/i><\/span><span class=\"fusion-toggle-heading\">Prav\u011bk\u00e1 vesnice<\/span><\/a><\/h4><\/div><div id=\"7eab4e58b82b4580c\" class=\"panel-collapse collapse \" aria-labelledby=\"toggle_7eab4e58b82b4580c\"><div class=\"panel-body toggle-content fusion-clearfix\">\n<p><strong>V roce 2026 nep\u0159\u00edstupn\u00e9<\/strong><\/p>\n<p>Bezpe\u010dnost na\u0161ich host\u016f je pro n\u00e1s nejvy\u0161\u0161\u00ed prioritou, proto <strong>nen\u00ed vstup do Falkenhofu a Prav\u011bk\u00e9 vesnice b\u011bhem leteck\u00e9 uk\u00e1zky (15:15\u201316:00)<\/strong> mo\u017en\u00fd.<\/p>\n<p><strong>Heldenbergspiel<\/strong><\/p>\n<p>Ve v\u0161edn\u00ed dny i o v\u00edkendech si m\u016f\u017eete hern\u00ed vybaven\u00ed zap\u016fj\u010dit na pokladn\u011b za poplatek <strong>5 \u20ac<\/strong>. <strong>B\u011bhem leteck\u00e9 uk\u00e1zky nen\u00ed Heldenbergspiel k dispozici.<\/strong><\/p>\n<\/div><\/div><\/div><div class=\"fusion-panel panel-default panel-f813a4e0cd7c48097 fusion-toggle-has-divider\" style=\"--awb-title-color:#b11715;--awb-content-color:var(--awb-color8);\"><div class=\"panel-heading\"><h4 class=\"panel-title toggle\" id=\"toggle_f813a4e0cd7c48097\"><a aria-expanded=\"false\" aria-controls=\"f813a4e0cd7c48097\" role=\"button\" data-toggle=\"collapse\" data-target=\"#f813a4e0cd7c48097\" href=\"#f813a4e0cd7c48097\"><span class=\"fusion-toggle-icon-wrapper\" aria-hidden=\"true\"><i class=\"fa-fusion-box active-icon awb-icon-minus\" aria-hidden=\"true\"><\/i><i class=\"fa-fusion-box inactive-icon awb-icon-plus\" aria-hidden=\"true\"><\/i><\/span><span class=\"fusion-toggle-heading\">KOLLEROVI VETER\u00c1NI<\/span><\/a><\/h4><\/div><div id=\"f813a4e0cd7c48097\" class=\"panel-collapse collapse \" aria-labelledby=\"toggle_f813a4e0cd7c48097\"><div class=\"panel-body toggle-content fusion-clearfix\">\n<strong>Prohl\u00eddka bez pr\u016fvodce<\/strong><\/p>\n<p>Kollerovo muzeum veter\u00e1n\u016f lze nav\u0161t\u00edvit <strong>od st\u0159edy do ned\u011ble, 10:00\u201317:00<\/strong>, tak\u00e9 <strong>bez pr\u016fvodce<\/strong>.<\/p>\n<p><strong>Prohl\u00eddky pro ve\u0159ejnost<\/strong><\/p>\n<p><strong>Duben \u2013 \u0159\u00edjen:<\/strong><\/p>\n<p>St\u0159eda a\u017e ned\u011ble v <strong>12:00<\/strong> a <strong>16:00<\/strong><\/p>\n<p><strong>Listopad \u2013 b\u0159ezen:<\/strong><\/p>\n<p>Sobota a ned\u011ble v <strong>12:00<\/strong> a <strong>16:00<\/strong><\/p>\n<p>Doba trv\u00e1n\u00ed cca <strong>45 minut<\/strong>. P\u0159\u00edplatek za prohl\u00eddku: <strong>3,00 \u20ac<\/strong>. Skupinov\u00e9 prohl\u00eddky od <strong>20 osob<\/strong> jsou mo\u017en\u00e9 i <strong>mimo b\u011b\u017en\u00e9 \u010dasy<\/strong>, po p\u0159edchoz\u00ed domluv\u011b.<\/p>\n<p><strong>Rezervace<\/strong><\/p>\n<p>Prohl\u00eddka je mo\u017en\u00e1 <strong>pouze po p\u0159edchoz\u00ed rezervaci<\/strong>: Telefonicky: <strong>02956\/81240<\/strong> (b\u011bhem otev\u00edrac\u00ed doby) E\u2011mailem: <strong>office@derheldenberg.at<\/strong> (nejpozd\u011bji hodinu p\u0159ed za\u010d\u00e1tkem)<\/p>\n<\/div><\/div><\/div><div class=\"fusion-panel panel-default panel-3ca0fbe71cf8bd80a fusion-toggle-has-divider\"><div class=\"panel-heading\"><h4 class=\"panel-title toggle\" id=\"toggle_3ca0fbe71cf8bd80a\"><a aria-expanded=\"false\" aria-controls=\"3ca0fbe71cf8bd80a\" role=\"button\" data-toggle=\"collapse\" data-target=\"#3ca0fbe71cf8bd80a\" href=\"#3ca0fbe71cf8bd80a\"><span class=\"fusion-toggle-icon-wrapper\" aria-hidden=\"true\"><i class=\"fa-fusion-box active-icon awb-icon-minus\" aria-hidden=\"true\"><\/i><i class=\"fa-fusion-box inactive-icon awb-icon-plus\" aria-hidden=\"true\"><\/i><\/span><span class=\"fusion-toggle-heading\">ANGLICK\u00c1 ZAHRADA<\/span><\/a><\/h4><\/div><div id=\"3ca0fbe71cf8bd80a\" class=\"panel-collapse collapse \" aria-labelledby=\"toggle_3ca0fbe71cf8bd80a\"><div class=\"panel-body toggle-content fusion-clearfix\">\n<p>K\u202fnav\u0161t\u00edven\u00ed bez pr\u016fvodce. N\u00e1v\u0161t\u011bva je zdarma.<\/p>\n<\/div><\/div><\/div><div class=\"fusion-panel panel-default panel-de16074af2acdf9cd fusion-toggle-has-divider\" style=\"--awb-title-color:#b11715;--awb-content-color:var(--awb-color8);\"><div class=\"panel-heading\"><h4 class=\"panel-title toggle\" id=\"toggle_de16074af2acdf9cd\"><a aria-expanded=\"false\" aria-controls=\"de16074af2acdf9cd\" role=\"button\" data-toggle=\"collapse\" data-target=\"#de16074af2acdf9cd\" href=\"#de16074af2acdf9cd\"><span class=\"fusion-toggle-icon-wrapper\" aria-hidden=\"true\"><i class=\"fa-fusion-box active-icon awb-icon-minus\" aria-hidden=\"true\"><\/i><i class=\"fa-fusion-box inactive-icon awb-icon-plus\" aria-hidden=\"true\"><\/i><\/span><span class=\"fusion-toggle-heading\">Vinot\u00e9ka na Heldenbergu<\/span><\/a><\/h4><\/div><div id=\"de16074af2acdf9cd\" class=\"panel-collapse collapse \" aria-labelledby=\"toggle_de16074af2acdf9cd\"><div class=\"panel-body toggle-content fusion-clearfix\">\n<p><strong>Duben \u2013 \u0159\u00edjen<\/strong><\/p>\n<p><strong>\u010ctvrtek:<\/strong> 11:30\u201318:00 <strong>P\u00e1tek:<\/strong> 11:30\u201315:00 &amp; 17:00\u201321:00 <strong>Sobota:<\/strong> 11:30\u201321:00 <strong>Ned\u011ble:<\/strong> 11:30\u201318:00<\/p>\n<p><strong>Listopad \u2013 b\u0159ezen<\/strong><\/p>\n<p><strong>P\u00e1tek:<\/strong> 17:00\u201321:00 <strong>Sobota:<\/strong> 11:30\u201315:00 &amp; 17:00\u201321:00 <strong>Ned\u011ble:<\/strong> 11:30\u201318:30<\/p>\n<p><strong>22. prosince 2025 \u2013 7. ledna 2026 uzav\u0159eno \u2013 provozn\u00ed dovolen\u00e1<\/strong><\/p>\n<\/div><\/div><\/div><div class=\"fusion-panel panel-default panel-b42ab06cc293a2fd2 fusion-toggle-has-divider\" style=\"--awb-title-color:#b11715;--awb-content-color:var(--awb-color8);\"><div class=\"panel-heading\"><h4 class=\"panel-title toggle\" id=\"toggle_b42ab06cc293a2fd2\"><a aria-expanded=\"false\" aria-controls=\"b42ab06cc293a2fd2\" role=\"button\" data-toggle=\"collapse\" data-target=\"#b42ab06cc293a2fd2\" href=\"#b42ab06cc293a2fd2\"><span class=\"fusion-toggle-icon-wrapper\" aria-hidden=\"true\"><i class=\"fa-fusion-box active-icon awb-icon-minus\" aria-hidden=\"true\"><\/i><i class=\"fa-fusion-box inactive-icon awb-icon-plus\" aria-hidden=\"true\"><\/i><\/span><span class=\"fusion-toggle-heading\">Caf\u00e9 Heldenberg<\/span><\/a><\/h4><\/div><div id=\"b42ab06cc293a2fd2\" class=\"panel-collapse collapse \" aria-labelledby=\"toggle_b42ab06cc293a2fd2\"><div class=\"panel-body toggle-content fusion-clearfix\">\n<p><strong>Duben \u2013 \u0159\u00edjen<\/strong><\/p>\n<p>St\u0159eda a\u017e ned\u011ble: <strong>10:00\u201320:00<\/strong><\/p>\n<p><strong>Listopad \u2013 b\u0159ezen<\/strong><\/p>\n<p>\u010ctvrtek, p\u00e1tek: <strong>17:00\u201320:00<\/strong> Sobota, ned\u011ble:<\/p>\n<\/div><\/div><\/div><\/div><\/div><div class=\"fusion-separator fusion-full-width-sep\" style=\"align-self: center;margin-left: auto;margin-right: auto;width:100%;\"><div class=\"fusion-separator-border sep-single sep-solid\" style=\"--awb-height:20px;--awb-amount:20px;--awb-sep-color:#ffffff;border-color:#ffffff;border-top-width:20px;\"><\/div><\/div><div class=\"fusion-reading-box-container reading-box-container-1\" style=\"--awb-title-color:#b11715;--awb-margin-top:30px;--awb-margin-bottom:84px;\"><div class=\"reading-box\" style=\"background-color:#f6f6f6;border-width:1px;border-color:#f6f6f6;border-left-width:3px;border-left-color:var(--primary_color);border-style:solid;\"><div class=\"reading-box-description\">Informace pro n\u00e1v\u0161t\u011bvn\u00edky se psy  R\u00e1di bychom v\u00e1s informovali, \u017ee psi nejsou do v\u00fdstav na Heldenbergu vpu\u0161t\u011bni. M\u00e1te v\u0161ak mo\u017enost ponechat sv\u00e9ho psa (s n\u00e1hubkem) v prostoru pokladny, kde bude m\u00edt k\u202fdispozici tak\u00e9 vodu.  Psi jsou povoleni v obchod\u011b, v kav\u00e1rn\u011b a v are\u00e1lu Anglick\u00fdch zahrad.<\/div><div class=\"fusion-clearfix\"><\/div><\/div><\/div><\/div><\/div><div class=\"fusion-layout-column fusion_builder_column fusion-builder-column-2 fusion_builder_column_1_4 1_4 fusion-flex-column page-sidebar-section\" style=\"--awb-padding-top:10px;--awb-bg-size:cover;--awb-width-large:25%;--awb-margin-top-large:0px;--awb-spacing-right-large:7.68%;--awb-margin-bottom-large:20px;--awb-spacing-left-large:7.68%;--awb-width-medium:25%;--awb-spacing-right-medium:7.68%;--awb-spacing-left-medium:7.68%;--awb-width-small:100%;--awb-spacing-right-small:1.92%;--awb-spacing-left-small:1.92%;\"><div class=\"fusion-column-wrapper fusion-flex-justify-content-flex-start fusion-content-layout-column\"><div style=\"text-align:center;\"><a class=\"fusion-button button-flat button-xlarge button-default fusion-button-default button-1 fusion-button-span-yes fusion-button-default-type button-tip-des-monats\" target=\"_blank\" rel=\"noopener noreferrer\" href=\"https:\/\/www.facebook.com\/der.heldenberg\/\"><span class=\"fusion-button-icon-divider button-icon-divider-left\"><i class=\"fa-facebook fab awb-button__icon awb-button__icon--default\" aria-hidden=\"true\"><\/i><\/span><span class=\"fusion-button-text awb-button__text awb-button__text--default fusion-button-text-left\">Nav\u0161tivte n\u00e1s na Facebooku!<\/span><\/a><\/div><div style=\"text-align:center;\"><a class=\"fusion-button button-flat button-xlarge button-default fusion-button-default button-2 fusion-button-span-yes fusion-button-default-type button-tip-des-monats\" target=\"_self\" href=\"#\" data-toggle=\"modal\" data-target=\".fusion-modal.googlereviews\"><span class=\"fusion-button-icon-divider button-icon-divider-left\"><i class=\" fa fa-star awb-button__icon awb-button__icon--default\" aria-hidden=\"true\"><\/i><\/span><span class=\"fusion-button-text awb-button__text awb-button__text--default fusion-button-text-left\">To \u0159\u00edkaj\u00ed na\u0161i n\u00e1v\u0161t\u011bvn\u00edci<\/span><\/a><\/div><div style=\"text-align:center;\"><a class=\"fusion-button button-flat button-xlarge button-default fusion-button-default button-3 fusion-button-span-yes fusion-button-default-type button-tip-des-monats\" target=\"_self\" href=\"https:\/\/www.derheldenberg.at\/cs\/informace-pro-navstevniky\/vstupne\/\"><span class=\"fusion-button-icon-divider button-icon-divider-left\"><i class=\" fa fa-arrow-circle-right awb-button__icon awb-button__icon--default\" aria-hidden=\"true\"><\/i><\/span><span class=\"fusion-button-text awb-button__text awb-button__text--default fusion-button-text-left\">Vstupn\u00e9<\/span><\/a><\/div><div class=\"fusion-modal modal fade modal-1 googlereviews\" tabindex=\"-1\" role=\"dialog\" aria-labelledby=\"modal-heading-1\" aria-hidden=\"true\" style=\"--awb-border-color:#ebebeb;--awb-background:#f6f6f6;\"><div class=\"modal-dialog modal-lg\" role=\"document\"><div class=\"modal-content fusion-modal-content\"><div class=\"modal-header\"><button class=\"close\" type=\"button\" data-dismiss=\"modal\" aria-hidden=\"true\" aria-label=\"Close\">&times;<\/button><h3 class=\"modal-title\" id=\"modal-heading-1\" data-dismiss=\"modal\" aria-hidden=\"true\">To \u0159\u00edkaj\u00ed n\u00e1v\u0161t\u011bvn\u00edci o Heldenbergu<\/h3><\/div><div class=\"modal-body fusion-clearfix\">\n<p style=\"text-align: center;\"><div class=\"wprevpro-shortcode-wrapper\"><div class=\"wprevpro wprev-no-slider revnotsameheight\" id=\"wprev-slider-2\">\t\t<div class=\"wprevpro_t4_outer_div w3_wprs-row wprevprodiv\">\r\n\t\t\t<div class=\"wpproslider_t4_DIV_1 w3_wprs-col l4 outerrevdiv\">\r\n\t\t<div class=\"indrevdiv wpproslider_t4_DIV_1a  wprev_preview_bg1_T4 wprev_preview_bradius_T4\">\r\n\t\t\t<div class=\"wpproslider_t4_avatar_div\"><img decoding=\"async\" loading=\"lazy\" src=\"https:\/\/lh3.googleusercontent.com\/a-\/ALV-UjWtXZKz5d5G_Lw92a9tzOrclHfqVbEvlM8e9CBwyozgkvnnh7V3=s128-c0x00000000-cc-rp-mo-ba2\" alt=\"Markus Kalcher Avatar\" class=\"wpproslider_t4_IMG_2 wprevpro_avatarimg\" \/><\/div>\t\t\t<div class=\"wpproslider_t4_H3_3 wprev_preview_tcolor1_T4\">\r\n\t\t\t\tMarkus Kalcher\t\t\t<\/div>\r\n\t\t\t<span class=\"wpproslider_t4_SPAN_4\">\r\n\t\t\t<span class=\"wprevpro_star_imgs_T4\"><span class=\"starloc1 wprevpro_star_imgs wprevpro_star_imgsloc1\"><span class=\"svgicons svg-wprsp-star\"><\/span><span class=\"svgicons svg-wprsp-star\"><\/span><span class=\"svgicons svg-wprsp-star\"><\/span><span class=\"svgicons svg-wprsp-star\"><\/span><span class=\"svgicons svg-wprsp-star\"><\/span><\/span><\/span>\r\n\t\t\t<\/span>\r\n\t\t\t<div class=\"indrevtxt wpproslider_t4_P_5 wprev_preview_tcolor2_T4\">\t\t\t\tEin wundersch\u00f6ner Tag mit vielen eindr\u00fccken.\t\t\t\t\t\t\t<\/div>\r\n\t\t\t<span class=\"wpproslider_t4_date wprev_preview_tcolor3_T4\"> <span class=\"wprev_showdate_T4\">19\/04\/2026<\/span><\/span>\r\n\t\t\t<div class='wprevt4_icon_div'><a href=\"https:\/\/maps.google.com\/?cid=5307023792666941028\" target=\"_blank\" rel=\"nofollow noreferrer\" class=\"wprevpro_t4_site_logo_a\"><img decoding=\"async\" width=32 height=32 src=\"https:\/\/www.derheldenberg.at\/wp-content\/plugins\/wp-review-slider-pro-premium\/public\/partials\/imgs\/google_small_icon.svg\" alt=\"Google Logo\" class=\"wprevpro_t4_site_logo wprevsiteicon \"><\/a><\/div>\t\t\t\t\t\t\t\t\t\t\t<\/div>\r\n\t\t\t\r\n\t<\/div>\r\n\t\t<div class=\"wpproslider_t4_DIV_1 w3_wprs-col l4 outerrevdiv\">\r\n\t\t<div class=\"indrevdiv wpproslider_t4_DIV_1a  wprev_preview_bg1_T4 wprev_preview_bradius_T4\">\r\n\t\t\t<div class=\"wpproslider_t4_avatar_div\"><img decoding=\"async\" loading=\"lazy\" src=\"https:\/\/lh3.googleusercontent.com\/a\/AItbvmniwlw8mdDt9JdpptBx17OjYSKCppMCFBjXcWbS=s40-c-c0x00000000-cc-rp-mo-ba4-br100\" alt=\"Maria Novotny Avatar\" class=\"wpproslider_t4_IMG_2 wprevpro_avatarimg\" \/><\/div>\t\t\t<div class=\"wpproslider_t4_H3_3 wprev_preview_tcolor1_T4\">\r\n\t\t\t\tMaria Novotny\t\t\t<\/div>\r\n\t\t\t<span class=\"wpproslider_t4_SPAN_4\">\r\n\t\t\t<span class=\"wprevpro_star_imgs_T4\"><span class=\"starloc1 wprevpro_star_imgs wprevpro_star_imgsloc1\"><span class=\"svgicons svg-wprsp-star\"><\/span><span class=\"svgicons svg-wprsp-star\"><\/span><span class=\"svgicons svg-wprsp-star\"><\/span><span class=\"svgicons svg-wprsp-star\"><\/span><span class=\"svgicons svg-wprsp-star\"><\/span><\/span><\/span>\r\n\t\t\t<\/span>\r\n\t\t\t<div class=\"indrevtxt wpproslider_t4_P_5 wprev_preview_tcolor2_T4\">\t\t\t\tSehr abwechslungsreich und mega freundliches personal\t\t\t\t\t\t\t<\/div>\r\n\t\t\t<span class=\"wpproslider_t4_date wprev_preview_tcolor3_T4\"> <span class=\"wprev_showdate_T4\">22\/08\/2022<\/span><\/span>\r\n\t\t\t<div class='wprevt4_icon_div'><a href=\"https:\/\/search.google.com\/local\/reviews?placeid=ChIJ72DEk55mbUcRZJZ1iAVWpkk\" target=\"_blank\" rel=\"nofollow noreferrer\" class=\"wprevpro_t4_site_logo_a\"><img decoding=\"async\" width=32 height=32 src=\"https:\/\/www.derheldenberg.at\/wp-content\/plugins\/wp-review-slider-pro-premium\/public\/partials\/imgs\/google_small_icon.svg\" alt=\"Google Logo\" class=\"wprevpro_t4_site_logo wprevsiteicon \"><\/a><\/div>\t\t\t\t\t\t\t\t\t\t\t<\/div>\r\n\t\t\t\r\n\t<\/div>\r\n\t\t<div class=\"wpproslider_t4_DIV_1 w3_wprs-col l4 outerrevdiv\">\r\n\t\t<div class=\"indrevdiv wpproslider_t4_DIV_1a  wprev_preview_bg1_T4 wprev_preview_bradius_T4\">\r\n\t\t\t<div class=\"wpproslider_t4_avatar_div\"><img decoding=\"async\" loading=\"lazy\" src=\"https:\/\/lh3.googleusercontent.com\/a\/AItbvmke3-RidNnoyS79sxhsUPE84KyrOFoI5A7dQNq_=s40-c-c0x00000000-cc-rp-mo-ba3-br100\" alt=\"Kurt Hohenbichler Avatar\" class=\"wpproslider_t4_IMG_2 wprevpro_avatarimg\" \/><\/div>\t\t\t<div class=\"wpproslider_t4_H3_3 wprev_preview_tcolor1_T4\">\r\n\t\t\t\tKurt Hohenbichler\t\t\t<\/div>\r\n\t\t\t<span class=\"wpproslider_t4_SPAN_4\">\r\n\t\t\t<span class=\"wprevpro_star_imgs_T4\"><span class=\"starloc1 wprevpro_star_imgs wprevpro_star_imgsloc1\"><span class=\"svgicons svg-wprsp-star\"><\/span><span class=\"svgicons svg-wprsp-star\"><\/span><span class=\"svgicons svg-wprsp-star\"><\/span><span class=\"svgicons svg-wprsp-star\"><\/span><span class=\"svgicons svg-wprsp-star\"><\/span><\/span><\/span>\r\n\t\t\t<\/span>\r\n\t\t\t<div class=\"indrevtxt wpproslider_t4_P_5 wprev_preview_tcolor2_T4\">\t\t\t\tF\u00fchrung durch die Lippizaner Stallungen, oldtimermuseum , Erlebnis Abenteuerspielplatz . Falkenhof mit Flugshow und Radetzky Gedenkst\u00e4tte\t\t\t\t\t\t\t<\/div>\r\n\t\t\t<span class=\"wpproslider_t4_date wprev_preview_tcolor3_T4\"> <span class=\"wprev_showdate_T4\">22\/08\/2022<\/span><\/span>\r\n\t\t\t<div class='wprevt4_icon_div'><a href=\"https:\/\/search.google.com\/local\/reviews?placeid=ChIJ72DEk55mbUcRZJZ1iAVWpkk\" target=\"_blank\" rel=\"nofollow noreferrer\" class=\"wprevpro_t4_site_logo_a\"><img decoding=\"async\" width=32 height=32 src=\"https:\/\/www.derheldenberg.at\/wp-content\/plugins\/wp-review-slider-pro-premium\/public\/partials\/imgs\/google_small_icon.svg\" alt=\"Google Logo\" class=\"wprevpro_t4_site_logo wprevsiteicon \"><\/a><\/div>\t\t\t\t\t\t\t\t\t\t\t<\/div>\r\n\t\t\t\r\n\t<\/div>\r\n\t\t<\/div>\r\n<\/div><\/div>\n<p style=\"text-align: center;\"><div class=\"fusion-aligncenter\"><a class=\"fusion-button button-flat fusion-button-default-size button-default fusion-button-default button-4 fusion-button-default-span fusion-button-default-type\" target=\"_self\" href=\"\/aktuelles\/besucher-bewertungen\/\"><span class=\"fusion-button-text awb-button__text awb-button__text--default\">Dal\u0161\u00ed hodnocen\u00ed<\/span><\/a><\/div>\n<\/div><\/div><\/div><\/div><div class=\"fusion-separator fusion-full-width-sep\" style=\"align-self: center;margin-left: auto;margin-right: auto;margin-bottom:35px;width:100%;\"><div class=\"fusion-separator-border sep-single sep-solid\" style=\"--awb-height:20px;--awb-amount:20px;--awb-sep-color:#ffffff;border-color:#ffffff;border-top-width:1px;\"><\/div><\/div><div class=\"fusion-title title fusion-title-3 fusion-sep-none fusion-title-text fusion-title-size-five sidebar-infobox-title\" style=\"--awb-margin-top:10px;--awb-margin-bottom:0px;--awb-margin-top-small:10px;--awb-margin-right-small:0px;--awb-margin-bottom-small:10px;--awb-margin-left-small:0px;\"><h5 class=\"fusion-title-heading title-heading-left fusion-responsive-typography-calculated\" style=\"margin:0;--fontSize:20;--minFontSize:20;line-height:1.2;\">INFORMACE<\/h5><\/div><ul style=\"--awb-size:13px;--awb-line-height:22.1px;--awb-icon-width:22.1px;--awb-icon-height:22.1px;--awb-icon-margin:9.1px;--awb-content-margin:31.2px;--awb-circlecolor:#b11715;--awb-circle-yes-font-size:11.44px;\" class=\"fusion-checklist fusion-checklist-1 fusion-checklist-default type-icons\"><li class=\"fusion-li-item\" style=\"\"><span class=\"icon-wrapper circle-yes\"><i class=\"fusion-li-icon fa fa-chevron-right\" aria-hidden=\"true\"><\/i><\/span><div class=\"fusion-li-item-content\">\n<p><a href=\"https:\/\/www.derheldenberg.at\/cs\/atrakce\/\">Atrakce<\/a><\/p>\n<\/div><\/li><li class=\"fusion-li-item\" style=\"\"><span class=\"icon-wrapper circle-yes\"><i class=\"fusion-li-icon fa fa-chevron-right\" aria-hidden=\"true\"><\/i><\/span><div class=\"fusion-li-item-content\">\n<p><a href=\"https:\/\/www.derheldenberg.at\/cs\/informace-pro-navstevniky\/nabidky-pro-skupiny\/\">Nab\u00eddky pro skupiny<\/a><\/p>\n<\/div><\/li><li class=\"fusion-li-item\" style=\"\"><span class=\"icon-wrapper circle-yes\"><i class=\"fusion-li-icon fa fa-chevron-right\" aria-hidden=\"true\"><\/i><\/span><div class=\"fusion-li-item-content\">\n<p><a href=\"https:\/\/www.derheldenberg.at\/cs\/informace-pro-navstevniky\/nabidka-pro-skoly-a-mladez\/\">Nab\u00eddka pro \u0161koly a ml\u00e1de\u017e<\/a><\/p>\n<\/div><\/li><li class=\"fusion-li-item\" style=\"\"><span class=\"icon-wrapper circle-yes\"><i class=\"fusion-li-icon fa fa-chevron-right\" aria-hidden=\"true\"><\/i><\/span><div class=\"fusion-li-item-content\">\n<p><a href=\"https:\/\/www.derheldenberg.at\/cs\/kontakt-a-prijezd\/\">P\u0159\u00edjezd<\/a><\/p>\n<\/div><\/li><\/ul><div class=\"fusion-separator fusion-full-width-sep\" style=\"align-self: center;margin-left: auto;margin-right: auto;margin-bottom:19px;width:100%;\"><div class=\"fusion-separator-border sep-single sep-solid\" style=\"--awb-height:20px;--awb-amount:20px;--awb-sep-color:#ffffff;border-color:#ffffff;border-top-width:1px;\"><\/div><\/div><div class=\"fusion-title title fusion-title-4 fusion-sep-none fusion-title-text fusion-title-size-five sidebar-infobox-title\" style=\"--awb-margin-top:40px;--awb-margin-bottom:10px;--awb-margin-top-small:10px;--awb-margin-right-small:0px;--awb-margin-bottom-small:10px;--awb-margin-left-small:0px;\"><h5 class=\"fusion-title-heading title-heading-left fusion-responsive-typography-calculated\" style=\"margin:0;--fontSize:20;--minFontSize:20;line-height:1.2;\">PL\u00c1N ARE\u00c1LU<\/h5><\/div><div class=\"fusion-image-element \" style=\"--awb-caption-title-font-family:var(--h2_typography-font-family);--awb-caption-title-font-weight:var(--h2_typography-font-weight);--awb-caption-title-font-style:var(--h2_typography-font-style);--awb-caption-title-size:var(--h2_typography-font-size);--awb-caption-title-transform:var(--h2_typography-text-transform);--awb-caption-title-line-height:var(--h2_typography-line-height);--awb-caption-title-letter-spacing:var(--h2_typography-letter-spacing);\"><span class=\" fusion-imageframe imageframe-none imageframe-1 hover-type-none\"><a href=\"https:\/\/www.derheldenberg.at\/wp-content\/uploads\/Gel\u00e4ndeplan-Heldenberg_gro\u00df.jpg\" class=\"fusion-lightbox\" data-rel=\"iLightbox[266d76860cf1f108946]\" data-title=\"Pl\u00e1n are\u00e1lu Heldenberg\" title=\"Pl\u00e1n are\u00e1lu Heldenberg\"><img decoding=\"async\" width=\"1100\" height=\"825\" alt=\"Pl\u00e1n are\u00e1lu Heldenberg\" src=\"https:\/\/www.derheldenberg.at\/wp-content\/uploads\/Gel\u00e4ndeplan-Heldenberg_gro\u00df.jpg\" class=\"img-responsive wp-image-12864\" srcset=\"https:\/\/www.derheldenberg.at\/wp-content\/uploads\/Gel\u00e4ndeplan-Heldenberg_gro\u00df-200x150.jpg 200w, https:\/\/www.derheldenberg.at\/wp-content\/uploads\/Gel\u00e4ndeplan-Heldenberg_gro\u00df-400x300.jpg 400w, https:\/\/www.derheldenberg.at\/wp-content\/uploads\/Gel\u00e4ndeplan-Heldenberg_gro\u00df-600x450.jpg 600w, https:\/\/www.derheldenberg.at\/wp-content\/uploads\/Gel\u00e4ndeplan-Heldenberg_gro\u00df-800x600.jpg 800w, https:\/\/www.derheldenberg.at\/wp-content\/uploads\/Gel\u00e4ndeplan-Heldenberg_gro\u00df.jpg 1100w\" sizes=\"(max-width: 640px) 100vw, 400px\" \/><\/a><\/span><\/div><\/div><\/div><\/div><\/div>\n<\/div>\n<\/div>\n<\/div>","protected":false},"excerpt":{"rendered":"","protected":false},"author":3,"featured_media":0,"parent":11423,"menu_order":0,"comment_status":"closed","ping_status":"closed","template":"","meta":{"footnotes":""},"class_list":["post-11435","page","type-page","status-publish","hentry"],"aioseo_notices":[],"_links":{"self":[{"href":"https:\/\/www.derheldenberg.at\/cs\/wp-json\/wp\/v2\/pages\/11435","targetHints":{"allow":["GET"]}}],"collection":[{"href":"https:\/\/www.derheldenberg.at\/cs\/wp-json\/wp\/v2\/pages"}],"about":[{"href":"https:\/\/www.derheldenberg.at\/cs\/wp-json\/wp\/v2\/types\/page"}],"author":[{"embeddable":true,"href":"https:\/\/www.derheldenberg.at\/cs\/wp-json\/wp\/v2\/users\/3"}],"replies":[{"embeddable":true,"href":"https:\/\/www.derheldenberg.at\/cs\/wp-json\/wp\/v2\/comments?post=11435"}],"version-history":[{"count":4,"href":"https:\/\/www.derheldenberg.at\/cs\/wp-json\/wp\/v2\/pages\/11435\/revisions"}],"predecessor-version":[{"id":18218,"href":"https:\/\/www.derheldenberg.at\/cs\/wp-json\/wp\/v2\/pages\/11435\/revisions\/18218"}],"up":[{"embeddable":true,"href":"https:\/\/www.derheldenberg.at\/cs\/wp-json\/wp\/v2\/pages\/11423"}],"wp:attachment":[{"href":"https:\/\/www.derheldenberg.at\/cs\/wp-json\/wp\/v2\/media?parent=11435"}],"curies":[{"name":"wp","href":"https:\/\/api.w.org\/{rel}","templated":true}]}}