{"id":10383,"date":"2017-12-07T09:53:09","date_gmt":"2017-12-07T07:53:09","guid":{"rendered":"https:\/\/www.derheldenberg.at?page_id=10383"},"modified":"2022-04-15T16:14:07","modified_gmt":"2022-04-15T14:14:07","slug":"radetzky-memorial","status":"publish","type":"page","link":"https:\/\/www.derheldenberg.at\/en\/attractions_overview\/radetzky-memorial\/","title":{"rendered":"Radetzky memorial"},"content":{"rendered":"<p><div class=\"fusion-fullwidth fullwidth-box fusion-builder-row-1 nonhundred-percent-fullwidth non-hundred-percent-height-scrolling\" style=\"--awb-border-radius-top-left:0px;--awb-border-radius-top-right:0px;--awb-border-radius-bottom-right:0px;--awb-border-radius-bottom-left:0px;--awb-flex-wrap:wrap;\" ><div class=\"fusion-builder-row fusion-row\"><div class=\"fusion-layout-column fusion_builder_column fusion-builder-column-0 fusion_builder_column_1_1 1_1 fusion-one-full fusion-column-first fusion-column-last\" style=\"--awb-padding-top:25px;--awb-padding-bottom:20px;--awb-bg-size:cover;\"><div class=\"fusion-column-wrapper fusion-flex-column-wrapper-legacy\"><div class=\"fusion-title title fusion-title-1 fusion-title-text fusion-title-size-one\" style=\"--awb-margin-top:35px;--awb-margin-bottom:0px;--awb-margin-top-small:10px;--awb-margin-right-small:0px;--awb-margin-bottom-small:10px;--awb-margin-left-small:0px;--awb-sep-color:#999;\"><h1 class=\"fusion-title-heading title-heading-left\" style=\"margin:0;\"><p style=\"text-transform: uppercase; text-align: left;\">Radetzky Memorial<\/p><\/h1><span class=\"awb-title-spacer\"><\/span><div class=\"title-sep-container\"><div class=\"title-sep sep-single sep-solid\" style=\"border-color:#999;\"><\/div><\/div><\/div><div class=\"fusion-clearfix\"><\/div><\/div><\/div><div class=\"fusion-layout-column fusion_builder_column fusion-builder-column-1 fusion_builder_column_3_4 3_4 fusion-three-fourth fusion-column-first contentcol-3-4\" style=\"--awb-padding-right:20px;--awb-bg-color:#ffffff;--awb-bg-color-hover:#ffffff;--awb-bg-size:cover;width:75%;width:calc(75% - ( ( 4% ) * 0.75 ) );margin-right: 4%;\"><div class=\"fusion-column-wrapper fusion-flex-column-wrapper-legacy\"><div class=\"fusion-builder-row fusion-builder-row-inner fusion-row\"><div class=\"fusion-layout-column fusion_builder_column_inner fusion-builder-nested-column-0 fusion_builder_column_inner_1_3 1_3 fusion-one-third fusion-column-first\" style=\"--awb-bg-size:cover;width:33.333333333333%;width:calc(33.333333333333% - ( ( 4% ) * 0.33333333333333 ) );margin-right: 4%;\"><div class=\"fusion-column-wrapper fusion-flex-column-wrapper-legacy\"><div class=\"fusion-image-element in-legacy-container\" style=\"--awb-caption-title-font-family:var(--h2_typography-font-family);--awb-caption-title-font-weight:var(--h2_typography-font-weight);--awb-caption-title-font-style:var(--h2_typography-font-style);--awb-caption-title-size:var(--h2_typography-font-size);--awb-caption-title-transform:var(--h2_typography-text-transform);--awb-caption-title-line-height:var(--h2_typography-line-height);--awb-caption-title-letter-spacing:var(--h2_typography-letter-spacing);\"><span class=\" fusion-imageframe imageframe-none imageframe-1 hover-type-none\"><img decoding=\"async\" width=\"263\" height=\"356\" title=\"Feldmarschall Josef Graf Radetzky\" src=\"https:\/\/www.derheldenberg.at\/wp-content\/uploads\/AttraktionRadetzky01.jpg\" alt class=\"img-responsive wp-image-12493\" srcset=\"https:\/\/www.derheldenberg.at\/wp-content\/uploads\/AttraktionRadetzky01-200x271.jpg 200w, https:\/\/www.derheldenberg.at\/wp-content\/uploads\/AttraktionRadetzky01.jpg 263w\" sizes=\"(max-width: 800px) 100vw, 263px\" \/><\/span><\/div><div class=\"fusion-clearfix\"><\/div><\/div><\/div><div class=\"fusion-layout-column fusion_builder_column_inner fusion-builder-nested-column-1 fusion_builder_column_inner_2_3 2_3 fusion-two-third fusion-column-last\" style=\"--awb-bg-size:cover;width:66.666666666667%;width:calc(66.666666666667% - ( ( 4% ) * 0.66666666666667 ) );\"><div class=\"fusion-column-wrapper fusion-flex-column-wrapper-legacy\"><div class=\"fusion-text fusion-text-1\"><h2 data-fontsize=\"23\" data-lineheight=\"27\" data-inline-fontsize=\"true\" data-inline-lineheight=\"true\">About Radetzky<\/h2>\n<p>Field Marshal Josef Count Radetzky was born in Bohemia on 2nd November 1766 and served an incredible 72 years in the royal imperial army. Aside from Prince Eugene, Radetzky was the most popular general in Austria. He came from a Bohemian noble family. His father and grandfather before him were imperial officers. Radetzky married the Countess Strassoldi-Grafenberg and died on 5th January 1858 at the age of 92.<\/p>\n<\/div><div class=\"fusion-clearfix\"><\/div><\/div><\/div><\/div><div class=\"fusion-builder-row fusion-builder-row-inner fusion-row\"><div class=\"fusion-layout-column fusion_builder_column_inner fusion-builder-nested-column-2 fusion_builder_column_inner_1_3 1_3 fusion-one-third fusion-column-first\" style=\"--awb-bg-size:cover;width:33.333333333333%;width:calc(33.333333333333% - ( ( 4% ) * 0.33333333333333 ) );margin-right: 4%;\"><div class=\"fusion-column-wrapper fusion-flex-column-wrapper-legacy\"><div class=\"fusion-image-element in-legacy-container\" style=\"--awb-caption-title-font-family:var(--h2_typography-font-family);--awb-caption-title-font-weight:var(--h2_typography-font-weight);--awb-caption-title-font-style:var(--h2_typography-font-style);--awb-caption-title-size:var(--h2_typography-font-size);--awb-caption-title-transform:var(--h2_typography-text-transform);--awb-caption-title-line-height:var(--h2_typography-line-height);--awb-caption-title-letter-spacing:var(--h2_typography-letter-spacing);\"><span class=\" fusion-imageframe imageframe-none imageframe-2 hover-type-none\"><img decoding=\"async\" width=\"263\" height=\"356\" title=\"Josef Gottfried Pargfrieder Herr des Schlosses Wetzdorf &#8211; Heldenberg\" src=\"https:\/\/www.derheldenberg.at\/wp-content\/uploads\/AttraktionRadetzky02.jpg\" alt class=\"img-responsive wp-image-12495\" srcset=\"https:\/\/www.derheldenberg.at\/wp-content\/uploads\/AttraktionRadetzky02-200x271.jpg 200w, https:\/\/www.derheldenberg.at\/wp-content\/uploads\/AttraktionRadetzky02.jpg 263w\" sizes=\"(max-width: 800px) 100vw, 263px\" \/><\/span><\/div><div class=\"fusion-clearfix\"><\/div><\/div><\/div><div class=\"fusion-layout-column fusion_builder_column_inner fusion-builder-nested-column-3 fusion_builder_column_inner_2_3 2_3 fusion-two-third fusion-column-last\" style=\"--awb-bg-size:cover;width:66.666666666667%;width:calc(66.666666666667% - ( ( 4% ) * 0.66666666666667 ) );\"><div class=\"fusion-column-wrapper fusion-flex-column-wrapper-legacy\"><div class=\"fusion-text fusion-text-2\"><h2 data-fontsize=\"28\" data-lineheight=\"33\">History<\/h2>\n<p>Josef Gottfried Pargfrieder, Lord of Castle Wetzdorf and friend of Generals Radetzky and Wimpffen, commissioned this huge memorial to be built in honour of the royal imperial army in 1848. It is well worth a visit. This pantheon was modelled on the Walhalla, which is situated in Donaustauf near Regensburg. The historic site of \u201cHeldenberg\u201d, which literally means \u201cHeroes\u2019 hill\u201d, is a unique memorial from the first half of the 19th century. It was built in honour of the generals, officers and soldiers of the meritous royal and imperial army. The centre point is the important figure of Field Marshal Radetzky, whose last resting place was here.<\/p>\n<\/div><div class=\"fusion-clearfix\"><\/div><\/div><\/div><\/div><div class=\"fusion-text fusion-text-3\"><h2>Walking tour<\/h2>\n<p>The tour begins with a multimedia introduction to the times of Field Marshal Count Radetzky. Various exhibition pieces from the period complete this historical view.<\/p>\n<\/div><div class=\"fusion-video fusion-youtube fusion-alignleft\" style=\"--awb-max-width:600px;--awb-max-height:360px;--awb-width:100%;\"><div class=\"video-shortcode\"><div class=\"fluid-width-video-wrapper\" style=\"padding-top:60%;\" ><iframe title=\"YouTube video player 1\" src=\"https:\/\/www.youtube.com\/embed\/8kgSX7We2j4?wmode=transparent&autoplay=0\" width=\"600\" height=\"360\" allowfullscreen allow=\"autoplay; clipboard-write; encrypted-media; gyroscope; picture-in-picture;\"><\/iframe><\/div><\/div><\/div><div class=\"fusion-sep-clear\"><\/div><div class=\"fusion-separator fusion-no-small-visibility fusion-no-medium-visibility fusion-full-width-sep\" style=\"margin-left: auto;margin-right: auto;width:100%;\"><\/div><div class=\"fusion-sep-clear\"><\/div><div class=\"fusion-text fusion-text-4\"><p>The entire site consists of a wide reaching park, with a pillared house (a home for war veterans), several obelisks, two victory columns (around which statues and busts of the Knights of the Order of Maria-Theresia from the Italian and Hungarian campaigns are arranged), as well as several other statues and busts in the \u201cRulers\u2019 Alley\u201d, including a life-size statue of a young Franz Joseph I. A statue of Clio, the muse of history, stands in the centre of the site. In front of her there is an obelisk, under which there is the tomb. The tomb was consecrated in 1850, and in it lie the remains of Field Marshal Radetzky (1858), Baron Maximilian von Wimpffen (1854), Quartermaster General in the Battle of Aspern, and Pargfrieder himself (1863).<\/p>\n<h3>Austria stands behind you\u201d \u2013 Scenes from the life of Field Marshal Radetzky<\/h3>\n<p>The new pewter-figure exhibition at the Radetzky Memorial provides a tour through the military career of Field Marshal Radetzky using three-dimensional pewter-figure dioramas. The pictures present experiences or events from his youth to his burial at Heldenberg.<\/p>\n<\/div><div class=\"accordian fusion-accordian\" style=\"--awb-border-size:1px;--awb-icon-size:13px;--awb-content-font-size:15px;--awb-icon-alignment:left;--awb-hover-color:#f9f9f9;--awb-border-color:#cccccc;--awb-background-color:#ffffff;--awb-divider-color:#e0dede;--awb-divider-hover-color:#e0dede;--awb-icon-color:#ffffff;--awb-title-color:#484848;--awb-content-color:#484848;--awb-icon-box-color:#333333;--awb-toggle-hover-accent-color:#b11715;--awb-title-font-family:&quot;Questrial&quot;;--awb-title-font-weight:400;--awb-title-font-style:normal;--awb-content-font-family:&quot;Noto Sans&quot;;--awb-content-font-style:normal;--awb-content-font-weight:400;\"><div class=\"panel-group fusion-toggle-icon-boxed\" id=\"accordion-10383-1\"><div class=\"fusion-panel panel-default panel-2fbe3c6b17754417f fusion-toggle-has-divider\"><div class=\"panel-heading\"><h4 class=\"panel-title toggle\" id=\"toggle_2fbe3c6b17754417f\"><a aria-expanded=\"false\" aria-controls=\"2fbe3c6b17754417f\" role=\"button\" data-toggle=\"collapse\" data-target=\"#2fbe3c6b17754417f\" href=\"#2fbe3c6b17754417f\"><span class=\"fusion-toggle-icon-wrapper\" aria-hidden=\"true\"><i class=\"fa-fusion-box active-icon awb-icon-minus\" aria-hidden=\"true\"><\/i><i class=\"fa-fusion-box inactive-icon awb-icon-plus\" aria-hidden=\"true\"><\/i><\/span><span class=\"fusion-toggle-heading\">1788; Turkish War: At the Slatina Bridge<\/span><\/a><\/h4><\/div><div id=\"2fbe3c6b17754417f\" class=\"panel-collapse collapse \" aria-labelledby=\"toggle_2fbe3c6b17754417f\"><div class=\"panel-body toggle-content fusion-clearfix\">\n<p>Senior Lieutenant Radetzky had his first chance to shine! At the Slatina Bridge, Austrian Hussars and militia volunteers were arguing over a carriage full of brandy. Shots rang out, the columns became caught up in confusion; what began as retreat turned into flight. The Turks pursued them, and there could have been a catastrophe if the Turkish Sipahis had not been driven back by the rearguard, part of the Caremelli cuirassier regiment under Radetzky\u2019s command.<\/p>\n<p><img decoding=\"async\" class=\"alignleft wp-image-4285\" src=\"https:\/\/www.derheldenberg.at\/wp-content\/uploads\/radetzky_bruecke-von-slatina_P22710891-300x225.jpg\" alt=\"\" width=\"350\" height=\"263\" srcset=\"https:\/\/www.derheldenberg.at\/wp-content\/uploads\/radetzky_bruecke-von-slatina_P22710891-300x225.jpg 300w, https:\/\/www.derheldenberg.at\/wp-content\/uploads\/radetzky_bruecke-von-slatina_P22710891.jpg 1024w\" sizes=\"(max-width: 350px) 100vw, 350px\" \/> <img decoding=\"async\" class=\"alignleft wp-image-4284\" src=\"https:\/\/www.derheldenberg.at\/wp-content\/uploads\/radetzky_an-der-bruecke-nach-slatina_P22710841-300x225.jpg\" alt=\"\" width=\"350\" height=\"263\" srcset=\"https:\/\/www.derheldenberg.at\/wp-content\/uploads\/radetzky_an-der-bruecke-nach-slatina_P22710841-300x225.jpg 300w, https:\/\/www.derheldenberg.at\/wp-content\/uploads\/radetzky_an-der-bruecke-nach-slatina_P22710841.jpg 1024w\" sizes=\"(max-width: 350px) 100vw, 350px\" \/><\/p>\n<div class=\"fusion-sep-clear\"><\/div><div class=\"fusion-separator fusion-full-width-sep\" style=\"margin-left: auto;margin-right: auto;width:100%;\"><\/div><div class=\"fusion-sep-clear\"><\/div><\/div><\/div><\/div><div class=\"fusion-panel panel-default panel-2654d492d5a1edd6a fusion-toggle-has-divider\"><div class=\"panel-heading\"><h4 class=\"panel-title toggle\" id=\"toggle_2654d492d5a1edd6a\"><a aria-expanded=\"false\" aria-controls=\"2654d492d5a1edd6a\" role=\"button\" data-toggle=\"collapse\" data-target=\"#2654d492d5a1edd6a\" href=\"#2654d492d5a1edd6a\"><span class=\"fusion-toggle-icon-wrapper\" aria-hidden=\"true\"><i class=\"fa-fusion-box active-icon awb-icon-minus\" aria-hidden=\"true\"><\/i><i class=\"fa-fusion-box inactive-icon awb-icon-plus\" aria-hidden=\"true\"><\/i><\/span><span class=\"fusion-toggle-heading\">1809: Napoleonic Wars: Radetzky earns the Commander\u2019s Cross of the Order of Maria-Theresia<\/span><\/a><\/h4><\/div><div id=\"2654d492d5a1edd6a\" class=\"panel-collapse collapse \" aria-labelledby=\"toggle_2654d492d5a1edd6a\"><div class=\"panel-body toggle-content fusion-clearfix\">Radetzky was tasked with securing Hiller\u2019s retreat and facilitating the latter\u2019s union with Archduke Carl. At Wels he managed to hold off his far superior enemy long enough that a division in danger of being cut off was able to rejoin. He received the Commander\u2019s Cross of the Order of Maria-Theresia for these actions.<\/p>\n<p><img decoding=\"async\" class=\"alignleft wp-image-4282\" src=\"https:\/\/www.derheldenberg.at\/wp-content\/uploads\/radetzky_napoleonische-kriege_IMG_15091-300x225.jpg\" alt=\"\" width=\"350\" height=\"263\" srcset=\"https:\/\/www.derheldenberg.at\/wp-content\/uploads\/radetzky_napoleonische-kriege_IMG_15091-300x225.jpg 300w, https:\/\/www.derheldenberg.at\/wp-content\/uploads\/radetzky_napoleonische-kriege_IMG_15091.jpg 1024w\" sizes=\"(max-width: 350px) 100vw, 350px\" \/> <img decoding=\"async\" class=\"alignleft wp-image-4283\" src=\"https:\/\/www.derheldenberg.at\/wp-content\/uploads\/radetzky_napoleonische-Kriege_IMG_15101_web.jpg\" alt=\"\" width=\"350\" height=\"263\" \/><\/p>\n<div class=\"fusion-sep-clear\"><\/div><div class=\"fusion-separator fusion-full-width-sep\" style=\"margin-left: auto;margin-right: auto;width:100%;\"><\/div><div class=\"fusion-sep-clear\"><\/div><\/div><\/div><\/div><div class=\"fusion-panel panel-default panel-88c5ce30472541747 fusion-toggle-has-divider\"><div class=\"panel-heading\"><h4 class=\"panel-title toggle\" id=\"toggle_88c5ce30472541747\"><a aria-expanded=\"false\" aria-controls=\"88c5ce30472541747\" role=\"button\" data-toggle=\"collapse\" data-target=\"#88c5ce30472541747\" href=\"#88c5ce30472541747\"><span class=\"fusion-toggle-icon-wrapper\" aria-hidden=\"true\"><i class=\"fa-fusion-box active-icon awb-icon-minus\" aria-hidden=\"true\"><\/i><i class=\"fa-fusion-box inactive-icon awb-icon-plus\" aria-hidden=\"true\"><\/i><\/span><span class=\"fusion-toggle-heading\">1813: The Battle of Leipzig: Quartermaster General<\/span><\/a><\/h4><\/div><div id=\"88c5ce30472541747\" class=\"panel-collapse collapse \" aria-labelledby=\"toggle_88c5ce30472541747\"><div class=\"panel-body toggle-content fusion-clearfix\">Radetzky in the staff of the three Emperors<\/p>\n<p><img decoding=\"async\" class=\"alignleft wp-image-4291\" src=\"https:\/\/www.derheldenberg.at\/wp-content\/uploads\/radetzky_voelkerschlacht-leipzig_P42457961-300x225.jpg\" alt=\"\" width=\"350\" height=\"263\" srcset=\"https:\/\/www.derheldenberg.at\/wp-content\/uploads\/radetzky_voelkerschlacht-leipzig_P42457961-300x225.jpg 300w, https:\/\/www.derheldenberg.at\/wp-content\/uploads\/radetzky_voelkerschlacht-leipzig_P42457961.jpg 1024w\" sizes=\"(max-width: 350px) 100vw, 350px\" \/> <img decoding=\"async\" class=\"alignleft wp-image-4289\" src=\"https:\/\/www.derheldenberg.at\/wp-content\/uploads\/radetzky_voelkerschlacht-leipzig_P42457931-300x225.jpg\" alt=\"\" width=\"350\" height=\"263\" srcset=\"https:\/\/www.derheldenberg.at\/wp-content\/uploads\/radetzky_voelkerschlacht-leipzig_P42457931-300x225.jpg 300w, https:\/\/www.derheldenberg.at\/wp-content\/uploads\/radetzky_voelkerschlacht-leipzig_P42457931.jpg 1024w\" sizes=\"(max-width: 350px) 100vw, 350px\" \/><\/p>\n<div class=\"fusion-sep-clear\"><\/div><div class=\"fusion-separator fusion-full-width-sep\" style=\"margin-left: auto;margin-right: auto;width:100%;\"><\/div><div class=\"fusion-sep-clear\"><\/div><\/div><\/div><\/div><div class=\"fusion-panel panel-default panel-bf9ba6768493c696d fusion-toggle-has-divider\"><div class=\"panel-heading\"><h4 class=\"panel-title toggle\" id=\"toggle_bf9ba6768493c696d\"><a aria-expanded=\"false\" aria-controls=\"bf9ba6768493c696d\" role=\"button\" data-toggle=\"collapse\" data-target=\"#bf9ba6768493c696d\" href=\"#bf9ba6768493c696d\"><span class=\"fusion-toggle-icon-wrapper\" aria-hidden=\"true\"><i class=\"fa-fusion-box active-icon awb-icon-minus\" aria-hidden=\"true\"><\/i><i class=\"fa-fusion-box inactive-icon awb-icon-plus\" aria-hidden=\"true\"><\/i><\/span><span class=\"fusion-toggle-heading\">1840: Parade before Radetzky<\/span><\/a><\/h4><\/div><div id=\"bf9ba6768493c696d\" class=\"panel-collapse collapse \" aria-labelledby=\"toggle_bf9ba6768493c696d\"><div class=\"panel-body toggle-content fusion-clearfix\">Radetzky presides over a parade. The mustered battalion presents its weapons. Civilians observe the scene.<br \/>\n<img decoding=\"async\" class=\"alignleft wp-image-4327\" src=\"https:\/\/www.derheldenberg.at\/wp-content\/uploads\/radetzky_parade_web.jpg\" alt=\"\" width=\"715\" height=\"536\" \/><div class=\"fusion-sep-clear\"><\/div><div class=\"fusion-separator fusion-full-width-sep\" style=\"margin-left: auto;margin-right: auto;width:100%;\"><\/div><div class=\"fusion-sep-clear\"><\/div><\/div><\/div><\/div><div class=\"fusion-panel panel-default panel-8dbac160693274473 fusion-toggle-has-divider\"><div class=\"panel-heading\"><h4 class=\"panel-title toggle\" id=\"toggle_8dbac160693274473\"><a aria-expanded=\"false\" aria-controls=\"8dbac160693274473\" role=\"button\" data-toggle=\"collapse\" data-target=\"#8dbac160693274473\" href=\"#8dbac160693274473\"><span class=\"fusion-toggle-icon-wrapper\" aria-hidden=\"true\"><i class=\"fa-fusion-box active-icon awb-icon-minus\" aria-hidden=\"true\"><\/i><i class=\"fa-fusion-box inactive-icon awb-icon-plus\" aria-hidden=\"true\"><\/i><\/span><span class=\"fusion-toggle-heading\">1849: The Armistice of Vignale<\/span><\/a><\/h4><\/div><div id=\"8dbac160693274473\" class=\"panel-collapse collapse \" aria-labelledby=\"toggle_8dbac160693274473\"><div class=\"panel-body toggle-content fusion-clearfix\">Radetzky and Hess (Quartermaster General) sign the armistice at Vignale.<br \/>\n<img decoding=\"async\" class=\"alignleft wp-image-4330\" src=\"https:\/\/www.derheldenberg.at\/wp-content\/uploads\/radetzky_vignale_web.jpg\" alt=\"\" width=\"715\" height=\"536\" \/><div class=\"fusion-sep-clear\"><\/div><div class=\"fusion-separator fusion-full-width-sep\" style=\"margin-left: auto;margin-right: auto;width:100%;\"><\/div><div class=\"fusion-sep-clear\"><\/div><\/div><\/div><\/div><div class=\"fusion-panel panel-default panel-b96b1b152a69c2e17 fusion-toggle-has-divider\"><div class=\"panel-heading\"><h4 class=\"panel-title toggle\" id=\"toggle_b96b1b152a69c2e17\"><a aria-expanded=\"false\" aria-controls=\"b96b1b152a69c2e17\" role=\"button\" data-toggle=\"collapse\" data-target=\"#b96b1b152a69c2e17\" href=\"#b96b1b152a69c2e17\"><span class=\"fusion-toggle-icon-wrapper\" aria-hidden=\"true\"><i class=\"fa-fusion-box active-icon awb-icon-minus\" aria-hidden=\"true\"><\/i><i class=\"fa-fusion-box inactive-icon awb-icon-plus\" aria-hidden=\"true\"><\/i><\/span><span class=\"fusion-toggle-heading\">1858: The Funeral<\/span><\/a><\/h4><\/div><div id=\"b96b1b152a69c2e17\" class=\"panel-collapse collapse \" aria-labelledby=\"toggle_b96b1b152a69c2e17\"><div class=\"panel-body toggle-content fusion-clearfix\">Cort\u00e8ge with mustered soldiers in front of the building at Heldenberg<br \/>\n<img decoding=\"async\" class=\"alignleft wp-image-4328\" src=\"https:\/\/www.derheldenberg.at\/wp-content\/uploads\/radetzky_zinnfiguren_begraebniszug_web.jpg\" alt=\"\" width=\"715\" height=\"613\" \/><div class=\"fusion-sep-clear\"><\/div><div class=\"fusion-separator fusion-full-width-sep\" style=\"margin-left: auto;margin-right: auto;width:100%;\"><\/div><div class=\"fusion-sep-clear\"><\/div><\/div><\/div><\/div><\/div><\/div><div class=\"fusion-sep-clear\"><\/div><div class=\"fusion-separator fusion-full-width-sep\" style=\"margin-left: auto;margin-right: auto;width:100%;\"><\/div><div class=\"fusion-sep-clear\"><\/div><div class=\"fusion-text fusion-text-5\"><h2>The Battle of Aspern<\/h2>\n<p><strong>New!<\/strong>\u00a0In the halls of Count Radetzky\u2019s tomb, you can see one of the largest existing battle scenes with pewter figures, the \u201cBattle of Aspern\u201d. It took place in 1809, when the Austrian army of Archduke Carl, led by Quartermaster General Maximilian Baron von Wimpffen, fought Napoleon\u2019s army. The depiction of the battle, which lasted over three days, is highly detailed and impressively put together, and the individual scenes in the 6.5m \u201cviewing box\u201d contain over 3,000 pewter figures in total. This is one of the many new features at the Heldenberg Memorial, an experience that will fascinate adults and children alike. For schools, this historical display can be employed as part of a more lively history lesson.<\/p>\n<\/div><div class=\"fusion-builder-row fusion-builder-row-inner fusion-row\"><div class=\"fusion-layout-column fusion_builder_column_inner fusion-builder-nested-column-4 fusion_builder_column_inner_1_2 1_2 fusion-one-half fusion-column-first\" style=\"--awb-bg-size:cover;width:50%;width:calc(50% - ( ( 4% ) * 0.5 ) );margin-right: 4%;\"><div class=\"fusion-column-wrapper fusion-flex-column-wrapper-legacy\"><div class=\"fusion-image-element in-legacy-container\" style=\"--awb-caption-title-font-family:var(--h2_typography-font-family);--awb-caption-title-font-weight:var(--h2_typography-font-weight);--awb-caption-title-font-style:var(--h2_typography-font-style);--awb-caption-title-size:var(--h2_typography-font-size);--awb-caption-title-transform:var(--h2_typography-text-transform);--awb-caption-title-line-height:var(--h2_typography-line-height);--awb-caption-title-letter-spacing:var(--h2_typography-letter-spacing);\"><span class=\" fusion-imageframe imageframe-none imageframe-3 hover-type-none\"><img decoding=\"async\" width=\"680\" height=\"452\" title=\"Schlacht um Aspern\" src=\"https:\/\/www.derheldenberg.at\/wp-content\/uploads\/AttraktionRadetzky03.jpg\" alt class=\"img-responsive wp-image-12499\" srcset=\"https:\/\/www.derheldenberg.at\/wp-content\/uploads\/AttraktionRadetzky03-200x133.jpg 200w, https:\/\/www.derheldenberg.at\/wp-content\/uploads\/AttraktionRadetzky03-400x266.jpg 400w, https:\/\/www.derheldenberg.at\/wp-content\/uploads\/AttraktionRadetzky03-600x399.jpg 600w, https:\/\/www.derheldenberg.at\/wp-content\/uploads\/AttraktionRadetzky03.jpg 680w\" sizes=\"(max-width: 800px) 100vw, 600px\" \/><\/span><\/div><div class=\"fusion-clearfix\"><\/div><\/div><\/div><div class=\"fusion-layout-column fusion_builder_column_inner fusion-builder-nested-column-5 fusion_builder_column_inner_1_2 1_2 fusion-one-half fusion-column-last\" style=\"--awb-bg-size:cover;width:50%;width:calc(50% - ( ( 4% ) * 0.5 ) );\"><div class=\"fusion-column-wrapper fusion-flex-column-wrapper-legacy\"><div class=\"fusion-image-element in-legacy-container\" style=\"--awb-caption-title-font-family:var(--h2_typography-font-family);--awb-caption-title-font-weight:var(--h2_typography-font-weight);--awb-caption-title-font-style:var(--h2_typography-font-style);--awb-caption-title-size:var(--h2_typography-font-size);--awb-caption-title-transform:var(--h2_typography-text-transform);--awb-caption-title-line-height:var(--h2_typography-line-height);--awb-caption-title-letter-spacing:var(--h2_typography-letter-spacing);\"><span class=\" fusion-imageframe imageframe-none imageframe-4 hover-type-none\"><img decoding=\"async\" width=\"680\" height=\"452\" title=\"Schlacht um Aspern\" src=\"https:\/\/www.derheldenberg.at\/wp-content\/uploads\/AttraktionRadetzky04.jpg\" alt class=\"img-responsive wp-image-12501\" srcset=\"https:\/\/www.derheldenberg.at\/wp-content\/uploads\/AttraktionRadetzky04-200x133.jpg 200w, https:\/\/www.derheldenberg.at\/wp-content\/uploads\/AttraktionRadetzky04-400x266.jpg 400w, https:\/\/www.derheldenberg.at\/wp-content\/uploads\/AttraktionRadetzky04-600x399.jpg 600w, https:\/\/www.derheldenberg.at\/wp-content\/uploads\/AttraktionRadetzky04.jpg 680w\" sizes=\"(max-width: 800px) 100vw, 600px\" \/><\/span><\/div><div class=\"fusion-clearfix\"><\/div><\/div><\/div><\/div><div class=\"fusion-sep-clear\"><\/div><div class=\"fusion-separator fusion-full-width-sep\" style=\"margin-left: auto;margin-right: auto;width:100%;\"><\/div><div class=\"fusion-sep-clear\"><\/div><div class=\"fusion-clearfix\"><\/div><\/div><\/div><div class=\"fusion-layout-column fusion_builder_column fusion-builder-column-2 fusion_builder_column_1_4 1_4 fusion-one-fourth fusion-column-last info-sidebar\" style=\"--awb-bg-color:#f4f5f5;--awb-bg-color-hover:#f4f5f5;--awb-bg-size:cover;--awb-margin-top:18px;width:25%;width:calc(25% - ( ( 4% ) * 0.25 ) );\"><div class=\"fusion-column-wrapper fusion-flex-column-wrapper-legacy\"><div class=\"fusion-align-block\"><a class=\"fusion-button button-flat button-xlarge button-default fusion-button-default button-1 fusion-button-span-yes fusion-button-default-type button-tip-des-monats\" target=\"_blank\" rel=\"noopener noreferrer\" href=\"https:\/\/www.facebook.com\/der.heldenberg\/\"><span class=\"fusion-button-icon-divider button-icon-divider-left\"><i class=\" fa fa-facebook-official awb-button__icon awb-button__icon--default\" aria-hidden=\"true\"><\/i><\/span><span class=\"fusion-button-text awb-button__text awb-button__text--default fusion-button-text-left\">Visit us on Facebook!<\/span><\/a><\/div><div class=\"fusion-align-block\"><a class=\"fusion-button button-flat button-xlarge button-default fusion-button-default button-2 fusion-button-span-yes fusion-button-default-type button-tip-des-monats\" target=\"_self\" href=\"#\" data-toggle=\"modal\" data-target=\".fusion-modal.reviews-google-fb\"><span class=\"fusion-button-icon-divider button-icon-divider-left\"><i class=\" fa fa-star awb-button__icon awb-button__icon--default\" aria-hidden=\"true\"><\/i><\/span><span class=\"fusion-button-text awb-button__text awb-button__text--default fusion-button-text-left\">What visitors say about the Heldenberg<\/span><\/a><\/div><div class=\"fusion-modal modal fade modal-1 reviews-google-fb\" tabindex=\"-1\" role=\"dialog\" aria-labelledby=\"modal-heading-1\" aria-hidden=\"true\" style=\"--awb-border-color:#ebebeb;--awb-background:#f6f6f6;\"><div class=\"modal-dialog modal-lg\" role=\"document\"><div class=\"modal-content fusion-modal-content\"><div class=\"modal-header\"><button class=\"close\" type=\"button\" data-dismiss=\"modal\" aria-hidden=\"true\" aria-label=\"Close\">&times;<\/button><h3 class=\"modal-title\" id=\"modal-heading-1\" data-dismiss=\"modal\" aria-hidden=\"true\">What visitors say about the Heldenberg<\/h3><\/div><div class=\"modal-body fusion-clearfix\">\n<div class=\"wprevpro-shortcode-wrapper\"><div class=\"wprevpro wprev-no-slider revnotsameheight\" id=\"wprev-slider-2\">\t\t<div class=\"wprevpro_t4_outer_div w3_wprs-row wprevprodiv\">\r\n\t\t\t<div class=\"wpproslider_t4_DIV_1 w3_wprs-col l4 outerrevdiv\">\r\n\t\t<div class=\"indrevdiv wpproslider_t4_DIV_1a  wprev_preview_bg1_T4 wprev_preview_bradius_T4\">\r\n\t\t\t<div class=\"wpproslider_t4_avatar_div\"><img decoding=\"async\" loading=\"lazy\" src=\"https:\/\/lh3.googleusercontent.com\/a-\/ALV-UjWtXZKz5d5G_Lw92a9tzOrclHfqVbEvlM8e9CBwyozgkvnnh7V3=s128-c0x00000000-cc-rp-mo-ba2\" alt=\"Markus Kalcher Avatar\" class=\"wpproslider_t4_IMG_2 wprevpro_avatarimg\" \/><\/div>\t\t\t<div class=\"wpproslider_t4_H3_3 wprev_preview_tcolor1_T4\">\r\n\t\t\t\tMarkus Kalcher\t\t\t<\/div>\r\n\t\t\t<span class=\"wpproslider_t4_SPAN_4\">\r\n\t\t\t<span class=\"wprevpro_star_imgs_T4\"><span class=\"starloc1 wprevpro_star_imgs wprevpro_star_imgsloc1\"><span class=\"svgicons svg-wprsp-star\"><\/span><span class=\"svgicons svg-wprsp-star\"><\/span><span class=\"svgicons svg-wprsp-star\"><\/span><span class=\"svgicons svg-wprsp-star\"><\/span><span class=\"svgicons svg-wprsp-star\"><\/span><\/span><\/span>\r\n\t\t\t<\/span>\r\n\t\t\t<div class=\"indrevtxt wpproslider_t4_P_5 wprev_preview_tcolor2_T4\">\t\t\t\tEin wundersch\u00f6ner Tag mit vielen eindr\u00fccken.\t\t\t\t\t\t\t<\/div>\r\n\t\t\t<span class=\"wpproslider_t4_date wprev_preview_tcolor3_T4\"> <span class=\"wprev_showdate_T4\">19\/04\/2026<\/span><\/span>\r\n\t\t\t<div class='wprevt4_icon_div'><a href=\"https:\/\/maps.google.com\/?cid=5307023792666941028\" target=\"_blank\" rel=\"nofollow noreferrer\" class=\"wprevpro_t4_site_logo_a\"><img decoding=\"async\" width=32 height=32 src=\"https:\/\/www.derheldenberg.at\/wp-content\/plugins\/wp-review-slider-pro-premium\/public\/partials\/imgs\/google_small_icon.svg\" alt=\"Google Logo\" class=\"wprevpro_t4_site_logo wprevsiteicon \"><\/a><\/div>\t\t\t\t\t\t\t\t\t\t\t<\/div>\r\n\t\t\t\r\n\t<\/div>\r\n\t\t<div class=\"wpproslider_t4_DIV_1 w3_wprs-col l4 outerrevdiv\">\r\n\t\t<div class=\"indrevdiv wpproslider_t4_DIV_1a  wprev_preview_bg1_T4 wprev_preview_bradius_T4\">\r\n\t\t\t<div class=\"wpproslider_t4_avatar_div\"><img decoding=\"async\" loading=\"lazy\" src=\"https:\/\/lh3.googleusercontent.com\/a\/AItbvmniwlw8mdDt9JdpptBx17OjYSKCppMCFBjXcWbS=s40-c-c0x00000000-cc-rp-mo-ba4-br100\" alt=\"Maria Novotny Avatar\" class=\"wpproslider_t4_IMG_2 wprevpro_avatarimg\" \/><\/div>\t\t\t<div class=\"wpproslider_t4_H3_3 wprev_preview_tcolor1_T4\">\r\n\t\t\t\tMaria Novotny\t\t\t<\/div>\r\n\t\t\t<span class=\"wpproslider_t4_SPAN_4\">\r\n\t\t\t<span class=\"wprevpro_star_imgs_T4\"><span class=\"starloc1 wprevpro_star_imgs wprevpro_star_imgsloc1\"><span class=\"svgicons svg-wprsp-star\"><\/span><span class=\"svgicons svg-wprsp-star\"><\/span><span class=\"svgicons svg-wprsp-star\"><\/span><span class=\"svgicons svg-wprsp-star\"><\/span><span class=\"svgicons svg-wprsp-star\"><\/span><\/span><\/span>\r\n\t\t\t<\/span>\r\n\t\t\t<div class=\"indrevtxt wpproslider_t4_P_5 wprev_preview_tcolor2_T4\">\t\t\t\tSehr abwechslungsreich und mega freundliches personal\t\t\t\t\t\t\t<\/div>\r\n\t\t\t<span class=\"wpproslider_t4_date wprev_preview_tcolor3_T4\"> <span class=\"wprev_showdate_T4\">22\/08\/2022<\/span><\/span>\r\n\t\t\t<div class='wprevt4_icon_div'><a href=\"https:\/\/search.google.com\/local\/reviews?placeid=ChIJ72DEk55mbUcRZJZ1iAVWpkk\" target=\"_blank\" rel=\"nofollow noreferrer\" class=\"wprevpro_t4_site_logo_a\"><img decoding=\"async\" width=32 height=32 src=\"https:\/\/www.derheldenberg.at\/wp-content\/plugins\/wp-review-slider-pro-premium\/public\/partials\/imgs\/google_small_icon.svg\" alt=\"Google Logo\" class=\"wprevpro_t4_site_logo wprevsiteicon \"><\/a><\/div>\t\t\t\t\t\t\t\t\t\t\t<\/div>\r\n\t\t\t\r\n\t<\/div>\r\n\t\t<div class=\"wpproslider_t4_DIV_1 w3_wprs-col l4 outerrevdiv\">\r\n\t\t<div class=\"indrevdiv wpproslider_t4_DIV_1a  wprev_preview_bg1_T4 wprev_preview_bradius_T4\">\r\n\t\t\t<div class=\"wpproslider_t4_avatar_div\"><img decoding=\"async\" loading=\"lazy\" src=\"https:\/\/lh3.googleusercontent.com\/a\/AItbvmke3-RidNnoyS79sxhsUPE84KyrOFoI5A7dQNq_=s40-c-c0x00000000-cc-rp-mo-ba3-br100\" alt=\"Kurt Hohenbichler Avatar\" class=\"wpproslider_t4_IMG_2 wprevpro_avatarimg\" \/><\/div>\t\t\t<div class=\"wpproslider_t4_H3_3 wprev_preview_tcolor1_T4\">\r\n\t\t\t\tKurt Hohenbichler\t\t\t<\/div>\r\n\t\t\t<span class=\"wpproslider_t4_SPAN_4\">\r\n\t\t\t<span class=\"wprevpro_star_imgs_T4\"><span class=\"starloc1 wprevpro_star_imgs wprevpro_star_imgsloc1\"><span class=\"svgicons svg-wprsp-star\"><\/span><span class=\"svgicons svg-wprsp-star\"><\/span><span class=\"svgicons svg-wprsp-star\"><\/span><span class=\"svgicons svg-wprsp-star\"><\/span><span class=\"svgicons svg-wprsp-star\"><\/span><\/span><\/span>\r\n\t\t\t<\/span>\r\n\t\t\t<div class=\"indrevtxt wpproslider_t4_P_5 wprev_preview_tcolor2_T4\">\t\t\t\tF\u00fchrung durch die Lippizaner Stallungen, oldtimermuseum , Erlebnis Abenteuerspielplatz . Falkenhof mit Flugshow und Radetzky Gedenkst\u00e4tte\t\t\t\t\t\t\t<\/div>\r\n\t\t\t<span class=\"wpproslider_t4_date wprev_preview_tcolor3_T4\"> <span class=\"wprev_showdate_T4\">22\/08\/2022<\/span><\/span>\r\n\t\t\t<div class='wprevt4_icon_div'><a href=\"https:\/\/search.google.com\/local\/reviews?placeid=ChIJ72DEk55mbUcRZJZ1iAVWpkk\" target=\"_blank\" rel=\"nofollow noreferrer\" class=\"wprevpro_t4_site_logo_a\"><img decoding=\"async\" width=32 height=32 src=\"https:\/\/www.derheldenberg.at\/wp-content\/plugins\/wp-review-slider-pro-premium\/public\/partials\/imgs\/google_small_icon.svg\" alt=\"Google Logo\" class=\"wprevpro_t4_site_logo wprevsiteicon \"><\/a><\/div>\t\t\t\t\t\t\t\t\t\t\t<\/div>\r\n\t\t\t\r\n\t<\/div>\r\n\t\t<\/div>\r\n<\/div><\/div><div class=\"fusion-aligncenter\"><a class=\"fusion-button button-flat fusion-button-default-size button-default fusion-button-default button-3 fusion-button-default-span fusion-button-default-type\" target=\"_self\" href=\"\/en\/visitor-reviews\/\"><span class=\"fusion-button-text awb-button__text awb-button__text--default\">Further reviews<\/span><\/a><\/div>\n<\/div><\/div><\/div><\/div><div class=\"fusion-align-block\"><a class=\"fusion-button button-flat button-xlarge button-default fusion-button-default button-4 fusion-button-span-yes fusion-button-default-type fusion-no-small-visibility button-tip-des-monats\" target=\"_self\" href=\"#info\"><span class=\"fusion-button-icon-divider button-icon-divider-left\"><i class=\" fa fa-arrow-circle-right awb-button__icon awb-button__icon--default\" aria-hidden=\"true\"><\/i><\/span><span class=\"fusion-button-text awb-button__text awb-button__text--default fusion-button-text-left\">Admission charges<\/span><\/a><\/div><div class=\"fusion-align-block\"><a class=\"fusion-button button-flat button-xlarge button-default fusion-button-default button-5 fusion-button-span-yes fusion-button-default-type fusion-no-medium-visibility fusion-no-large-visibility button-tip-des-monats\" target=\"_self\" href=\"#\" data-toggle=\"modal\" data-target=\".fusion-modal.Preise-Atraktion\"><span class=\"fusion-button-icon-divider button-icon-divider-left\"><i class=\" fa fa-arrow-circle-right awb-button__icon awb-button__icon--default\" aria-hidden=\"true\"><\/i><\/span><span class=\"fusion-button-text awb-button__text awb-button__text--default fusion-button-text-left\">Admission charges<\/span><\/a><\/div><div class=\"fusion-modal modal fade modal-2 Preise-Atraktion\" tabindex=\"-1\" role=\"dialog\" aria-labelledby=\"modal-heading-2\" aria-hidden=\"true\" style=\"--awb-border-color:#ebebeb;--awb-background:#ffffff;\"><div class=\"modal-dialog modal-lg\" role=\"document\"><div class=\"modal-content fusion-modal-content\"><div class=\"modal-header\"><button class=\"close\" type=\"button\" data-dismiss=\"modal\" aria-hidden=\"true\" aria-label=\"Close\">&times;<\/button><h3 class=\"modal-title\" id=\"modal-heading-2\" data-dismiss=\"modal\" aria-hidden=\"true\">Admission charges Radetzky memorial<\/h3><\/div><div class=\"modal-body fusion-clearfix\">\n\n<table id=\"tablepress-14\" class=\"tablepress tablepress-id-14\">\n<tbody class=\"row-striping row-hover\">\n<tr class=\"row-1\">\n\t<td class=\"column-1\">Adults<\/td><td class=\"column-2\">\u20ac 14,00<\/td>\n<\/tr>\n<tr class=\"row-2\">\n\t<td class=\"column-1\">Groups \/ Senior citizens\/ People with disabilities\/Youth\/Austrian military recruits<\/td><td class=\"column-2\">\u20ac 11,00<\/td>\n<\/tr>\n<tr class=\"row-3\">\n\t<td class=\"column-1\">Children up to 5 years of age<\/td><td class=\"column-2\">free of charge<\/td>\n<\/tr>\n<tr class=\"row-4\">\n\t<td class=\"column-1\">Children up to 14 years of age \/ school groups<\/td><td class=\"column-2\">\u20ac 7,00<\/td>\n<\/tr>\n<tr class=\"row-5\">\n\t<td class=\"column-1\">Family ticket (2 adults and up to 3 children)<\/td><td class=\"column-2\">\u20ac 28,00<\/td>\n<\/tr>\n<\/tbody>\n<\/table>\n<!-- #tablepress-14 from cache -->\n<p>Combine this highlight with another point of interest, or take advantage of our guided tours. Find more details on our website under <a href=\"https:\/\/www.derheldenberg.at\/en\/visitor-information\/admission-charges\/\">admission charges<\/a>.<\/p>\n<\/div><div class=\"modal-footer\"><button class=\"fusion-button button-default button-medium button default medium\" type=\"button\" data-dismiss=\"modal\">Close<\/button><\/div><\/div><\/div><\/div><div class=\"fusion-align-block\"><a class=\"fusion-button button-flat button-xlarge button-default fusion-button-default button-6 fusion-button-span-yes fusion-button-default-type fusion-no-small-visibility button-tip-des-monats\" target=\"_self\" href=\"#info\"><span class=\"fusion-button-icon-divider button-icon-divider-left\"><i class=\" fa fa-star-o awb-button__icon awb-button__icon--default\" aria-hidden=\"true\"><\/i><\/span><span class=\"fusion-button-text awb-button__text awb-button__text--default fusion-button-text-left\">Opening hours<\/span><\/a><\/div><div class=\"fusion-align-block\"><a class=\"fusion-button button-flat button-xlarge button-default fusion-button-default button-7 fusion-button-span-yes fusion-button-default-type fusion-no-medium-visibility fusion-no-large-visibility button-tip-des-monats\" target=\"_self\" href=\"#\" data-toggle=\"modal\" data-target=\".fusion-modal.\u00d6ffnungszeiten-Atraktion\"><span class=\"fusion-button-icon-divider button-icon-divider-left\"><i class=\" fa fa-star-o awb-button__icon awb-button__icon--default\" aria-hidden=\"true\"><\/i><\/span><span class=\"fusion-button-text awb-button__text awb-button__text--default fusion-button-text-left\">Opening hours<\/span><\/a><\/div><div class=\"fusion-modal modal fade modal-3 \u00d6ffnungszeiten-Atraktion\" tabindex=\"-1\" role=\"dialog\" aria-labelledby=\"modal-heading-3\" aria-hidden=\"true\" style=\"--awb-border-color:#ebebeb;--awb-background:#ffffff;\"><div class=\"modal-dialog modal-lg\" role=\"document\"><div class=\"modal-content fusion-modal-content\"><div class=\"modal-header\"><button class=\"close\" type=\"button\" data-dismiss=\"modal\" aria-hidden=\"true\" aria-label=\"Close\">&times;<\/button><h3 class=\"modal-title\" id=\"modal-heading-3\" data-dismiss=\"modal\" aria-hidden=\"true\">Opening hours Radetzky memorial<\/h3><\/div><div class=\"modal-body fusion-clearfix\">\n<ul>\n<li>April and October:<br \/>\nTuesday to Sunday 9am \u2013 5pm<\/li>\n<li>May \u2013 September:<br \/>\nTuesday to Sunday, 9am \u2013 6pm<\/li>\n<li>Monday ONLY open on public holiday<\/li>\n<\/ul>\n<\/div><div class=\"modal-footer\"><button class=\"fusion-button button-default button-medium button default medium\" type=\"button\" data-dismiss=\"modal\">Close<\/button><\/div><\/div><\/div><\/div><div class=\"fusion-sep-clear\"><\/div><div class=\"fusion-separator fusion-full-width-sep\" style=\"margin-left: auto;margin-right: auto;margin-bottom:20px;width:100%;\"><div class=\"fusion-separator-border sep-single sep-solid\" style=\"--awb-height:20px;--awb-amount:20px;--awb-sep-color:#ffffff;border-color:#ffffff;border-top-width:20px;\"><\/div><\/div><div class=\"fusion-sep-clear\"><\/div><div class=\"fusion-title title fusion-title-2 fusion-sep-none fusion-title-text fusion-title-size-five infobox-sidebar\" style=\"--awb-margin-top-small:10px;--awb-margin-right-small:0px;--awb-margin-bottom-small:10px;--awb-margin-left-small:0px;\"><h5 class=\"fusion-title-heading title-heading-left\" style=\"margin:0;\">MORE HIGHLIGHTS<\/h5><\/div><ul style=\"--awb-size:13px;--awb-line-height:22.1px;--awb-icon-width:22.1px;--awb-icon-height:22.1px;--awb-icon-margin:9.1px;--awb-content-margin:31.2px;--awb-circlecolor:#b11715;--awb-circle-yes-font-size:11.44px;\" class=\"fusion-checklist fusion-checklist-1 fusion-checklist-default type-icons checklist-right\"><li class=\"fusion-li-item\" style=\"\"><span class=\"icon-wrapper circle-yes\"><i class=\"fusion-li-icon fa fa-chevron-right\" aria-hidden=\"true\"><\/i><\/span><div class=\"fusion-li-item-content\"><a href=\"\/en\/attractions_overview\/lipizzan-training-centre\/\">Lipizzan Trainings Centre<\/a><\/div><\/li><li class=\"fusion-li-item\" style=\"\"><span class=\"icon-wrapper circle-yes\"><i class=\"fusion-li-icon fa fa-chevron-right\" aria-hidden=\"true\"><\/i><\/span><div class=\"fusion-li-item-content\"><a href=\"\/en\/attractions_overview\/kollers-vintage-cars\/\">Koller\u2019s Vintage Cars<\/a><\/div><\/li><li class=\"fusion-li-item\" style=\"\"><span class=\"icon-wrapper circle-yes\"><i class=\"fusion-li-icon fa fa-chevron-right\" aria-hidden=\"true\"><\/i><\/span><div class=\"fusion-li-item-content\"><a href=\"\/en\/attractions_overview\/stone-age-village-neolithic-village\/\">Neolithic village<\/a><\/div><\/li><li class=\"fusion-li-item\" style=\"\"><span class=\"icon-wrapper circle-yes\"><i class=\"fusion-li-icon fa fa-chevron-right\" aria-hidden=\"true\"><\/i><\/span><div class=\"fusion-li-item-content\"><a href=\"\/en\/attractions_overview\/aigners-falconry\/\">Aigner&#8217;s Falconry<\/a><\/div><\/li><li class=\"fusion-li-item\" style=\"\"><span class=\"icon-wrapper circle-yes\"><i class=\"fusion-li-icon fa fa-chevron-right\" aria-hidden=\"true\"><\/i><\/span><div class=\"fusion-li-item-content\"><a href=\"\/en\/attractions_overview\/the-english-garden\/\">English Garden<\/a><\/div><\/li><li class=\"fusion-li-item\" style=\"\"><span class=\"icon-wrapper circle-yes\"><i class=\"fusion-li-icon fa fa-chevron-right\" aria-hidden=\"true\"><\/i><\/span><div class=\"fusion-li-item-content\"><a href=\"\/en\/attractions_overview\/heldenberg-wine-boutique\/\">Heldenberg wine boutique<\/a><\/div><\/li><\/ul><div class=\"fusion-title title fusion-title-3 fusion-sep-none fusion-title-text fusion-title-size-five infobox-sidebar\" style=\"--awb-margin-top:15px;--awb-margin-top-small:10px;--awb-margin-right-small:0px;--awb-margin-bottom-small:10px;--awb-margin-left-small:0px;\"><h5 class=\"fusion-title-heading title-heading-left\" style=\"margin:0;\">MAP<\/h5><\/div><div class=\"fusion-image-element in-legacy-container\" style=\"--awb-caption-title-font-family:var(--h2_typography-font-family);--awb-caption-title-font-weight:var(--h2_typography-font-weight);--awb-caption-title-font-style:var(--h2_typography-font-style);--awb-caption-title-size:var(--h2_typography-font-size);--awb-caption-title-transform:var(--h2_typography-text-transform);--awb-caption-title-line-height:var(--h2_typography-line-height);--awb-caption-title-letter-spacing:var(--h2_typography-letter-spacing);\"><span class=\" fusion-imageframe imageframe-none imageframe-5 hover-type-none\"><a href=\"https:\/\/www.derheldenberg.at\/wp-content\/uploads\/Gel\u00e4ndeplan-Heldenberg_gro\u00df.jpg\" class=\"fusion-lightbox\" data-rel=\"iLightbox[266d76860cf1f108946]\" data-title=\"Gel\u00e4ndeplan Heldenberg\" title=\"Gel\u00e4ndeplan Heldenberg\"><img decoding=\"async\" width=\"1100\" height=\"825\" alt=\"Heldenberg Gel\u00e4ndeplan\" src=\"https:\/\/www.derheldenberg.at\/wp-content\/uploads\/Gel\u00e4ndeplan-Heldenberg_gro\u00df.jpg\" class=\"img-responsive wp-image-12865\" srcset=\"https:\/\/www.derheldenberg.at\/wp-content\/uploads\/Gel\u00e4ndeplan-Heldenberg_gro\u00df-200x150.jpg 200w, https:\/\/www.derheldenberg.at\/wp-content\/uploads\/Gel\u00e4ndeplan-Heldenberg_gro\u00df-400x300.jpg 400w, https:\/\/www.derheldenberg.at\/wp-content\/uploads\/Gel\u00e4ndeplan-Heldenberg_gro\u00df-600x450.jpg 600w, https:\/\/www.derheldenberg.at\/wp-content\/uploads\/Gel\u00e4ndeplan-Heldenberg_gro\u00df-800x600.jpg 800w, https:\/\/www.derheldenberg.at\/wp-content\/uploads\/Gel\u00e4ndeplan-Heldenberg_gro\u00df.jpg 1100w\" sizes=\"(max-width: 800px) 100vw, 400px\" \/><\/a><\/span><\/div><div class=\"fusion-clearfix\"><\/div><\/div><\/div><\/div><\/div><div class=\"fusion-fullwidth fullwidth-box fusion-builder-row-2 nonhundred-percent-fullwidth non-hundred-percent-height-scrolling\" style=\"--awb-border-radius-top-left:0px;--awb-border-radius-top-right:0px;--awb-border-radius-bottom-right:0px;--awb-border-radius-bottom-left:0px;--awb-flex-wrap:wrap;\" id=\"info\" ><div class=\"fusion-builder-row fusion-row\"><div class=\"fusion-layout-column fusion_builder_column fusion-builder-column-3 fusion_builder_column_1_1 1_1 fusion-one-full fusion-column-first fusion-column-last\" style=\"--awb-bg-size:cover;\"><div class=\"fusion-column-wrapper fusion-flex-column-wrapper-legacy\"><div class=\"fusion-sep-clear\"><\/div><div class=\"fusion-separator fusion-full-width-sep\" style=\"margin-left: auto;margin-right: auto;margin-top:0px;margin-bottom:10px;width:100%;\"><div class=\"fusion-separator-border sep-single sep-solid\" style=\"--awb-height:20px;--awb-amount:20px;--awb-sep-color:#b11612;border-color:#b11612;border-top-width:1px;\"><\/div><\/div><div class=\"fusion-sep-clear\"><\/div><div class=\"fusion-text fusion-text-6\"><h2>Information<\/h2>\n<\/div><div class=\"accordian fusion-accordian\" style=\"--awb-border-size:1px;--awb-icon-size:13px;--awb-content-font-size:15px;--awb-icon-alignment:left;--awb-hover-color:#f9f9f9;--awb-border-color:#cccccc;--awb-background-color:#ffffff;--awb-divider-color:#e0dede;--awb-divider-hover-color:#e0dede;--awb-icon-color:#ffffff;--awb-title-color:#484848;--awb-content-color:#484848;--awb-icon-box-color:#333333;--awb-toggle-hover-accent-color:#b11715;--awb-title-font-family:&quot;Questrial&quot;;--awb-title-font-weight:400;--awb-title-font-style:normal;--awb-content-font-family:&quot;Noto Sans&quot;;--awb-content-font-style:normal;--awb-content-font-weight:400;\"><div class=\"panel-group fusion-toggle-icon-boxed\" id=\"accordion-10383-2\"><div class=\"fusion-panel panel-default panel-fcc5a231b89a88cc3 fusion-toggle-has-divider\"><div class=\"panel-heading\"><h4 class=\"panel-title toggle\" id=\"toggle_fcc5a231b89a88cc3\"><a aria-expanded=\"false\" aria-controls=\"fcc5a231b89a88cc3\" role=\"button\" data-toggle=\"collapse\" data-target=\"#fcc5a231b89a88cc3\" href=\"#fcc5a231b89a88cc3\"><span class=\"fusion-toggle-icon-wrapper\" aria-hidden=\"true\"><i class=\"fa-fusion-box active-icon awb-icon-minus\" aria-hidden=\"true\"><\/i><i class=\"fa-fusion-box inactive-icon awb-icon-plus\" aria-hidden=\"true\"><\/i><\/span><span class=\"fusion-toggle-heading\">Admission charges<\/span><\/a><\/h4><\/div><div id=\"fcc5a231b89a88cc3\" class=\"panel-collapse collapse \" aria-labelledby=\"toggle_fcc5a231b89a88cc3\"><div class=\"panel-body toggle-content fusion-clearfix\">\n<h3>Radetzky Memorial or Koller\u2019s Vintage (single ticket)<\/h3>\n\n<table id=\"tablepress-14-no-2\" class=\"tablepress tablepress-id-14\">\n<tbody class=\"row-striping row-hover\">\n<tr class=\"row-1\">\n\t<td class=\"column-1\">Adults<\/td><td class=\"column-2\">\u20ac 14,00<\/td>\n<\/tr>\n<tr class=\"row-2\">\n\t<td class=\"column-1\">Groups \/ Senior citizens\/ People with disabilities\/Youth\/Austrian military recruits<\/td><td class=\"column-2\">\u20ac 11,00<\/td>\n<\/tr>\n<tr class=\"row-3\">\n\t<td class=\"column-1\">Children up to 5 years of age<\/td><td class=\"column-2\">free of charge<\/td>\n<\/tr>\n<tr class=\"row-4\">\n\t<td class=\"column-1\">Children up to 14 years of age \/ school groups<\/td><td class=\"column-2\">\u20ac 7,00<\/td>\n<\/tr>\n<tr class=\"row-5\">\n\t<td class=\"column-1\">Family ticket (2 adults and up to 3 children)<\/td><td class=\"column-2\">\u20ac 28,00<\/td>\n<\/tr>\n<\/tbody>\n<\/table>\n<!-- #tablepress-14-no-2 from cache -->\n<p>Combine this highlight with another point of interest, or take advantage of our guided tours. Find more details on our website under <a href=\"https:\/\/www.derheldenberg.at\/en\/visitor-information\/admission-charges\/\">admission charges<\/a>.<\/div><\/div><\/div><div class=\"fusion-panel panel-default panel-d1661f7ce48976a8a fusion-toggle-has-divider\"><div class=\"panel-heading\"><h4 class=\"panel-title toggle\" id=\"toggle_d1661f7ce48976a8a\"><a aria-expanded=\"false\" aria-controls=\"d1661f7ce48976a8a\" role=\"button\" data-toggle=\"collapse\" data-target=\"#d1661f7ce48976a8a\" href=\"#d1661f7ce48976a8a\"><span class=\"fusion-toggle-icon-wrapper\" aria-hidden=\"true\"><i class=\"fa-fusion-box active-icon awb-icon-minus\" aria-hidden=\"true\"><\/i><i class=\"fa-fusion-box inactive-icon awb-icon-plus\" aria-hidden=\"true\"><\/i><\/span><span class=\"fusion-toggle-heading\">Opening hours<\/span><\/a><\/h4><\/div><div id=\"d1661f7ce48976a8a\" class=\"panel-collapse collapse \" aria-labelledby=\"toggle_d1661f7ce48976a8a\"><div class=\"panel-body toggle-content fusion-clearfix\">\n<ul>\n<li>April and October:<br \/>\nTuesday to Sunday 9am \u2013 5pm<\/li>\n<li>May \u2013 September:<br \/>\nTuesday to Sunday, 9am \u2013 6pm<\/li>\n<li>Monday ONLY open on public holiday<\/li>\n<\/ul>\n<\/div><\/div><\/div><div class=\"fusion-panel panel-default panel-3b34804b54718a758 fusion-toggle-has-divider\"><div class=\"panel-heading\"><h4 class=\"panel-title toggle\" id=\"toggle_3b34804b54718a758\"><a aria-expanded=\"false\" aria-controls=\"3b34804b54718a758\" role=\"button\" data-toggle=\"collapse\" data-target=\"#3b34804b54718a758\" href=\"#3b34804b54718a758\"><span class=\"fusion-toggle-icon-wrapper\" aria-hidden=\"true\"><i class=\"fa-fusion-box active-icon awb-icon-minus\" aria-hidden=\"true\"><\/i><i class=\"fa-fusion-box inactive-icon awb-icon-plus\" aria-hidden=\"true\"><\/i><\/span><span class=\"fusion-toggle-heading\">Group offers<\/span><\/a><\/h4><\/div><div id=\"3b34804b54718a758\" class=\"panel-collapse collapse \" aria-labelledby=\"toggle_3b34804b54718a758\"><div class=\"panel-body toggle-content fusion-clearfix\">\n<p>The tour starts with a multimedia introduction to the history of field marshal Josef Graf Radetzky, supplemented by assorted historic exhibits from this period. Dioramas show hundreds of tin soldier miniatures assembled to re-enact in detail the most historic battles &#8211; like the battle of Aspern against Napoleon&#8217;s army (1809). Another door leads away from the exhibits and takes you outdoors right into the park landscape of the memorial, expanding around a powerful obelisk. Underneath the obelisk lies the crypt of field marshals Josef Graf Radetzkys (\u20201858) and Maximilian Freiherr von Wimpffen (\u20201854) and also of the memorial&#8217;s architect, Josef Gottfried Pargfrieder (\u2020 1863).<\/p>\n<p>Tour:<\/p>\n<ul>\n<li>Tour of the exhibition of the Radetzky memorial with new exhibits and artefacts<\/li>\n<li>Park landscape with busts and statues of famous field marshals, a pillared hall and an obelisk<\/li>\n<li>Crypt of field marshals Radetzky and Wimpffen and the memorial&#8217;s architect J.G.Pargfrieder<\/li>\n<li>Dioramas with tin soldiers enacting scenes from historic battles in the life and history of Radetzky<\/li>\n<\/ul>\n<p><strong>Group price \u20ac 7,00 per person<\/strong><\/p>\n<p><strong>additional:<\/strong><\/p>\n<p><strong>Tour of the exhibition of the Radetzky memorial including new exhibits and artefacts<\/strong><\/p>\n<p>Duration: approx. 45 min.<br \/>\n<strong>Group fare surcharge \u20ac 2,00 per person or tour with audio guide surcharge \u20ac 2,00 per person<\/strong><\/p>\n<div class=\"fusion-button-wrapper\"><a class=\"fusion-button button-flat fusion-button-default-size button-default fusion-button-default button-8 fusion-button-default-span fusion-button-default-type button-schulangebote nodsp\" target=\"_self\" href=\"\/besucherinfo\/gruppenangebote\/\"><span class=\"fusion-button-text awb-button__text awb-button__text--default\">Weitere Gruppenangebote<\/span><\/a><\/div>\n<\/div><\/div><\/div><div class=\"fusion-panel panel-default panel-c47e329cecf351e25 fusion-toggle-has-divider\"><div class=\"panel-heading\"><h4 class=\"panel-title toggle\" id=\"toggle_c47e329cecf351e25\"><a aria-expanded=\"false\" aria-controls=\"c47e329cecf351e25\" role=\"button\" data-toggle=\"collapse\" data-target=\"#c47e329cecf351e25\" href=\"#c47e329cecf351e25\"><span class=\"fusion-toggle-icon-wrapper\" aria-hidden=\"true\"><i class=\"fa-fusion-box active-icon awb-icon-minus\" aria-hidden=\"true\"><\/i><i class=\"fa-fusion-box inactive-icon awb-icon-plus\" aria-hidden=\"true\"><\/i><\/span><span class=\"fusion-toggle-heading\">School and youth offers<\/span><\/a><\/h4><\/div><div id=\"c47e329cecf351e25\" class=\"panel-collapse collapse \" aria-labelledby=\"toggle_c47e329cecf351e25\"><div class=\"panel-body toggle-content fusion-clearfix\">\n<p>The exhibition and memorial of field marshal Radetzky takes you through a part of Austria&#8217;s history, right there amidst a beautifully arranged park landscape. The outdoors grounds of the establishment with its heroic busts, pillars and sculptures of the most famous field marshals add to the powerful atmosphere.<\/p>\n<ul>\n<li>Dioramas with tin soldiers enacting scenes from historic battles in the life and history of Radetzky<\/li>\n<li>Park landscape with busts and statues of famous field marshals, a pillared hall and an obelisk<\/li>\n<li>Crypt of field marshals Radetzky and Wimpffen and the memorial&#8217;s architect J.G.Pargfrieder<\/li>\n<\/ul>\n<p style=\"margin-bottom: 15px;\"><strong>Group price \u20ac 4,00 \/ Student<\/strong><\/p>\n<hr \/>\n<h4 class=\"title-heading-left\" style=\"margin-top: 15px;\" data-fontsize=\"22\" data-lineheight=\"26\">Supplementary offer<\/h4>\n<p><strong>TOUR OF THE RADETZKY MEMORIAL<br \/>\n<\/strong>Duration approx. 45 min.<br \/>\n<strong>Surcharge \u20ac 2,00 \/ student<\/strong><\/p>\n<div class=\"fusion-button-wrapper\"><a class=\"fusion-button button-flat fusion-button-default-size button-default fusion-button-default button-9 fusion-button-default-span fusion-button-default-type button-schulangebote nodsp\" target=\"_self\" href=\"\/besucherinfo\/schulangebote\/\"><span class=\"fusion-button-text awb-button__text awb-button__text--default\">Weitere Schul- und Jugendangebote<\/span><\/a><\/div>\n<\/div><\/div><\/div><div class=\"fusion-panel panel-default panel-eb3c66262641b8572 fusion-toggle-has-divider\"><div class=\"panel-heading\"><h4 class=\"panel-title toggle\" id=\"toggle_eb3c66262641b8572\"><a aria-expanded=\"false\" aria-controls=\"eb3c66262641b8572\" role=\"button\" data-toggle=\"collapse\" data-target=\"#eb3c66262641b8572\" href=\"#eb3c66262641b8572\"><span class=\"fusion-toggle-icon-wrapper\" aria-hidden=\"true\"><i class=\"fa-fusion-box active-icon awb-icon-minus\" aria-hidden=\"true\"><\/i><i class=\"fa-fusion-box inactive-icon awb-icon-plus\" aria-hidden=\"true\"><\/i><\/span><span class=\"fusion-toggle-heading\">Accessibility<\/span><\/a><\/h4><\/div><div id=\"eb3c66262641b8572\" class=\"panel-collapse collapse \" aria-labelledby=\"toggle_eb3c66262641b8572\"><div class=\"panel-body toggle-content fusion-clearfix\">\n<h3>Parking spaces<\/h3>\n<p>There are parking spaces for disabled persons right next to the entrance area. Our signs will show you the way.<\/p>\n<p>For persons with special needs, there is a reduced admission price upon presentation of proof of eligibility. Accompanying persons are admitted free of charge if they are registered on the card or proof of eligibility.<\/p>\n<h3>Toilets<\/h3>\n<p>Wheelchair accessible toilet facilities are located near both cashiers.<\/p>\n<h3 data-fontsize=\"18\" data-lineheight=\"27\">Getting around within the excursion destination<\/h3>\n<p>From the handicapped Parking at the main cash desk, you can reach the <strong>cashier area<\/strong> via a ramp, where you can access the <strong>Classic Car Museum<\/strong> on the same level without any barriers.<\/p>\n<p>The <strong>Cafe Heldenberg and the English Garden<\/strong> are accessible from this level via an elevator. The paths in the English Garden are nature trails and easily accessible except for the Schneckenberg.<\/p>\n<p>The path to the <strong>Lipizzaner stables<\/strong> is difficult for people with limited mobility and wheelchairs. For this reason, we ask you to inform our staff. You can drive directly to the stables after consultation and our staff will pick you up there and accompany you to the meeting point for the tours.<\/p>\n<p>The <strong>Radetzky Memorial<\/strong> is accessible except for the crypt. For the park, there is a barrier-free entrance. Please contact our staff. Access to the <strong>Neolithic village and Aigner&#8217;s Falkenhof<\/strong> consists exclusively of nature paths, which could present an obstacle for a visit. Visiting these two attractions is possible only with assistance, as the way leads up over a rising terrain.<\/p>\n<p>Das <strong>Cafe Heldenberg und der Englische Garten<\/strong> sind von dieser Ebene aus \u00fcber einen Lift erreichbar. Die Wege im Englischen Garten sind Naturwege und bis auf den Schneckenberg gut begehbar.<\/p>\n<p>Der Fu\u00dfweg zu den<strong> Lipizzaner Stallungen<\/strong> ist f\u00fcr Personen mit eingeschr\u00e4nkter Bewegung und mit Rollstuhl nur schwer begehbar. Aus diesem Grund bitten wir Sie, unserem Personal Bescheid zu geben. Sie k\u00f6nnen nach R\u00fccksprache direkt zu den Stallungen zufahren, unser Personal holt Sie dort ab und begleitet Sie zu dem Treffpunkt der F\u00fchrungen.<\/p>\n<p>Die <strong>Radetzky Gedenkst\u00e4tte<\/strong> ist bis auf die Gruft barrierefrei. F\u00fcr die Parkanlage gibt es einen barrierefreien Eingang. Bitte wenden Sie sich an unsere Mitarbeiter. Der Zugang zum <strong>Neolithischen Dorf und zum Falkenhof Aigner<\/strong> besteht ausschlie\u00dflich aus Naturwegen, die ein Hindernis f\u00fcr eine Besichtigung sein k\u00f6nnten. Der Besuch dieser beiden Attraktionen ist ausschlie\u00dflich mit Assistenz m\u00f6glich, da der Weg \u00fcber ein ansteigendes Gel\u00e4nde f\u00fchrt.<\/p>\n<\/div><\/div><\/div><\/div><\/div><div class=\"fusion-clearfix\"><\/div><\/div><\/div><\/div><\/div><div class=\"fusion-fullwidth fullwidth-box fusion-builder-row-3 nonhundred-percent-fullwidth non-hundred-percent-height-scrolling socialshare-center\" style=\"--awb-border-radius-top-left:0px;--awb-border-radius-top-right:0px;--awb-border-radius-bottom-right:0px;--awb-border-radius-bottom-left:0px;--awb-flex-wrap:wrap;\" ><div class=\"fusion-builder-row fusion-row\"><div class=\"fusion-layout-column fusion_builder_column fusion-builder-column-4 fusion_builder_column_1_1 1_1 fusion-one-full fusion-column-first fusion-column-last\" style=\"--awb-bg-size:cover;\"><div class=\"fusion-column-wrapper fusion-flex-column-wrapper-legacy\"><div class=\"fusion-text fusion-text-7\"><div class=\"fusion-sep-clear\"><\/div><div class=\"fusion-separator fusion-full-width-sep\" style=\"margin-left: auto;margin-right: auto;width:100%;\"><\/div><div class=\"fusion-sep-clear\"><\/div>\n<\/div><div class=\"fusion-clearfix\"><\/div><\/div><\/div><\/div><\/div><\/p>","protected":false},"excerpt":{"rendered":"","protected":false},"author":6,"featured_media":0,"parent":10276,"menu_order":0,"comment_status":"closed","ping_status":"closed","template":"","meta":{"footnotes":""},"class_list":["post-10383","page","type-page","status-publish","hentry"],"aioseo_notices":[],"_links":{"self":[{"href":"https:\/\/www.derheldenberg.at\/en\/wp-json\/wp\/v2\/pages\/10383","targetHints":{"allow":["GET"]}}],"collection":[{"href":"https:\/\/www.derheldenberg.at\/en\/wp-json\/wp\/v2\/pages"}],"about":[{"href":"https:\/\/www.derheldenberg.at\/en\/wp-json\/wp\/v2\/types\/page"}],"author":[{"embeddable":true,"href":"https:\/\/www.derheldenberg.at\/en\/wp-json\/wp\/v2\/users\/6"}],"replies":[{"embeddable":true,"href":"https:\/\/www.derheldenberg.at\/en\/wp-json\/wp\/v2\/comments?post=10383"}],"version-history":[{"count":0,"href":"https:\/\/www.derheldenberg.at\/en\/wp-json\/wp\/v2\/pages\/10383\/revisions"}],"up":[{"embeddable":true,"href":"https:\/\/www.derheldenberg.at\/en\/wp-json\/wp\/v2\/pages\/10276"}],"wp:attachment":[{"href":"https:\/\/www.derheldenberg.at\/en\/wp-json\/wp\/v2\/media?parent=10383"}],"curies":[{"name":"wp","href":"https:\/\/api.w.org\/{rel}","templated":true}]}}